{"id":11826,"date":"2021-04-13T14:07:44","date_gmt":"2021-04-13T11:07:44","guid":{"rendered":"https:\/\/www.johannagullichsen.com\/?page_id=11826"},"modified":"2022-02-28T11:57:28","modified_gmt":"2022-02-28T09:57:28","slug":"kasper-santeri-mortti-valtasen-tekstiiliveistossarja","status":"publish","type":"page","link":"https:\/\/www.johannagullichsen.com\/fi\/kasper-santeri-mortti-valtasen-tekstiiliveistossarja\/","title":{"rendered":"Kasper &#8211; Santeri Mortti Valtasen tekstiiliveistossarja"},"content":{"rendered":"<p><a href=\"https:\/\/www.johannagullichsen.com\/wp-content\/uploads\/2022\/02\/Santeri-Valtanen-Kasper-selection.jpg\"><img loading=\"lazy\" decoding=\"async\" class=\"alignnone wp-image-14252 size-full\" src=\"https:\/\/www.johannagullichsen.com\/wp-content\/uploads\/2022\/02\/Santeri-Valtanen-Kasper-selection.jpg\" alt=\"\" width=\"1920\" height=\"1200\" srcset=\"https:\/\/www.johannagullichsen.com\/wp-content\/uploads\/2022\/02\/Santeri-Valtanen-Kasper-selection.jpg 1920w, https:\/\/www.johannagullichsen.com\/wp-content\/uploads\/2022\/02\/Santeri-Valtanen-Kasper-selection-1260x788.jpg 1260w, https:\/\/www.johannagullichsen.com\/wp-content\/uploads\/2022\/02\/Santeri-Valtanen-Kasper-selection-300x188.jpg 300w, https:\/\/www.johannagullichsen.com\/wp-content\/uploads\/2022\/02\/Santeri-Valtanen-Kasper-selection-1024x640.jpg 1024w, https:\/\/www.johannagullichsen.com\/wp-content\/uploads\/2022\/02\/Santeri-Valtanen-Kasper-selection-768x480.jpg 768w, https:\/\/www.johannagullichsen.com\/wp-content\/uploads\/2022\/02\/Santeri-Valtanen-Kasper-selection-1536x960.jpg 1536w\" sizes=\"auto, (max-width: 1920px) 100vw, 1920px\" \/><\/a><\/p>\n<p>Santeri Mortti \u00a0Valtanen (s. 1993) on taiteilija ja suunnittelija, joka asuu ja ty\u00f6skentelee Helsingiss\u00e4. H\u00e4nell\u00e4 on jo kandidaatin tutkinto ja h\u00e4n opiskelee t\u00e4ll\u00e4 hetkell\u00e4 Aalto-yliopiston taiteiden osaston tekstiilisuunnittelun maisteriohjelmassa. Valtanen on ty\u00f6skennellyt Johanna Gullichsenilla vuoden 2018 alkupuolelta alkaen.<\/p>\n<p>Valtanen on k\u00e4ytt\u00e4nyt Kasper -veistossarjaa luodessaan Johanna Gullichsenin puuvillakankaita sek\u00e4 vapaata konekirjontaa. Jokainen kirjottu el\u00e4inhahmo on ainutlaatuinen ja k\u00e4sintehty.<\/p>\n<p>&#8221;Hieman yli vuosi sitten tein tekstiiliveistoksen lahjaksi yst\u00e4v\u00e4lleni Kasperille h\u00e4nen 2-vuotissyntym\u00e4p\u00e4iv\u00e4n\u00e4ns\u00e4. Kasper -veistossarja on jatkoa t\u00e4lle teokselle,&#8221; Valtanen kertoo ja jatkaa: &#8221;Ensimm\u00e4isen veistoksen tein Doris-kankaasta ja t\u00e4ytin sen pienill\u00e4 ylij\u00e4\u00e4m\u00e4tilkuilla ja ompelulangan p\u00e4tkill\u00e4. Kun esittelin teoksen Johanna, keksimme tuoteidean, miten voisin yhdist\u00e4\u00e4 Johanna Gullichsenin kankaat ja kirjontaty\u00f6ni.&#8221;<\/p>\n<p>\u201dHahmot ovat muovautuneet mieltymyksest\u00e4ni hevosia ja villikissoja kohtaan. Kesylt\u00e4 vaikuttavat el\u00e4imet ovat kuitenkin villej\u00e4 ja jokaisella on oma luonteensa. Toivon esimerkiksi avaimenper\u00e4ksi tai koriste-esineeksi sopivien hahmojen tuovan iloa omistajansa el\u00e4m\u00e4\u00e4n, Valtanen kertoo.<\/p>\n<p><a href=\"https:\/\/www.johannagullichsen.com\/wp-content\/uploads\/2021\/04\/Santeri-Valtanen-Kasper-Bags.jpg\"><img loading=\"lazy\" decoding=\"async\" class=\"alignnone wp-image-11805 size-full\" src=\"https:\/\/www.johannagullichsen.com\/wp-content\/uploads\/2021\/04\/Santeri-Valtanen-Kasper-Bags.jpg\" alt=\"\" width=\"1920\" height=\"1000\" srcset=\"https:\/\/www.johannagullichsen.com\/wp-content\/uploads\/2021\/04\/Santeri-Valtanen-Kasper-Bags.jpg 1920w, https:\/\/www.johannagullichsen.com\/wp-content\/uploads\/2021\/04\/Santeri-Valtanen-Kasper-Bags-1260x656.jpg 1260w, https:\/\/www.johannagullichsen.com\/wp-content\/uploads\/2021\/04\/Santeri-Valtanen-Kasper-Bags-300x156.jpg 300w, https:\/\/www.johannagullichsen.com\/wp-content\/uploads\/2021\/04\/Santeri-Valtanen-Kasper-Bags-1024x533.jpg 1024w, https:\/\/www.johannagullichsen.com\/wp-content\/uploads\/2021\/04\/Santeri-Valtanen-Kasper-Bags-768x400.jpg 768w, https:\/\/www.johannagullichsen.com\/wp-content\/uploads\/2021\/04\/Santeri-Valtanen-Kasper-Bags-1536x800.jpg 1536w\" sizes=\"auto, (max-width: 1920px) 100vw, 1920px\" \/><\/a><\/p>\n<p>Ensimm\u00e4iset Kasper -veistokset tulivat myyntiin kes\u00e4ll\u00e4 2020 sek\u00e4 Japanissa ett\u00e4 Suomessa. Ne myytiin loppuun muutamassa p\u00e4iv\u00e4ss\u00e4. Toinen er\u00e4 saapui Johanna Gullichsen Helsingin liikkeeseen huhtikuussa 2021.<\/p>\n<p>Valtanen on my\u00f6s veist\u00e4nyt puuhahmoja koko el\u00e4m\u00e4ns\u00e4 ajan. H\u00e4n k\u00e4ytt\u00e4\u00e4 p\u00e4\u00e4asiassa sveitsil\u00e4isi\u00e4 talttoja ja dozuki-sahaa. Puuel\u00e4inveistoksissa Kasperien kaltaiset hahmot jatkavat seikkailujaan eri materiaalissa. Vaikka Valtasen p\u00e4\u00e4aine on tekstiilisuunnittelu, h\u00e4n n\u00e4kee itsens\u00e4 kuvanveist\u00e4j\u00e4n\u00e4. Valtanen valmistuu taiteenmaisteriksi kes\u00e4ll\u00e4 2021; tuskin maltamme odottaa n\u00e4kev\u00e4mme h\u00e4nen tulevia teoksiaan!<\/p>\n<p><a href=\"https:\/\/www.johannagullichsen.com\/wp-content\/uploads\/2021\/04\/Santeri-Valtanen-Wooden-Sculpture.jpg\"><img loading=\"lazy\" decoding=\"async\" class=\"alignnone wp-image-11813 size-full\" src=\"https:\/\/www.johannagullichsen.com\/wp-content\/uploads\/2021\/04\/Santeri-Valtanen-Wooden-Sculpture.jpg\" alt=\"\" width=\"1920\" height=\"1000\" srcset=\"https:\/\/www.johannagullichsen.com\/wp-content\/uploads\/2021\/04\/Santeri-Valtanen-Wooden-Sculpture.jpg 1920w, https:\/\/www.johannagullichsen.com\/wp-content\/uploads\/2021\/04\/Santeri-Valtanen-Wooden-Sculpture-1260x656.jpg 1260w, https:\/\/www.johannagullichsen.com\/wp-content\/uploads\/2021\/04\/Santeri-Valtanen-Wooden-Sculpture-300x156.jpg 300w, https:\/\/www.johannagullichsen.com\/wp-content\/uploads\/2021\/04\/Santeri-Valtanen-Wooden-Sculpture-1024x533.jpg 1024w, https:\/\/www.johannagullichsen.com\/wp-content\/uploads\/2021\/04\/Santeri-Valtanen-Wooden-Sculpture-768x400.jpg 768w, https:\/\/www.johannagullichsen.com\/wp-content\/uploads\/2021\/04\/Santeri-Valtanen-Wooden-Sculpture-1536x800.jpg 1536w\" sizes=\"auto, (max-width: 1920px) 100vw, 1920px\" \/><\/a><\/p>\n","protected":false},"excerpt":{"rendered":"<p>Santeri Mortti \u00a0Valtanen (s. 1993) on taiteilija ja suunnittelija, joka asuu ja ty\u00f6skentelee Helsingiss\u00e4. H\u00e4nell\u00e4 on jo kandidaatin tutkinto ja h\u00e4n opiskelee t\u00e4ll\u00e4 hetkell\u00e4 Aalto-yliopiston taiteiden osaston tekstiilisuunnittelun maisteriohjelmassa. Valtanen&hellip;<\/p>\n","protected":false},"author":4,"featured_media":0,"parent":0,"menu_order":0,"comment_status":"closed","ping_status":"closed","template":"","meta":{"_acf_changed":false,"footnotes":""},"class_list":["post-11826","page","type-page","status-publish","hentry"],"acf":[],"yoast_head":"<!-- This site is optimized with the Yoast SEO Premium plugin v27.2 (Yoast SEO v27.5) - https:\/\/yoast.com\/product\/yoast-seo-premium-wordpress\/ -->\n<title>Kasper - Santeri Mortti Valtasen tekstiiliveistossarja - Johanna Gullichsen<\/title>\n<meta name=\"description\" content=\"Kasper on vapaalla konekirjailulla valmistettu el\u00e4inhahmo. Santeri Mortti Valtasen luoma miniatyyriveistos\" \/>\n<meta name=\"robots\" content=\"index, follow, max-snippet:-1, max-image-preview:large, max-video-preview:-1\" \/>\n<link rel=\"canonical\" href=\"https:\/\/www.johannagullichsen.com\/fi\/kasper-santeri-mortti-valtasen-tekstiiliveistossarja\/\" \/>\n<meta property=\"og:locale\" content=\"fi_FI\" \/>\n<meta property=\"og:type\" content=\"article\" \/>\n<meta property=\"og:title\" content=\"Kasper - Santeri Mortti Valtasen tekstiiliveistossarja\" \/>\n<meta property=\"og:description\" content=\"Kasper on vapaalla konekirjailulla valmistettu el\u00e4inhahmo. Santeri Mortti Valtasen luoma miniatyyriveistos\" \/>\n<meta property=\"og:url\" content=\"https:\/\/www.johannagullichsen.com\/fi\/kasper-santeri-mortti-valtasen-tekstiiliveistossarja\/\" \/>\n<meta property=\"og:site_name\" content=\"Johanna Gullichsen\" \/>\n<meta property=\"article:modified_time\" content=\"2022-02-28T09:57:28+00:00\" \/>\n<meta property=\"og:image\" content=\"https:\/\/www.johannagullichsen.com\/wp-content\/uploads\/2022\/02\/Santeri-Valtanen-Kasper-selection.jpg\" \/>\n<meta name=\"twitter:card\" content=\"summary_large_image\" \/>\n<meta name=\"twitter:label1\" content=\"Arvioitu lukuaika\" \/>\n\t<meta name=\"twitter:data1\" content=\"2 minuuttia\" \/>\n<script type=\"application\/ld+json\" class=\"yoast-schema-graph\">{\"@context\":\"https:\\\/\\\/schema.org\",\"@graph\":[{\"@type\":\"WebPage\",\"@id\":\"https:\\\/\\\/www.johannagullichsen.com\\\/fi\\\/kasper-santeri-mortti-valtasen-tekstiiliveistossarja\\\/\",\"url\":\"https:\\\/\\\/www.johannagullichsen.com\\\/fi\\\/kasper-santeri-mortti-valtasen-tekstiiliveistossarja\\\/\",\"name\":\"Kasper - Santeri Mortti Valtasen tekstiiliveistossarja - Johanna Gullichsen\",\"isPartOf\":{\"@id\":\"https:\\\/\\\/www.johannagullichsen.com\\\/fi\\\/#website\"},\"primaryImageOfPage\":{\"@id\":\"https:\\\/\\\/www.johannagullichsen.com\\\/fi\\\/kasper-santeri-mortti-valtasen-tekstiiliveistossarja\\\/#primaryimage\"},\"image\":{\"@id\":\"https:\\\/\\\/www.johannagullichsen.com\\\/fi\\\/kasper-santeri-mortti-valtasen-tekstiiliveistossarja\\\/#primaryimage\"},\"thumbnailUrl\":\"https:\\\/\\\/www.johannagullichsen.com\\\/wp-content\\\/uploads\\\/2022\\\/02\\\/Santeri-Valtanen-Kasper-selection.jpg\",\"datePublished\":\"2021-04-13T11:07:44+00:00\",\"dateModified\":\"2022-02-28T09:57:28+00:00\",\"description\":\"Kasper on vapaalla konekirjailulla valmistettu el\u00e4inhahmo. Santeri Mortti Valtasen luoma miniatyyriveistos\",\"breadcrumb\":{\"@id\":\"https:\\\/\\\/www.johannagullichsen.com\\\/fi\\\/kasper-santeri-mortti-valtasen-tekstiiliveistossarja\\\/#breadcrumb\"},\"inLanguage\":\"fi\",\"potentialAction\":[{\"@type\":\"ReadAction\",\"target\":[\"https:\\\/\\\/www.johannagullichsen.com\\\/fi\\\/kasper-santeri-mortti-valtasen-tekstiiliveistossarja\\\/\"]}]},{\"@type\":\"ImageObject\",\"inLanguage\":\"fi\",\"@id\":\"https:\\\/\\\/www.johannagullichsen.com\\\/fi\\\/kasper-santeri-mortti-valtasen-tekstiiliveistossarja\\\/#primaryimage\",\"url\":\"https:\\\/\\\/www.johannagullichsen.com\\\/wp-content\\\/uploads\\\/2022\\\/02\\\/Santeri-Valtanen-Kasper-selection.jpg\",\"contentUrl\":\"https:\\\/\\\/www.johannagullichsen.com\\\/wp-content\\\/uploads\\\/2022\\\/02\\\/Santeri-Valtanen-Kasper-selection.jpg\"},{\"@type\":\"BreadcrumbList\",\"@id\":\"https:\\\/\\\/www.johannagullichsen.com\\\/fi\\\/kasper-santeri-mortti-valtasen-tekstiiliveistossarja\\\/#breadcrumb\",\"itemListElement\":[{\"@type\":\"ListItem\",\"position\":1,\"name\":\"Home\",\"item\":\"https:\\\/\\\/www.johannagullichsen.com\\\/fi\\\/\"},{\"@type\":\"ListItem\",\"position\":2,\"name\":\"Kasper &#8211; Santeri Mortti Valtasen tekstiiliveistossarja\"}]},{\"@type\":\"WebSite\",\"@id\":\"https:\\\/\\\/www.johannagullichsen.com\\\/fi\\\/#website\",\"url\":\"https:\\\/\\\/www.johannagullichsen.com\\\/fi\\\/\",\"name\":\"Johanna Gullichsen\",\"description\":\"\",\"potentialAction\":[{\"@type\":\"SearchAction\",\"target\":{\"@type\":\"EntryPoint\",\"urlTemplate\":\"https:\\\/\\\/www.johannagullichsen.com\\\/fi\\\/?s={search_term_string}\"},\"query-input\":{\"@type\":\"PropertyValueSpecification\",\"valueRequired\":true,\"valueName\":\"search_term_string\"}}],\"inLanguage\":\"fi\"}]}<\/script>\n<!-- \/ Yoast SEO Premium plugin. -->","yoast_head_json":{"title":"Kasper - Santeri Mortti Valtasen tekstiiliveistossarja - Johanna Gullichsen","description":"Kasper on vapaalla konekirjailulla valmistettu el\u00e4inhahmo. Santeri Mortti Valtasen luoma miniatyyriveistos","robots":{"index":"index","follow":"follow","max-snippet":"max-snippet:-1","max-image-preview":"max-image-preview:large","max-video-preview":"max-video-preview:-1"},"canonical":"https:\/\/www.johannagullichsen.com\/fi\/kasper-santeri-mortti-valtasen-tekstiiliveistossarja\/","og_locale":"fi_FI","og_type":"article","og_title":"Kasper - Santeri Mortti Valtasen tekstiiliveistossarja","og_description":"Kasper on vapaalla konekirjailulla valmistettu el\u00e4inhahmo. Santeri Mortti Valtasen luoma miniatyyriveistos","og_url":"https:\/\/www.johannagullichsen.com\/fi\/kasper-santeri-mortti-valtasen-tekstiiliveistossarja\/","og_site_name":"Johanna Gullichsen","article_modified_time":"2022-02-28T09:57:28+00:00","og_image":[{"url":"https:\/\/www.johannagullichsen.com\/wp-content\/uploads\/2022\/02\/Santeri-Valtanen-Kasper-selection.jpg","type":"","width":"","height":""}],"twitter_card":"summary_large_image","twitter_misc":{"Arvioitu lukuaika":"2 minuuttia"},"schema":{"@context":"https:\/\/schema.org","@graph":[{"@type":"WebPage","@id":"https:\/\/www.johannagullichsen.com\/fi\/kasper-santeri-mortti-valtasen-tekstiiliveistossarja\/","url":"https:\/\/www.johannagullichsen.com\/fi\/kasper-santeri-mortti-valtasen-tekstiiliveistossarja\/","name":"Kasper - Santeri Mortti Valtasen tekstiiliveistossarja - Johanna Gullichsen","isPartOf":{"@id":"https:\/\/www.johannagullichsen.com\/fi\/#website"},"primaryImageOfPage":{"@id":"https:\/\/www.johannagullichsen.com\/fi\/kasper-santeri-mortti-valtasen-tekstiiliveistossarja\/#primaryimage"},"image":{"@id":"https:\/\/www.johannagullichsen.com\/fi\/kasper-santeri-mortti-valtasen-tekstiiliveistossarja\/#primaryimage"},"thumbnailUrl":"https:\/\/www.johannagullichsen.com\/wp-content\/uploads\/2022\/02\/Santeri-Valtanen-Kasper-selection.jpg","datePublished":"2021-04-13T11:07:44+00:00","dateModified":"2022-02-28T09:57:28+00:00","description":"Kasper on vapaalla konekirjailulla valmistettu el\u00e4inhahmo. Santeri Mortti Valtasen luoma miniatyyriveistos","breadcrumb":{"@id":"https:\/\/www.johannagullichsen.com\/fi\/kasper-santeri-mortti-valtasen-tekstiiliveistossarja\/#breadcrumb"},"inLanguage":"fi","potentialAction":[{"@type":"ReadAction","target":["https:\/\/www.johannagullichsen.com\/fi\/kasper-santeri-mortti-valtasen-tekstiiliveistossarja\/"]}]},{"@type":"ImageObject","inLanguage":"fi","@id":"https:\/\/www.johannagullichsen.com\/fi\/kasper-santeri-mortti-valtasen-tekstiiliveistossarja\/#primaryimage","url":"https:\/\/www.johannagullichsen.com\/wp-content\/uploads\/2022\/02\/Santeri-Valtanen-Kasper-selection.jpg","contentUrl":"https:\/\/www.johannagullichsen.com\/wp-content\/uploads\/2022\/02\/Santeri-Valtanen-Kasper-selection.jpg"},{"@type":"BreadcrumbList","@id":"https:\/\/www.johannagullichsen.com\/fi\/kasper-santeri-mortti-valtasen-tekstiiliveistossarja\/#breadcrumb","itemListElement":[{"@type":"ListItem","position":1,"name":"Home","item":"https:\/\/www.johannagullichsen.com\/fi\/"},{"@type":"ListItem","position":2,"name":"Kasper &#8211; Santeri Mortti Valtasen tekstiiliveistossarja"}]},{"@type":"WebSite","@id":"https:\/\/www.johannagullichsen.com\/fi\/#website","url":"https:\/\/www.johannagullichsen.com\/fi\/","name":"Johanna Gullichsen","description":"","potentialAction":[{"@type":"SearchAction","target":{"@type":"EntryPoint","urlTemplate":"https:\/\/www.johannagullichsen.com\/fi\/?s={search_term_string}"},"query-input":{"@type":"PropertyValueSpecification","valueRequired":true,"valueName":"search_term_string"}}],"inLanguage":"fi"}]}},"_links":{"self":[{"href":"https:\/\/www.johannagullichsen.com\/fi\/wp-json\/wp\/v2\/pages\/11826","targetHints":{"allow":["GET"]}}],"collection":[{"href":"https:\/\/www.johannagullichsen.com\/fi\/wp-json\/wp\/v2\/pages"}],"about":[{"href":"https:\/\/www.johannagullichsen.com\/fi\/wp-json\/wp\/v2\/types\/page"}],"author":[{"embeddable":true,"href":"https:\/\/www.johannagullichsen.com\/fi\/wp-json\/wp\/v2\/users\/4"}],"replies":[{"embeddable":true,"href":"https:\/\/www.johannagullichsen.com\/fi\/wp-json\/wp\/v2\/comments?post=11826"}],"version-history":[{"count":4,"href":"https:\/\/www.johannagullichsen.com\/fi\/wp-json\/wp\/v2\/pages\/11826\/revisions"}],"predecessor-version":[{"id":14256,"href":"https:\/\/www.johannagullichsen.com\/fi\/wp-json\/wp\/v2\/pages\/11826\/revisions\/14256"}],"wp:attachment":[{"href":"https:\/\/www.johannagullichsen.com\/fi\/wp-json\/wp\/v2\/media?parent=11826"}],"curies":[{"name":"wp","href":"https:\/\/api.w.org\/{rel}","templated":true}]}}