{"id":25358,"date":"2025-01-16T15:52:44","date_gmt":"2025-01-16T13:52:44","guid":{"rendered":"https:\/\/www.johannagullichsen.com\/?page_id=25358"},"modified":"2025-01-16T15:57:17","modified_gmt":"2025-01-16T13:57:17","slug":"vuoden-2025-vari-on-vihrea","status":"publish","type":"page","link":"https:\/\/www.johannagullichsen.com\/fi\/vuoden-2025-vari-on-vihrea\/","title":{"rendered":"Vuoden 2025 v\u00e4ri on vihre\u00e4"},"content":{"rendered":"<p><a href=\"https:\/\/www.johannagullichsen.com\/wp-content\/uploads\/2025\/01\/Johanna-Gullichsen-Doris-green.jpg\"><img loading=\"lazy\" decoding=\"async\" class=\"aligncenter wp-image-25339 size-full\" src=\"https:\/\/www.johannagullichsen.com\/wp-content\/uploads\/2025\/01\/Johanna-Gullichsen-Doris-green.jpg\" alt=\"\" width=\"1920\" height=\"1072\" srcset=\"https:\/\/www.johannagullichsen.com\/wp-content\/uploads\/2025\/01\/Johanna-Gullichsen-Doris-green.jpg 1920w, https:\/\/www.johannagullichsen.com\/wp-content\/uploads\/2025\/01\/Johanna-Gullichsen-Doris-green-1260x704.jpg 1260w, https:\/\/www.johannagullichsen.com\/wp-content\/uploads\/2025\/01\/Johanna-Gullichsen-Doris-green-300x168.jpg 300w, https:\/\/www.johannagullichsen.com\/wp-content\/uploads\/2025\/01\/Johanna-Gullichsen-Doris-green-1024x572.jpg 1024w, https:\/\/www.johannagullichsen.com\/wp-content\/uploads\/2025\/01\/Johanna-Gullichsen-Doris-green-768x429.jpg 768w, https:\/\/www.johannagullichsen.com\/wp-content\/uploads\/2025\/01\/Johanna-Gullichsen-Doris-green-1536x858.jpg 1536w\" sizes=\"auto, (max-width: 1920px) 100vw, 1920px\" \/><\/a><\/p>\n<p>Vuoden 2025 v\u00e4ri, vihre\u00e4, kuvastaa harmoniaa, tasapainoa, kasvua ja uudistumista. Ikivihreiden havumetsien sek\u00e4 valtamerten aaltojen vihre\u00e4t s\u00e4vyt kutsuvat meit\u00e4 luonnon rauhaan.<\/p>\n<p>Vihre\u00e4n vivahteet smaragdin loistosta kuusimetsien syvyyksiin muistuttavat kasvusta ja hyvinvoinnista maadoittavalla tunnelmallaan. Olimmepa aarniomets\u00e4n hiljaisuudessa tai keskell\u00e4 valtameren kimallusta, vihre\u00e4 johdattaa meit\u00e4 etsim\u00e4\u00e4n sis\u00e4ist\u00e4 rauhaa ja yhteytt\u00e4 sek\u00e4 luontoon ett\u00e4 itseemme.<\/p>\n<p>Johanna Gullichsenin Normandie-malliston turkoosiin taittava vihre\u00e4 tuo tilaan raikkautta. Mintun tavoin v\u00e4ri ilahduttaa ja pirist\u00e4\u00e4, s\u00e4ilytt\u00e4en silti rauhallisen tunnelman. Kokonaisuutta voi t\u00e4ydent\u00e4\u00e4 villaisen Contract-malliston vihreill\u00e4 sek\u00e4 turkoosin s\u00e4vyisill\u00e4 pellavatuotteilla.<\/p>\n<h4>Vuonna 2025 keskitymme hyvinvointiin huolehtien itsest\u00e4mme, toisistamme ja ymp\u00e4rist\u00f6st\u00e4mme. On aika keskitty\u00e4 hyv\u00e4\u00e4n.<\/h4>\n<p><a href=\"https:\/\/www.johannagullichsen.com\/wp-content\/uploads\/2025\/01\/Johanna-Gullichsen-SEES-candle-and-soap-with-towels-and-basket-2.jpg\"><img loading=\"lazy\" decoding=\"async\" class=\"aligncenter wp-image-25344 size-full\" src=\"https:\/\/www.johannagullichsen.com\/wp-content\/uploads\/2025\/01\/Johanna-Gullichsen-SEES-candle-and-soap-with-towels-and-basket-2.jpg\" alt=\"\" width=\"1600\" height=\"1200\" srcset=\"https:\/\/www.johannagullichsen.com\/wp-content\/uploads\/2025\/01\/Johanna-Gullichsen-SEES-candle-and-soap-with-towels-and-basket-2.jpg 1600w, https:\/\/www.johannagullichsen.com\/wp-content\/uploads\/2025\/01\/Johanna-Gullichsen-SEES-candle-and-soap-with-towels-and-basket-2-866x650.jpg 866w, https:\/\/www.johannagullichsen.com\/wp-content\/uploads\/2025\/01\/Johanna-Gullichsen-SEES-candle-and-soap-with-towels-and-basket-2-336x252.jpg 336w, https:\/\/www.johannagullichsen.com\/wp-content\/uploads\/2025\/01\/Johanna-Gullichsen-SEES-candle-and-soap-with-towels-and-basket-2-1260x945.jpg 1260w, https:\/\/www.johannagullichsen.com\/wp-content\/uploads\/2025\/01\/Johanna-Gullichsen-SEES-candle-and-soap-with-towels-and-basket-2-300x225.jpg 300w, https:\/\/www.johannagullichsen.com\/wp-content\/uploads\/2025\/01\/Johanna-Gullichsen-SEES-candle-and-soap-with-towels-and-basket-2-1024x768.jpg 1024w, https:\/\/www.johannagullichsen.com\/wp-content\/uploads\/2025\/01\/Johanna-Gullichsen-SEES-candle-and-soap-with-towels-and-basket-2-768x576.jpg 768w, https:\/\/www.johannagullichsen.com\/wp-content\/uploads\/2025\/01\/Johanna-Gullichsen-SEES-candle-and-soap-with-towels-and-basket-2-1536x1152.jpg 1536w\" sizes=\"auto, (max-width: 1600px) 100vw, 1600px\" \/><\/a><\/p>\n<p>Johanna Gullichsenin ja SEESin yhteiset eteerisi\u00e4 \u00f6ljyj\u00e4 sis\u00e4lt\u00e4v\u00e4t kynttil\u00e4t tarjoavat aromaterapiaa puhtaiden eteeristen \u00f6ljyjen rauhoittavilla tuoksuilla.\u00a0 Tuoksukynttil\u00e4ss\u00e4 no 3\u00a0 yhdistyy eukalyptuksen ja m\u00e4nnyn puhdistavat ja rauhoittavat ominaisuudet. SEES x Johanna Gullichsen saippua hurmaa laventelin tuoksullaan.<\/p>\n<p>Valtameret ovat inspiroineet joitakin Normandie-malliston kuosien nimi\u00e4.\u00a0 Kreikkalaisessa mytologiassa meren jumalatar Doris edusti meren rikkauksia ja anteliaisuutta. Optisessa Doris-kuviossa voi n\u00e4hd\u00e4 alati liikkeess\u00e4 olevan veden pintaa. Doris meni naimisiin viisaan meren vanhimman, Nereuksen, kanssa ja yhdess\u00e4 he saivat viisikymment\u00e4 tyt\u00e4rt\u00e4.<\/p>\n<p><a href=\"https:\/\/www.johannagullichsen.com\/wp-content\/uploads\/2025\/01\/Johanna-Gullichsen-Butterfly-chair-Doris-green.jpg\"><img loading=\"lazy\" decoding=\"async\" class=\"aligncenter wp-image-25352 size-large\" src=\"https:\/\/www.johannagullichsen.com\/wp-content\/uploads\/2025\/01\/Johanna-Gullichsen-Butterfly-chair-Doris-green-813x1024.jpg\" alt=\"\" width=\"813\" height=\"1024\" srcset=\"https:\/\/www.johannagullichsen.com\/wp-content\/uploads\/2025\/01\/Johanna-Gullichsen-Butterfly-chair-Doris-green-813x1024.jpg 813w, https:\/\/www.johannagullichsen.com\/wp-content\/uploads\/2025\/01\/Johanna-Gullichsen-Butterfly-chair-Doris-green-1260x1587.jpg 1260w, https:\/\/www.johannagullichsen.com\/wp-content\/uploads\/2025\/01\/Johanna-Gullichsen-Butterfly-chair-Doris-green-238x300.jpg 238w, https:\/\/www.johannagullichsen.com\/wp-content\/uploads\/2025\/01\/Johanna-Gullichsen-Butterfly-chair-Doris-green-768x967.jpg 768w, https:\/\/www.johannagullichsen.com\/wp-content\/uploads\/2025\/01\/Johanna-Gullichsen-Butterfly-chair-Doris-green-1220x1536.jpg 1220w, https:\/\/www.johannagullichsen.com\/wp-content\/uploads\/2025\/01\/Johanna-Gullichsen-Butterfly-chair-Doris-green-1626x2048.jpg 1626w, https:\/\/www.johannagullichsen.com\/wp-content\/uploads\/2025\/01\/Johanna-Gullichsen-Butterfly-chair-Doris-green.jpg 1920w\" sizes=\"auto, (max-width: 813px) 100vw, 813px\" \/><\/a><\/p>\n<p>&nbsp;<\/p>\n<p><a href=\"https:\/\/www.johannagullichsen.com\/wp-content\/uploads\/2021\/10\/Johanna-Gullichsen-Tube-cushion-Doris-Dark-green-Eos-Green-and-Helios-Dark-Green.jpg\"><img loading=\"lazy\" decoding=\"async\" class=\"aligncenter wp-image-13492 size-large\" src=\"https:\/\/www.johannagullichsen.com\/wp-content\/uploads\/2021\/10\/Johanna-Gullichsen-Tube-cushion-Doris-Dark-green-Eos-Green-and-Helios-Dark-Green-1024x768.jpg\" alt=\"\" width=\"1024\" height=\"768\" srcset=\"https:\/\/www.johannagullichsen.com\/wp-content\/uploads\/2021\/10\/Johanna-Gullichsen-Tube-cushion-Doris-Dark-green-Eos-Green-and-Helios-Dark-Green-1024x768.jpg 1024w, https:\/\/www.johannagullichsen.com\/wp-content\/uploads\/2021\/10\/Johanna-Gullichsen-Tube-cushion-Doris-Dark-green-Eos-Green-and-Helios-Dark-Green-866x650.jpg 866w, https:\/\/www.johannagullichsen.com\/wp-content\/uploads\/2021\/10\/Johanna-Gullichsen-Tube-cushion-Doris-Dark-green-Eos-Green-and-Helios-Dark-Green-336x252.jpg 336w, https:\/\/www.johannagullichsen.com\/wp-content\/uploads\/2021\/10\/Johanna-Gullichsen-Tube-cushion-Doris-Dark-green-Eos-Green-and-Helios-Dark-Green-1260x945.jpg 1260w, https:\/\/www.johannagullichsen.com\/wp-content\/uploads\/2021\/10\/Johanna-Gullichsen-Tube-cushion-Doris-Dark-green-Eos-Green-and-Helios-Dark-Green-300x225.jpg 300w, https:\/\/www.johannagullichsen.com\/wp-content\/uploads\/2021\/10\/Johanna-Gullichsen-Tube-cushion-Doris-Dark-green-Eos-Green-and-Helios-Dark-Green-768x576.jpg 768w, https:\/\/www.johannagullichsen.com\/wp-content\/uploads\/2021\/10\/Johanna-Gullichsen-Tube-cushion-Doris-Dark-green-Eos-Green-and-Helios-Dark-Green-1536x1152.jpg 1536w, https:\/\/www.johannagullichsen.com\/wp-content\/uploads\/2021\/10\/Johanna-Gullichsen-Tube-cushion-Doris-Dark-green-Eos-Green-and-Helios-Dark-Green.jpg 1600w\" sizes=\"auto, (max-width: 1024px) 100vw, 1024px\" \/><\/a><a href=\"https:\/\/www.johannagullichsen.com\/wp-content\/uploads\/2025\/01\/Johanna-Gullichsen-Green-fabric-baskets.jpg\"><img loading=\"lazy\" decoding=\"async\" class=\"aligncenter wp-image-25361 size-full\" src=\"https:\/\/www.johannagullichsen.com\/wp-content\/uploads\/2025\/01\/Johanna-Gullichsen-Green-fabric-baskets.jpg\" alt=\"\" width=\"1600\" height=\"1200\" srcset=\"https:\/\/www.johannagullichsen.com\/wp-content\/uploads\/2025\/01\/Johanna-Gullichsen-Green-fabric-baskets.jpg 1600w, https:\/\/www.johannagullichsen.com\/wp-content\/uploads\/2025\/01\/Johanna-Gullichsen-Green-fabric-baskets-866x650.jpg 866w, https:\/\/www.johannagullichsen.com\/wp-content\/uploads\/2025\/01\/Johanna-Gullichsen-Green-fabric-baskets-336x252.jpg 336w, https:\/\/www.johannagullichsen.com\/wp-content\/uploads\/2025\/01\/Johanna-Gullichsen-Green-fabric-baskets-1260x945.jpg 1260w, https:\/\/www.johannagullichsen.com\/wp-content\/uploads\/2025\/01\/Johanna-Gullichsen-Green-fabric-baskets-300x225.jpg 300w, https:\/\/www.johannagullichsen.com\/wp-content\/uploads\/2025\/01\/Johanna-Gullichsen-Green-fabric-baskets-1024x768.jpg 1024w, https:\/\/www.johannagullichsen.com\/wp-content\/uploads\/2025\/01\/Johanna-Gullichsen-Green-fabric-baskets-768x576.jpg 768w, https:\/\/www.johannagullichsen.com\/wp-content\/uploads\/2025\/01\/Johanna-Gullichsen-Green-fabric-baskets-1536x1152.jpg 1536w\" sizes=\"auto, (max-width: 1600px) 100vw, 1600px\" \/><\/a><\/p>\n","protected":false},"excerpt":{"rendered":"<p>Vuoden 2025 v\u00e4ri, vihre\u00e4, kuvastaa harmoniaa, tasapainoa, kasvua ja uudistumista. Ikivihreiden havumetsien sek\u00e4 valtamerten aaltojen vihre\u00e4t s\u00e4vyt kutsuvat meit\u00e4 luonnon rauhaan. Vihre\u00e4n vivahteet smaragdin loistosta kuusimetsien syvyyksiin muistuttavat kasvusta ja&hellip;<\/p>\n","protected":false},"author":4,"featured_media":0,"parent":0,"menu_order":0,"comment_status":"closed","ping_status":"closed","template":"","meta":{"_acf_changed":false,"footnotes":""},"class_list":["post-25358","page","type-page","status-publish","hentry"],"acf":[],"yoast_head":"<!-- This site is optimized with the Yoast SEO Premium plugin v27.2 (Yoast SEO v27.5) - https:\/\/yoast.com\/product\/yoast-seo-premium-wordpress\/ -->\n<title>Vuoden 2025 v\u00e4ri on vihre\u00e4 - Johanna Gullichsen<\/title>\n<meta name=\"robots\" content=\"index, follow, max-snippet:-1, max-image-preview:large, max-video-preview:-1\" \/>\n<link rel=\"canonical\" href=\"https:\/\/www.johannagullichsen.com\/fi\/vuoden-2025-vari-on-vihrea\/\" \/>\n<meta property=\"og:locale\" content=\"fi_FI\" \/>\n<meta property=\"og:type\" content=\"article\" \/>\n<meta property=\"og:title\" content=\"Vuoden 2025 v\u00e4ri on vihre\u00e4\" \/>\n<meta property=\"og:description\" content=\"Vuoden 2025 v\u00e4ri, vihre\u00e4, kuvastaa harmoniaa, tasapainoa, kasvua ja uudistumista. Ikivihreiden havumetsien sek\u00e4 valtamerten aaltojen vihre\u00e4t s\u00e4vyt kutsuvat meit\u00e4 luonnon rauhaan. Vihre\u00e4n vivahteet smaragdin loistosta kuusimetsien syvyyksiin muistuttavat kasvusta ja&hellip;\" \/>\n<meta property=\"og:url\" content=\"https:\/\/www.johannagullichsen.com\/fi\/vuoden-2025-vari-on-vihrea\/\" \/>\n<meta property=\"og:site_name\" content=\"Johanna Gullichsen\" \/>\n<meta property=\"article:modified_time\" content=\"2025-01-16T13:57:17+00:00\" \/>\n<meta property=\"og:image\" content=\"https:\/\/www.johannagullichsen.com\/wp-content\/uploads\/2025\/01\/Johanna-Gullichsen-Doris-green-1024x572.jpg\" \/>\n\t<meta property=\"og:image:width\" content=\"1024\" \/>\n\t<meta property=\"og:image:height\" content=\"572\" \/>\n\t<meta property=\"og:image:type\" content=\"image\/jpeg\" \/>\n<meta name=\"twitter:card\" content=\"summary_large_image\" \/>\n<meta name=\"twitter:label1\" content=\"Arvioitu lukuaika\" \/>\n\t<meta name=\"twitter:data1\" content=\"2 minuuttia\" \/>\n<script type=\"application\/ld+json\" class=\"yoast-schema-graph\">{\"@context\":\"https:\\\/\\\/schema.org\",\"@graph\":[{\"@type\":\"WebPage\",\"@id\":\"https:\\\/\\\/www.johannagullichsen.com\\\/fi\\\/vuoden-2025-vari-on-vihrea\\\/\",\"url\":\"https:\\\/\\\/www.johannagullichsen.com\\\/fi\\\/vuoden-2025-vari-on-vihrea\\\/\",\"name\":\"Vuoden 2025 v\u00e4ri on vihre\u00e4 - Johanna Gullichsen\",\"isPartOf\":{\"@id\":\"https:\\\/\\\/www.johannagullichsen.com\\\/fi\\\/#website\"},\"primaryImageOfPage\":{\"@id\":\"https:\\\/\\\/www.johannagullichsen.com\\\/fi\\\/vuoden-2025-vari-on-vihrea\\\/#primaryimage\"},\"image\":{\"@id\":\"https:\\\/\\\/www.johannagullichsen.com\\\/fi\\\/vuoden-2025-vari-on-vihrea\\\/#primaryimage\"},\"thumbnailUrl\":\"https:\\\/\\\/www.johannagullichsen.com\\\/wp-content\\\/uploads\\\/2025\\\/01\\\/Johanna-Gullichsen-Doris-green.jpg\",\"datePublished\":\"2025-01-16T13:52:44+00:00\",\"dateModified\":\"2025-01-16T13:57:17+00:00\",\"breadcrumb\":{\"@id\":\"https:\\\/\\\/www.johannagullichsen.com\\\/fi\\\/vuoden-2025-vari-on-vihrea\\\/#breadcrumb\"},\"inLanguage\":\"fi\",\"potentialAction\":[{\"@type\":\"ReadAction\",\"target\":[\"https:\\\/\\\/www.johannagullichsen.com\\\/fi\\\/vuoden-2025-vari-on-vihrea\\\/\"]}]},{\"@type\":\"ImageObject\",\"inLanguage\":\"fi\",\"@id\":\"https:\\\/\\\/www.johannagullichsen.com\\\/fi\\\/vuoden-2025-vari-on-vihrea\\\/#primaryimage\",\"url\":\"https:\\\/\\\/www.johannagullichsen.com\\\/wp-content\\\/uploads\\\/2025\\\/01\\\/Johanna-Gullichsen-Doris-green.jpg\",\"contentUrl\":\"https:\\\/\\\/www.johannagullichsen.com\\\/wp-content\\\/uploads\\\/2025\\\/01\\\/Johanna-Gullichsen-Doris-green.jpg\"},{\"@type\":\"BreadcrumbList\",\"@id\":\"https:\\\/\\\/www.johannagullichsen.com\\\/fi\\\/vuoden-2025-vari-on-vihrea\\\/#breadcrumb\",\"itemListElement\":[{\"@type\":\"ListItem\",\"position\":1,\"name\":\"Home\",\"item\":\"https:\\\/\\\/www.johannagullichsen.com\\\/fi\\\/\"},{\"@type\":\"ListItem\",\"position\":2,\"name\":\"Vuoden 2025 v\u00e4ri on vihre\u00e4\"}]},{\"@type\":\"WebSite\",\"@id\":\"https:\\\/\\\/www.johannagullichsen.com\\\/fi\\\/#website\",\"url\":\"https:\\\/\\\/www.johannagullichsen.com\\\/fi\\\/\",\"name\":\"Johanna Gullichsen\",\"description\":\"\",\"potentialAction\":[{\"@type\":\"SearchAction\",\"target\":{\"@type\":\"EntryPoint\",\"urlTemplate\":\"https:\\\/\\\/www.johannagullichsen.com\\\/fi\\\/?s={search_term_string}\"},\"query-input\":{\"@type\":\"PropertyValueSpecification\",\"valueRequired\":true,\"valueName\":\"search_term_string\"}}],\"inLanguage\":\"fi\"}]}<\/script>\n<!-- \/ Yoast SEO Premium plugin. -->","yoast_head_json":{"title":"Vuoden 2025 v\u00e4ri on vihre\u00e4 - Johanna Gullichsen","robots":{"index":"index","follow":"follow","max-snippet":"max-snippet:-1","max-image-preview":"max-image-preview:large","max-video-preview":"max-video-preview:-1"},"canonical":"https:\/\/www.johannagullichsen.com\/fi\/vuoden-2025-vari-on-vihrea\/","og_locale":"fi_FI","og_type":"article","og_title":"Vuoden 2025 v\u00e4ri on vihre\u00e4","og_description":"Vuoden 2025 v\u00e4ri, vihre\u00e4, kuvastaa harmoniaa, tasapainoa, kasvua ja uudistumista. Ikivihreiden havumetsien sek\u00e4 valtamerten aaltojen vihre\u00e4t s\u00e4vyt kutsuvat meit\u00e4 luonnon rauhaan. Vihre\u00e4n vivahteet smaragdin loistosta kuusimetsien syvyyksiin muistuttavat kasvusta ja&hellip;","og_url":"https:\/\/www.johannagullichsen.com\/fi\/vuoden-2025-vari-on-vihrea\/","og_site_name":"Johanna Gullichsen","article_modified_time":"2025-01-16T13:57:17+00:00","og_image":[{"width":1024,"height":572,"url":"https:\/\/www.johannagullichsen.com\/wp-content\/uploads\/2025\/01\/Johanna-Gullichsen-Doris-green-1024x572.jpg","type":"image\/jpeg"}],"twitter_card":"summary_large_image","twitter_misc":{"Arvioitu lukuaika":"2 minuuttia"},"schema":{"@context":"https:\/\/schema.org","@graph":[{"@type":"WebPage","@id":"https:\/\/www.johannagullichsen.com\/fi\/vuoden-2025-vari-on-vihrea\/","url":"https:\/\/www.johannagullichsen.com\/fi\/vuoden-2025-vari-on-vihrea\/","name":"Vuoden 2025 v\u00e4ri on vihre\u00e4 - Johanna Gullichsen","isPartOf":{"@id":"https:\/\/www.johannagullichsen.com\/fi\/#website"},"primaryImageOfPage":{"@id":"https:\/\/www.johannagullichsen.com\/fi\/vuoden-2025-vari-on-vihrea\/#primaryimage"},"image":{"@id":"https:\/\/www.johannagullichsen.com\/fi\/vuoden-2025-vari-on-vihrea\/#primaryimage"},"thumbnailUrl":"https:\/\/www.johannagullichsen.com\/wp-content\/uploads\/2025\/01\/Johanna-Gullichsen-Doris-green.jpg","datePublished":"2025-01-16T13:52:44+00:00","dateModified":"2025-01-16T13:57:17+00:00","breadcrumb":{"@id":"https:\/\/www.johannagullichsen.com\/fi\/vuoden-2025-vari-on-vihrea\/#breadcrumb"},"inLanguage":"fi","potentialAction":[{"@type":"ReadAction","target":["https:\/\/www.johannagullichsen.com\/fi\/vuoden-2025-vari-on-vihrea\/"]}]},{"@type":"ImageObject","inLanguage":"fi","@id":"https:\/\/www.johannagullichsen.com\/fi\/vuoden-2025-vari-on-vihrea\/#primaryimage","url":"https:\/\/www.johannagullichsen.com\/wp-content\/uploads\/2025\/01\/Johanna-Gullichsen-Doris-green.jpg","contentUrl":"https:\/\/www.johannagullichsen.com\/wp-content\/uploads\/2025\/01\/Johanna-Gullichsen-Doris-green.jpg"},{"@type":"BreadcrumbList","@id":"https:\/\/www.johannagullichsen.com\/fi\/vuoden-2025-vari-on-vihrea\/#breadcrumb","itemListElement":[{"@type":"ListItem","position":1,"name":"Home","item":"https:\/\/www.johannagullichsen.com\/fi\/"},{"@type":"ListItem","position":2,"name":"Vuoden 2025 v\u00e4ri on vihre\u00e4"}]},{"@type":"WebSite","@id":"https:\/\/www.johannagullichsen.com\/fi\/#website","url":"https:\/\/www.johannagullichsen.com\/fi\/","name":"Johanna Gullichsen","description":"","potentialAction":[{"@type":"SearchAction","target":{"@type":"EntryPoint","urlTemplate":"https:\/\/www.johannagullichsen.com\/fi\/?s={search_term_string}"},"query-input":{"@type":"PropertyValueSpecification","valueRequired":true,"valueName":"search_term_string"}}],"inLanguage":"fi"}]}},"_links":{"self":[{"href":"https:\/\/www.johannagullichsen.com\/fi\/wp-json\/wp\/v2\/pages\/25358","targetHints":{"allow":["GET"]}}],"collection":[{"href":"https:\/\/www.johannagullichsen.com\/fi\/wp-json\/wp\/v2\/pages"}],"about":[{"href":"https:\/\/www.johannagullichsen.com\/fi\/wp-json\/wp\/v2\/types\/page"}],"author":[{"embeddable":true,"href":"https:\/\/www.johannagullichsen.com\/fi\/wp-json\/wp\/v2\/users\/4"}],"replies":[{"embeddable":true,"href":"https:\/\/www.johannagullichsen.com\/fi\/wp-json\/wp\/v2\/comments?post=25358"}],"version-history":[{"count":4,"href":"https:\/\/www.johannagullichsen.com\/fi\/wp-json\/wp\/v2\/pages\/25358\/revisions"}],"predecessor-version":[{"id":25533,"href":"https:\/\/www.johannagullichsen.com\/fi\/wp-json\/wp\/v2\/pages\/25358\/revisions\/25533"}],"wp:attachment":[{"href":"https:\/\/www.johannagullichsen.com\/fi\/wp-json\/wp\/v2\/media?parent=25358"}],"curies":[{"name":"wp","href":"https:\/\/api.w.org\/{rel}","templated":true}]}}