{"id":25825,"date":"2025-03-19T14:15:00","date_gmt":"2025-03-19T12:15:00","guid":{"rendered":"https:\/\/www.johannagullichsen.com\/?page_id=25825"},"modified":"2025-03-21T11:58:08","modified_gmt":"2025-03-21T09:58:08","slug":"hotel-filigrane","status":"publish","type":"page","link":"https:\/\/www.johannagullichsen.com\/fi\/hotel-filigrane\/","title":{"rendered":"Hotel Filigrane"},"content":{"rendered":"<p><a href=\"https:\/\/www.johannagullichsen.com\/wp-content\/uploads\/2025\/03\/hotel-filigrane-chambres-classique-balcon-lg.jpg\"><img loading=\"lazy\" decoding=\"async\" class=\"aligncenter wp-image-25804 size-full\" src=\"https:\/\/www.johannagullichsen.com\/wp-content\/uploads\/2025\/03\/hotel-filigrane-chambres-classique-balcon-lg.jpg\" alt=\"\" width=\"2000\" height=\"1334\" srcset=\"https:\/\/www.johannagullichsen.com\/wp-content\/uploads\/2025\/03\/hotel-filigrane-chambres-classique-balcon-lg.jpg 2000w, https:\/\/www.johannagullichsen.com\/wp-content\/uploads\/2025\/03\/hotel-filigrane-chambres-classique-balcon-lg-1260x840.jpg 1260w, https:\/\/www.johannagullichsen.com\/wp-content\/uploads\/2025\/03\/hotel-filigrane-chambres-classique-balcon-lg-300x200.jpg 300w, https:\/\/www.johannagullichsen.com\/wp-content\/uploads\/2025\/03\/hotel-filigrane-chambres-classique-balcon-lg-1024x683.jpg 1024w, https:\/\/www.johannagullichsen.com\/wp-content\/uploads\/2025\/03\/hotel-filigrane-chambres-classique-balcon-lg-768x512.jpg 768w, https:\/\/www.johannagullichsen.com\/wp-content\/uploads\/2025\/03\/hotel-filigrane-chambres-classique-balcon-lg-1536x1025.jpg 1536w\" sizes=\"auto, (max-width: 2000px) 100vw, 2000px\" \/><\/a><\/p>\n<h4>Hurmaava hotelli, jossa Johanan Gullichsenin kankaat ovat p\u00e4\u00e4osassa<\/h4>\n<p class=\"p1\">Johanna Gullichsenin kankaat ovat olennainen osa Pariisissa hiljattain avatun <a href=\"https:\/\/hotelfiligrane.paris\/\">Hotel Filigranen<\/a> sisustusta. <a href=\"https:\/\/www.studiomajorelparis.fr\/\">Studio Majorel Paris<\/a> -studion suunnitteleman hotellin estetiikassa yhdistyv\u00e4t saumattomasti rohkea graafisuus ja herkk\u00e4 charmi. Hotelli sijaitsee Rue Vivienne -kadulla 2. kaupunginosassa, ja se ammentaa inspiraatiota l\u00e4heisest\u00e4 <a href=\"https:\/\/www.palaisbrongniart.com\/en\/node\/29\">Palais Brongniart<\/a>&#8217;sta (p\u00f6rssi) ja Ranskan kansallisesta kirjastosta (<a href=\"https:\/\/www.bnf.fr\/en\/the-bnfs-richelieu-site\">Biblioth\u00e8que nationale de France<\/a>) viitaten hienovaraisesti n\u00e4iden instituutioiden aarteisiin &#8211; salattuihin seteleihin ja kirjallisuuteen.<\/p>\n<p class=\"p1\">\u201cK\u00e4ytimme setelien rikasta estetiikkaa luodaksemme harkitun graafisten elementtien kerroksellisuuden. Se avasi meille viivojen, geometristen kuvioiden sek\u00e4 moir\u00e9-vaikutuksen loputtomat yhdistelm\u00e4vaihtoehdot\u201d suunnittelija Anne Claire Majorel kertoo prosessista.<\/p>\n<p class=\"p1\">Jokaisessa hotellihuoneessa on oma v\u00e4riteema. Johanna Gullichsenin kankaita on k\u00e4ytetty luovasti s\u00e4ngynp\u00e4\u00e4tyihin, verhoiluihin ja tyynyihin. Viisi p\u00e4\u00e4v\u00e4ri\u00e4 &#8211; sininen, mustavalkoinen, punainen, bistre ja vihre\u00e4 &#8211; luovat ainutlaatuisen tunnelman jokaiseen huoneeseen.<\/p>\n<p class=\"p1\">\u201dMeid\u00e4n oli l\u00f6ydett\u00e4v\u00e4 kangas, jossa oli sek\u00e4 voimakas geometrinen kuviointi ett\u00e4 laaja v\u00e4rivalikoima. Johanna Gullichsenin Normandie-kankaiden kauniit kuviot, hienovaraiset linjat sek\u00e4 voimakkaat v\u00e4rit vastasivat t\u00e4ydellisesti tarpeisiimme,\u201d Majorel kertoo. \u201cLis\u00e4ksi kankaiden kaksipuoleisuus, tumma ja vaalea puoli, muistuttaa molemmin puolin painettua seteli\u00e4. N\u00e4m\u00e4 kankaat olivat meille hyv\u00e4 alku muiden tekstiilien, laattojen ja sein\u00e4v\u00e4rien yhteensovittamiseen.\u201d<\/p>\n<p class=\"p1\">Hotel Filigrane tarjoaa turvapaikan, jossa vieraat toivotetaan tervetulleiksi l\u00e4mpim\u00e4sti ja tyylikk\u00e4\u00e4sti. Tunnelma intiimist\u00e4 aulasta, seesteiseen kylpyl\u00e4\u00e4n ja tyylikk\u00e4\u00e4sti suunniteltuihin huoneisiin, heijastaa pariisilaista charmia ja luo puitteet rentoutumiselle ja hemmottelulle.<\/p>\n<p class=\"p1\">Koe ripaus ylellisyytt\u00e4 my\u00f6s omassa makuuhuoneessasi ja tutustu Johanna Gullichsenin <a href=\"https:\/\/www.johannagullichsen.com\/fi\/tuotteet\/vuode-kylpy\/sangynpaaty-l\/\">s\u00e4ngynp\u00e4\u00e4tyihin<\/a>, <a href=\"https:\/\/www.johannagullichsen.com\/fi\/tuotteet\/vuode-kylpy\/paivapeitto-260-cm-x-260-cm\/\">p\u00e4iv\u00e4peitteisiin<\/a> ja <a href=\"https:\/\/www.johannagullichsen.com\/fi\/tuotteet\/olohuone\/tyynynpaallinen-normandie-50cm-x-50cm\/\">tyynyihin<\/a>. Muista, ett\u00e4 voit aina ottaa yhteytt\u00e4 verhoilijaasi luodaksesi juuri sinulle r\u00e4\u00e4t\u00e4l\u00f6ityj\u00e4 ratkaisuja kankaistamme!<\/p>\n<p class=\"p1\">Valokuvat: Christophe Bielsa<\/p>\n<p><img loading=\"lazy\" decoding=\"async\" class=\"aligncenter wp-image-25832 size-large\" src=\"https:\/\/www.johannagullichsen.com\/wp-content\/uploads\/2025\/03\/hotel-filigrane-chambres-classique-014-copy-683x1024.jpg\" alt=\"\" width=\"683\" height=\"1024\" srcset=\"https:\/\/www.johannagullichsen.com\/wp-content\/uploads\/2025\/03\/hotel-filigrane-chambres-classique-014-copy-683x1024.jpg 683w, https:\/\/www.johannagullichsen.com\/wp-content\/uploads\/2025\/03\/hotel-filigrane-chambres-classique-014-copy-200x300.jpg 200w, https:\/\/www.johannagullichsen.com\/wp-content\/uploads\/2025\/03\/hotel-filigrane-chambres-classique-014-copy-768x1151.jpg 768w, https:\/\/www.johannagullichsen.com\/wp-content\/uploads\/2025\/03\/hotel-filigrane-chambres-classique-014-copy.jpg 1000w\" sizes=\"auto, (max-width: 683px) 100vw, 683px\" \/><a href=\"https:\/\/www.johannagullichsen.com\/wp-content\/uploads\/2025\/03\/hotel-filigrane-chambres-classique-004-copy.jpg\"><img loading=\"lazy\" decoding=\"async\" class=\"aligncenter wp-image-25890 size-large\" src=\"https:\/\/www.johannagullichsen.com\/wp-content\/uploads\/2025\/03\/hotel-filigrane-chambres-classique-004-copy-1024x723.jpg\" alt=\"\" width=\"1024\" height=\"723\" srcset=\"https:\/\/www.johannagullichsen.com\/wp-content\/uploads\/2025\/03\/hotel-filigrane-chambres-classique-004-copy-1024x723.jpg 1024w, https:\/\/www.johannagullichsen.com\/wp-content\/uploads\/2025\/03\/hotel-filigrane-chambres-classique-004-copy-1260x890.jpg 1260w, https:\/\/www.johannagullichsen.com\/wp-content\/uploads\/2025\/03\/hotel-filigrane-chambres-classique-004-copy-300x212.jpg 300w, https:\/\/www.johannagullichsen.com\/wp-content\/uploads\/2025\/03\/hotel-filigrane-chambres-classique-004-copy-768x542.jpg 768w, https:\/\/www.johannagullichsen.com\/wp-content\/uploads\/2025\/03\/hotel-filigrane-chambres-classique-004-copy-1536x1085.jpg 1536w, https:\/\/www.johannagullichsen.com\/wp-content\/uploads\/2025\/03\/hotel-filigrane-chambres-classique-004-copy.jpg 1600w\" sizes=\"auto, (max-width: 1024px) 100vw, 1024px\" \/><\/a><a href=\"https:\/\/www.johannagullichsen.com\/wp-content\/uploads\/2025\/03\/hotel-filigrane-chambres-junior-suite-terrasse-013-copy1.jpg\"><img loading=\"lazy\" decoding=\"async\" class=\"aligncenter wp-image-25894 size-large\" src=\"https:\/\/www.johannagullichsen.com\/wp-content\/uploads\/2025\/03\/hotel-filigrane-chambres-junior-suite-terrasse-013-copy1-1024x677.jpg\" alt=\"\" width=\"1024\" height=\"677\" srcset=\"https:\/\/www.johannagullichsen.com\/wp-content\/uploads\/2025\/03\/hotel-filigrane-chambres-junior-suite-terrasse-013-copy1-1024x677.jpg 1024w, https:\/\/www.johannagullichsen.com\/wp-content\/uploads\/2025\/03\/hotel-filigrane-chambres-junior-suite-terrasse-013-copy1-1260x833.jpg 1260w, https:\/\/www.johannagullichsen.com\/wp-content\/uploads\/2025\/03\/hotel-filigrane-chambres-junior-suite-terrasse-013-copy1-300x198.jpg 300w, https:\/\/www.johannagullichsen.com\/wp-content\/uploads\/2025\/03\/hotel-filigrane-chambres-junior-suite-terrasse-013-copy1-768x508.jpg 768w, https:\/\/www.johannagullichsen.com\/wp-content\/uploads\/2025\/03\/hotel-filigrane-chambres-junior-suite-terrasse-013-copy1-1536x1016.jpg 1536w, https:\/\/www.johannagullichsen.com\/wp-content\/uploads\/2025\/03\/hotel-filigrane-chambres-junior-suite-terrasse-013-copy1.jpg 1600w\" sizes=\"auto, (max-width: 1024px) 100vw, 1024px\" \/><\/a><a href=\"https:\/\/www.johannagullichsen.com\/wp-content\/uploads\/2025\/03\/hotel-filigrane-chambres-superieure-007-1.jpg\"><img loading=\"lazy\" decoding=\"async\" class=\"aligncenter wp-image-25856 size-full\" src=\"https:\/\/www.johannagullichsen.com\/wp-content\/uploads\/2025\/03\/hotel-filigrane-chambres-superieure-007-1.jpg\" alt=\"\" width=\"1000\" height=\"667\" srcset=\"https:\/\/www.johannagullichsen.com\/wp-content\/uploads\/2025\/03\/hotel-filigrane-chambres-superieure-007-1.jpg 1000w, https:\/\/www.johannagullichsen.com\/wp-content\/uploads\/2025\/03\/hotel-filigrane-chambres-superieure-007-1-300x200.jpg 300w, https:\/\/www.johannagullichsen.com\/wp-content\/uploads\/2025\/03\/hotel-filigrane-chambres-superieure-007-1-768x512.jpg 768w\" sizes=\"auto, (max-width: 1000px) 100vw, 1000px\" \/><\/a> <img loading=\"lazy\" decoding=\"async\" class=\"aligncenter wp-image-25848 size-large\" src=\"https:\/\/www.johannagullichsen.com\/wp-content\/uploads\/2025\/03\/hotel-filigrane-chambres-deluxe-010-1-683x1024.jpg\" alt=\"\" width=\"683\" height=\"1024\" srcset=\"https:\/\/www.johannagullichsen.com\/wp-content\/uploads\/2025\/03\/hotel-filigrane-chambres-deluxe-010-1-683x1024.jpg 683w, https:\/\/www.johannagullichsen.com\/wp-content\/uploads\/2025\/03\/hotel-filigrane-chambres-deluxe-010-1-200x300.jpg 200w, https:\/\/www.johannagullichsen.com\/wp-content\/uploads\/2025\/03\/hotel-filigrane-chambres-deluxe-010-1-768x1151.jpg 768w, https:\/\/www.johannagullichsen.com\/wp-content\/uploads\/2025\/03\/hotel-filigrane-chambres-deluxe-010-1.jpg 1000w\" sizes=\"auto, (max-width: 683px) 100vw, 683px\" \/> <a href=\"https:\/\/www.johannagullichsen.com\/wp-content\/uploads\/2025\/03\/hotel-filigrane-chambres-deluxe-007-1.jpg\"><img loading=\"lazy\" decoding=\"async\" class=\"aligncenter wp-image-25844 size-large\" src=\"https:\/\/www.johannagullichsen.com\/wp-content\/uploads\/2025\/03\/hotel-filigrane-chambres-deluxe-007-1-683x1024.jpg\" alt=\"\" width=\"683\" height=\"1024\" srcset=\"https:\/\/www.johannagullichsen.com\/wp-content\/uploads\/2025\/03\/hotel-filigrane-chambres-deluxe-007-1-683x1024.jpg 683w, https:\/\/www.johannagullichsen.com\/wp-content\/uploads\/2025\/03\/hotel-filigrane-chambres-deluxe-007-1-200x300.jpg 200w, https:\/\/www.johannagullichsen.com\/wp-content\/uploads\/2025\/03\/hotel-filigrane-chambres-deluxe-007-1-768x1151.jpg 768w, https:\/\/www.johannagullichsen.com\/wp-content\/uploads\/2025\/03\/hotel-filigrane-chambres-deluxe-007-1.jpg 1000w\" sizes=\"auto, (max-width: 683px) 100vw, 683px\" \/><\/a> <a href=\"https:\/\/www.johannagullichsen.com\/wp-content\/uploads\/2025\/03\/hotel-filigrane-chambres-classique-balcon-007-copy.jpg\"><img loading=\"lazy\" decoding=\"async\" class=\"aligncenter wp-image-25840 size-full\" src=\"https:\/\/www.johannagullichsen.com\/wp-content\/uploads\/2025\/03\/hotel-filigrane-chambres-classique-balcon-007-copy.jpg\" alt=\"\" width=\"1000\" height=\"667\" srcset=\"https:\/\/www.johannagullichsen.com\/wp-content\/uploads\/2025\/03\/hotel-filigrane-chambres-classique-balcon-007-copy.jpg 1000w, https:\/\/www.johannagullichsen.com\/wp-content\/uploads\/2025\/03\/hotel-filigrane-chambres-classique-balcon-007-copy-300x200.jpg 300w, https:\/\/www.johannagullichsen.com\/wp-content\/uploads\/2025\/03\/hotel-filigrane-chambres-classique-balcon-007-copy-768x512.jpg 768w\" sizes=\"auto, (max-width: 1000px) 100vw, 1000px\" \/><\/a> <a href=\"https:\/\/www.johannagullichsen.com\/wp-content\/uploads\/2025\/03\/hotel-filigrane-chambres-classique-028-1.jpg\"><img loading=\"lazy\" decoding=\"async\" class=\"aligncenter wp-image-25836 size-large\" src=\"https:\/\/www.johannagullichsen.com\/wp-content\/uploads\/2025\/03\/hotel-filigrane-chambres-classique-028-1-683x1024.jpg\" alt=\"\" width=\"683\" height=\"1024\" srcset=\"https:\/\/www.johannagullichsen.com\/wp-content\/uploads\/2025\/03\/hotel-filigrane-chambres-classique-028-1-683x1024.jpg 683w, https:\/\/www.johannagullichsen.com\/wp-content\/uploads\/2025\/03\/hotel-filigrane-chambres-classique-028-1-200x300.jpg 200w, https:\/\/www.johannagullichsen.com\/wp-content\/uploads\/2025\/03\/hotel-filigrane-chambres-classique-028-1-768x1151.jpg 768w, https:\/\/www.johannagullichsen.com\/wp-content\/uploads\/2025\/03\/hotel-filigrane-chambres-classique-028-1.jpg 1000w\" sizes=\"auto, (max-width: 683px) 100vw, 683px\" \/><\/a><\/p>\n<p>&nbsp;<\/p>\n<p>&nbsp;<\/p>\n<p>&nbsp;<\/p>\n","protected":false},"excerpt":{"rendered":"<p>Hurmaava hotelli, jossa Johanan Gullichsenin kankaat ovat p\u00e4\u00e4osassa Johanna Gullichsenin kankaat ovat olennainen osa Pariisissa hiljattain avatun Hotel Filigranen sisustusta. Studio Majorel Paris -studion suunnitteleman hotellin estetiikassa yhdistyv\u00e4t saumattomasti rohkea&hellip;<\/p>\n","protected":false},"author":4,"featured_media":0,"parent":0,"menu_order":0,"comment_status":"closed","ping_status":"closed","template":"","meta":{"_acf_changed":false,"footnotes":""},"class_list":["post-25825","page","type-page","status-publish","hentry"],"acf":[],"yoast_head":"<!-- This site is optimized with the Yoast SEO Premium plugin v27.2 (Yoast SEO v27.5) - https:\/\/yoast.com\/product\/yoast-seo-premium-wordpress\/ -->\n<title>Hotel Filigrane - Johanna Gullichsen<\/title>\n<meta name=\"robots\" content=\"index, follow, max-snippet:-1, max-image-preview:large, max-video-preview:-1\" \/>\n<link rel=\"canonical\" href=\"https:\/\/www.johannagullichsen.com\/fi\/hotel-filigrane\/\" \/>\n<meta property=\"og:locale\" content=\"fi_FI\" \/>\n<meta property=\"og:type\" content=\"article\" \/>\n<meta property=\"og:title\" content=\"Hotel Filigrane\" \/>\n<meta property=\"og:description\" content=\"Hurmaava hotelli, jossa Johanan Gullichsenin kankaat ovat p\u00e4\u00e4osassa Johanna Gullichsenin kankaat ovat olennainen osa Pariisissa hiljattain avatun Hotel Filigranen sisustusta. Studio Majorel Paris -studion suunnitteleman hotellin estetiikassa yhdistyv\u00e4t saumattomasti rohkea&hellip;\" \/>\n<meta property=\"og:url\" content=\"https:\/\/www.johannagullichsen.com\/fi\/hotel-filigrane\/\" \/>\n<meta property=\"og:site_name\" content=\"Johanna Gullichsen\" \/>\n<meta property=\"article:modified_time\" content=\"2025-03-21T09:58:08+00:00\" \/>\n<meta property=\"og:image\" content=\"https:\/\/www.johannagullichsen.com\/wp-content\/uploads\/2025\/03\/hotel-filigrane-chambres-classique-balcon-lg.jpg\" \/>\n\t<meta property=\"og:image:width\" content=\"2000\" \/>\n\t<meta property=\"og:image:height\" content=\"1334\" \/>\n\t<meta property=\"og:image:type\" content=\"image\/jpeg\" \/>\n<meta name=\"twitter:card\" content=\"summary_large_image\" \/>\n<meta name=\"twitter:label1\" content=\"Arvioitu lukuaika\" \/>\n\t<meta name=\"twitter:data1\" content=\"3 minuuttia\" \/>\n<script type=\"application\/ld+json\" class=\"yoast-schema-graph\">{\"@context\":\"https:\\\/\\\/schema.org\",\"@graph\":[{\"@type\":\"WebPage\",\"@id\":\"https:\\\/\\\/www.johannagullichsen.com\\\/fi\\\/hotel-filigrane\\\/\",\"url\":\"https:\\\/\\\/www.johannagullichsen.com\\\/fi\\\/hotel-filigrane\\\/\",\"name\":\"Hotel Filigrane - Johanna Gullichsen\",\"isPartOf\":{\"@id\":\"https:\\\/\\\/www.johannagullichsen.com\\\/fi\\\/#website\"},\"primaryImageOfPage\":{\"@id\":\"https:\\\/\\\/www.johannagullichsen.com\\\/fi\\\/hotel-filigrane\\\/#primaryimage\"},\"image\":{\"@id\":\"https:\\\/\\\/www.johannagullichsen.com\\\/fi\\\/hotel-filigrane\\\/#primaryimage\"},\"thumbnailUrl\":\"https:\\\/\\\/www.johannagullichsen.com\\\/wp-content\\\/uploads\\\/2025\\\/03\\\/hotel-filigrane-chambres-classique-balcon-lg.jpg\",\"datePublished\":\"2025-03-19T12:15:00+00:00\",\"dateModified\":\"2025-03-21T09:58:08+00:00\",\"breadcrumb\":{\"@id\":\"https:\\\/\\\/www.johannagullichsen.com\\\/fi\\\/hotel-filigrane\\\/#breadcrumb\"},\"inLanguage\":\"fi\",\"potentialAction\":[{\"@type\":\"ReadAction\",\"target\":[\"https:\\\/\\\/www.johannagullichsen.com\\\/fi\\\/hotel-filigrane\\\/\"]}]},{\"@type\":\"ImageObject\",\"inLanguage\":\"fi\",\"@id\":\"https:\\\/\\\/www.johannagullichsen.com\\\/fi\\\/hotel-filigrane\\\/#primaryimage\",\"url\":\"https:\\\/\\\/www.johannagullichsen.com\\\/wp-content\\\/uploads\\\/2025\\\/03\\\/hotel-filigrane-chambres-classique-balcon-lg.jpg\",\"contentUrl\":\"https:\\\/\\\/www.johannagullichsen.com\\\/wp-content\\\/uploads\\\/2025\\\/03\\\/hotel-filigrane-chambres-classique-balcon-lg.jpg\"},{\"@type\":\"BreadcrumbList\",\"@id\":\"https:\\\/\\\/www.johannagullichsen.com\\\/fi\\\/hotel-filigrane\\\/#breadcrumb\",\"itemListElement\":[{\"@type\":\"ListItem\",\"position\":1,\"name\":\"Home\",\"item\":\"https:\\\/\\\/www.johannagullichsen.com\\\/fi\\\/\"},{\"@type\":\"ListItem\",\"position\":2,\"name\":\"Hotel Filigrane\"}]},{\"@type\":\"WebSite\",\"@id\":\"https:\\\/\\\/www.johannagullichsen.com\\\/fi\\\/#website\",\"url\":\"https:\\\/\\\/www.johannagullichsen.com\\\/fi\\\/\",\"name\":\"Johanna Gullichsen\",\"description\":\"\",\"potentialAction\":[{\"@type\":\"SearchAction\",\"target\":{\"@type\":\"EntryPoint\",\"urlTemplate\":\"https:\\\/\\\/www.johannagullichsen.com\\\/fi\\\/?s={search_term_string}\"},\"query-input\":{\"@type\":\"PropertyValueSpecification\",\"valueRequired\":true,\"valueName\":\"search_term_string\"}}],\"inLanguage\":\"fi\"}]}<\/script>\n<!-- \/ Yoast SEO Premium plugin. -->","yoast_head_json":{"title":"Hotel Filigrane - Johanna Gullichsen","robots":{"index":"index","follow":"follow","max-snippet":"max-snippet:-1","max-image-preview":"max-image-preview:large","max-video-preview":"max-video-preview:-1"},"canonical":"https:\/\/www.johannagullichsen.com\/fi\/hotel-filigrane\/","og_locale":"fi_FI","og_type":"article","og_title":"Hotel Filigrane","og_description":"Hurmaava hotelli, jossa Johanan Gullichsenin kankaat ovat p\u00e4\u00e4osassa Johanna Gullichsenin kankaat ovat olennainen osa Pariisissa hiljattain avatun Hotel Filigranen sisustusta. Studio Majorel Paris -studion suunnitteleman hotellin estetiikassa yhdistyv\u00e4t saumattomasti rohkea&hellip;","og_url":"https:\/\/www.johannagullichsen.com\/fi\/hotel-filigrane\/","og_site_name":"Johanna Gullichsen","article_modified_time":"2025-03-21T09:58:08+00:00","og_image":[{"width":2000,"height":1334,"url":"https:\/\/www.johannagullichsen.com\/wp-content\/uploads\/2025\/03\/hotel-filigrane-chambres-classique-balcon-lg.jpg","type":"image\/jpeg"}],"twitter_card":"summary_large_image","twitter_misc":{"Arvioitu lukuaika":"3 minuuttia"},"schema":{"@context":"https:\/\/schema.org","@graph":[{"@type":"WebPage","@id":"https:\/\/www.johannagullichsen.com\/fi\/hotel-filigrane\/","url":"https:\/\/www.johannagullichsen.com\/fi\/hotel-filigrane\/","name":"Hotel Filigrane - Johanna Gullichsen","isPartOf":{"@id":"https:\/\/www.johannagullichsen.com\/fi\/#website"},"primaryImageOfPage":{"@id":"https:\/\/www.johannagullichsen.com\/fi\/hotel-filigrane\/#primaryimage"},"image":{"@id":"https:\/\/www.johannagullichsen.com\/fi\/hotel-filigrane\/#primaryimage"},"thumbnailUrl":"https:\/\/www.johannagullichsen.com\/wp-content\/uploads\/2025\/03\/hotel-filigrane-chambres-classique-balcon-lg.jpg","datePublished":"2025-03-19T12:15:00+00:00","dateModified":"2025-03-21T09:58:08+00:00","breadcrumb":{"@id":"https:\/\/www.johannagullichsen.com\/fi\/hotel-filigrane\/#breadcrumb"},"inLanguage":"fi","potentialAction":[{"@type":"ReadAction","target":["https:\/\/www.johannagullichsen.com\/fi\/hotel-filigrane\/"]}]},{"@type":"ImageObject","inLanguage":"fi","@id":"https:\/\/www.johannagullichsen.com\/fi\/hotel-filigrane\/#primaryimage","url":"https:\/\/www.johannagullichsen.com\/wp-content\/uploads\/2025\/03\/hotel-filigrane-chambres-classique-balcon-lg.jpg","contentUrl":"https:\/\/www.johannagullichsen.com\/wp-content\/uploads\/2025\/03\/hotel-filigrane-chambres-classique-balcon-lg.jpg"},{"@type":"BreadcrumbList","@id":"https:\/\/www.johannagullichsen.com\/fi\/hotel-filigrane\/#breadcrumb","itemListElement":[{"@type":"ListItem","position":1,"name":"Home","item":"https:\/\/www.johannagullichsen.com\/fi\/"},{"@type":"ListItem","position":2,"name":"Hotel Filigrane"}]},{"@type":"WebSite","@id":"https:\/\/www.johannagullichsen.com\/fi\/#website","url":"https:\/\/www.johannagullichsen.com\/fi\/","name":"Johanna Gullichsen","description":"","potentialAction":[{"@type":"SearchAction","target":{"@type":"EntryPoint","urlTemplate":"https:\/\/www.johannagullichsen.com\/fi\/?s={search_term_string}"},"query-input":{"@type":"PropertyValueSpecification","valueRequired":true,"valueName":"search_term_string"}}],"inLanguage":"fi"}]}},"_links":{"self":[{"href":"https:\/\/www.johannagullichsen.com\/fi\/wp-json\/wp\/v2\/pages\/25825","targetHints":{"allow":["GET"]}}],"collection":[{"href":"https:\/\/www.johannagullichsen.com\/fi\/wp-json\/wp\/v2\/pages"}],"about":[{"href":"https:\/\/www.johannagullichsen.com\/fi\/wp-json\/wp\/v2\/types\/page"}],"author":[{"embeddable":true,"href":"https:\/\/www.johannagullichsen.com\/fi\/wp-json\/wp\/v2\/users\/4"}],"replies":[{"embeddable":true,"href":"https:\/\/www.johannagullichsen.com\/fi\/wp-json\/wp\/v2\/comments?post=25825"}],"version-history":[{"count":12,"href":"https:\/\/www.johannagullichsen.com\/fi\/wp-json\/wp\/v2\/pages\/25825\/revisions"}],"predecessor-version":[{"id":25929,"href":"https:\/\/www.johannagullichsen.com\/fi\/wp-json\/wp\/v2\/pages\/25825\/revisions\/25929"}],"wp:attachment":[{"href":"https:\/\/www.johannagullichsen.com\/fi\/wp-json\/wp\/v2\/media?parent=25825"}],"curies":[{"name":"wp","href":"https:\/\/api.w.org\/{rel}","templated":true}]}}