{"id":29179,"date":"2025-11-14T14:03:34","date_gmt":"2025-11-14T12:03:34","guid":{"rendered":"https:\/\/www.johannagullichsen.com\/?page_id=29179"},"modified":"2025-11-14T13:51:25","modified_gmt":"2025-11-14T11:51:25","slug":"johannan-pomintoja","status":"publish","type":"page","link":"https:\/\/www.johannagullichsen.com\/fi\/johannan-pomintoja\/","title":{"rendered":"Johannan pomintoja"},"content":{"rendered":"<h3><a href=\"https:\/\/www.johannagullichsen.com\/wp-content\/uploads\/2025\/11\/Framnas-scarfs-3.1.jpg\"><img loading=\"lazy\" decoding=\"async\" class=\"aligncenter wp-image-29224 size-full\" src=\"https:\/\/www.johannagullichsen.com\/wp-content\/uploads\/2025\/11\/Framnas-scarfs-3.1.jpg\" alt=\"\" width=\"1600\" height=\"792\" srcset=\"https:\/\/www.johannagullichsen.com\/wp-content\/uploads\/2025\/11\/Framnas-scarfs-3.1.jpg 1600w, https:\/\/www.johannagullichsen.com\/wp-content\/uploads\/2025\/11\/Framnas-scarfs-3.1-300x149.jpg 300w, https:\/\/www.johannagullichsen.com\/wp-content\/uploads\/2025\/11\/Framnas-scarfs-3.1-1024x507.jpg 1024w, https:\/\/www.johannagullichsen.com\/wp-content\/uploads\/2025\/11\/Framnas-scarfs-3.1-768x380.jpg 768w, https:\/\/www.johannagullichsen.com\/wp-content\/uploads\/2025\/11\/Framnas-scarfs-3.1-1536x760.jpg 1536w, https:\/\/www.johannagullichsen.com\/wp-content\/uploads\/2025\/11\/Framnas-scarfs-3.1-1260x624.jpg 1260w\" sizes=\"auto, (max-width: 1600px) 100vw, 1600px\" \/><\/a><\/h3>\n<h3 class=\"p1\">Framn\u00e4s F\u00e4rg och V\u00e4v -K\u00e4sinkudottuja ja kasviv\u00e4rj\u00e4ttyj\u00e4 huiveja Bromarvista<\/h3>\n<p class=\"p1\">Johannan pomintoja -sarja on jouluinen perinne, mink\u00e4 my\u00f6t\u00e4 nostamme esiin k\u00e4sity\u00f6l\u00e4isi\u00e4 ja taiteilijoita, joiden ty\u00f6t ilahduttavat tai puhuttelevat Johanna Gullichsenia. T\u00e4n\u00e4 vuonna Helsingin Erottajankadun liikkeess\u00e4 on myynniss\u00e4 hurmaava sarja Framn\u00e4s F\u00e4rg och V\u00e4v:in kasviv\u00e4rj\u00e4ttyj\u00e4 ja k\u00e4sinkudottuja villahuiveja. Annika Luther ja Gunilla Donner perustivat Framn\u00e4s F\u00e4rg och V\u00e4vin (Framn\u00e4sin v\u00e4ri ja kudonta) kev\u00e4\u00e4ll\u00e4 2025.<\/p>\n<p class=\"p1\">Annika ja Johanna yst\u00e4vystyiv\u00e4t jo koululaisina. Jo ennen Johannan tekstiilialan opintoja yst\u00e4vykset tekiv\u00e4t yhdess\u00e4 ensimm\u00e4iset kasviv\u00e4rj\u00e4yskokeilut, pirtanauhat ja painokankaat. Molemmat olivat my\u00f6s innokkaita neulojia. Johannalle tekstiileist\u00e4 tuli ura ja Annikalle k\u00e4sit\u00f6ist\u00e4 tuli rakas harrastus. Ty\u00f6uransa Annika teki biologian opettajana ja kirjailijana. My\u00f6s Gunilla on biologi, joten Framn\u00e4s F\u00e4rg och V\u00e4vin taustalla on vahva kasvien tuntemus sek\u00e4 arvostus luontoa kohtaan.<\/p>\n<h3 class=\"p1\">Kes\u00e4paikan taikaa<\/h3>\n<p class=\"p1\">Gunilla on Annikan k\u00e4ly. He viett\u00e4v\u00e4t koko kes\u00e4n yhteisell\u00e4 kes\u00e4paikalla rannikkoseudulla Bromarvissa.\u00a0 Gunilla on jo pitk\u00e4\u00e4n ollut kiinnostunut kasviv\u00e4rj\u00e4yksest\u00e4 ja h\u00e4nelle oli kertynyt melkoinen varasto valmiiksi v\u00e4rj\u00e4ttyj\u00e4 kauniita lankoja. Annika puolestaan oli muutama vuosi sitten el\u00e4kkeelle j\u00e4\u00e4ty\u00e4\u00e4n k\u00e4ynyt kansalaisopiston ja Taitoliiton kudontakursseilla. Kev\u00e4\u00e4ll\u00e4 2025 Annika ja Gunilla keksiv\u00e4t yhdist\u00e4\u00e4 taitonsa, ja niin syntyi Framn\u00e4s F\u00e4rg och V\u00e4v. Gunilla vastaa lankojen v\u00e4rj\u00e4yksest\u00e4 ja Annika huivien kutomisesta. Toiminnan syd\u00e4n on yhteisell\u00e4 kes\u00e4paikalla. Gunillalla on verannallaan keittolevyt, joissa h\u00e4n v\u00e4rj\u00e4\u00e4 langat. Annikan kevyet p\u00f6yt\u00e4kangaspuut siirtyv\u00e4t tarpeen tullen paikasta toiseen.<\/p>\n<h3 class=\"p1\">Kasvien monipuolinen v\u00e4rikartta<\/h3>\n<p class=\"p1\">V\u00e4rj\u00e4ykseen k\u00e4ytett\u00e4vi\u00e4 kasveja Gunilla ja Annika ker\u00e4\u00e4v\u00e4t suurimmaksi osaksi Bromarvista. Toisinaan kasvit k\u00e4ytet\u00e4\u00e4n heti ja toisinaan ne kuivataan my\u00f6hemp\u00e4\u00e4 k\u00e4ytt\u00f6\u00e4 varten. Mm. kanerva, koivunlehdet, hevonhierakka ja kultapiisku ovat p\u00e4\u00e4tyneet Gunillan v\u00e4rj\u00e4yskattiloihin. Tarhak\u00e4enkaalililla h\u00e4n v\u00e4rj\u00e4\u00e4 harvinaisen taivaansinisen s\u00e4vyn. V\u00e4rj\u00e4yskasveja voi poimia pitkin kasvukautta aina syksyyn asti, jolloin v\u00e4rj\u00e4yssieni\u00e4 kannattaa ker\u00e4t\u00e4 varastoon. Esimerkiksi verihelttaseitikin hatuista saadaan helakanpunaista ja jaloista oranssin s\u00e4vyj\u00e4.<\/p>\n<p class=\"p1\">Joskus voi tehd\u00e4 l\u00f6yt\u00f6j\u00e4 kaupungistakin. Er\u00e4\u00e4st\u00e4 Helsingin puistosta Annika poimi saksanp\u00e4hkin\u00f6it\u00e4, joista sai kauniita ja syvi\u00e4 ruskean s\u00e4vyj\u00e4. Omasta keitti\u00f6st\u00e4 kannattaa ottaa my\u00f6s talteen mm. avokadon kivet, joilla voi v\u00e4rj\u00e4t\u00e4 hempe\u00e4\u00e4 vaaleanpunaista.\u00a0 Gunilla tekee jatkuvasti kokeiluita ja tutkii uusia kasveja.<\/p>\n<p><a href=\"https:\/\/www.johannagullichsen.com\/wp-content\/uploads\/2025\/11\/Framnas-collection.jpg\"><img loading=\"lazy\" decoding=\"async\" class=\"aligncenter wp-image-29256 size-full\" src=\"https:\/\/www.johannagullichsen.com\/wp-content\/uploads\/2025\/11\/Framnas-collection.jpg\" alt=\"\" width=\"1479\" height=\"678\" srcset=\"https:\/\/www.johannagullichsen.com\/wp-content\/uploads\/2025\/11\/Framnas-collection.jpg 1479w, https:\/\/www.johannagullichsen.com\/wp-content\/uploads\/2025\/11\/Framnas-collection-300x138.jpg 300w, https:\/\/www.johannagullichsen.com\/wp-content\/uploads\/2025\/11\/Framnas-collection-1024x469.jpg 1024w, https:\/\/www.johannagullichsen.com\/wp-content\/uploads\/2025\/11\/Framnas-collection-768x352.jpg 768w, https:\/\/www.johannagullichsen.com\/wp-content\/uploads\/2025\/11\/Framnas-collection-1260x578.jpg 1260w\" sizes=\"auto, (max-width: 1479px) 100vw, 1479px\" \/><\/a><\/p>\n<h3 class=\"p1\">Jokainen huivi on numeroitu<\/h3>\n<p class=\"p1\">Annikan ty\u00f6skentelyss\u00e4 yhdistyy suoraviivainen ja reipas ty\u00f6ote kudonnan k\u00e4rsiv\u00e4llisyytt\u00e4 vaativaan metodiin. Annika kaipaa ty\u00f6skentelyyn vaihtelua, joten jokaista huivia varten h\u00e4n luo uuden loimen ja n\u00e4in jokaisesta huivista tulee erilainen. Usein Annika inspiroituu valmiiksi v\u00e4rj\u00e4tyist\u00e4 langoista ja valitsee niist\u00e4 sopivat seuraavaan huiviin. Joskus h\u00e4n pyyt\u00e4\u00e4 Gunillalta lis\u00e4\u00e4 joitakin tiettyj\u00e4 v\u00e4rej\u00e4. V\u00e4lill\u00e4 Annika yhdist\u00e4\u00e4 huiveihin mustia, valkoisia ja harmaita kierr\u00e4tyslankoja, joita h\u00e4n purkaa kirpputoreilta ostamistaan vanhoista neulepuseroista. Annika ei piirr\u00e4 huivimalleja etuk\u00e4teen paperille, mutta h\u00e4nell\u00e4 on aina selke\u00e4 visio siit\u00e4, millaisen huivin haluaa seuraavaksi kutoa. Prosessin paras ja j\u00e4nnitt\u00e4vin hetki on juuri kudotun huivin irrottaminen kangaspuista. Vasta silloin n\u00e4kee millainen huivista todella tuli. Kudonnan j\u00e4lkeen Annika tekee huiviin hapsut ja viimeistelee sen pesem\u00e4ll\u00e4. Lopuksi h\u00e4n\u00a0 kirjoittaa tuotekorttiin k\u00e4yetyt v\u00e4rj\u00e4yskasvit ja numeroi huivin. Yhden huivin valmistamiseen menee keskim\u00e4\u00e4rin kaksi ty\u00f6p\u00e4iv\u00e4\u00e4.<\/p>\n<p class=\"p1\">Kes\u00e4kausi Framn\u00e4sissa on jo tovin ollut ohi, mutta projekti jatkuu niin kauan kuin se tuntuu hauskalta. Seuraavaksi Annika suuntaa uusille kudontakursseille oppiakseen uusia kudonnan tekniikoita. \u201cK\u00e4sill\u00e4 tekeminen antaa onnen tunteen\u201d Annika summaa ty\u00f6skentely\u00e4\u00e4n. Kes\u00e4paikan taika l\u00e4mmitt\u00e4\u00e4 huiveina l\u00e4pi vuoden.<\/p>\n<p><a href=\"https:\/\/www.johannagullichsen.com\/wp-content\/uploads\/2025\/11\/Framnas-scarfs-11-copy.jpg\"><img loading=\"lazy\" decoding=\"async\" class=\"aligncenter wp-image-29260 size-full\" src=\"https:\/\/www.johannagullichsen.com\/wp-content\/uploads\/2025\/11\/Framnas-scarfs-11-copy.jpg\" alt=\"\" width=\"1600\" height=\"1172\" srcset=\"https:\/\/www.johannagullichsen.com\/wp-content\/uploads\/2025\/11\/Framnas-scarfs-11-copy.jpg 1600w, https:\/\/www.johannagullichsen.com\/wp-content\/uploads\/2025\/11\/Framnas-scarfs-11-copy-300x220.jpg 300w, https:\/\/www.johannagullichsen.com\/wp-content\/uploads\/2025\/11\/Framnas-scarfs-11-copy-1024x750.jpg 1024w, https:\/\/www.johannagullichsen.com\/wp-content\/uploads\/2025\/11\/Framnas-scarfs-11-copy-768x563.jpg 768w, https:\/\/www.johannagullichsen.com\/wp-content\/uploads\/2025\/11\/Framnas-scarfs-11-copy-1536x1125.jpg 1536w, https:\/\/www.johannagullichsen.com\/wp-content\/uploads\/2025\/11\/Framnas-scarfs-11-copy-1260x923.jpg 1260w\" sizes=\"auto, (max-width: 1600px) 100vw, 1600px\" \/><\/a><\/p>\n","protected":false},"excerpt":{"rendered":"<p>Framn\u00e4s F\u00e4rg och V\u00e4v -K\u00e4sinkudottuja ja kasviv\u00e4rj\u00e4ttyj\u00e4 huiveja Bromarvista Johannan pomintoja -sarja on jouluinen perinne, mink\u00e4 my\u00f6t\u00e4 nostamme esiin k\u00e4sity\u00f6l\u00e4isi\u00e4 ja taiteilijoita, joiden ty\u00f6t ilahduttavat tai puhuttelevat Johanna Gullichsenia. T\u00e4n\u00e4&hellip;<\/p>\n","protected":false},"author":4,"featured_media":0,"parent":0,"menu_order":0,"comment_status":"closed","ping_status":"closed","template":"","meta":{"_acf_changed":false,"footnotes":""},"class_list":["post-29179","page","type-page","status-publish","hentry"],"acf":[],"yoast_head":"<!-- This site is optimized with the Yoast SEO Premium plugin v27.2 (Yoast SEO v27.5) - https:\/\/yoast.com\/product\/yoast-seo-premium-wordpress\/ -->\n<title>Johannan pomintoja - Johanna Gullichsen<\/title>\n<meta name=\"robots\" content=\"index, follow, max-snippet:-1, max-image-preview:large, max-video-preview:-1\" \/>\n<link rel=\"canonical\" href=\"https:\/\/www.johannagullichsen.com\/fi\/johannan-pomintoja\/\" \/>\n<meta property=\"og:locale\" content=\"fi_FI\" \/>\n<meta property=\"og:type\" content=\"article\" \/>\n<meta property=\"og:title\" content=\"Johannan pomintoja\" \/>\n<meta property=\"og:description\" content=\"Framn\u00e4s F\u00e4rg och V\u00e4v -K\u00e4sinkudottuja ja kasviv\u00e4rj\u00e4ttyj\u00e4 huiveja Bromarvista Johannan pomintoja -sarja on jouluinen perinne, mink\u00e4 my\u00f6t\u00e4 nostamme esiin k\u00e4sity\u00f6l\u00e4isi\u00e4 ja taiteilijoita, joiden ty\u00f6t ilahduttavat tai puhuttelevat Johanna Gullichsenia. T\u00e4n\u00e4&hellip;\" \/>\n<meta property=\"og:url\" content=\"https:\/\/www.johannagullichsen.com\/fi\/johannan-pomintoja\/\" \/>\n<meta property=\"og:site_name\" content=\"Johanna Gullichsen\" \/>\n<meta property=\"og:image\" content=\"https:\/\/www.johannagullichsen.com\/wp-content\/uploads\/2025\/11\/Framnas-scarfs-3.1.jpg\" \/>\n\t<meta property=\"og:image:width\" content=\"1600\" \/>\n\t<meta property=\"og:image:height\" content=\"792\" \/>\n\t<meta property=\"og:image:type\" content=\"image\/jpeg\" \/>\n<meta name=\"twitter:card\" content=\"summary_large_image\" \/>\n<meta name=\"twitter:label1\" content=\"Arvioitu lukuaika\" \/>\n\t<meta name=\"twitter:data1\" content=\"3 minuuttia\" \/>\n<script type=\"application\/ld+json\" class=\"yoast-schema-graph\">{\"@context\":\"https:\\\/\\\/schema.org\",\"@graph\":[{\"@type\":\"WebPage\",\"@id\":\"https:\\\/\\\/www.johannagullichsen.com\\\/fi\\\/johannan-pomintoja\\\/\",\"url\":\"https:\\\/\\\/www.johannagullichsen.com\\\/fi\\\/johannan-pomintoja\\\/\",\"name\":\"Johannan pomintoja - Johanna Gullichsen\",\"isPartOf\":{\"@id\":\"https:\\\/\\\/www.johannagullichsen.com\\\/fi\\\/#website\"},\"primaryImageOfPage\":{\"@id\":\"https:\\\/\\\/www.johannagullichsen.com\\\/fi\\\/johannan-pomintoja\\\/#primaryimage\"},\"image\":{\"@id\":\"https:\\\/\\\/www.johannagullichsen.com\\\/fi\\\/johannan-pomintoja\\\/#primaryimage\"},\"thumbnailUrl\":\"https:\\\/\\\/www.johannagullichsen.com\\\/wp-content\\\/uploads\\\/2025\\\/11\\\/Framnas-scarfs-3.1.jpg\",\"datePublished\":\"2025-11-14T12:03:34+00:00\",\"breadcrumb\":{\"@id\":\"https:\\\/\\\/www.johannagullichsen.com\\\/fi\\\/johannan-pomintoja\\\/#breadcrumb\"},\"inLanguage\":\"fi\",\"potentialAction\":[{\"@type\":\"ReadAction\",\"target\":[\"https:\\\/\\\/www.johannagullichsen.com\\\/fi\\\/johannan-pomintoja\\\/\"]}]},{\"@type\":\"ImageObject\",\"inLanguage\":\"fi\",\"@id\":\"https:\\\/\\\/www.johannagullichsen.com\\\/fi\\\/johannan-pomintoja\\\/#primaryimage\",\"url\":\"https:\\\/\\\/www.johannagullichsen.com\\\/wp-content\\\/uploads\\\/2025\\\/11\\\/Framnas-scarfs-3.1.jpg\",\"contentUrl\":\"https:\\\/\\\/www.johannagullichsen.com\\\/wp-content\\\/uploads\\\/2025\\\/11\\\/Framnas-scarfs-3.1.jpg\"},{\"@type\":\"BreadcrumbList\",\"@id\":\"https:\\\/\\\/www.johannagullichsen.com\\\/fi\\\/johannan-pomintoja\\\/#breadcrumb\",\"itemListElement\":[{\"@type\":\"ListItem\",\"position\":1,\"name\":\"Home\",\"item\":\"https:\\\/\\\/www.johannagullichsen.com\\\/fi\\\/\"},{\"@type\":\"ListItem\",\"position\":2,\"name\":\"Johannan pomintoja\"}]},{\"@type\":\"WebSite\",\"@id\":\"https:\\\/\\\/www.johannagullichsen.com\\\/fi\\\/#website\",\"url\":\"https:\\\/\\\/www.johannagullichsen.com\\\/fi\\\/\",\"name\":\"Johanna Gullichsen\",\"description\":\"\",\"potentialAction\":[{\"@type\":\"SearchAction\",\"target\":{\"@type\":\"EntryPoint\",\"urlTemplate\":\"https:\\\/\\\/www.johannagullichsen.com\\\/fi\\\/?s={search_term_string}\"},\"query-input\":{\"@type\":\"PropertyValueSpecification\",\"valueRequired\":true,\"valueName\":\"search_term_string\"}}],\"inLanguage\":\"fi\"}]}<\/script>\n<!-- \/ Yoast SEO Premium plugin. -->","yoast_head_json":{"title":"Johannan pomintoja - Johanna Gullichsen","robots":{"index":"index","follow":"follow","max-snippet":"max-snippet:-1","max-image-preview":"max-image-preview:large","max-video-preview":"max-video-preview:-1"},"canonical":"https:\/\/www.johannagullichsen.com\/fi\/johannan-pomintoja\/","og_locale":"fi_FI","og_type":"article","og_title":"Johannan pomintoja","og_description":"Framn\u00e4s F\u00e4rg och V\u00e4v -K\u00e4sinkudottuja ja kasviv\u00e4rj\u00e4ttyj\u00e4 huiveja Bromarvista Johannan pomintoja -sarja on jouluinen perinne, mink\u00e4 my\u00f6t\u00e4 nostamme esiin k\u00e4sity\u00f6l\u00e4isi\u00e4 ja taiteilijoita, joiden ty\u00f6t ilahduttavat tai puhuttelevat Johanna Gullichsenia. T\u00e4n\u00e4&hellip;","og_url":"https:\/\/www.johannagullichsen.com\/fi\/johannan-pomintoja\/","og_site_name":"Johanna Gullichsen","og_image":[{"width":1600,"height":792,"url":"https:\/\/www.johannagullichsen.com\/wp-content\/uploads\/2025\/11\/Framnas-scarfs-3.1.jpg","type":"image\/jpeg"}],"twitter_card":"summary_large_image","twitter_misc":{"Arvioitu lukuaika":"3 minuuttia"},"schema":{"@context":"https:\/\/schema.org","@graph":[{"@type":"WebPage","@id":"https:\/\/www.johannagullichsen.com\/fi\/johannan-pomintoja\/","url":"https:\/\/www.johannagullichsen.com\/fi\/johannan-pomintoja\/","name":"Johannan pomintoja - Johanna Gullichsen","isPartOf":{"@id":"https:\/\/www.johannagullichsen.com\/fi\/#website"},"primaryImageOfPage":{"@id":"https:\/\/www.johannagullichsen.com\/fi\/johannan-pomintoja\/#primaryimage"},"image":{"@id":"https:\/\/www.johannagullichsen.com\/fi\/johannan-pomintoja\/#primaryimage"},"thumbnailUrl":"https:\/\/www.johannagullichsen.com\/wp-content\/uploads\/2025\/11\/Framnas-scarfs-3.1.jpg","datePublished":"2025-11-14T12:03:34+00:00","breadcrumb":{"@id":"https:\/\/www.johannagullichsen.com\/fi\/johannan-pomintoja\/#breadcrumb"},"inLanguage":"fi","potentialAction":[{"@type":"ReadAction","target":["https:\/\/www.johannagullichsen.com\/fi\/johannan-pomintoja\/"]}]},{"@type":"ImageObject","inLanguage":"fi","@id":"https:\/\/www.johannagullichsen.com\/fi\/johannan-pomintoja\/#primaryimage","url":"https:\/\/www.johannagullichsen.com\/wp-content\/uploads\/2025\/11\/Framnas-scarfs-3.1.jpg","contentUrl":"https:\/\/www.johannagullichsen.com\/wp-content\/uploads\/2025\/11\/Framnas-scarfs-3.1.jpg"},{"@type":"BreadcrumbList","@id":"https:\/\/www.johannagullichsen.com\/fi\/johannan-pomintoja\/#breadcrumb","itemListElement":[{"@type":"ListItem","position":1,"name":"Home","item":"https:\/\/www.johannagullichsen.com\/fi\/"},{"@type":"ListItem","position":2,"name":"Johannan pomintoja"}]},{"@type":"WebSite","@id":"https:\/\/www.johannagullichsen.com\/fi\/#website","url":"https:\/\/www.johannagullichsen.com\/fi\/","name":"Johanna Gullichsen","description":"","potentialAction":[{"@type":"SearchAction","target":{"@type":"EntryPoint","urlTemplate":"https:\/\/www.johannagullichsen.com\/fi\/?s={search_term_string}"},"query-input":{"@type":"PropertyValueSpecification","valueRequired":true,"valueName":"search_term_string"}}],"inLanguage":"fi"}]}},"_links":{"self":[{"href":"https:\/\/www.johannagullichsen.com\/fi\/wp-json\/wp\/v2\/pages\/29179","targetHints":{"allow":["GET"]}}],"collection":[{"href":"https:\/\/www.johannagullichsen.com\/fi\/wp-json\/wp\/v2\/pages"}],"about":[{"href":"https:\/\/www.johannagullichsen.com\/fi\/wp-json\/wp\/v2\/types\/page"}],"author":[{"embeddable":true,"href":"https:\/\/www.johannagullichsen.com\/fi\/wp-json\/wp\/v2\/users\/4"}],"replies":[{"embeddable":true,"href":"https:\/\/www.johannagullichsen.com\/fi\/wp-json\/wp\/v2\/comments?post=29179"}],"version-history":[{"count":5,"href":"https:\/\/www.johannagullichsen.com\/fi\/wp-json\/wp\/v2\/pages\/29179\/revisions"}],"predecessor-version":[{"id":29276,"href":"https:\/\/www.johannagullichsen.com\/fi\/wp-json\/wp\/v2\/pages\/29179\/revisions\/29276"}],"wp:attachment":[{"href":"https:\/\/www.johannagullichsen.com\/fi\/wp-json\/wp\/v2\/media?parent=29179"}],"curies":[{"name":"wp","href":"https:\/\/api.w.org\/{rel}","templated":true}]}}