{"id":5749,"date":"2020-04-15T10:30:07","date_gmt":"2020-04-15T07:30:07","guid":{"rendered":"https:\/\/www.johannagullichsen.com\/products\/Ei-luokiteltu\/bed-spread-260cm-x-260cm\/"},"modified":"2021-05-12T05:23:08","modified_gmt":"2021-05-12T02:23:08","slug":"paivapeitto-260-cm-x-260-cm","status":"publish","type":"product","link":"https:\/\/www.johannagullichsen.com\/fi\/tuote\/paivapeitto-260-cm-x-260-cm\/","title":{"rendered":"P\u00e4iv\u00e4peitto 260 x 260 cm"},"content":{"rendered":"<h4>Paris\u00e4ngyn p\u00e4iv\u00e4peite<\/h4>\n<p>Iso p\u00e4iv\u00e4peitto koostuu kahdesta kankaan pituudesta, siksi keskell\u00e4 peittoa on huomaamaton sauma.<\/p>\n<p>S\u00e4ngynpeitteen toimitusaika on kahdesta kolmeen viikkoon, koska jokainen p\u00e4iv\u00e4peitto tehd\u00e4\u00e4n tilausty\u00f6n\u00e4. Valitse muuhun sisustukseen sopiva <a href=\"https:\/\/www.johannagullichsen.com\/fi\/tuotteet\/kankaat\/\">kangas<\/a> laajasta mallistostamme ja pyyd\u00e4 tarjous sinun s\u00e4nkyysi sopivasta koosta!<\/p>\n<p>Muita vakiokokoja: <a href=\"https:\/\/www.johannagullichsen.com\/fi\/tuotteet\/vuode-kylpy\/paivapeitto-180-x-260-cm\/\">180 cm x 260 cm<\/a><\/p>\n","protected":false},"excerpt":{"rendered":"<p>Paris\u00e4ngyn p\u00e4iv\u00e4peite Iso p\u00e4iv\u00e4peitto koostuu kahdesta kankaan pituudesta, siksi keskell\u00e4 peittoa on huomaamaton sauma. S\u00e4ngynpeitteen toimitusaika on kahdesta kolmeen viikkoon, koska jokainen p\u00e4iv\u00e4peitto tehd\u00e4\u00e4n tilausty\u00f6n\u00e4. Valitse muuhun sisustukseen sopiva kangas&hellip;<\/p>\n","protected":false},"featured_media":3282,"template":"","meta":{"_acf_changed":false},"product_brand":[],"product_cat":[193],"product_tag":[],"class_list":{"0":"post-5749","1":"product","2":"type-product","3":"status-publish","4":"has-post-thumbnail","6":"product_cat-paivapeitot-ja-sangynpaadyt","7":"pa_pattern-colour-eos-vihrea","8":"pa_pattern-colour-nereus-kultainen","9":"pa_pattern-colour-helios-viininpunainen","10":"pa_pattern-colour-eos-dark-bordeaux-fi","11":"pa_pattern-colour-doris-tummansininen","12":"pa_pattern-colour-nereus-blue-fi","13":"pa_pattern-colour-eos-harmaa","14":"pa_pattern-colour-tithonus-black-fi","15":"pa_pattern-colour-helios-tiili","16":"pa_pattern-colour-eos-dark-green-fi","17":"pa_pattern-colour-doris-tummanvihrea","18":"pa_pattern-colour-nereus-bordeaux-fi","19":"pa_pattern-colour-eos-lyijy","20":"pa_pattern-colour-tithonus-sininen","21":"pa_pattern-colour-helios-tummansininen","22":"pa_pattern-colour-tithonus-almond-fi","23":"pa_pattern-colour-doris-vihrea","24":"pa_pattern-colour-nereus-brick-fi","25":"pa_pattern-colour-eos-vaaleanharmaa","26":"pa_pattern-colour-tithonus-viininpunainen","27":"pa_pattern-colour-helios-tumma-viininpunainen","28":"pa_pattern-colour-selene-viininpunainen","29":"pa_pattern-colour-doris-lyijy","30":"pa_pattern-colour-nereus-brick-negative-fi","31":"pa_pattern-colour-eos-keltainen","32":"pa_pattern-colour-tithonus-tiili","33":"pa_pattern-colour-helios-dark-green-fi","34":"pa_pattern-colour-doris-cirrus","35":"pa_pattern-colour-doris-okra","36":"pa_pattern-colour-nereus-dark-blue-fi","37":"pa_pattern-colour-eos-manteli","38":"pa_pattern-colour-tithonus-dark-green-fi","39":"pa_pattern-colour-helios-green-fi","40":"pa_pattern-colour-doris-keltainen","41":"pa_pattern-colour-nereus-dark-bordeaux-fi","42":"pa_pattern-colour-eos-tummansininen-fi","43":"pa_pattern-colour-tithonus-vihrea","44":"pa_pattern-colour-doris-manteli","45":"pa_pattern-colour-helios-lyijy","46":"pa_pattern-colour-eos-musta","47":"pa_pattern-colour-nereus-tummanvihrea","48":"pa_pattern-colour-eos-ochre-fi","49":"pa_pattern-colour-tithonus-lead-fi","50":"pa_pattern-colour-doris-musta-fi","51":"pa_pattern-colour-helios-okra","52":"pa_pattern-colour-eos-sininen","53":"pa_pattern-colour-nereus-green-fi","54":"pa_pattern-colour-helios-manteli","55":"pa_pattern-colour-tithonus-okra","56":"pa_pattern-colour-doris-sininen","57":"pa_pattern-colour-helios-yellow-fi","58":"pa_pattern-colour-eos-viininpunainen","59":"pa_pattern-colour-nereus-lyijy","60":"pa_pattern-colour-helios-black-fi","61":"pa_pattern-colour-tithonus-kultainen","62":"pa_pattern-colour-doris-viininpunainen","63":"pa_pattern-colour-nereus-manteli","64":"pa_pattern-colour-eos-tiili","65":"pa_pattern-colour-nereus-okra","66":"pa_pattern-colour-helios-blue-fi","67":"pa_pattern-colour-tithonus-tummansininen","68":"pa_pattern-colour-doris-tiili","69":"pa_pattern-colour-nereus-black-fi","70":"collection-normandie-2","72":"first","73":"instock","74":"taxable","75":"shipping-taxable","76":"purchasable","77":"product-type-variable","78":"has-default-attributes"},"acf":[],"yoast_head":"<!-- This site is optimized with the Yoast SEO Premium plugin v27.2 (Yoast SEO v27.5) - https:\/\/yoast.com\/product\/yoast-seo-premium-wordpress\/ -->\n<title>P\u00e4iv\u00e4peitto 260 x 260 cm - Johanna Gullichsen<\/title>\n<meta name=\"description\" content=\"P\u00e4iv\u00e4peitto 260x260 cm ryhdik\u00e4st\u00e4 Johanna Gullichsen verhoilukangasta. Konepest\u00e4v\u00e4 kotimainen puuvillakangas. Makuuhuone siistiksi hetkess\u00e4!\" \/>\n<meta name=\"robots\" content=\"index, follow, max-snippet:-1, max-image-preview:large, max-video-preview:-1\" \/>\n<link rel=\"canonical\" href=\"https:\/\/www.johannagullichsen.com\/fi\/tuote\/paivapeitto-260-cm-x-260-cm\/\" \/>\n<meta property=\"og:locale\" content=\"fi_FI\" \/>\n<meta property=\"og:type\" content=\"article\" \/>\n<meta property=\"og:title\" content=\"P\u00e4iv\u00e4peitto 260 x 260 cm\" \/>\n<meta property=\"og:description\" content=\"P\u00e4iv\u00e4peitto 260x260 cm ryhdik\u00e4st\u00e4 Johanna Gullichsen verhoilukangasta. Konepest\u00e4v\u00e4 kotimainen puuvillakangas. Makuuhuone siistiksi hetkess\u00e4!\" \/>\n<meta property=\"og:url\" content=\"https:\/\/www.johannagullichsen.com\/fi\/tuote\/paivapeitto-260-cm-x-260-cm\/\" \/>\n<meta property=\"og:site_name\" content=\"Johanna Gullichsen\" \/>\n<meta property=\"article:modified_time\" content=\"2021-05-12T02:23:08+00:00\" \/>\n<meta property=\"og:image\" content=\"https:\/\/www.johannagullichsen.com\/wp-content\/uploads\/2020\/04\/Eos_bedcover_1600x1200.jpg\" \/>\n\t<meta property=\"og:image:width\" content=\"1600\" \/>\n\t<meta property=\"og:image:height\" content=\"1200\" \/>\n\t<meta property=\"og:image:type\" content=\"image\/jpeg\" \/>\n<meta name=\"twitter:card\" content=\"summary_large_image\" \/>\n<meta name=\"twitter:label1\" content=\"Arvioitu lukuaika\" \/>\n\t<meta name=\"twitter:data1\" content=\"1 minuutti\" \/>\n<script type=\"application\/ld+json\" class=\"yoast-schema-graph\">{\"@context\":\"https:\\\/\\\/schema.org\",\"@graph\":[{\"@type\":\"WebPage\",\"@id\":\"https:\\\/\\\/www.johannagullichsen.com\\\/fi\\\/tuote\\\/paivapeitto-260-cm-x-260-cm\\\/\",\"url\":\"https:\\\/\\\/www.johannagullichsen.com\\\/fi\\\/tuote\\\/paivapeitto-260-cm-x-260-cm\\\/\",\"name\":\"P\u00e4iv\u00e4peitto 260 x 260 cm - Johanna Gullichsen\",\"isPartOf\":{\"@id\":\"https:\\\/\\\/www.johannagullichsen.com\\\/fi\\\/#website\"},\"primaryImageOfPage\":{\"@id\":\"https:\\\/\\\/www.johannagullichsen.com\\\/fi\\\/tuote\\\/paivapeitto-260-cm-x-260-cm\\\/#primaryimage\"},\"image\":{\"@id\":\"https:\\\/\\\/www.johannagullichsen.com\\\/fi\\\/tuote\\\/paivapeitto-260-cm-x-260-cm\\\/#primaryimage\"},\"thumbnailUrl\":\"https:\\\/\\\/www.johannagullichsen.com\\\/wp-content\\\/uploads\\\/2020\\\/04\\\/JG_bedcover_tithonus_blue.jpg\",\"datePublished\":\"2020-04-15T07:30:07+00:00\",\"dateModified\":\"2021-05-12T02:23:08+00:00\",\"description\":\"P\u00e4iv\u00e4peitto 260x260 cm ryhdik\u00e4st\u00e4 Johanna Gullichsen verhoilukangasta. Konepest\u00e4v\u00e4 kotimainen puuvillakangas. Makuuhuone siistiksi hetkess\u00e4!\",\"breadcrumb\":{\"@id\":\"https:\\\/\\\/www.johannagullichsen.com\\\/fi\\\/tuote\\\/paivapeitto-260-cm-x-260-cm\\\/#breadcrumb\"},\"inLanguage\":\"fi\",\"potentialAction\":[{\"@type\":\"ReadAction\",\"target\":[\"https:\\\/\\\/www.johannagullichsen.com\\\/fi\\\/tuote\\\/paivapeitto-260-cm-x-260-cm\\\/\"]}]},{\"@type\":\"ImageObject\",\"inLanguage\":\"fi\",\"@id\":\"https:\\\/\\\/www.johannagullichsen.com\\\/fi\\\/tuote\\\/paivapeitto-260-cm-x-260-cm\\\/#primaryimage\",\"url\":\"https:\\\/\\\/www.johannagullichsen.com\\\/wp-content\\\/uploads\\\/2020\\\/04\\\/JG_bedcover_tithonus_blue.jpg\",\"contentUrl\":\"https:\\\/\\\/www.johannagullichsen.com\\\/wp-content\\\/uploads\\\/2020\\\/04\\\/JG_bedcover_tithonus_blue.jpg\",\"width\":1600,\"height\":1200},{\"@type\":\"BreadcrumbList\",\"@id\":\"https:\\\/\\\/www.johannagullichsen.com\\\/fi\\\/tuote\\\/paivapeitto-260-cm-x-260-cm\\\/#breadcrumb\",\"itemListElement\":[{\"@type\":\"ListItem\",\"position\":1,\"name\":\"Home\",\"item\":\"https:\\\/\\\/www.johannagullichsen.com\\\/fi\\\/\"},{\"@type\":\"ListItem\",\"position\":2,\"name\":\"Tuotteet ja verkkokauppa\",\"item\":\"https:\\\/\\\/www.johannagullichsen.com\\\/fi\\\/tuotteet\\\/\"},{\"@type\":\"ListItem\",\"position\":3,\"name\":\"P\u00e4iv\u00e4peitto 260 x 260 cm\"}]},{\"@type\":\"WebSite\",\"@id\":\"https:\\\/\\\/www.johannagullichsen.com\\\/fi\\\/#website\",\"url\":\"https:\\\/\\\/www.johannagullichsen.com\\\/fi\\\/\",\"name\":\"Johanna Gullichsen\",\"description\":\"\",\"potentialAction\":[{\"@type\":\"SearchAction\",\"target\":{\"@type\":\"EntryPoint\",\"urlTemplate\":\"https:\\\/\\\/www.johannagullichsen.com\\\/fi\\\/?s={search_term_string}\"},\"query-input\":{\"@type\":\"PropertyValueSpecification\",\"valueRequired\":true,\"valueName\":\"search_term_string\"}}],\"inLanguage\":\"fi\"}]}<\/script>\n<!-- \/ Yoast SEO Premium plugin. -->","yoast_head_json":{"title":"P\u00e4iv\u00e4peitto 260 x 260 cm - Johanna Gullichsen","description":"P\u00e4iv\u00e4peitto 260x260 cm ryhdik\u00e4st\u00e4 Johanna Gullichsen verhoilukangasta. Konepest\u00e4v\u00e4 kotimainen puuvillakangas. Makuuhuone siistiksi hetkess\u00e4!","robots":{"index":"index","follow":"follow","max-snippet":"max-snippet:-1","max-image-preview":"max-image-preview:large","max-video-preview":"max-video-preview:-1"},"canonical":"https:\/\/www.johannagullichsen.com\/fi\/tuote\/paivapeitto-260-cm-x-260-cm\/","og_locale":"fi_FI","og_type":"article","og_title":"P\u00e4iv\u00e4peitto 260 x 260 cm","og_description":"P\u00e4iv\u00e4peitto 260x260 cm ryhdik\u00e4st\u00e4 Johanna Gullichsen verhoilukangasta. Konepest\u00e4v\u00e4 kotimainen puuvillakangas. Makuuhuone siistiksi hetkess\u00e4!","og_url":"https:\/\/www.johannagullichsen.com\/fi\/tuote\/paivapeitto-260-cm-x-260-cm\/","og_site_name":"Johanna Gullichsen","article_modified_time":"2021-05-12T02:23:08+00:00","og_image":[{"width":1600,"height":1200,"url":"https:\/\/www.johannagullichsen.com\/wp-content\/uploads\/2020\/04\/Eos_bedcover_1600x1200.jpg","type":"image\/jpeg"}],"twitter_card":"summary_large_image","twitter_misc":{"Arvioitu lukuaika":"1 minuutti"},"schema":{"@context":"https:\/\/schema.org","@graph":[{"@type":"WebPage","@id":"https:\/\/www.johannagullichsen.com\/fi\/tuote\/paivapeitto-260-cm-x-260-cm\/","url":"https:\/\/www.johannagullichsen.com\/fi\/tuote\/paivapeitto-260-cm-x-260-cm\/","name":"P\u00e4iv\u00e4peitto 260 x 260 cm - Johanna Gullichsen","isPartOf":{"@id":"https:\/\/www.johannagullichsen.com\/fi\/#website"},"primaryImageOfPage":{"@id":"https:\/\/www.johannagullichsen.com\/fi\/tuote\/paivapeitto-260-cm-x-260-cm\/#primaryimage"},"image":{"@id":"https:\/\/www.johannagullichsen.com\/fi\/tuote\/paivapeitto-260-cm-x-260-cm\/#primaryimage"},"thumbnailUrl":"https:\/\/www.johannagullichsen.com\/wp-content\/uploads\/2020\/04\/JG_bedcover_tithonus_blue.jpg","datePublished":"2020-04-15T07:30:07+00:00","dateModified":"2021-05-12T02:23:08+00:00","description":"P\u00e4iv\u00e4peitto 260x260 cm ryhdik\u00e4st\u00e4 Johanna Gullichsen verhoilukangasta. Konepest\u00e4v\u00e4 kotimainen puuvillakangas. Makuuhuone siistiksi hetkess\u00e4!","breadcrumb":{"@id":"https:\/\/www.johannagullichsen.com\/fi\/tuote\/paivapeitto-260-cm-x-260-cm\/#breadcrumb"},"inLanguage":"fi","potentialAction":[{"@type":"ReadAction","target":["https:\/\/www.johannagullichsen.com\/fi\/tuote\/paivapeitto-260-cm-x-260-cm\/"]}]},{"@type":"ImageObject","inLanguage":"fi","@id":"https:\/\/www.johannagullichsen.com\/fi\/tuote\/paivapeitto-260-cm-x-260-cm\/#primaryimage","url":"https:\/\/www.johannagullichsen.com\/wp-content\/uploads\/2020\/04\/JG_bedcover_tithonus_blue.jpg","contentUrl":"https:\/\/www.johannagullichsen.com\/wp-content\/uploads\/2020\/04\/JG_bedcover_tithonus_blue.jpg","width":1600,"height":1200},{"@type":"BreadcrumbList","@id":"https:\/\/www.johannagullichsen.com\/fi\/tuote\/paivapeitto-260-cm-x-260-cm\/#breadcrumb","itemListElement":[{"@type":"ListItem","position":1,"name":"Home","item":"https:\/\/www.johannagullichsen.com\/fi\/"},{"@type":"ListItem","position":2,"name":"Tuotteet ja verkkokauppa","item":"https:\/\/www.johannagullichsen.com\/fi\/tuotteet\/"},{"@type":"ListItem","position":3,"name":"P\u00e4iv\u00e4peitto 260 x 260 cm"}]},{"@type":"WebSite","@id":"https:\/\/www.johannagullichsen.com\/fi\/#website","url":"https:\/\/www.johannagullichsen.com\/fi\/","name":"Johanna Gullichsen","description":"","potentialAction":[{"@type":"SearchAction","target":{"@type":"EntryPoint","urlTemplate":"https:\/\/www.johannagullichsen.com\/fi\/?s={search_term_string}"},"query-input":{"@type":"PropertyValueSpecification","valueRequired":true,"valueName":"search_term_string"}}],"inLanguage":"fi"}]}},"_links":{"self":[{"href":"https:\/\/www.johannagullichsen.com\/fi\/wp-json\/wp\/v2\/product\/5749","targetHints":{"allow":["GET"]}}],"collection":[{"href":"https:\/\/www.johannagullichsen.com\/fi\/wp-json\/wp\/v2\/product"}],"about":[{"href":"https:\/\/www.johannagullichsen.com\/fi\/wp-json\/wp\/v2\/types\/product"}],"wp:featuredmedia":[{"embeddable":true,"href":"https:\/\/www.johannagullichsen.com\/fi\/wp-json\/wp\/v2\/media\/3282"}],"wp:attachment":[{"href":"https:\/\/www.johannagullichsen.com\/fi\/wp-json\/wp\/v2\/media?parent=5749"}],"wp:term":[{"taxonomy":"product_brand","embeddable":true,"href":"https:\/\/www.johannagullichsen.com\/fi\/wp-json\/wp\/v2\/product_brand?post=5749"},{"taxonomy":"product_cat","embeddable":true,"href":"https:\/\/www.johannagullichsen.com\/fi\/wp-json\/wp\/v2\/product_cat?post=5749"},{"taxonomy":"product_tag","embeddable":true,"href":"https:\/\/www.johannagullichsen.com\/fi\/wp-json\/wp\/v2\/product_tag?post=5749"}],"curies":[{"name":"wp","href":"https:\/\/api.w.org\/{rel}","templated":true}]}}