{"id":6886,"date":"2020-04-27T11:14:00","date_gmt":"2020-04-27T08:14:00","guid":{"rendered":"https:\/\/www.johannagullichsen.com\/products\/Ei-luokiteltu\/economy-bag\/"},"modified":"2026-03-20T11:42:12","modified_gmt":"2026-03-20T09:42:12","slug":"economy-laukku","status":"publish","type":"product","link":"https:\/\/www.johannagullichsen.com\/fi\/tuote\/economy-laukku\/","title":{"rendered":"Economy laukku"},"content":{"rendered":"<h4>K\u00e4tev\u00e4 olkalaukku t\u00e4rkeille papereille<\/h4>\n<p>Kest\u00e4v\u00e4 ja konepest\u00e4v\u00e4 laukku jokap\u00e4iv\u00e4iseen k\u00e4ytt\u00f6\u00f6n, mahtuu vaikka l\u00e4pp\u00e4rikin. Sis\u00e4ll\u00e4 k\u00e4tev\u00e4 vetoketjutasku.<\/p>\n<p>V\u00e4rj\u00e4tty, kudottu ja ommeltu Suomessa.<\/p>\n","protected":false},"excerpt":{"rendered":"<p>K\u00e4tev\u00e4 olkalaukku t\u00e4rkeille papereille Kest\u00e4v\u00e4 ja konepest\u00e4v\u00e4 laukku jokap\u00e4iv\u00e4iseen k\u00e4ytt\u00f6\u00f6n, mahtuu vaikka l\u00e4pp\u00e4rikin. Sis\u00e4ll\u00e4 k\u00e4tev\u00e4 vetoketjutasku. V\u00e4rj\u00e4tty, kudottu ja ommeltu Suomessa.<\/p>\n","protected":false},"featured_media":4279,"template":"","meta":{"_acf_changed":false},"product_brand":[],"product_cat":[1968,192],"product_tag":[],"class_list":{"0":"post-6886","1":"product","2":"type-product","3":"status-publish","4":"has-post-thumbnail","6":"product_cat-laukut","7":"product_cat-laukut-asusteet","8":"pa_pattern-colour-doris-viininpunainen","9":"pa_pattern-colour-helios-lead-negative-fi","10":"pa_pattern-colour-nereus-tummansininen-nega","11":"pa_pattern-colour-eos-tiili","12":"pa_pattern-colour-nereus-brick-negative-fi","13":"pa_pattern-colour-nereus-yellow-negative-fi","14":"pa_pattern-colour-helios-blue-fi","15":"pa_pattern-colour-tithonus-viininpunainen","16":"pa_pattern-colour-doris-tiili","17":"pa_pattern-colour-helios-okra","18":"pa_pattern-colour-papillon-bis-varillinen","19":"pa_pattern-colour-eos-vihrea","20":"pa_pattern-colour-nereus-dark-blue-fi","21":"pa_pattern-colour-helios-lime-fi","22":"pa_pattern-colour-helios-blue-negativet-fi","23":"pa_pattern-colour-tithonus-tiili","24":"pa_pattern-colour-doris-tummansininen","25":"pa_pattern-colour-helios-yellow-fi","26":"pa_pattern-colour-papillon-bis-luonnonvarinen","27":"pa_pattern-colour-eos-harmaa","28":"pa_pattern-colour-nereus-tummanvihrea","29":"pa_pattern-colour-helios-lime-negative-fi","30":"pa_pattern-colour-helios-viininpunainen","31":"pa_pattern-colour-tithonus-dark-green-fi","32":"pa_pattern-colour-doris-tummanvihrea","33":"pa_pattern-colour-nereus-manteli","34":"pa_pattern-colour-papillon-y-luonnonvarinen","35":"pa_pattern-colour-eos-lyijy","36":"pa_pattern-colour-nereus-green-fi","37":"pa_pattern-colour-papillon-y-varillinen","38":"pa_pattern-colour-helios-tiili","39":"pa_pattern-colour-tithonus-vihrea","40":"pa_pattern-colour-doris-vihrea","41":"pa_pattern-colour-nereus-almond-negative-fi","42":"pa_pattern-colour-tithonus-tummansininen","43":"pa_pattern-colour-eos-vaaleanharmaa","44":"pa_pattern-colour-nereus-green-negative-fi","45":"pa_pattern-colour-tilkku-musta","46":"pa_pattern-colour-helios-brick-negative-fi","47":"pa_pattern-colour-tithonus-lead-fi","48":"pa_pattern-colour-doris-lyijy","49":"pa_pattern-colour-nereus-black-fi","50":"pa_pattern-colour-helios-almond-negative-fi","51":"pa_pattern-colour-eos-keltainen","52":"pa_pattern-colour-nereus-lyijy","53":"pa_pattern-colour-helios-tummansininen","54":"pa_pattern-colour-tithonus-okra","55":"pa_pattern-colour-doris-okra","56":"pa_pattern-colour-nereus-musta-nega","57":"pa_pattern-colour-helios-bordeaux-negative-fi","58":"pa_pattern-colour-eos-manteli","59":"pa_pattern-colour-nereus-lead-negative-fi","60":"pa_pattern-colour-helios-dark-green-fi","61":"pa_pattern-colour-tithonus-kultainen","62":"pa_pattern-colour-doris-keltainen","63":"pa_pattern-colour-nereus-blue-fi","64":"pa_pattern-colour-helios-ochre-negative-fi","65":"pa_pattern-colour-eos-ochre-fi","66":"pa_pattern-colour-nereus-okra","67":"pa_pattern-colour-doris-manteli","68":"pa_pattern-colour-helios-green-fi","69":"pa_pattern-colour-helios-tummansininen-nega","70":"pa_pattern-colour-eos-musta","71":"pa_pattern-colour-nereus-sininen-nega","72":"pa_pattern-colour-helios-yellow-negative-fi","73":"pa_pattern-colour-helios-manteli","74":"pa_pattern-colour-nereus-kultainen","75":"pa_pattern-colour-doris-musta-fi","76":"pa_pattern-colour-helios-green-negative-fi","77":"pa_pattern-colour-helios-tummanvihrea-nega","78":"pa_pattern-colour-eos-sininen","79":"pa_pattern-colour-nereus-bordeaux-fi","80":"pa_pattern-colour-nereus-dark-green-negative-fi","81":"pa_pattern-colour-helios-black-fi","82":"pa_pattern-colour-tithonus-black-fi","83":"pa_pattern-colour-doris-sininen","84":"pa_pattern-colour-helios-lyijy","85":"pa_pattern-colour-nereus-viininpunainen-nega","86":"pa_pattern-colour-eos-viininpunainen","87":"pa_pattern-colour-nereus-brick-fi","88":"pa_pattern-colour-nereus-ochre-negative-fi","89":"pa_pattern-colour-helios-musta-nega","90":"pa_pattern-colour-tithonus-sininen","91":"collection-normandie-2","93":"first","94":"instock","95":"taxable","96":"shipping-taxable","97":"purchasable","98":"product-type-variable","99":"has-default-attributes"},"acf":[],"yoast_head":"<!-- This site is optimized with the Yoast SEO Premium plugin v27.2 (Yoast SEO v27.2) - https:\/\/yoast.com\/product\/yoast-seo-premium-wordpress\/ -->\n<title>Economy laukku - Johanna Gullichsen<\/title>\n<meta name=\"description\" content=\"Kest\u00e4v\u00e4 ja konepest\u00e4v\u00e4 olkalaukku, sis\u00e4ll\u00e4 vetoketjutasku. Valmistettu Suomessa Johanna Gullichsen verhoilukankaasta. 100% puuvillaa.\" \/>\n<meta name=\"robots\" content=\"index, follow, max-snippet:-1, max-image-preview:large, max-video-preview:-1\" \/>\n<link rel=\"canonical\" href=\"https:\/\/www.johannagullichsen.com\/fi\/tuote\/economy-laukku\/\" \/>\n<meta property=\"og:locale\" content=\"fi_FI\" \/>\n<meta property=\"og:type\" content=\"article\" \/>\n<meta property=\"og:title\" content=\"Economy laukku\" \/>\n<meta property=\"og:description\" content=\"Kest\u00e4v\u00e4 ja konepest\u00e4v\u00e4 olkalaukku, sis\u00e4ll\u00e4 vetoketjutasku. Valmistettu Suomessa Johanna Gullichsen verhoilukankaasta. 100% puuvillaa.\" \/>\n<meta property=\"og:url\" content=\"https:\/\/www.johannagullichsen.com\/fi\/tuote\/economy-laukku\/\" \/>\n<meta property=\"og:site_name\" content=\"Johanna Gullichsen\" \/>\n<meta property=\"article:modified_time\" content=\"2026-03-20T09:42:12+00:00\" \/>\n<meta property=\"og:image\" content=\"https:\/\/www.johannagullichsen.com\/wp-content\/uploads\/2020\/04\/Johanna_Gullichsen_Economybag_Eos_light.jpg\" \/>\n\t<meta property=\"og:image:width\" content=\"1600\" \/>\n\t<meta property=\"og:image:height\" content=\"1200\" \/>\n\t<meta property=\"og:image:type\" content=\"image\/jpeg\" \/>\n<meta name=\"twitter:card\" content=\"summary_large_image\" \/>\n<meta name=\"twitter:label1\" content=\"Arvioitu lukuaika\" \/>\n\t<meta name=\"twitter:data1\" content=\"1 minuutti\" \/>\n<script type=\"application\/ld+json\" class=\"yoast-schema-graph\">{\"@context\":\"https:\/\/schema.org\",\"@graph\":[{\"@type\":\"WebPage\",\"@id\":\"https:\/\/www.johannagullichsen.com\/fi\/tuote\/economy-laukku\/\",\"url\":\"https:\/\/www.johannagullichsen.com\/fi\/tuote\/economy-laukku\/\",\"name\":\"Economy laukku - Johanna Gullichsen\",\"isPartOf\":{\"@id\":\"https:\/\/www.johannagullichsen.com\/fi\/#website\"},\"primaryImageOfPage\":{\"@id\":\"https:\/\/www.johannagullichsen.com\/fi\/tuote\/economy-laukku\/#primaryimage\"},\"image\":{\"@id\":\"https:\/\/www.johannagullichsen.com\/fi\/tuote\/economy-laukku\/#primaryimage\"},\"thumbnailUrl\":\"https:\/\/www.johannagullichsen.com\/wp-content\/uploads\/2020\/04\/Johanna_Gullichsen_Economybag_Eos_light.jpg\",\"datePublished\":\"2020-04-27T08:14:00+00:00\",\"dateModified\":\"2026-03-20T09:42:12+00:00\",\"description\":\"Kest\u00e4v\u00e4 ja konepest\u00e4v\u00e4 olkalaukku, sis\u00e4ll\u00e4 vetoketjutasku. Valmistettu Suomessa Johanna Gullichsen verhoilukankaasta. 100% puuvillaa.\",\"breadcrumb\":{\"@id\":\"https:\/\/www.johannagullichsen.com\/fi\/tuote\/economy-laukku\/#breadcrumb\"},\"inLanguage\":\"fi\",\"potentialAction\":[{\"@type\":\"ReadAction\",\"target\":[\"https:\/\/www.johannagullichsen.com\/fi\/tuote\/economy-laukku\/\"]}]},{\"@type\":\"ImageObject\",\"inLanguage\":\"fi\",\"@id\":\"https:\/\/www.johannagullichsen.com\/fi\/tuote\/economy-laukku\/#primaryimage\",\"url\":\"https:\/\/www.johannagullichsen.com\/wp-content\/uploads\/2020\/04\/Johanna_Gullichsen_Economybag_Eos_light.jpg\",\"contentUrl\":\"https:\/\/www.johannagullichsen.com\/wp-content\/uploads\/2020\/04\/Johanna_Gullichsen_Economybag_Eos_light.jpg\",\"width\":1600,\"height\":1200},{\"@type\":\"BreadcrumbList\",\"@id\":\"https:\/\/www.johannagullichsen.com\/fi\/tuote\/economy-laukku\/#breadcrumb\",\"itemListElement\":[{\"@type\":\"ListItem\",\"position\":1,\"name\":\"Home\",\"item\":\"https:\/\/www.johannagullichsen.com\/fi\/\"},{\"@type\":\"ListItem\",\"position\":2,\"name\":\"Tuotteet ja verkkokauppa\",\"item\":\"https:\/\/www.johannagullichsen.com\/fi\/tuotteet\/\"},{\"@type\":\"ListItem\",\"position\":3,\"name\":\"Economy laukku\"}]},{\"@type\":\"WebSite\",\"@id\":\"https:\/\/www.johannagullichsen.com\/fi\/#website\",\"url\":\"https:\/\/www.johannagullichsen.com\/fi\/\",\"name\":\"Johanna Gullichsen\",\"description\":\"\",\"potentialAction\":[{\"@type\":\"SearchAction\",\"target\":{\"@type\":\"EntryPoint\",\"urlTemplate\":\"https:\/\/www.johannagullichsen.com\/fi\/?s={search_term_string}\"},\"query-input\":{\"@type\":\"PropertyValueSpecification\",\"valueRequired\":true,\"valueName\":\"search_term_string\"}}],\"inLanguage\":\"fi\"}]}<\/script>\n<!-- \/ Yoast SEO Premium plugin. -->","yoast_head_json":{"title":"Economy laukku - Johanna Gullichsen","description":"Kest\u00e4v\u00e4 ja konepest\u00e4v\u00e4 olkalaukku, sis\u00e4ll\u00e4 vetoketjutasku. Valmistettu Suomessa Johanna Gullichsen verhoilukankaasta. 100% puuvillaa.","robots":{"index":"index","follow":"follow","max-snippet":"max-snippet:-1","max-image-preview":"max-image-preview:large","max-video-preview":"max-video-preview:-1"},"canonical":"https:\/\/www.johannagullichsen.com\/fi\/tuote\/economy-laukku\/","og_locale":"fi_FI","og_type":"article","og_title":"Economy laukku","og_description":"Kest\u00e4v\u00e4 ja konepest\u00e4v\u00e4 olkalaukku, sis\u00e4ll\u00e4 vetoketjutasku. Valmistettu Suomessa Johanna Gullichsen verhoilukankaasta. 100% puuvillaa.","og_url":"https:\/\/www.johannagullichsen.com\/fi\/tuote\/economy-laukku\/","og_site_name":"Johanna Gullichsen","article_modified_time":"2026-03-20T09:42:12+00:00","og_image":[{"width":1600,"height":1200,"url":"https:\/\/www.johannagullichsen.com\/wp-content\/uploads\/2020\/04\/Johanna_Gullichsen_Economybag_Eos_light.jpg","type":"image\/jpeg"}],"twitter_card":"summary_large_image","twitter_misc":{"Arvioitu lukuaika":"1 minuutti"},"schema":{"@context":"https:\/\/schema.org","@graph":[{"@type":"WebPage","@id":"https:\/\/www.johannagullichsen.com\/fi\/tuote\/economy-laukku\/","url":"https:\/\/www.johannagullichsen.com\/fi\/tuote\/economy-laukku\/","name":"Economy laukku - Johanna Gullichsen","isPartOf":{"@id":"https:\/\/www.johannagullichsen.com\/fi\/#website"},"primaryImageOfPage":{"@id":"https:\/\/www.johannagullichsen.com\/fi\/tuote\/economy-laukku\/#primaryimage"},"image":{"@id":"https:\/\/www.johannagullichsen.com\/fi\/tuote\/economy-laukku\/#primaryimage"},"thumbnailUrl":"https:\/\/www.johannagullichsen.com\/wp-content\/uploads\/2020\/04\/Johanna_Gullichsen_Economybag_Eos_light.jpg","datePublished":"2020-04-27T08:14:00+00:00","dateModified":"2026-03-20T09:42:12+00:00","description":"Kest\u00e4v\u00e4 ja konepest\u00e4v\u00e4 olkalaukku, sis\u00e4ll\u00e4 vetoketjutasku. Valmistettu Suomessa Johanna Gullichsen verhoilukankaasta. 100% puuvillaa.","breadcrumb":{"@id":"https:\/\/www.johannagullichsen.com\/fi\/tuote\/economy-laukku\/#breadcrumb"},"inLanguage":"fi","potentialAction":[{"@type":"ReadAction","target":["https:\/\/www.johannagullichsen.com\/fi\/tuote\/economy-laukku\/"]}]},{"@type":"ImageObject","inLanguage":"fi","@id":"https:\/\/www.johannagullichsen.com\/fi\/tuote\/economy-laukku\/#primaryimage","url":"https:\/\/www.johannagullichsen.com\/wp-content\/uploads\/2020\/04\/Johanna_Gullichsen_Economybag_Eos_light.jpg","contentUrl":"https:\/\/www.johannagullichsen.com\/wp-content\/uploads\/2020\/04\/Johanna_Gullichsen_Economybag_Eos_light.jpg","width":1600,"height":1200},{"@type":"BreadcrumbList","@id":"https:\/\/www.johannagullichsen.com\/fi\/tuote\/economy-laukku\/#breadcrumb","itemListElement":[{"@type":"ListItem","position":1,"name":"Home","item":"https:\/\/www.johannagullichsen.com\/fi\/"},{"@type":"ListItem","position":2,"name":"Tuotteet ja verkkokauppa","item":"https:\/\/www.johannagullichsen.com\/fi\/tuotteet\/"},{"@type":"ListItem","position":3,"name":"Economy laukku"}]},{"@type":"WebSite","@id":"https:\/\/www.johannagullichsen.com\/fi\/#website","url":"https:\/\/www.johannagullichsen.com\/fi\/","name":"Johanna Gullichsen","description":"","potentialAction":[{"@type":"SearchAction","target":{"@type":"EntryPoint","urlTemplate":"https:\/\/www.johannagullichsen.com\/fi\/?s={search_term_string}"},"query-input":{"@type":"PropertyValueSpecification","valueRequired":true,"valueName":"search_term_string"}}],"inLanguage":"fi"}]}},"_links":{"self":[{"href":"https:\/\/www.johannagullichsen.com\/fi\/wp-json\/wp\/v2\/product\/6886","targetHints":{"allow":["GET"]}}],"collection":[{"href":"https:\/\/www.johannagullichsen.com\/fi\/wp-json\/wp\/v2\/product"}],"about":[{"href":"https:\/\/www.johannagullichsen.com\/fi\/wp-json\/wp\/v2\/types\/product"}],"wp:featuredmedia":[{"embeddable":true,"href":"https:\/\/www.johannagullichsen.com\/fi\/wp-json\/wp\/v2\/media\/4279"}],"wp:attachment":[{"href":"https:\/\/www.johannagullichsen.com\/fi\/wp-json\/wp\/v2\/media?parent=6886"}],"wp:term":[{"taxonomy":"product_brand","embeddable":true,"href":"https:\/\/www.johannagullichsen.com\/fi\/wp-json\/wp\/v2\/product_brand?post=6886"},{"taxonomy":"product_cat","embeddable":true,"href":"https:\/\/www.johannagullichsen.com\/fi\/wp-json\/wp\/v2\/product_cat?post=6886"},{"taxonomy":"product_tag","embeddable":true,"href":"https:\/\/www.johannagullichsen.com\/fi\/wp-json\/wp\/v2\/product_tag?post=6886"}],"curies":[{"name":"wp","href":"https:\/\/api.w.org\/{rel}","templated":true}]}}