{"id":12263,"date":"2021-05-27T08:24:55","date_gmt":"2021-05-27T05:24:55","guid":{"rendered":"https:\/\/www.johannagullichsen.com\/?page_id=12263"},"modified":"2022-02-28T11:36:49","modified_gmt":"2022-02-28T09:36:49","slug":"le-prix-kaj-franck-attribue-a-johanna-gullichsen","status":"publish","type":"page","link":"https:\/\/www.johannagullichsen.com\/fr\/le-prix-kaj-franck-attribue-a-johanna-gullichsen\/","title":{"rendered":"Le Prix Kaj Franck attribu\u00e9 \u00e0 Johanna Gullichsen"},"content":{"rendered":"<h3><a href=\"https:\/\/www.johannagullichsen.com\/wp-content\/uploads\/2022\/02\/Kaj-Franck-Design-Prize-2021-Johanna-Gullichsen_DFF-Awards_2400px_photo-Elina-Simonen_3.jpg\"><img loading=\"lazy\" decoding=\"async\" class=\"alignnone wp-image-14243 size-full\" src=\"https:\/\/www.johannagullichsen.com\/wp-content\/uploads\/2022\/02\/Kaj-Franck-Design-Prize-2021-Johanna-Gullichsen_DFF-Awards_2400px_photo-Elina-Simonen_3.jpg\" alt=\"\" width=\"1920\" height=\"1270\" srcset=\"https:\/\/www.johannagullichsen.com\/wp-content\/uploads\/2022\/02\/Kaj-Franck-Design-Prize-2021-Johanna-Gullichsen_DFF-Awards_2400px_photo-Elina-Simonen_3.jpg 1920w, https:\/\/www.johannagullichsen.com\/wp-content\/uploads\/2022\/02\/Kaj-Franck-Design-Prize-2021-Johanna-Gullichsen_DFF-Awards_2400px_photo-Elina-Simonen_3-1260x833.jpg 1260w, https:\/\/www.johannagullichsen.com\/wp-content\/uploads\/2022\/02\/Kaj-Franck-Design-Prize-2021-Johanna-Gullichsen_DFF-Awards_2400px_photo-Elina-Simonen_3-300x198.jpg 300w, https:\/\/www.johannagullichsen.com\/wp-content\/uploads\/2022\/02\/Kaj-Franck-Design-Prize-2021-Johanna-Gullichsen_DFF-Awards_2400px_photo-Elina-Simonen_3-1024x677.jpg 1024w, https:\/\/www.johannagullichsen.com\/wp-content\/uploads\/2022\/02\/Kaj-Franck-Design-Prize-2021-Johanna-Gullichsen_DFF-Awards_2400px_photo-Elina-Simonen_3-768x508.jpg 768w, https:\/\/www.johannagullichsen.com\/wp-content\/uploads\/2022\/02\/Kaj-Franck-Design-Prize-2021-Johanna-Gullichsen_DFF-Awards_2400px_photo-Elina-Simonen_3-1536x1016.jpg 1536w\" sizes=\"auto, (max-width: 1920px) 100vw, 1920px\" \/><\/a><\/h3>\n<h3>Bonnes nouvelles!<\/h3>\n<p class=\"\">Johanna Gullichsen a re\u00e7u<a href=\"https:\/\/www.designforum.fi\/en\/award\/kaj-franck-design-prize-2021-johanna-gullichsen\/\"> le prix de design Kaj Franck 2021<\/a>. D\u00e9cern\u00e9 par le Design Forum Finland, le prix de design Kaj Franck est l&rsquo;un des prix de design les plus importants en Finlande. Il est remis pour la 30 \u00e8me fois cette ann\u00e9e.<\/p>\n<p class=\"\">Le jury a not\u00e9 que l&rsquo;appr\u00e9ciation des mat\u00e9riaux naturels, de l&rsquo;artisanat et de la pr\u00e9servation de la tradition du tissage est clairement visible dans les textiles con\u00e7us par Johanna Gullichsen. Elle a r\u00e9ussi \u00e0 unir son travail artistique et cr\u00e9atif avec une production en s\u00e9rie durable. Les tissus produits sous la marque Johanna Gullichsen sont tiss\u00e9s en Finlande \u00e0 partir de mat\u00e9riaux naturels et leurs combinaisons de couleurs soigneusement \u00e9tudi\u00e9es s&rsquo;int\u00e8grent naturellement \u00e0 la d\u00e9coration int\u00e9rieure et au mobilier finlandais.<\/p>\n<p class=\"\">\u00ab\u00a0Le prix est une merveilleuse surprise! C&rsquo;est gratifiant d&rsquo;\u00eatre reconnue pour le travail que je fais depuis des ann\u00e9es. Je suis particuli\u00e8rement heureuse de savoir que le jury appr\u00e9cie les principes fondamentaux de mon travail: l&rsquo;artisanat comme outil de conception et production durable \u00ab\u00a0, dit Gullichsen.<\/p>\n<p class=\"\">Le prix de design <a href=\"https:\/\/fr.wikipedia.org\/wiki\/Kaj_Franck\">Kaj Franck<\/a> met en avant l&rsquo;esprit et les principes centraux de l&rsquo;\u0153uvre du designer Kaj Franck (1911-1989) : un design de haute qualit\u00e9, d\u00e9mocratique et fonctionnel qui r\u00e9sout des probl\u00e8mes pratiques et ouvre de nouvelles perspectives aux entreprises qui excellent dans le domaine du design. Il est particuli\u00e8rement important que le designer r\u00e9compens\u00e9 apporte de la beaut\u00e9 et de la joie au quotidien et am\u00e9liore la qualit\u00e9 de vie. \u00ab\u00a0J&rsquo;ai toujours appr\u00e9ci\u00e9 le design de Kaj Franck, en particulier ses id\u00e9es sur la beaut\u00e9 au quotidien. C&rsquo;est un tel honneur de recevoir un prix qui porte son nom.\u201d dit Gullichsen.<\/p>\n<p class=\"\">Bienvenue \u00e0 la 30 \u00e8me exposition du Prix de design Kaj Franck, qui se tiendra du 3 au 24 juin 2021 \u00e0 la Galerie A2, \u00e0 Helsinki. Le travail de <a href=\"https:\/\/www.hannaanonen.com\/\">Hanna Anonen<\/a>, s\u00e9lectionn\u00e9e comme jeune designer de l&rsquo;ann\u00e9e, est pr\u00e9sent\u00e9 au m\u00eame endroit.<\/p>\n","protected":false},"excerpt":{"rendered":"<p>Bonnes nouvelles! Johanna Gullichsen a re\u00e7u le prix de design Kaj Franck 2021. D\u00e9cern\u00e9 par le Design Forum Finland, le prix de design Kaj Franck est l&rsquo;un des prix de&hellip;<\/p>\n","protected":false},"author":5,"featured_media":0,"parent":0,"menu_order":0,"comment_status":"closed","ping_status":"closed","template":"","meta":{"_acf_changed":false,"footnotes":""},"class_list":["post-12263","page","type-page","status-publish","hentry"],"acf":[],"yoast_head":"<!-- This site is optimized with the Yoast SEO Premium plugin v27.2 (Yoast SEO v27.2) - https:\/\/yoast.com\/product\/yoast-seo-premium-wordpress\/ -->\n<title>Le Prix Kaj Franck attribu\u00e9 \u00e0 Johanna Gullichsen - Johanna Gullichsen<\/title>\n<meta name=\"description\" content=\"Le prix Kaj Franck attribu\u00e9 \u00e0 Johanna Gullichsen est le prix du design le plus important en Finlande d\u00e9cern\u00e9 par Design Forum Finland.\" \/>\n<meta name=\"robots\" content=\"index, follow, max-snippet:-1, max-image-preview:large, max-video-preview:-1\" \/>\n<link rel=\"canonical\" href=\"https:\/\/www.johannagullichsen.com\/fr\/le-prix-kaj-franck-attribue-a-johanna-gullichsen\/\" \/>\n<meta property=\"og:locale\" content=\"fr_FR\" \/>\n<meta property=\"og:type\" content=\"article\" \/>\n<meta property=\"og:title\" content=\"Le Prix Kaj Franck attribu\u00e9 \u00e0 Johanna Gullichsen\" \/>\n<meta property=\"og:description\" content=\"Le prix Kaj Franck attribu\u00e9 \u00e0 Johanna Gullichsen est le prix du design le plus important en Finlande d\u00e9cern\u00e9 par Design Forum Finland.\" \/>\n<meta property=\"og:url\" content=\"https:\/\/www.johannagullichsen.com\/fr\/le-prix-kaj-franck-attribue-a-johanna-gullichsen\/\" \/>\n<meta property=\"og:site_name\" content=\"Johanna Gullichsen\" \/>\n<meta property=\"article:modified_time\" content=\"2022-02-28T09:36:49+00:00\" \/>\n<meta property=\"og:image\" content=\"https:\/\/www.johannagullichsen.com\/wp-content\/uploads\/2022\/02\/Kaj-Franck-Design-Prize-2021-Johanna-Gullichsen_DFF-Awards_2400px_photo-Elina-Simonen_3.jpg\" \/>\n<meta name=\"twitter:card\" content=\"summary_large_image\" \/>\n<meta name=\"twitter:label1\" content=\"Dur\u00e9e de lecture estim\u00e9e\" \/>\n\t<meta name=\"twitter:data1\" content=\"2 minutes\" \/>\n<script type=\"application\/ld+json\" class=\"yoast-schema-graph\">{\"@context\":\"https:\/\/schema.org\",\"@graph\":[{\"@type\":\"WebPage\",\"@id\":\"https:\/\/www.johannagullichsen.com\/fr\/le-prix-kaj-franck-attribue-a-johanna-gullichsen\/\",\"url\":\"https:\/\/www.johannagullichsen.com\/fr\/le-prix-kaj-franck-attribue-a-johanna-gullichsen\/\",\"name\":\"Le Prix Kaj Franck attribu\u00e9 \u00e0 Johanna Gullichsen - Johanna Gullichsen\",\"isPartOf\":{\"@id\":\"https:\/\/www.johannagullichsen.com\/fr\/#website\"},\"primaryImageOfPage\":{\"@id\":\"https:\/\/www.johannagullichsen.com\/fr\/le-prix-kaj-franck-attribue-a-johanna-gullichsen\/#primaryimage\"},\"image\":{\"@id\":\"https:\/\/www.johannagullichsen.com\/fr\/le-prix-kaj-franck-attribue-a-johanna-gullichsen\/#primaryimage\"},\"thumbnailUrl\":\"https:\/\/www.johannagullichsen.com\/wp-content\/uploads\/2022\/02\/Kaj-Franck-Design-Prize-2021-Johanna-Gullichsen_DFF-Awards_2400px_photo-Elina-Simonen_3.jpg\",\"datePublished\":\"2021-05-27T05:24:55+00:00\",\"dateModified\":\"2022-02-28T09:36:49+00:00\",\"description\":\"Le prix Kaj Franck attribu\u00e9 \u00e0 Johanna Gullichsen est le prix du design le plus important en Finlande d\u00e9cern\u00e9 par Design Forum Finland.\",\"breadcrumb\":{\"@id\":\"https:\/\/www.johannagullichsen.com\/fr\/le-prix-kaj-franck-attribue-a-johanna-gullichsen\/#breadcrumb\"},\"inLanguage\":\"fr-FR\",\"potentialAction\":[{\"@type\":\"ReadAction\",\"target\":[\"https:\/\/www.johannagullichsen.com\/fr\/le-prix-kaj-franck-attribue-a-johanna-gullichsen\/\"]}]},{\"@type\":\"ImageObject\",\"inLanguage\":\"fr-FR\",\"@id\":\"https:\/\/www.johannagullichsen.com\/fr\/le-prix-kaj-franck-attribue-a-johanna-gullichsen\/#primaryimage\",\"url\":\"https:\/\/www.johannagullichsen.com\/wp-content\/uploads\/2022\/02\/Kaj-Franck-Design-Prize-2021-Johanna-Gullichsen_DFF-Awards_2400px_photo-Elina-Simonen_3.jpg\",\"contentUrl\":\"https:\/\/www.johannagullichsen.com\/wp-content\/uploads\/2022\/02\/Kaj-Franck-Design-Prize-2021-Johanna-Gullichsen_DFF-Awards_2400px_photo-Elina-Simonen_3.jpg\"},{\"@type\":\"BreadcrumbList\",\"@id\":\"https:\/\/www.johannagullichsen.com\/fr\/le-prix-kaj-franck-attribue-a-johanna-gullichsen\/#breadcrumb\",\"itemListElement\":[{\"@type\":\"ListItem\",\"position\":1,\"name\":\"Home\",\"item\":\"https:\/\/www.johannagullichsen.com\/fr\/\"},{\"@type\":\"ListItem\",\"position\":2,\"name\":\"Le Prix Kaj Franck attribu\u00e9 \u00e0 Johanna Gullichsen\"}]},{\"@type\":\"WebSite\",\"@id\":\"https:\/\/www.johannagullichsen.com\/fr\/#website\",\"url\":\"https:\/\/www.johannagullichsen.com\/fr\/\",\"name\":\"Johanna Gullichsen\",\"description\":\"\",\"potentialAction\":[{\"@type\":\"SearchAction\",\"target\":{\"@type\":\"EntryPoint\",\"urlTemplate\":\"https:\/\/www.johannagullichsen.com\/fr\/?s={search_term_string}\"},\"query-input\":{\"@type\":\"PropertyValueSpecification\",\"valueRequired\":true,\"valueName\":\"search_term_string\"}}],\"inLanguage\":\"fr-FR\"}]}<\/script>\n<!-- \/ Yoast SEO Premium plugin. -->","yoast_head_json":{"title":"Le Prix Kaj Franck attribu\u00e9 \u00e0 Johanna Gullichsen - Johanna Gullichsen","description":"Le prix Kaj Franck attribu\u00e9 \u00e0 Johanna Gullichsen est le prix du design le plus important en Finlande d\u00e9cern\u00e9 par Design Forum Finland.","robots":{"index":"index","follow":"follow","max-snippet":"max-snippet:-1","max-image-preview":"max-image-preview:large","max-video-preview":"max-video-preview:-1"},"canonical":"https:\/\/www.johannagullichsen.com\/fr\/le-prix-kaj-franck-attribue-a-johanna-gullichsen\/","og_locale":"fr_FR","og_type":"article","og_title":"Le Prix Kaj Franck attribu\u00e9 \u00e0 Johanna Gullichsen","og_description":"Le prix Kaj Franck attribu\u00e9 \u00e0 Johanna Gullichsen est le prix du design le plus important en Finlande d\u00e9cern\u00e9 par Design Forum Finland.","og_url":"https:\/\/www.johannagullichsen.com\/fr\/le-prix-kaj-franck-attribue-a-johanna-gullichsen\/","og_site_name":"Johanna Gullichsen","article_modified_time":"2022-02-28T09:36:49+00:00","og_image":[{"url":"https:\/\/www.johannagullichsen.com\/wp-content\/uploads\/2022\/02\/Kaj-Franck-Design-Prize-2021-Johanna-Gullichsen_DFF-Awards_2400px_photo-Elina-Simonen_3.jpg","type":"","width":"","height":""}],"twitter_card":"summary_large_image","twitter_misc":{"Dur\u00e9e de lecture estim\u00e9e":"2 minutes"},"schema":{"@context":"https:\/\/schema.org","@graph":[{"@type":"WebPage","@id":"https:\/\/www.johannagullichsen.com\/fr\/le-prix-kaj-franck-attribue-a-johanna-gullichsen\/","url":"https:\/\/www.johannagullichsen.com\/fr\/le-prix-kaj-franck-attribue-a-johanna-gullichsen\/","name":"Le Prix Kaj Franck attribu\u00e9 \u00e0 Johanna Gullichsen - Johanna Gullichsen","isPartOf":{"@id":"https:\/\/www.johannagullichsen.com\/fr\/#website"},"primaryImageOfPage":{"@id":"https:\/\/www.johannagullichsen.com\/fr\/le-prix-kaj-franck-attribue-a-johanna-gullichsen\/#primaryimage"},"image":{"@id":"https:\/\/www.johannagullichsen.com\/fr\/le-prix-kaj-franck-attribue-a-johanna-gullichsen\/#primaryimage"},"thumbnailUrl":"https:\/\/www.johannagullichsen.com\/wp-content\/uploads\/2022\/02\/Kaj-Franck-Design-Prize-2021-Johanna-Gullichsen_DFF-Awards_2400px_photo-Elina-Simonen_3.jpg","datePublished":"2021-05-27T05:24:55+00:00","dateModified":"2022-02-28T09:36:49+00:00","description":"Le prix Kaj Franck attribu\u00e9 \u00e0 Johanna Gullichsen est le prix du design le plus important en Finlande d\u00e9cern\u00e9 par Design Forum Finland.","breadcrumb":{"@id":"https:\/\/www.johannagullichsen.com\/fr\/le-prix-kaj-franck-attribue-a-johanna-gullichsen\/#breadcrumb"},"inLanguage":"fr-FR","potentialAction":[{"@type":"ReadAction","target":["https:\/\/www.johannagullichsen.com\/fr\/le-prix-kaj-franck-attribue-a-johanna-gullichsen\/"]}]},{"@type":"ImageObject","inLanguage":"fr-FR","@id":"https:\/\/www.johannagullichsen.com\/fr\/le-prix-kaj-franck-attribue-a-johanna-gullichsen\/#primaryimage","url":"https:\/\/www.johannagullichsen.com\/wp-content\/uploads\/2022\/02\/Kaj-Franck-Design-Prize-2021-Johanna-Gullichsen_DFF-Awards_2400px_photo-Elina-Simonen_3.jpg","contentUrl":"https:\/\/www.johannagullichsen.com\/wp-content\/uploads\/2022\/02\/Kaj-Franck-Design-Prize-2021-Johanna-Gullichsen_DFF-Awards_2400px_photo-Elina-Simonen_3.jpg"},{"@type":"BreadcrumbList","@id":"https:\/\/www.johannagullichsen.com\/fr\/le-prix-kaj-franck-attribue-a-johanna-gullichsen\/#breadcrumb","itemListElement":[{"@type":"ListItem","position":1,"name":"Home","item":"https:\/\/www.johannagullichsen.com\/fr\/"},{"@type":"ListItem","position":2,"name":"Le Prix Kaj Franck attribu\u00e9 \u00e0 Johanna Gullichsen"}]},{"@type":"WebSite","@id":"https:\/\/www.johannagullichsen.com\/fr\/#website","url":"https:\/\/www.johannagullichsen.com\/fr\/","name":"Johanna Gullichsen","description":"","potentialAction":[{"@type":"SearchAction","target":{"@type":"EntryPoint","urlTemplate":"https:\/\/www.johannagullichsen.com\/fr\/?s={search_term_string}"},"query-input":{"@type":"PropertyValueSpecification","valueRequired":true,"valueName":"search_term_string"}}],"inLanguage":"fr-FR"}]}},"_links":{"self":[{"href":"https:\/\/www.johannagullichsen.com\/fr\/wp-json\/wp\/v2\/pages\/12263","targetHints":{"allow":["GET"]}}],"collection":[{"href":"https:\/\/www.johannagullichsen.com\/fr\/wp-json\/wp\/v2\/pages"}],"about":[{"href":"https:\/\/www.johannagullichsen.com\/fr\/wp-json\/wp\/v2\/types\/page"}],"author":[{"embeddable":true,"href":"https:\/\/www.johannagullichsen.com\/fr\/wp-json\/wp\/v2\/users\/5"}],"replies":[{"embeddable":true,"href":"https:\/\/www.johannagullichsen.com\/fr\/wp-json\/wp\/v2\/comments?post=12263"}],"version-history":[{"count":9,"href":"https:\/\/www.johannagullichsen.com\/fr\/wp-json\/wp\/v2\/pages\/12263\/revisions"}],"predecessor-version":[{"id":14250,"href":"https:\/\/www.johannagullichsen.com\/fr\/wp-json\/wp\/v2\/pages\/12263\/revisions\/14250"}],"wp:attachment":[{"href":"https:\/\/www.johannagullichsen.com\/fr\/wp-json\/wp\/v2\/media?parent=12263"}],"curies":[{"name":"wp","href":"https:\/\/api.w.org\/{rel}","templated":true}]}}