{"id":22236,"date":"2024-01-18T09:13:19","date_gmt":"2024-01-18T07:13:19","guid":{"rendered":"https:\/\/www.johannagullichsen.com\/?page_id=22236"},"modified":"2024-01-18T15:21:39","modified_gmt":"2024-01-18T13:21:39","slug":"paille-la-couleur-de-lannee","status":"publish","type":"page","link":"https:\/\/www.johannagullichsen.com\/fr\/paille-la-couleur-de-lannee\/","title":{"rendered":"Paille &#8211; la couleur de l&rsquo;ann\u00e9e"},"content":{"rendered":"<h4><a href=\"https:\/\/www.johannagullichsen.com\/wp-content\/uploads\/2024\/01\/Johanna-Gullichsen-Doris-straw-fruits-and-saucer.jpg\"><img loading=\"lazy\" decoding=\"async\" class=\"aligncenter wp-image-22209 size-full\" src=\"https:\/\/www.johannagullichsen.com\/wp-content\/uploads\/2024\/01\/Johanna-Gullichsen-Doris-straw-fruits-and-saucer.jpg\" alt=\"\" width=\"1600\" height=\"1017\" srcset=\"https:\/\/www.johannagullichsen.com\/wp-content\/uploads\/2024\/01\/Johanna-Gullichsen-Doris-straw-fruits-and-saucer.jpg 1600w, https:\/\/www.johannagullichsen.com\/wp-content\/uploads\/2024\/01\/Johanna-Gullichsen-Doris-straw-fruits-and-saucer-1260x801.jpg 1260w, https:\/\/www.johannagullichsen.com\/wp-content\/uploads\/2024\/01\/Johanna-Gullichsen-Doris-straw-fruits-and-saucer-300x191.jpg 300w, https:\/\/www.johannagullichsen.com\/wp-content\/uploads\/2024\/01\/Johanna-Gullichsen-Doris-straw-fruits-and-saucer-1024x651.jpg 1024w, https:\/\/www.johannagullichsen.com\/wp-content\/uploads\/2024\/01\/Johanna-Gullichsen-Doris-straw-fruits-and-saucer-768x488.jpg 768w, https:\/\/www.johannagullichsen.com\/wp-content\/uploads\/2024\/01\/Johanna-Gullichsen-Doris-straw-fruits-and-saucer-1536x976.jpg 1536w\" sizes=\"auto, (max-width: 1600px) 100vw, 1600px\" \/><\/a><\/h4>\n<h4>L&rsquo;ann\u00e9e de la lumi\u00e8re!<\/h4>\n<div><\/div>\n<div>La paille jaune p\u00e2le s\u00e9duit par sa l\u00e9g\u00e8ret\u00e9; elle est \u00e0 la fois lumineuse et d\u00e9licate, refl\u00e9tant l&rsquo;espoir et la joie.<\/div>\n<div><\/div>\n<div>Le jaune donne de l&rsquo;\u00e9nergie, comme le soleil \u00e9clatant du printemps qui fait plisser les yeux. Un jaune p\u00e2le p\u00e9tillant qui apporte un l\u00e9ger sourire sur les l\u00e8vres.<\/div>\n<div><a href=\"https:\/\/www.johannagullichsen.com\/wp-content\/uploads\/2024\/01\/Johanna-Gullichsen-Doris-straw-flowers-1-web.jpg\"><img loading=\"lazy\" decoding=\"async\" class=\"aligncenter wp-image-22214\" src=\"https:\/\/www.johannagullichsen.com\/wp-content\/uploads\/2024\/01\/Johanna-Gullichsen-Doris-straw-flowers-1-web-274x300.jpg\" alt=\"\" width=\"500\" height=\"548\" srcset=\"https:\/\/www.johannagullichsen.com\/wp-content\/uploads\/2024\/01\/Johanna-Gullichsen-Doris-straw-flowers-1-web-274x300.jpg 274w, https:\/\/www.johannagullichsen.com\/wp-content\/uploads\/2024\/01\/Johanna-Gullichsen-Doris-straw-flowers-1-web-1260x1381.jpg 1260w, https:\/\/www.johannagullichsen.com\/wp-content\/uploads\/2024\/01\/Johanna-Gullichsen-Doris-straw-flowers-1-web-934x1024.jpg 934w, https:\/\/www.johannagullichsen.com\/wp-content\/uploads\/2024\/01\/Johanna-Gullichsen-Doris-straw-flowers-1-web-768x842.jpg 768w, https:\/\/www.johannagullichsen.com\/wp-content\/uploads\/2024\/01\/Johanna-Gullichsen-Doris-straw-flowers-1-web-1401x1536.jpg 1401w, https:\/\/www.johannagullichsen.com\/wp-content\/uploads\/2024\/01\/Johanna-Gullichsen-Doris-straw-flowers-1-web.jpg 1600w\" sizes=\"auto, (max-width: 500px) 100vw, 500px\" \/><\/a><\/div>\n<div><\/div>\n<div>Le jaune paille se retrouve dans le tissu Doris de la collection en coton Normandie. Les accessoires couleur paille arriveront en magasins Johanna Gullichsen au printemps. En plus de la couleur paille, la collection verra le retour du vert tilleul avec les motifs Doris et Helios. Cr\u00e9ez une harmonie lumineuse en combinant des nuances de jaune, de paille, de tilleul et d&rsquo;ocre.<\/div>\n<div><\/div>\n<div>Les tissus Contract pr\u00e9sentent \u00e9galement la couleur famili\u00e8re de la paille dor\u00e9e, dans une multitude de motifs.<\/div>\n<div><\/div>\n<div><a href=\"https:\/\/www.johannagullichsen.com\/wp-content\/uploads\/2024\/01\/Johanna-Gullichsen-Doris-straw-and-lime-and-Tithonus-ochre.jpg\"><img loading=\"lazy\" decoding=\"async\" class=\"aligncenter wp-image-22222 size-full\" src=\"https:\/\/www.johannagullichsen.com\/wp-content\/uploads\/2024\/01\/Johanna-Gullichsen-Doris-straw-and-lime-and-Tithonus-ochre.jpg\" alt=\"\" width=\"1800\" height=\"1200\" srcset=\"https:\/\/www.johannagullichsen.com\/wp-content\/uploads\/2024\/01\/Johanna-Gullichsen-Doris-straw-and-lime-and-Tithonus-ochre.jpg 1800w, https:\/\/www.johannagullichsen.com\/wp-content\/uploads\/2024\/01\/Johanna-Gullichsen-Doris-straw-and-lime-and-Tithonus-ochre-1260x840.jpg 1260w, https:\/\/www.johannagullichsen.com\/wp-content\/uploads\/2024\/01\/Johanna-Gullichsen-Doris-straw-and-lime-and-Tithonus-ochre-300x200.jpg 300w, https:\/\/www.johannagullichsen.com\/wp-content\/uploads\/2024\/01\/Johanna-Gullichsen-Doris-straw-and-lime-and-Tithonus-ochre-1024x683.jpg 1024w, https:\/\/www.johannagullichsen.com\/wp-content\/uploads\/2024\/01\/Johanna-Gullichsen-Doris-straw-and-lime-and-Tithonus-ochre-768x512.jpg 768w, https:\/\/www.johannagullichsen.com\/wp-content\/uploads\/2024\/01\/Johanna-Gullichsen-Doris-straw-and-lime-and-Tithonus-ochre-1536x1024.jpg 1536w\" sizes=\"auto, (max-width: 1800px) 100vw, 1800px\" \/><\/a><\/div>\n<div><a href=\"https:\/\/www.johannagullichsen.com\/wp-content\/uploads\/2020\/06\/Johanna-Gullichsen-Doris-straw-cushion-and-yellow-and-lime-fabrics.jpg\"><img loading=\"lazy\" decoding=\"async\" class=\"aligncenter wp-image-22192 size-full\" src=\"https:\/\/www.johannagullichsen.com\/wp-content\/uploads\/2020\/06\/Johanna-Gullichsen-Doris-straw-cushion-and-yellow-and-lime-fabrics.jpg\" alt=\"\" width=\"1600\" height=\"1200\" srcset=\"https:\/\/www.johannagullichsen.com\/wp-content\/uploads\/2020\/06\/Johanna-Gullichsen-Doris-straw-cushion-and-yellow-and-lime-fabrics.jpg 1600w, https:\/\/www.johannagullichsen.com\/wp-content\/uploads\/2020\/06\/Johanna-Gullichsen-Doris-straw-cushion-and-yellow-and-lime-fabrics-866x650.jpg 866w, https:\/\/www.johannagullichsen.com\/wp-content\/uploads\/2020\/06\/Johanna-Gullichsen-Doris-straw-cushion-and-yellow-and-lime-fabrics-336x252.jpg 336w, https:\/\/www.johannagullichsen.com\/wp-content\/uploads\/2020\/06\/Johanna-Gullichsen-Doris-straw-cushion-and-yellow-and-lime-fabrics-1260x945.jpg 1260w, https:\/\/www.johannagullichsen.com\/wp-content\/uploads\/2020\/06\/Johanna-Gullichsen-Doris-straw-cushion-and-yellow-and-lime-fabrics-300x225.jpg 300w, https:\/\/www.johannagullichsen.com\/wp-content\/uploads\/2020\/06\/Johanna-Gullichsen-Doris-straw-cushion-and-yellow-and-lime-fabrics-1024x768.jpg 1024w, https:\/\/www.johannagullichsen.com\/wp-content\/uploads\/2020\/06\/Johanna-Gullichsen-Doris-straw-cushion-and-yellow-and-lime-fabrics-768x576.jpg 768w, https:\/\/www.johannagullichsen.com\/wp-content\/uploads\/2020\/06\/Johanna-Gullichsen-Doris-straw-cushion-and-yellow-and-lime-fabrics-1536x1152.jpg 1536w\" sizes=\"auto, (max-width: 1600px) 100vw, 1600px\" \/><\/a><\/div>\n<div><a href=\"https:\/\/www.johannagullichsen.com\/fr\/produits\/tissus\/tissu-contract-kronos\/\"><img loading=\"lazy\" decoding=\"async\" class=\"alignnone wp-image-16581 size-full\" src=\"https:\/\/www.johannagullichsen.com\/wp-content\/uploads\/2021\/03\/Johanna-Gullichsen-Kronos-straw-upholstery-1.jpg\" alt=\"\" width=\"1600\" height=\"1200\" srcset=\"https:\/\/www.johannagullichsen.com\/wp-content\/uploads\/2021\/03\/Johanna-Gullichsen-Kronos-straw-upholstery-1.jpg 1600w, https:\/\/www.johannagullichsen.com\/wp-content\/uploads\/2021\/03\/Johanna-Gullichsen-Kronos-straw-upholstery-1-866x650.jpg 866w, https:\/\/www.johannagullichsen.com\/wp-content\/uploads\/2021\/03\/Johanna-Gullichsen-Kronos-straw-upholstery-1-336x252.jpg 336w, https:\/\/www.johannagullichsen.com\/wp-content\/uploads\/2021\/03\/Johanna-Gullichsen-Kronos-straw-upholstery-1-1260x945.jpg 1260w, https:\/\/www.johannagullichsen.com\/wp-content\/uploads\/2021\/03\/Johanna-Gullichsen-Kronos-straw-upholstery-1-300x225.jpg 300w, https:\/\/www.johannagullichsen.com\/wp-content\/uploads\/2021\/03\/Johanna-Gullichsen-Kronos-straw-upholstery-1-1024x768.jpg 1024w, https:\/\/www.johannagullichsen.com\/wp-content\/uploads\/2021\/03\/Johanna-Gullichsen-Kronos-straw-upholstery-1-768x576.jpg 768w, https:\/\/www.johannagullichsen.com\/wp-content\/uploads\/2021\/03\/Johanna-Gullichsen-Kronos-straw-upholstery-1-1536x1152.jpg 1536w\" sizes=\"auto, (max-width: 1600px) 100vw, 1600px\" \/><\/a><\/div>\n<div><a href=\"https:\/\/www.johannagullichsen.com\/fr\/produits\/tissus\/tissu-raita\/\"><img loading=\"lazy\" decoding=\"async\" class=\"aligncenter wp-image-5386 size-full\" src=\"https:\/\/www.johannagullichsen.com\/wp-content\/uploads\/2020\/05\/Johanna_Gullichsen_Raita_Straw1.jpg\" alt=\"\" width=\"1600\" height=\"1200\" srcset=\"https:\/\/www.johannagullichsen.com\/wp-content\/uploads\/2020\/05\/Johanna_Gullichsen_Raita_Straw1.jpg 1600w, https:\/\/www.johannagullichsen.com\/wp-content\/uploads\/2020\/05\/Johanna_Gullichsen_Raita_Straw1-866x650.jpg 866w, https:\/\/www.johannagullichsen.com\/wp-content\/uploads\/2020\/05\/Johanna_Gullichsen_Raita_Straw1-336x252.jpg 336w, https:\/\/www.johannagullichsen.com\/wp-content\/uploads\/2020\/05\/Johanna_Gullichsen_Raita_Straw1-1260x945.jpg 1260w, https:\/\/www.johannagullichsen.com\/wp-content\/uploads\/2020\/05\/Johanna_Gullichsen_Raita_Straw1-300x225.jpg 300w, https:\/\/www.johannagullichsen.com\/wp-content\/uploads\/2020\/05\/Johanna_Gullichsen_Raita_Straw1-1024x768.jpg 1024w, https:\/\/www.johannagullichsen.com\/wp-content\/uploads\/2020\/05\/Johanna_Gullichsen_Raita_Straw1-768x576.jpg 768w, https:\/\/www.johannagullichsen.com\/wp-content\/uploads\/2020\/05\/Johanna_Gullichsen_Raita_Straw1-1536x1152.jpg 1536w\" sizes=\"auto, (max-width: 1600px) 100vw, 1600px\" \/><\/a><a href=\"https:\/\/www.johannagullichsen.com\/wp-content\/uploads\/2021\/03\/Johanna-Gullichsen-Kronos-straw-upholstery-1.jpg\">&lsquo;<\/a><\/div>\n<div><\/div>\n","protected":false},"excerpt":{"rendered":"<p>L&rsquo;ann\u00e9e de la lumi\u00e8re! La paille jaune p\u00e2le s\u00e9duit par sa l\u00e9g\u00e8ret\u00e9; elle est \u00e0 la fois lumineuse et d\u00e9licate, refl\u00e9tant l&rsquo;espoir et la joie. Le jaune donne de l&rsquo;\u00e9nergie,&hellip;<\/p>\n","protected":false},"author":4,"featured_media":0,"parent":0,"menu_order":0,"comment_status":"closed","ping_status":"closed","template":"","meta":{"_acf_changed":false,"footnotes":""},"class_list":["post-22236","page","type-page","status-publish","hentry"],"acf":[],"yoast_head":"<!-- This site is optimized with the Yoast SEO Premium plugin v27.2 (Yoast SEO v27.5) - https:\/\/yoast.com\/product\/yoast-seo-premium-wordpress\/ -->\n<title>Paille - la couleur de l&#039;ann\u00e9e - Johanna Gullichsen<\/title>\n<meta name=\"description\" content=\"L&#039;ann\u00e9e de la lumi\u00e8re!La paille jaune p\u00e2le s\u00e9duit par sa l\u00e9g\u00e8ret\u00e9; elle est \u00e0 la fois lumineuse et d\u00e9licate, refl\u00e9tant l&#039;espoir et la joie.\" \/>\n<meta name=\"robots\" content=\"index, follow, max-snippet:-1, max-image-preview:large, max-video-preview:-1\" \/>\n<link rel=\"canonical\" href=\"https:\/\/www.johannagullichsen.com\/fr\/paille-la-couleur-de-lannee\/\" \/>\n<meta property=\"og:locale\" content=\"fr_FR\" \/>\n<meta property=\"og:type\" content=\"article\" \/>\n<meta property=\"og:title\" content=\"Paille - la couleur de l&#039;ann\u00e9e\" \/>\n<meta property=\"og:description\" content=\"L&#039;ann\u00e9e de la lumi\u00e8re!La paille jaune p\u00e2le s\u00e9duit par sa l\u00e9g\u00e8ret\u00e9; elle est \u00e0 la fois lumineuse et d\u00e9licate, refl\u00e9tant l&#039;espoir et la joie.\" \/>\n<meta property=\"og:url\" content=\"https:\/\/www.johannagullichsen.com\/fr\/paille-la-couleur-de-lannee\/\" \/>\n<meta property=\"og:site_name\" content=\"Johanna Gullichsen\" \/>\n<meta property=\"article:modified_time\" content=\"2024-01-18T13:21:39+00:00\" \/>\n<meta property=\"og:image\" content=\"https:\/\/www.johannagullichsen.com\/wp-content\/uploads\/2024\/01\/Johanna-Gullichsen-Doris-straw-fruits-and-saucer.jpg\" \/>\n<meta name=\"twitter:card\" content=\"summary_large_image\" \/>\n<meta name=\"twitter:label1\" content=\"Dur\u00e9e de lecture estim\u00e9e\" \/>\n\t<meta name=\"twitter:data1\" content=\"2 minutes\" \/>\n<script type=\"application\/ld+json\" class=\"yoast-schema-graph\">{\"@context\":\"https:\\\/\\\/schema.org\",\"@graph\":[{\"@type\":\"WebPage\",\"@id\":\"https:\\\/\\\/www.johannagullichsen.com\\\/fr\\\/paille-la-couleur-de-lannee\\\/\",\"url\":\"https:\\\/\\\/www.johannagullichsen.com\\\/fr\\\/paille-la-couleur-de-lannee\\\/\",\"name\":\"Paille - la couleur de l'ann\u00e9e - Johanna Gullichsen\",\"isPartOf\":{\"@id\":\"https:\\\/\\\/www.johannagullichsen.com\\\/fr\\\/#website\"},\"primaryImageOfPage\":{\"@id\":\"https:\\\/\\\/www.johannagullichsen.com\\\/fr\\\/paille-la-couleur-de-lannee\\\/#primaryimage\"},\"image\":{\"@id\":\"https:\\\/\\\/www.johannagullichsen.com\\\/fr\\\/paille-la-couleur-de-lannee\\\/#primaryimage\"},\"thumbnailUrl\":\"https:\\\/\\\/www.johannagullichsen.com\\\/wp-content\\\/uploads\\\/2024\\\/01\\\/Johanna-Gullichsen-Doris-straw-fruits-and-saucer.jpg\",\"datePublished\":\"2024-01-18T07:13:19+00:00\",\"dateModified\":\"2024-01-18T13:21:39+00:00\",\"description\":\"L'ann\u00e9e de la lumi\u00e8re!La paille jaune p\u00e2le s\u00e9duit par sa l\u00e9g\u00e8ret\u00e9; elle est \u00e0 la fois lumineuse et d\u00e9licate, refl\u00e9tant l'espoir et la joie.\",\"breadcrumb\":{\"@id\":\"https:\\\/\\\/www.johannagullichsen.com\\\/fr\\\/paille-la-couleur-de-lannee\\\/#breadcrumb\"},\"inLanguage\":\"fr-FR\",\"potentialAction\":[{\"@type\":\"ReadAction\",\"target\":[\"https:\\\/\\\/www.johannagullichsen.com\\\/fr\\\/paille-la-couleur-de-lannee\\\/\"]}]},{\"@type\":\"ImageObject\",\"inLanguage\":\"fr-FR\",\"@id\":\"https:\\\/\\\/www.johannagullichsen.com\\\/fr\\\/paille-la-couleur-de-lannee\\\/#primaryimage\",\"url\":\"https:\\\/\\\/www.johannagullichsen.com\\\/wp-content\\\/uploads\\\/2024\\\/01\\\/Johanna-Gullichsen-Doris-straw-fruits-and-saucer.jpg\",\"contentUrl\":\"https:\\\/\\\/www.johannagullichsen.com\\\/wp-content\\\/uploads\\\/2024\\\/01\\\/Johanna-Gullichsen-Doris-straw-fruits-and-saucer.jpg\"},{\"@type\":\"BreadcrumbList\",\"@id\":\"https:\\\/\\\/www.johannagullichsen.com\\\/fr\\\/paille-la-couleur-de-lannee\\\/#breadcrumb\",\"itemListElement\":[{\"@type\":\"ListItem\",\"position\":1,\"name\":\"Home\",\"item\":\"https:\\\/\\\/www.johannagullichsen.com\\\/fr\\\/\"},{\"@type\":\"ListItem\",\"position\":2,\"name\":\"Paille &#8211; la couleur de l&#8217;ann\u00e9e\"}]},{\"@type\":\"WebSite\",\"@id\":\"https:\\\/\\\/www.johannagullichsen.com\\\/fr\\\/#website\",\"url\":\"https:\\\/\\\/www.johannagullichsen.com\\\/fr\\\/\",\"name\":\"Johanna Gullichsen\",\"description\":\"\",\"potentialAction\":[{\"@type\":\"SearchAction\",\"target\":{\"@type\":\"EntryPoint\",\"urlTemplate\":\"https:\\\/\\\/www.johannagullichsen.com\\\/fr\\\/?s={search_term_string}\"},\"query-input\":{\"@type\":\"PropertyValueSpecification\",\"valueRequired\":true,\"valueName\":\"search_term_string\"}}],\"inLanguage\":\"fr-FR\"}]}<\/script>\n<!-- \/ Yoast SEO Premium plugin. -->","yoast_head_json":{"title":"Paille - la couleur de l'ann\u00e9e - Johanna Gullichsen","description":"L'ann\u00e9e de la lumi\u00e8re!La paille jaune p\u00e2le s\u00e9duit par sa l\u00e9g\u00e8ret\u00e9; elle est \u00e0 la fois lumineuse et d\u00e9licate, refl\u00e9tant l'espoir et la joie.","robots":{"index":"index","follow":"follow","max-snippet":"max-snippet:-1","max-image-preview":"max-image-preview:large","max-video-preview":"max-video-preview:-1"},"canonical":"https:\/\/www.johannagullichsen.com\/fr\/paille-la-couleur-de-lannee\/","og_locale":"fr_FR","og_type":"article","og_title":"Paille - la couleur de l'ann\u00e9e","og_description":"L'ann\u00e9e de la lumi\u00e8re!La paille jaune p\u00e2le s\u00e9duit par sa l\u00e9g\u00e8ret\u00e9; elle est \u00e0 la fois lumineuse et d\u00e9licate, refl\u00e9tant l'espoir et la joie.","og_url":"https:\/\/www.johannagullichsen.com\/fr\/paille-la-couleur-de-lannee\/","og_site_name":"Johanna Gullichsen","article_modified_time":"2024-01-18T13:21:39+00:00","og_image":[{"url":"https:\/\/www.johannagullichsen.com\/wp-content\/uploads\/2024\/01\/Johanna-Gullichsen-Doris-straw-fruits-and-saucer.jpg","type":"","width":"","height":""}],"twitter_card":"summary_large_image","twitter_misc":{"Dur\u00e9e de lecture estim\u00e9e":"2 minutes"},"schema":{"@context":"https:\/\/schema.org","@graph":[{"@type":"WebPage","@id":"https:\/\/www.johannagullichsen.com\/fr\/paille-la-couleur-de-lannee\/","url":"https:\/\/www.johannagullichsen.com\/fr\/paille-la-couleur-de-lannee\/","name":"Paille - la couleur de l'ann\u00e9e - Johanna Gullichsen","isPartOf":{"@id":"https:\/\/www.johannagullichsen.com\/fr\/#website"},"primaryImageOfPage":{"@id":"https:\/\/www.johannagullichsen.com\/fr\/paille-la-couleur-de-lannee\/#primaryimage"},"image":{"@id":"https:\/\/www.johannagullichsen.com\/fr\/paille-la-couleur-de-lannee\/#primaryimage"},"thumbnailUrl":"https:\/\/www.johannagullichsen.com\/wp-content\/uploads\/2024\/01\/Johanna-Gullichsen-Doris-straw-fruits-and-saucer.jpg","datePublished":"2024-01-18T07:13:19+00:00","dateModified":"2024-01-18T13:21:39+00:00","description":"L'ann\u00e9e de la lumi\u00e8re!La paille jaune p\u00e2le s\u00e9duit par sa l\u00e9g\u00e8ret\u00e9; elle est \u00e0 la fois lumineuse et d\u00e9licate, refl\u00e9tant l'espoir et la joie.","breadcrumb":{"@id":"https:\/\/www.johannagullichsen.com\/fr\/paille-la-couleur-de-lannee\/#breadcrumb"},"inLanguage":"fr-FR","potentialAction":[{"@type":"ReadAction","target":["https:\/\/www.johannagullichsen.com\/fr\/paille-la-couleur-de-lannee\/"]}]},{"@type":"ImageObject","inLanguage":"fr-FR","@id":"https:\/\/www.johannagullichsen.com\/fr\/paille-la-couleur-de-lannee\/#primaryimage","url":"https:\/\/www.johannagullichsen.com\/wp-content\/uploads\/2024\/01\/Johanna-Gullichsen-Doris-straw-fruits-and-saucer.jpg","contentUrl":"https:\/\/www.johannagullichsen.com\/wp-content\/uploads\/2024\/01\/Johanna-Gullichsen-Doris-straw-fruits-and-saucer.jpg"},{"@type":"BreadcrumbList","@id":"https:\/\/www.johannagullichsen.com\/fr\/paille-la-couleur-de-lannee\/#breadcrumb","itemListElement":[{"@type":"ListItem","position":1,"name":"Home","item":"https:\/\/www.johannagullichsen.com\/fr\/"},{"@type":"ListItem","position":2,"name":"Paille &#8211; la couleur de l&#8217;ann\u00e9e"}]},{"@type":"WebSite","@id":"https:\/\/www.johannagullichsen.com\/fr\/#website","url":"https:\/\/www.johannagullichsen.com\/fr\/","name":"Johanna Gullichsen","description":"","potentialAction":[{"@type":"SearchAction","target":{"@type":"EntryPoint","urlTemplate":"https:\/\/www.johannagullichsen.com\/fr\/?s={search_term_string}"},"query-input":{"@type":"PropertyValueSpecification","valueRequired":true,"valueName":"search_term_string"}}],"inLanguage":"fr-FR"}]}},"_links":{"self":[{"href":"https:\/\/www.johannagullichsen.com\/fr\/wp-json\/wp\/v2\/pages\/22236","targetHints":{"allow":["GET"]}}],"collection":[{"href":"https:\/\/www.johannagullichsen.com\/fr\/wp-json\/wp\/v2\/pages"}],"about":[{"href":"https:\/\/www.johannagullichsen.com\/fr\/wp-json\/wp\/v2\/types\/page"}],"author":[{"embeddable":true,"href":"https:\/\/www.johannagullichsen.com\/fr\/wp-json\/wp\/v2\/users\/4"}],"replies":[{"embeddable":true,"href":"https:\/\/www.johannagullichsen.com\/fr\/wp-json\/wp\/v2\/comments?post=22236"}],"version-history":[{"count":1,"href":"https:\/\/www.johannagullichsen.com\/fr\/wp-json\/wp\/v2\/pages\/22236\/revisions"}],"predecessor-version":[{"id":22237,"href":"https:\/\/www.johannagullichsen.com\/fr\/wp-json\/wp\/v2\/pages\/22236\/revisions\/22237"}],"wp:attachment":[{"href":"https:\/\/www.johannagullichsen.com\/fr\/wp-json\/wp\/v2\/media?parent=22236"}],"curies":[{"name":"wp","href":"https:\/\/api.w.org\/{rel}","templated":true}]}}