{"id":24727,"date":"2024-11-01T14:34:59","date_gmt":"2024-11-01T12:34:59","guid":{"rendered":"https:\/\/www.johannagullichsen.com\/?page_id=24727"},"modified":"2024-11-01T14:37:28","modified_gmt":"2024-11-01T12:37:28","slug":"sari-bremer","status":"publish","type":"page","link":"https:\/\/www.johannagullichsen.com\/fr\/sari-bremer\/","title":{"rendered":"Sari Bremer"},"content":{"rendered":"<p>L&rsquo;atmosph\u00e8re de l&rsquo;atelier de la graveuse Sari Bremer est chaleureuse. Des pinceaux, des plaques d&rsquo;impression inachev\u00e9es, des stylos, des livres et des tabliers sont \u00e9parpill\u00e9s, mais toujours dans un ordre pr\u00e9cis. La presse \u00e0 imprimer rappelle l&rsquo;\u00e9poque des machines \u00e0 vapeur et plusieurs plantes d\u2019int\u00e9rieur ont envahi la fa\u00e7ade de la grande fen\u00eatre. Les \u00e9claboussures de couleurs sur les papiers qui prot\u00e8gent la surface de la table sont tout simplement magnifiques.<a href=\"https:\/\/www.johannagullichsen.com\/wp-content\/uploads\/2024\/10\/Johanna-Gullichsen-Laptop-sleeve-Doris-black.jpg\"><img loading=\"lazy\" decoding=\"async\" class=\"aligncenter wp-image-24703 size-full\" src=\"https:\/\/www.johannagullichsen.com\/wp-content\/uploads\/2024\/10\/Johanna-Gullichsen-Laptop-sleeve-Doris-black.jpg\" alt=\"\" width=\"1020\" height=\"1020\" srcset=\"https:\/\/www.johannagullichsen.com\/wp-content\/uploads\/2024\/10\/Johanna-Gullichsen-Laptop-sleeve-Doris-black.jpg 1020w, https:\/\/www.johannagullichsen.com\/wp-content\/uploads\/2024\/10\/Johanna-Gullichsen-Laptop-sleeve-Doris-black-300x300.jpg 300w, https:\/\/www.johannagullichsen.com\/wp-content\/uploads\/2024\/10\/Johanna-Gullichsen-Laptop-sleeve-Doris-black-230x230.jpg 230w, https:\/\/www.johannagullichsen.com\/wp-content\/uploads\/2024\/10\/Johanna-Gullichsen-Laptop-sleeve-Doris-black-768x768.jpg 768w\" sizes=\"auto, (max-width: 1020px) 100vw, 1020px\" \/><\/a><a href=\"https:\/\/www.johannagullichsen.com\/wp-content\/uploads\/2024\/10\/Johanna-Gullichsen-Shopping-bag-Tilkku-black.jpg\"><img loading=\"lazy\" decoding=\"async\" class=\"aligncenter wp-image-24700 size-large\" src=\"https:\/\/www.johannagullichsen.com\/wp-content\/uploads\/2024\/10\/Johanna-Gullichsen-Shopping-bag-Tilkku-black-1024x1024.jpg\" alt=\"\" width=\"1024\" height=\"1024\" srcset=\"https:\/\/www.johannagullichsen.com\/wp-content\/uploads\/2024\/10\/Johanna-Gullichsen-Shopping-bag-Tilkku-black-1024x1024.jpg 1024w, https:\/\/www.johannagullichsen.com\/wp-content\/uploads\/2024\/10\/Johanna-Gullichsen-Shopping-bag-Tilkku-black-300x300.jpg 300w, https:\/\/www.johannagullichsen.com\/wp-content\/uploads\/2024\/10\/Johanna-Gullichsen-Shopping-bag-Tilkku-black-230x230.jpg 230w, https:\/\/www.johannagullichsen.com\/wp-content\/uploads\/2024\/10\/Johanna-Gullichsen-Shopping-bag-Tilkku-black-768x768.jpg 768w, https:\/\/www.johannagullichsen.com\/wp-content\/uploads\/2024\/10\/Johanna-Gullichsen-Shopping-bag-Tilkku-black.jpg 1080w\" sizes=\"auto, (max-width: 1024px) 100vw, 1024px\" \/><\/a><\/p>\n<p>En cette journ\u00e9e pluvieuse d&rsquo;octobre, nous nous sommes plong\u00e9s dans l&rsquo;atmosph\u00e8re de l&rsquo;atelier de Sari Bremer pour prendre des photos de produits et d\u00e9couvrir son travail.<\/p>\n<p>\u00ab Dans mes images, je me situe \u00e0 la fronti\u00e8re entre le familier et l&rsquo;inconnu, \u00e0 la limite du r\u00e9alisme magique. Dans les th\u00e8mes de mes images, je tisse des liens entre la beaut\u00e9 de la nature et les dangers qui s&rsquo;y cachent \u00bb Bremer d\u00e9crit son travail.<\/p>\n<p><img loading=\"lazy\" decoding=\"async\" class=\"aligncenter wp-image-24695 size-large\" src=\"https:\/\/www.johannagullichsen.com\/wp-content\/uploads\/2024\/10\/Johanna-Gullichsen-baskets-and-Sari-Bremer-artwork-1-1024x768.jpg\" alt=\"\" width=\"1024\" height=\"768\" srcset=\"https:\/\/www.johannagullichsen.com\/wp-content\/uploads\/2024\/10\/Johanna-Gullichsen-baskets-and-Sari-Bremer-artwork-1-1024x768.jpg 1024w, https:\/\/www.johannagullichsen.com\/wp-content\/uploads\/2024\/10\/Johanna-Gullichsen-baskets-and-Sari-Bremer-artwork-1-866x650.jpg 866w, https:\/\/www.johannagullichsen.com\/wp-content\/uploads\/2024\/10\/Johanna-Gullichsen-baskets-and-Sari-Bremer-artwork-1-336x252.jpg 336w, https:\/\/www.johannagullichsen.com\/wp-content\/uploads\/2024\/10\/Johanna-Gullichsen-baskets-and-Sari-Bremer-artwork-1-1260x945.jpg 1260w, https:\/\/www.johannagullichsen.com\/wp-content\/uploads\/2024\/10\/Johanna-Gullichsen-baskets-and-Sari-Bremer-artwork-1-300x225.jpg 300w, https:\/\/www.johannagullichsen.com\/wp-content\/uploads\/2024\/10\/Johanna-Gullichsen-baskets-and-Sari-Bremer-artwork-1-768x576.jpg 768w, https:\/\/www.johannagullichsen.com\/wp-content\/uploads\/2024\/10\/Johanna-Gullichsen-baskets-and-Sari-Bremer-artwork-1-1536x1152.jpg 1536w, https:\/\/www.johannagullichsen.com\/wp-content\/uploads\/2024\/10\/Johanna-Gullichsen-baskets-and-Sari-Bremer-artwork-1.jpg 1600w\" sizes=\"auto, (max-width: 1024px) 100vw, 1024px\" \/><\/p>\n<p>La gravure est un processus long et fastidieux qui implique \u00e0 la fois un travail monotone et de longue haleine et la r\u00e9alisation physique de la gravure. De nombreuses \u00e9tapes sont n\u00e9cessaires pour cr\u00e9er une image, et Bremer travaille sur une seule image pendant des mois.<\/p>\n<p>\u00ab C\u2019est un processus continu, o\u00f9 un th\u00e8me conduit \u00e0 un autre et, d&rsquo;autre part, vous aide \u00e0 revenir \u00e0 un th\u00e8me que vous avez commenc\u00e9 des d\u00e9cennies plus t\u00f4t. Il s&rsquo;agit donc d&rsquo;un cadre d&rsquo;id\u00e9es en expansion \u00bb explique Bremer.<\/p>\n<p>Bremer compare le coloriage \u00e0 la composition et \u00e0 la cuisine :<\/p>\n<p>\u00ab Il faut du temps pour trouver le bon \u00e9quilibre et la bonne combinaison de couleurs afin d&rsquo;\u00e9viter les disparit\u00e9s. Une fois que les couleurs sont bonnes, je les note dans mon carnet de croquis avec des instructions pr\u00e9cises afin de pouvoir imprimer l&rsquo;\u0153uvre presque \u00e0 l&rsquo;identique.<\/p>\n<p>L&rsquo;impression est un art artisanal cr\u00e9atif, et chaque impression est unique. Cependant, la palette de couleurs reste la m\u00eame, avec seulement de l\u00e9g\u00e8res diff\u00e9rences de nuances. Comme en cuisine, il n&rsquo;est pas n\u00e9cessaire de suivre la recette \u00e0 la lettre, mais il ne faut pas trop changer les \u00e9pices, sinon le r\u00e9sultat s&rsquo;en ressentira \u00bb.<\/p>\n<p>Bremer r\u00e9alise actuellement des impressions pour des expositions \u00e0 Gumbostrand Konst &amp; Form \u00e0 Sipoo et \u00e0 la Galleria Saskia \u00e0 Tampere en 2026.<\/p>\n<p>Les \u0153uvres de Sari Bremer sont en vente dans plusieurs galeries en Finlande, et vous pouvez \u00e9galement les voir sur son site web, <a href=\"http:\/\/www.saribremer.net\">www.saribremer.net<\/a> ou sur <a href=\"https:\/\/www.instagram.com\/saribremer_helsinki_printmaker\/\">Instagram<\/a> .<\/p>\n<p>Merci, Sari Bremer, de nous avoir invit\u00e9s \u00e0 visiter votre atelier!<\/p>\n<p><a href=\"https:\/\/www.johannagullichsen.com\/wp-content\/uploads\/2024\/10\/Sari-Bremer.jpg\"><img loading=\"lazy\" decoding=\"async\" class=\"aligncenter wp-image-24707 size-large\" src=\"https:\/\/www.johannagullichsen.com\/wp-content\/uploads\/2024\/10\/Sari-Bremer-576x1024.jpg\" alt=\"\" width=\"576\" height=\"1024\" srcset=\"https:\/\/www.johannagullichsen.com\/wp-content\/uploads\/2024\/10\/Sari-Bremer-576x1024.jpg 576w, https:\/\/www.johannagullichsen.com\/wp-content\/uploads\/2024\/10\/Sari-Bremer-169x300.jpg 169w, https:\/\/www.johannagullichsen.com\/wp-content\/uploads\/2024\/10\/Sari-Bremer-768x1365.jpg 768w, https:\/\/www.johannagullichsen.com\/wp-content\/uploads\/2024\/10\/Sari-Bremer-864x1536.jpg 864w, https:\/\/www.johannagullichsen.com\/wp-content\/uploads\/2024\/10\/Sari-Bremer.jpg 1080w\" sizes=\"auto, (max-width: 576px) 100vw, 576px\" \/><\/a><a href=\"https:\/\/www.johannagullichsen.com\/wp-content\/uploads\/2024\/10\/Johanna-Gullichsen-Discushions-Sari-Bremer-art-work-1.jpg\"><img loading=\"lazy\" decoding=\"async\" class=\"aligncenter wp-image-24712 size-large\" src=\"https:\/\/www.johannagullichsen.com\/wp-content\/uploads\/2024\/10\/Johanna-Gullichsen-Discushions-Sari-Bremer-art-work-1-1024x768.jpg\" alt=\"\" width=\"1024\" height=\"768\" srcset=\"https:\/\/www.johannagullichsen.com\/wp-content\/uploads\/2024\/10\/Johanna-Gullichsen-Discushions-Sari-Bremer-art-work-1-1024x768.jpg 1024w, https:\/\/www.johannagullichsen.com\/wp-content\/uploads\/2024\/10\/Johanna-Gullichsen-Discushions-Sari-Bremer-art-work-1-866x650.jpg 866w, https:\/\/www.johannagullichsen.com\/wp-content\/uploads\/2024\/10\/Johanna-Gullichsen-Discushions-Sari-Bremer-art-work-1-336x252.jpg 336w, https:\/\/www.johannagullichsen.com\/wp-content\/uploads\/2024\/10\/Johanna-Gullichsen-Discushions-Sari-Bremer-art-work-1-1260x945.jpg 1260w, https:\/\/www.johannagullichsen.com\/wp-content\/uploads\/2024\/10\/Johanna-Gullichsen-Discushions-Sari-Bremer-art-work-1-300x225.jpg 300w, https:\/\/www.johannagullichsen.com\/wp-content\/uploads\/2024\/10\/Johanna-Gullichsen-Discushions-Sari-Bremer-art-work-1-768x576.jpg 768w, https:\/\/www.johannagullichsen.com\/wp-content\/uploads\/2024\/10\/Johanna-Gullichsen-Discushions-Sari-Bremer-art-work-1-1536x1152.jpg 1536w, https:\/\/www.johannagullichsen.com\/wp-content\/uploads\/2024\/10\/Johanna-Gullichsen-Discushions-Sari-Bremer-art-work-1.jpg 1600w\" sizes=\"auto, (max-width: 1024px) 100vw, 1024px\" \/><\/a><a href=\"https:\/\/www.johannagullichsen.com\/wp-content\/uploads\/2024\/10\/Johanna-Gullichsen-Chubby-Long-purse-Doris-straw-and-Nereus-dark-blue-1.jpg\"><img loading=\"lazy\" decoding=\"async\" class=\"alignnone wp-image-24716 size-large\" src=\"https:\/\/www.johannagullichsen.com\/wp-content\/uploads\/2024\/10\/Johanna-Gullichsen-Chubby-Long-purse-Doris-straw-and-Nereus-dark-blue-1-1024x768.jpg\" alt=\"\" width=\"1024\" height=\"768\" srcset=\"https:\/\/www.johannagullichsen.com\/wp-content\/uploads\/2024\/10\/Johanna-Gullichsen-Chubby-Long-purse-Doris-straw-and-Nereus-dark-blue-1-1024x768.jpg 1024w, https:\/\/www.johannagullichsen.com\/wp-content\/uploads\/2024\/10\/Johanna-Gullichsen-Chubby-Long-purse-Doris-straw-and-Nereus-dark-blue-1-866x650.jpg 866w, https:\/\/www.johannagullichsen.com\/wp-content\/uploads\/2024\/10\/Johanna-Gullichsen-Chubby-Long-purse-Doris-straw-and-Nereus-dark-blue-1-336x252.jpg 336w, https:\/\/www.johannagullichsen.com\/wp-content\/uploads\/2024\/10\/Johanna-Gullichsen-Chubby-Long-purse-Doris-straw-and-Nereus-dark-blue-1-1260x945.jpg 1260w, https:\/\/www.johannagullichsen.com\/wp-content\/uploads\/2024\/10\/Johanna-Gullichsen-Chubby-Long-purse-Doris-straw-and-Nereus-dark-blue-1-300x225.jpg 300w, https:\/\/www.johannagullichsen.com\/wp-content\/uploads\/2024\/10\/Johanna-Gullichsen-Chubby-Long-purse-Doris-straw-and-Nereus-dark-blue-1-768x576.jpg 768w, https:\/\/www.johannagullichsen.com\/wp-content\/uploads\/2024\/10\/Johanna-Gullichsen-Chubby-Long-purse-Doris-straw-and-Nereus-dark-blue-1-1536x1152.jpg 1536w, https:\/\/www.johannagullichsen.com\/wp-content\/uploads\/2024\/10\/Johanna-Gullichsen-Chubby-Long-purse-Doris-straw-and-Nereus-dark-blue-1.jpg 1600w\" sizes=\"auto, (max-width: 1024px) 100vw, 1024px\" \/><\/a><\/p>\n","protected":false},"excerpt":{"rendered":"<p>L&rsquo;atmosph\u00e8re de l&rsquo;atelier de la graveuse Sari Bremer est chaleureuse. Des pinceaux, des plaques d&rsquo;impression inachev\u00e9es, des stylos, des livres et des tabliers sont \u00e9parpill\u00e9s, mais toujours dans un ordre&hellip;<\/p>\n","protected":false},"author":4,"featured_media":0,"parent":0,"menu_order":0,"comment_status":"closed","ping_status":"closed","template":"","meta":{"_acf_changed":false,"footnotes":""},"class_list":["post-24727","page","type-page","status-publish","hentry"],"acf":[],"yoast_head":"<!-- This site is optimized with the Yoast SEO Premium plugin v27.2 (Yoast SEO v27.5) - https:\/\/yoast.com\/product\/yoast-seo-premium-wordpress\/ -->\n<title>Sari Bremer - Johanna Gullichsen<\/title>\n<meta name=\"robots\" content=\"index, follow, max-snippet:-1, max-image-preview:large, max-video-preview:-1\" \/>\n<link rel=\"canonical\" href=\"https:\/\/www.johannagullichsen.com\/fr\/sari-bremer\/\" \/>\n<meta property=\"og:locale\" content=\"fr_FR\" \/>\n<meta property=\"og:type\" content=\"article\" \/>\n<meta property=\"og:title\" content=\"Sari Bremer\" \/>\n<meta property=\"og:description\" content=\"L&rsquo;atmosph\u00e8re de l&rsquo;atelier de la graveuse Sari Bremer est chaleureuse. Des pinceaux, des plaques d&rsquo;impression inachev\u00e9es, des stylos, des livres et des tabliers sont \u00e9parpill\u00e9s, mais toujours dans un ordre&hellip;\" \/>\n<meta property=\"og:url\" content=\"https:\/\/www.johannagullichsen.com\/fr\/sari-bremer\/\" \/>\n<meta property=\"og:site_name\" content=\"Johanna Gullichsen\" \/>\n<meta property=\"article:modified_time\" content=\"2024-11-01T12:37:28+00:00\" \/>\n<meta property=\"og:image\" content=\"https:\/\/www.johannagullichsen.com\/wp-content\/uploads\/2024\/10\/Johanna-Gullichsen-Laptop-sleeve-Doris-black.jpg\" \/>\n\t<meta property=\"og:image:width\" content=\"1020\" \/>\n\t<meta property=\"og:image:height\" content=\"1020\" \/>\n\t<meta property=\"og:image:type\" content=\"image\/jpeg\" \/>\n<meta name=\"twitter:card\" content=\"summary_large_image\" \/>\n<meta name=\"twitter:label1\" content=\"Dur\u00e9e de lecture estim\u00e9e\" \/>\n\t<meta name=\"twitter:data1\" content=\"3 minutes\" \/>\n<script type=\"application\/ld+json\" class=\"yoast-schema-graph\">{\"@context\":\"https:\\\/\\\/schema.org\",\"@graph\":[{\"@type\":\"WebPage\",\"@id\":\"https:\\\/\\\/www.johannagullichsen.com\\\/fr\\\/sari-bremer\\\/\",\"url\":\"https:\\\/\\\/www.johannagullichsen.com\\\/fr\\\/sari-bremer\\\/\",\"name\":\"Sari Bremer - Johanna Gullichsen\",\"isPartOf\":{\"@id\":\"https:\\\/\\\/www.johannagullichsen.com\\\/fr\\\/#website\"},\"primaryImageOfPage\":{\"@id\":\"https:\\\/\\\/www.johannagullichsen.com\\\/fr\\\/sari-bremer\\\/#primaryimage\"},\"image\":{\"@id\":\"https:\\\/\\\/www.johannagullichsen.com\\\/fr\\\/sari-bremer\\\/#primaryimage\"},\"thumbnailUrl\":\"https:\\\/\\\/www.johannagullichsen.com\\\/wp-content\\\/uploads\\\/2024\\\/10\\\/Johanna-Gullichsen-Laptop-sleeve-Doris-black.jpg\",\"datePublished\":\"2024-11-01T12:34:59+00:00\",\"dateModified\":\"2024-11-01T12:37:28+00:00\",\"breadcrumb\":{\"@id\":\"https:\\\/\\\/www.johannagullichsen.com\\\/fr\\\/sari-bremer\\\/#breadcrumb\"},\"inLanguage\":\"fr-FR\",\"potentialAction\":[{\"@type\":\"ReadAction\",\"target\":[\"https:\\\/\\\/www.johannagullichsen.com\\\/fr\\\/sari-bremer\\\/\"]}]},{\"@type\":\"ImageObject\",\"inLanguage\":\"fr-FR\",\"@id\":\"https:\\\/\\\/www.johannagullichsen.com\\\/fr\\\/sari-bremer\\\/#primaryimage\",\"url\":\"https:\\\/\\\/www.johannagullichsen.com\\\/wp-content\\\/uploads\\\/2024\\\/10\\\/Johanna-Gullichsen-Laptop-sleeve-Doris-black.jpg\",\"contentUrl\":\"https:\\\/\\\/www.johannagullichsen.com\\\/wp-content\\\/uploads\\\/2024\\\/10\\\/Johanna-Gullichsen-Laptop-sleeve-Doris-black.jpg\"},{\"@type\":\"BreadcrumbList\",\"@id\":\"https:\\\/\\\/www.johannagullichsen.com\\\/fr\\\/sari-bremer\\\/#breadcrumb\",\"itemListElement\":[{\"@type\":\"ListItem\",\"position\":1,\"name\":\"Home\",\"item\":\"https:\\\/\\\/www.johannagullichsen.com\\\/fr\\\/\"},{\"@type\":\"ListItem\",\"position\":2,\"name\":\"Sari Bremer\"}]},{\"@type\":\"WebSite\",\"@id\":\"https:\\\/\\\/www.johannagullichsen.com\\\/fr\\\/#website\",\"url\":\"https:\\\/\\\/www.johannagullichsen.com\\\/fr\\\/\",\"name\":\"Johanna Gullichsen\",\"description\":\"\",\"potentialAction\":[{\"@type\":\"SearchAction\",\"target\":{\"@type\":\"EntryPoint\",\"urlTemplate\":\"https:\\\/\\\/www.johannagullichsen.com\\\/fr\\\/?s={search_term_string}\"},\"query-input\":{\"@type\":\"PropertyValueSpecification\",\"valueRequired\":true,\"valueName\":\"search_term_string\"}}],\"inLanguage\":\"fr-FR\"}]}<\/script>\n<!-- \/ Yoast SEO Premium plugin. -->","yoast_head_json":{"title":"Sari Bremer - Johanna Gullichsen","robots":{"index":"index","follow":"follow","max-snippet":"max-snippet:-1","max-image-preview":"max-image-preview:large","max-video-preview":"max-video-preview:-1"},"canonical":"https:\/\/www.johannagullichsen.com\/fr\/sari-bremer\/","og_locale":"fr_FR","og_type":"article","og_title":"Sari Bremer","og_description":"L&rsquo;atmosph\u00e8re de l&rsquo;atelier de la graveuse Sari Bremer est chaleureuse. Des pinceaux, des plaques d&rsquo;impression inachev\u00e9es, des stylos, des livres et des tabliers sont \u00e9parpill\u00e9s, mais toujours dans un ordre&hellip;","og_url":"https:\/\/www.johannagullichsen.com\/fr\/sari-bremer\/","og_site_name":"Johanna Gullichsen","article_modified_time":"2024-11-01T12:37:28+00:00","og_image":[{"width":1020,"height":1020,"url":"https:\/\/www.johannagullichsen.com\/wp-content\/uploads\/2024\/10\/Johanna-Gullichsen-Laptop-sleeve-Doris-black.jpg","type":"image\/jpeg"}],"twitter_card":"summary_large_image","twitter_misc":{"Dur\u00e9e de lecture estim\u00e9e":"3 minutes"},"schema":{"@context":"https:\/\/schema.org","@graph":[{"@type":"WebPage","@id":"https:\/\/www.johannagullichsen.com\/fr\/sari-bremer\/","url":"https:\/\/www.johannagullichsen.com\/fr\/sari-bremer\/","name":"Sari Bremer - Johanna Gullichsen","isPartOf":{"@id":"https:\/\/www.johannagullichsen.com\/fr\/#website"},"primaryImageOfPage":{"@id":"https:\/\/www.johannagullichsen.com\/fr\/sari-bremer\/#primaryimage"},"image":{"@id":"https:\/\/www.johannagullichsen.com\/fr\/sari-bremer\/#primaryimage"},"thumbnailUrl":"https:\/\/www.johannagullichsen.com\/wp-content\/uploads\/2024\/10\/Johanna-Gullichsen-Laptop-sleeve-Doris-black.jpg","datePublished":"2024-11-01T12:34:59+00:00","dateModified":"2024-11-01T12:37:28+00:00","breadcrumb":{"@id":"https:\/\/www.johannagullichsen.com\/fr\/sari-bremer\/#breadcrumb"},"inLanguage":"fr-FR","potentialAction":[{"@type":"ReadAction","target":["https:\/\/www.johannagullichsen.com\/fr\/sari-bremer\/"]}]},{"@type":"ImageObject","inLanguage":"fr-FR","@id":"https:\/\/www.johannagullichsen.com\/fr\/sari-bremer\/#primaryimage","url":"https:\/\/www.johannagullichsen.com\/wp-content\/uploads\/2024\/10\/Johanna-Gullichsen-Laptop-sleeve-Doris-black.jpg","contentUrl":"https:\/\/www.johannagullichsen.com\/wp-content\/uploads\/2024\/10\/Johanna-Gullichsen-Laptop-sleeve-Doris-black.jpg"},{"@type":"BreadcrumbList","@id":"https:\/\/www.johannagullichsen.com\/fr\/sari-bremer\/#breadcrumb","itemListElement":[{"@type":"ListItem","position":1,"name":"Home","item":"https:\/\/www.johannagullichsen.com\/fr\/"},{"@type":"ListItem","position":2,"name":"Sari Bremer"}]},{"@type":"WebSite","@id":"https:\/\/www.johannagullichsen.com\/fr\/#website","url":"https:\/\/www.johannagullichsen.com\/fr\/","name":"Johanna Gullichsen","description":"","potentialAction":[{"@type":"SearchAction","target":{"@type":"EntryPoint","urlTemplate":"https:\/\/www.johannagullichsen.com\/fr\/?s={search_term_string}"},"query-input":{"@type":"PropertyValueSpecification","valueRequired":true,"valueName":"search_term_string"}}],"inLanguage":"fr-FR"}]}},"_links":{"self":[{"href":"https:\/\/www.johannagullichsen.com\/fr\/wp-json\/wp\/v2\/pages\/24727","targetHints":{"allow":["GET"]}}],"collection":[{"href":"https:\/\/www.johannagullichsen.com\/fr\/wp-json\/wp\/v2\/pages"}],"about":[{"href":"https:\/\/www.johannagullichsen.com\/fr\/wp-json\/wp\/v2\/types\/page"}],"author":[{"embeddable":true,"href":"https:\/\/www.johannagullichsen.com\/fr\/wp-json\/wp\/v2\/users\/4"}],"replies":[{"embeddable":true,"href":"https:\/\/www.johannagullichsen.com\/fr\/wp-json\/wp\/v2\/comments?post=24727"}],"version-history":[{"count":2,"href":"https:\/\/www.johannagullichsen.com\/fr\/wp-json\/wp\/v2\/pages\/24727\/revisions"}],"predecessor-version":[{"id":24729,"href":"https:\/\/www.johannagullichsen.com\/fr\/wp-json\/wp\/v2\/pages\/24727\/revisions\/24729"}],"wp:attachment":[{"href":"https:\/\/www.johannagullichsen.com\/fr\/wp-json\/wp\/v2\/media?parent=24727"}],"curies":[{"name":"wp","href":"https:\/\/api.w.org\/{rel}","templated":true}]}}