{"id":29272,"date":"2025-11-14T14:03:34","date_gmt":"2025-11-14T12:03:34","guid":{"rendered":"https:\/\/www.johannagullichsen.com\/?page_id=29272"},"modified":"2025-11-14T13:50:10","modified_gmt":"2025-11-14T11:50:10","slug":"selectionne-par-johanna","status":"publish","type":"page","link":"https:\/\/www.johannagullichsen.com\/fr\/selectionne-par-johanna\/","title":{"rendered":"S\u00e9lectionn\u00e9 par Johanna"},"content":{"rendered":"<h3 class=\"p1\"><a href=\"https:\/\/www.johannagullichsen.com\/wp-content\/uploads\/2025\/11\/Framnas-scarfs-3.1.jpg\"><img loading=\"lazy\" decoding=\"async\" class=\"aligncenter wp-image-29225 size-full\" src=\"https:\/\/www.johannagullichsen.com\/wp-content\/uploads\/2025\/11\/Framnas-scarfs-3.1.jpg\" alt=\"\" width=\"1600\" height=\"792\" srcset=\"https:\/\/www.johannagullichsen.com\/wp-content\/uploads\/2025\/11\/Framnas-scarfs-3.1.jpg 1600w, https:\/\/www.johannagullichsen.com\/wp-content\/uploads\/2025\/11\/Framnas-scarfs-3.1-300x149.jpg 300w, https:\/\/www.johannagullichsen.com\/wp-content\/uploads\/2025\/11\/Framnas-scarfs-3.1-1024x507.jpg 1024w, https:\/\/www.johannagullichsen.com\/wp-content\/uploads\/2025\/11\/Framnas-scarfs-3.1-768x380.jpg 768w, https:\/\/www.johannagullichsen.com\/wp-content\/uploads\/2025\/11\/Framnas-scarfs-3.1-1536x760.jpg 1536w, https:\/\/www.johannagullichsen.com\/wp-content\/uploads\/2025\/11\/Framnas-scarfs-3.1-1260x624.jpg 1260w\" sizes=\"auto, (max-width: 1600px) 100vw, 1600px\" \/><\/a><\/h3>\n<h3 class=\"p1\">Framn\u00e4s F\u00e4rg och V\u00e4v &#8211; \u00c9charpes tiss\u00e9es \u00e0 la main et teintes \u00e0 base de plantes de Bromarv.<\/h3>\n<p class=\"p1\">La s\u00e9lection de Johanna est devenue une tradition de No\u00ebl, mettant en avant les artisans et les artistes dont le travail enchante ou inspire Johanna Gullichsen. Cette ann\u00e9e, notre boutique d&rsquo;Helsinki vend une charmante s\u00e9rie d&rsquo;\u00e9charpes en laine teintes \u00e0 base de plantes et tiss\u00e9es \u00e0 la main par Framn\u00e4s F\u00e4rg och V\u00e4v. Annika Luther et Gunilla Donner ont fond\u00e9 Framn\u00e4s F\u00e4rg och V\u00e4v (Framn\u00e4s Dye and Weave) au printemps 2025.<\/p>\n<p class=\"p1\">Annika et Johanna sont devenues amies lorsqu&rsquo;elles \u00e9taient \u00e9coli\u00e8res. Avant m\u00eame que Johanna ne commence \u00e0 \u00e9tudier le textile, les deux amies s&rsquo;adonnaient \u00e0 la teinture v\u00e9g\u00e9tale, fabriquant des rubans et des tissus imprim\u00e9s. Elles \u00e9taient \u00e9galement passionn\u00e9es de tricot. Johanna a fait carri\u00e8re dans le textile, tandis qu&rsquo;Annika a fait de l&rsquo;artisanat son passe-temps favori. Annika a pass\u00e9 sa vie professionnelle comme professeure de biologie et \u00e9crivaine. Gunilla est \u00e9galement biologiste, c&rsquo;est pourquoi Framn\u00e4s F\u00e4rg och V\u00e4v s&rsquo;appuie sur une solide connaissance des plantes et une grande appr\u00e9ciation de la nature.<\/p>\n<h3 class=\"p1\">La magie d&rsquo;une retraite estivale<\/h3>\n<p class=\"p1\">Gunilla est la belle-s\u0153ur d&rsquo;Annika. Elles passent tout l&rsquo;\u00e9t\u00e9 ensemble dans leur maison de vacances sur la c\u00f4te, \u00e0 Bromarv. Gunilla s&rsquo;int\u00e9resse depuis longtemps \u00e0 la teinture v\u00e9g\u00e9tale et a accumul\u00e9 une importante collection de fils magnifiquement teints. Annika, quant \u00e0 elle, a suivi des cours de tissage au centre d&rsquo;\u00e9ducation pour adultes et \u00e0 l&rsquo;Association finlandaise des tisserands apr\u00e8s avoir pris sa retraite il y a quelques ann\u00e9es. Au printemps 2025, Annika et Gunilla ont d\u00e9cid\u00e9 de mettre en commun leurs comp\u00e9tences, et c&rsquo;est ainsi qu&rsquo;est n\u00e9e Framn\u00e4s F\u00e4rg och V\u00e4v. Gunilla est responsable de la teinture des fils, et Annika du tissage des \u00e9charpes. Le c\u0153ur de leur entreprise est leur maison de vacances commune. Gunilla dispose de plaques chauffantes sur sa v\u00e9randa, qu&rsquo;elle utilise pour teindre les fils. Les m\u00e9tiers \u00e0 tisser l\u00e9gers d&rsquo;Annika peuvent \u00eatre d\u00e9plac\u00e9s d&rsquo;un endroit \u00e0 l&rsquo;autre selon les besoins.<\/p>\n<h3 class=\"p1\">Une palette de couleurs vari\u00e9e<\/h3>\n<p class=\"p1\">Gunilla et Annika cueillent la plupart des plantes utilis\u00e9es pour la teinture dans la nature \u00e0 Bromarv. Parfois, les plantes sont utilis\u00e9es imm\u00e9diatement, tandis que d&rsquo;autres fois, elles sont s\u00e9ch\u00e9es pour \u00eatre utilis\u00e9es plus tard. La bruy\u00e8re, les feuilles de bouleau, le marronnier d&rsquo;Inde et la verge d&rsquo;or, entre autres, ont fini dans les pots de teinture de Gunilla. Elle utilise le chou du jardin pour teindre une nuance rare de bleu ciel. Les plantes tinctoriales peuvent \u00eatre cueillies tout au long de la saison de croissance jusqu&rsquo;\u00e0 l&rsquo;automne, o\u00f9 il est conseill\u00e9 de r\u00e9colter des champignons tinctoriaux pour les stocker. Par exemple, les chapeaux des champignons sanguinaires produisent des nuances rouge vif, et les tiges produisent des nuances orange.<\/p>\n<p class=\"p1\">On peut parfois m\u00eame trouver des plantes en ville. Annika a cueilli des noix dans un parc d&rsquo;Helsinki, qui ont produit de belles nuances brun fonc\u00e9. Il est \u00e9galement int\u00e9ressant de collecter les noyaux d&rsquo;avocat dans votre propre cuisine, qui peuvent \u00eatre utilis\u00e9s pour obtenir une teinte rose d\u00e9licate. Gunilla exp\u00e9rimente et recherche constamment de nouvelles plantes.<\/p>\n<p><a href=\"https:\/\/www.johannagullichsen.com\/wp-content\/uploads\/2025\/11\/Framnas-collection.jpg\"><img loading=\"lazy\" decoding=\"async\" class=\"aligncenter wp-image-29257 size-full\" src=\"https:\/\/www.johannagullichsen.com\/wp-content\/uploads\/2025\/11\/Framnas-collection.jpg\" alt=\"\" width=\"1479\" height=\"678\" srcset=\"https:\/\/www.johannagullichsen.com\/wp-content\/uploads\/2025\/11\/Framnas-collection.jpg 1479w, https:\/\/www.johannagullichsen.com\/wp-content\/uploads\/2025\/11\/Framnas-collection-300x138.jpg 300w, https:\/\/www.johannagullichsen.com\/wp-content\/uploads\/2025\/11\/Framnas-collection-1024x469.jpg 1024w, https:\/\/www.johannagullichsen.com\/wp-content\/uploads\/2025\/11\/Framnas-collection-768x352.jpg 768w, https:\/\/www.johannagullichsen.com\/wp-content\/uploads\/2025\/11\/Framnas-collection-1260x578.jpg 1260w\" sizes=\"auto, (max-width: 1479px) 100vw, 1479px\" \/><\/a><\/p>\n<h3 class=\"p1\">Chaque \u00e9charpe est num\u00e9rot\u00e9e<\/h3>\n<p class=\"p1\">Le travail d&rsquo;Annika combine une approche simple et rapide avec une m\u00e9thode qui exige de la patience dans le tissage. Annika aime la vari\u00e9t\u00e9 dans son travail, c&rsquo;est pourquoi elle cr\u00e9e une nouvelle cha\u00eene pour chaque \u00e9charpe, rendant chacune d&rsquo;entre elles unique. Annika trouve souvent l&rsquo;inspiration dans des fils pr\u00e9-teints et s\u00e9lectionne ceux qui conviennent \u00e0 sa prochaine \u00e9charpe. Elle demande parfois \u00e0 Gunilla de lui fournir davantage de couleurs sp\u00e9cifiques. Annika combine parfois des fils recycl\u00e9s noirs, blancs et gris dans ses \u00e9charpes, qu&rsquo;elle d\u00e9fait \u00e0 partir de vieux pulls qu&rsquo;elle ach\u00e8te dans des march\u00e9s aux puces. Annika ne dessine pas \u00e0 l&rsquo;avance ses mod\u00e8les d&rsquo;\u00e9charpes sur papier, mais elle a toujours une vision claire du type d&rsquo;\u00e9charpe qu&rsquo;elle souhaite tisser ensuite. Le moment le plus excitant du processus est celui o\u00f9 elle retire l&rsquo;\u00e9charpe fra\u00eechement tiss\u00e9e du m\u00e9tier \u00e0 tisser. Ce n&rsquo;est qu&rsquo;\u00e0 ce moment-l\u00e0 qu&rsquo;elle peut voir \u00e0 quoi ressemble r\u00e9ellement l&rsquo;\u00e9charpe. Apr\u00e8s le tissage, Annika ajoute des franges \u00e0 l&rsquo;\u00e9charpe et la lave pour la finir. Enfin, elle note les plantes tinctoriales utilis\u00e9es sur la fiche produit et num\u00e9rote l&rsquo;\u00e9charpe. Il faut en moyenne deux jours de travail pour fabriquer une \u00e9charpe.<\/p>\n<p class=\"p1\">La saison estivale \u00e0 Framn\u00e4s est d\u00e9j\u00e0 termin\u00e9e, mais le projet se poursuivra tant qu&rsquo;il sera source de plaisir. Annika va maintenant suivre de nouveaux cours de tissage afin d&rsquo;apprendre de nouvelles techniques. \u00ab Travailler de mes mains me rend heureuse \u00bb, r\u00e9sume Annika \u00e0 propos de son travail. La magie de cet endroit estival la r\u00e9chauffe tout au long de l&rsquo;ann\u00e9e sous la forme d&rsquo;\u00e9charpes.<\/p>\n<p><a href=\"https:\/\/www.johannagullichsen.com\/wp-content\/uploads\/2025\/11\/Framnas-scarfs-11-copy.jpg\"><img loading=\"lazy\" decoding=\"async\" class=\"aligncenter wp-image-29261 size-full\" src=\"https:\/\/www.johannagullichsen.com\/wp-content\/uploads\/2025\/11\/Framnas-scarfs-11-copy.jpg\" alt=\"\" width=\"1600\" height=\"1172\" srcset=\"https:\/\/www.johannagullichsen.com\/wp-content\/uploads\/2025\/11\/Framnas-scarfs-11-copy.jpg 1600w, https:\/\/www.johannagullichsen.com\/wp-content\/uploads\/2025\/11\/Framnas-scarfs-11-copy-300x220.jpg 300w, https:\/\/www.johannagullichsen.com\/wp-content\/uploads\/2025\/11\/Framnas-scarfs-11-copy-1024x750.jpg 1024w, https:\/\/www.johannagullichsen.com\/wp-content\/uploads\/2025\/11\/Framnas-scarfs-11-copy-768x563.jpg 768w, https:\/\/www.johannagullichsen.com\/wp-content\/uploads\/2025\/11\/Framnas-scarfs-11-copy-1536x1125.jpg 1536w, https:\/\/www.johannagullichsen.com\/wp-content\/uploads\/2025\/11\/Framnas-scarfs-11-copy-1260x923.jpg 1260w\" sizes=\"auto, (max-width: 1600px) 100vw, 1600px\" \/><\/a><\/p>\n","protected":false},"excerpt":{"rendered":"<p>Framn\u00e4s F\u00e4rg och V\u00e4v &#8211; \u00c9charpes tiss\u00e9es \u00e0 la main et teintes \u00e0 base de plantes de Bromarv. La s\u00e9lection de Johanna est devenue une tradition de No\u00ebl, mettant en&hellip;<\/p>\n","protected":false},"author":4,"featured_media":0,"parent":0,"menu_order":0,"comment_status":"closed","ping_status":"closed","template":"","meta":{"_acf_changed":false,"footnotes":""},"class_list":["post-29272","page","type-page","status-publish","hentry"],"acf":[],"yoast_head":"<!-- This site is optimized with the Yoast SEO Premium plugin v27.2 (Yoast SEO v27.5) - https:\/\/yoast.com\/product\/yoast-seo-premium-wordpress\/ -->\n<title>S\u00e9lectionn\u00e9 par Johanna - Johanna Gullichsen<\/title>\n<meta name=\"robots\" content=\"index, follow, max-snippet:-1, max-image-preview:large, max-video-preview:-1\" \/>\n<link rel=\"canonical\" href=\"https:\/\/www.johannagullichsen.com\/fr\/selectionne-par-johanna\/\" \/>\n<meta property=\"og:locale\" content=\"fr_FR\" \/>\n<meta property=\"og:type\" content=\"article\" \/>\n<meta property=\"og:title\" content=\"S\u00e9lectionn\u00e9 par Johanna\" \/>\n<meta property=\"og:description\" content=\"Framn\u00e4s F\u00e4rg och V\u00e4v &#8211; \u00c9charpes tiss\u00e9es \u00e0 la main et teintes \u00e0 base de plantes de Bromarv. La s\u00e9lection de Johanna est devenue une tradition de No\u00ebl, mettant en&hellip;\" \/>\n<meta property=\"og:url\" content=\"https:\/\/www.johannagullichsen.com\/fr\/selectionne-par-johanna\/\" \/>\n<meta property=\"og:site_name\" content=\"Johanna Gullichsen\" \/>\n<meta property=\"og:image\" content=\"https:\/\/www.johannagullichsen.com\/wp-content\/uploads\/2025\/11\/Framnas-scarfs-3.1.jpg\" \/>\n\t<meta property=\"og:image:width\" content=\"1600\" \/>\n\t<meta property=\"og:image:height\" content=\"792\" \/>\n\t<meta property=\"og:image:type\" content=\"image\/jpeg\" \/>\n<meta name=\"twitter:card\" content=\"summary_large_image\" \/>\n<meta name=\"twitter:label1\" content=\"Dur\u00e9e de lecture estim\u00e9e\" \/>\n\t<meta name=\"twitter:data1\" content=\"5 minutes\" \/>\n<script type=\"application\/ld+json\" class=\"yoast-schema-graph\">{\"@context\":\"https:\\\/\\\/schema.org\",\"@graph\":[{\"@type\":\"WebPage\",\"@id\":\"https:\\\/\\\/www.johannagullichsen.com\\\/fr\\\/selectionne-par-johanna\\\/\",\"url\":\"https:\\\/\\\/www.johannagullichsen.com\\\/fr\\\/selectionne-par-johanna\\\/\",\"name\":\"S\u00e9lectionn\u00e9 par Johanna - Johanna Gullichsen\",\"isPartOf\":{\"@id\":\"https:\\\/\\\/www.johannagullichsen.com\\\/fr\\\/#website\"},\"primaryImageOfPage\":{\"@id\":\"https:\\\/\\\/www.johannagullichsen.com\\\/fr\\\/selectionne-par-johanna\\\/#primaryimage\"},\"image\":{\"@id\":\"https:\\\/\\\/www.johannagullichsen.com\\\/fr\\\/selectionne-par-johanna\\\/#primaryimage\"},\"thumbnailUrl\":\"https:\\\/\\\/www.johannagullichsen.com\\\/wp-content\\\/uploads\\\/2025\\\/11\\\/Framnas-scarfs-3.1.jpg\",\"datePublished\":\"2025-11-14T12:03:34+00:00\",\"breadcrumb\":{\"@id\":\"https:\\\/\\\/www.johannagullichsen.com\\\/fr\\\/selectionne-par-johanna\\\/#breadcrumb\"},\"inLanguage\":\"fr-FR\",\"potentialAction\":[{\"@type\":\"ReadAction\",\"target\":[\"https:\\\/\\\/www.johannagullichsen.com\\\/fr\\\/selectionne-par-johanna\\\/\"]}]},{\"@type\":\"ImageObject\",\"inLanguage\":\"fr-FR\",\"@id\":\"https:\\\/\\\/www.johannagullichsen.com\\\/fr\\\/selectionne-par-johanna\\\/#primaryimage\",\"url\":\"https:\\\/\\\/www.johannagullichsen.com\\\/wp-content\\\/uploads\\\/2025\\\/11\\\/Framnas-scarfs-3.1.jpg\",\"contentUrl\":\"https:\\\/\\\/www.johannagullichsen.com\\\/wp-content\\\/uploads\\\/2025\\\/11\\\/Framnas-scarfs-3.1.jpg\"},{\"@type\":\"BreadcrumbList\",\"@id\":\"https:\\\/\\\/www.johannagullichsen.com\\\/fr\\\/selectionne-par-johanna\\\/#breadcrumb\",\"itemListElement\":[{\"@type\":\"ListItem\",\"position\":1,\"name\":\"Home\",\"item\":\"https:\\\/\\\/www.johannagullichsen.com\\\/fr\\\/\"},{\"@type\":\"ListItem\",\"position\":2,\"name\":\"S\u00e9lectionn\u00e9 par Johanna\"}]},{\"@type\":\"WebSite\",\"@id\":\"https:\\\/\\\/www.johannagullichsen.com\\\/fr\\\/#website\",\"url\":\"https:\\\/\\\/www.johannagullichsen.com\\\/fr\\\/\",\"name\":\"Johanna Gullichsen\",\"description\":\"\",\"potentialAction\":[{\"@type\":\"SearchAction\",\"target\":{\"@type\":\"EntryPoint\",\"urlTemplate\":\"https:\\\/\\\/www.johannagullichsen.com\\\/fr\\\/?s={search_term_string}\"},\"query-input\":{\"@type\":\"PropertyValueSpecification\",\"valueRequired\":true,\"valueName\":\"search_term_string\"}}],\"inLanguage\":\"fr-FR\"}]}<\/script>\n<!-- \/ Yoast SEO Premium plugin. -->","yoast_head_json":{"title":"S\u00e9lectionn\u00e9 par Johanna - Johanna Gullichsen","robots":{"index":"index","follow":"follow","max-snippet":"max-snippet:-1","max-image-preview":"max-image-preview:large","max-video-preview":"max-video-preview:-1"},"canonical":"https:\/\/www.johannagullichsen.com\/fr\/selectionne-par-johanna\/","og_locale":"fr_FR","og_type":"article","og_title":"S\u00e9lectionn\u00e9 par Johanna","og_description":"Framn\u00e4s F\u00e4rg och V\u00e4v &#8211; \u00c9charpes tiss\u00e9es \u00e0 la main et teintes \u00e0 base de plantes de Bromarv. La s\u00e9lection de Johanna est devenue une tradition de No\u00ebl, mettant en&hellip;","og_url":"https:\/\/www.johannagullichsen.com\/fr\/selectionne-par-johanna\/","og_site_name":"Johanna Gullichsen","og_image":[{"width":1600,"height":792,"url":"https:\/\/www.johannagullichsen.com\/wp-content\/uploads\/2025\/11\/Framnas-scarfs-3.1.jpg","type":"image\/jpeg"}],"twitter_card":"summary_large_image","twitter_misc":{"Dur\u00e9e de lecture estim\u00e9e":"5 minutes"},"schema":{"@context":"https:\/\/schema.org","@graph":[{"@type":"WebPage","@id":"https:\/\/www.johannagullichsen.com\/fr\/selectionne-par-johanna\/","url":"https:\/\/www.johannagullichsen.com\/fr\/selectionne-par-johanna\/","name":"S\u00e9lectionn\u00e9 par Johanna - Johanna Gullichsen","isPartOf":{"@id":"https:\/\/www.johannagullichsen.com\/fr\/#website"},"primaryImageOfPage":{"@id":"https:\/\/www.johannagullichsen.com\/fr\/selectionne-par-johanna\/#primaryimage"},"image":{"@id":"https:\/\/www.johannagullichsen.com\/fr\/selectionne-par-johanna\/#primaryimage"},"thumbnailUrl":"https:\/\/www.johannagullichsen.com\/wp-content\/uploads\/2025\/11\/Framnas-scarfs-3.1.jpg","datePublished":"2025-11-14T12:03:34+00:00","breadcrumb":{"@id":"https:\/\/www.johannagullichsen.com\/fr\/selectionne-par-johanna\/#breadcrumb"},"inLanguage":"fr-FR","potentialAction":[{"@type":"ReadAction","target":["https:\/\/www.johannagullichsen.com\/fr\/selectionne-par-johanna\/"]}]},{"@type":"ImageObject","inLanguage":"fr-FR","@id":"https:\/\/www.johannagullichsen.com\/fr\/selectionne-par-johanna\/#primaryimage","url":"https:\/\/www.johannagullichsen.com\/wp-content\/uploads\/2025\/11\/Framnas-scarfs-3.1.jpg","contentUrl":"https:\/\/www.johannagullichsen.com\/wp-content\/uploads\/2025\/11\/Framnas-scarfs-3.1.jpg"},{"@type":"BreadcrumbList","@id":"https:\/\/www.johannagullichsen.com\/fr\/selectionne-par-johanna\/#breadcrumb","itemListElement":[{"@type":"ListItem","position":1,"name":"Home","item":"https:\/\/www.johannagullichsen.com\/fr\/"},{"@type":"ListItem","position":2,"name":"S\u00e9lectionn\u00e9 par Johanna"}]},{"@type":"WebSite","@id":"https:\/\/www.johannagullichsen.com\/fr\/#website","url":"https:\/\/www.johannagullichsen.com\/fr\/","name":"Johanna Gullichsen","description":"","potentialAction":[{"@type":"SearchAction","target":{"@type":"EntryPoint","urlTemplate":"https:\/\/www.johannagullichsen.com\/fr\/?s={search_term_string}"},"query-input":{"@type":"PropertyValueSpecification","valueRequired":true,"valueName":"search_term_string"}}],"inLanguage":"fr-FR"}]}},"_links":{"self":[{"href":"https:\/\/www.johannagullichsen.com\/fr\/wp-json\/wp\/v2\/pages\/29272","targetHints":{"allow":["GET"]}}],"collection":[{"href":"https:\/\/www.johannagullichsen.com\/fr\/wp-json\/wp\/v2\/pages"}],"about":[{"href":"https:\/\/www.johannagullichsen.com\/fr\/wp-json\/wp\/v2\/types\/page"}],"author":[{"embeddable":true,"href":"https:\/\/www.johannagullichsen.com\/fr\/wp-json\/wp\/v2\/users\/4"}],"replies":[{"embeddable":true,"href":"https:\/\/www.johannagullichsen.com\/fr\/wp-json\/wp\/v2\/comments?post=29272"}],"version-history":[{"count":3,"href":"https:\/\/www.johannagullichsen.com\/fr\/wp-json\/wp\/v2\/pages\/29272\/revisions"}],"predecessor-version":[{"id":29275,"href":"https:\/\/www.johannagullichsen.com\/fr\/wp-json\/wp\/v2\/pages\/29272\/revisions\/29275"}],"wp:attachment":[{"href":"https:\/\/www.johannagullichsen.com\/fr\/wp-json\/wp\/v2\/media?parent=29272"}],"curies":[{"name":"wp","href":"https:\/\/api.w.org\/{rel}","templated":true}]}}