{"id":29848,"date":"2025-12-30T14:56:13","date_gmt":"2025-12-30T12:56:13","guid":{"rendered":"https:\/\/www.johannagullichsen.com\/the-colour-of-the-year-is-cirrus\/"},"modified":"2026-01-09T11:14:26","modified_gmt":"2026-01-09T09:14:26","slug":"the-colour-of-the-year-is-cirrus","status":"publish","type":"page","link":"https:\/\/www.johannagullichsen.com\/fr\/the-colour-of-the-year-is-cirrus\/","title":{"rendered":"La couleur de l\u2019ann\u00e9e est Cirrus"},"content":{"rendered":"<p><a href=\"https:\/\/www.johannagullichsen.com\/wp-content\/uploads\/2025\/12\/Johanna-Gullichsen-Doris-Cirrus1.jpg\"><img loading=\"lazy\" decoding=\"async\" class=\"aligncenter wp-image-29779 size-large\" src=\"https:\/\/www.johannagullichsen.com\/wp-content\/uploads\/2025\/12\/Johanna-Gullichsen-Doris-Cirrus1-844x1024.jpg\" alt=\"\" width=\"844\" height=\"1024\" srcset=\"https:\/\/www.johannagullichsen.com\/wp-content\/uploads\/2025\/12\/Johanna-Gullichsen-Doris-Cirrus1-844x1024.jpg 844w, https:\/\/www.johannagullichsen.com\/wp-content\/uploads\/2025\/12\/Johanna-Gullichsen-Doris-Cirrus1-247x300.jpg 247w, https:\/\/www.johannagullichsen.com\/wp-content\/uploads\/2025\/12\/Johanna-Gullichsen-Doris-Cirrus1-768x932.jpg 768w, https:\/\/www.johannagullichsen.com\/wp-content\/uploads\/2025\/12\/Johanna-Gullichsen-Doris-Cirrus1.jpg 1000w\" sizes=\"auto, (max-width: 844px) 100vw, 844px\" \/><\/a><\/p>\n<h3 class=\"p1\">L&rsquo;ann\u00e9e des horizons lointains<\/h3>\n<p>Cirrus, la nuance des nuages de haute altitude, est comme un doux coup de pinceau dans le ciel. Elle \u00e9voque un sentiment de libert\u00e9. Tout en apaisant, Cirrus vous invite \u00e9galement \u00e0 de nouvelles aventures. C&rsquo;est la couleur des horizons lointains.<\/p>\n<p>M\u00ealant des fils blancs, gris doux et bleu vif, Cirrus cr\u00e9e une surface vibrante et lumineuse qui joue magnifiquement avec la lumi\u00e8re, ajoutant profondeur et mouvement au tissu. Associez-le \u00e0 diff\u00e9rentes nuances de bleu pour cr\u00e9er des combinaisons intrigantes. Cirrus est d\u00e9sormais disponible dans le tissu Doris de la collection Normandie. Les nouveaut\u00e9s seront progressivement pr\u00e9sent\u00e9es dans nos magasins et notre boutique en ligne. Restez \u00e0 l&rsquo;\u00e9coute et d\u00e9couvrez votre nouveau produit pr\u00e9f\u00e9r\u00e9.<\/p>\n<p>Mikko Puttonen et Lucas Ruska Martin ont captur\u00e9 l&rsquo;atmosph\u00e8re onirique du bleu dans ces photographies prises lors d&rsquo;un voyage au Japon.<\/p>\n<p><a href=\"https:\/\/www.johannagullichsen.com\/wp-content\/uploads\/2025\/12\/Johanna-Gullichsen-Weekender-cirrus.jpg\"><img loading=\"lazy\" decoding=\"async\" class=\"aligncenter wp-image-29783 size-full\" src=\"https:\/\/www.johannagullichsen.com\/wp-content\/uploads\/2025\/12\/Johanna-Gullichsen-Weekender-cirrus.jpg\" alt=\"\" width=\"1000\" height=\"1000\" srcset=\"https:\/\/www.johannagullichsen.com\/wp-content\/uploads\/2025\/12\/Johanna-Gullichsen-Weekender-cirrus.jpg 1000w, https:\/\/www.johannagullichsen.com\/wp-content\/uploads\/2025\/12\/Johanna-Gullichsen-Weekender-cirrus-300x300.jpg 300w, https:\/\/www.johannagullichsen.com\/wp-content\/uploads\/2025\/12\/Johanna-Gullichsen-Weekender-cirrus-230x230.jpg 230w, https:\/\/www.johannagullichsen.com\/wp-content\/uploads\/2025\/12\/Johanna-Gullichsen-Weekender-cirrus-768x768.jpg 768w\" sizes=\"auto, (max-width: 1000px) 100vw, 1000px\" \/><\/a><\/p>\n<p>A rich spectrum of blues, from deep navy to airy Cirrus.<\/p>\n<p><a href=\"https:\/\/www.johannagullichsen.com\/wp-content\/uploads\/2025\/12\/PR_Johanna_Gullichsen-table-runner-1.jpg\"><img loading=\"lazy\" decoding=\"async\" class=\"aligncenter wp-image-29799 size-full\" src=\"https:\/\/www.johannagullichsen.com\/wp-content\/uploads\/2025\/12\/PR_Johanna_Gullichsen-table-runner-1.jpg\" alt=\"\" width=\"1080\" height=\"1350\" srcset=\"https:\/\/www.johannagullichsen.com\/wp-content\/uploads\/2025\/12\/PR_Johanna_Gullichsen-table-runner-1.jpg 1080w, https:\/\/www.johannagullichsen.com\/wp-content\/uploads\/2025\/12\/PR_Johanna_Gullichsen-table-runner-1-240x300.jpg 240w, https:\/\/www.johannagullichsen.com\/wp-content\/uploads\/2025\/12\/PR_Johanna_Gullichsen-table-runner-1-819x1024.jpg 819w, https:\/\/www.johannagullichsen.com\/wp-content\/uploads\/2025\/12\/PR_Johanna_Gullichsen-table-runner-1-768x960.jpg 768w\" sizes=\"auto, (max-width: 1080px) 100vw, 1080px\" \/><\/a><a href=\"https:\/\/www.johannagullichsen.com\/wp-content\/uploads\/2025\/12\/Johanna-Gullichsen-glass-green-socks.jpg\"><img loading=\"lazy\" decoding=\"async\" class=\"aligncenter wp-image-29803 size-full\" src=\"https:\/\/www.johannagullichsen.com\/wp-content\/uploads\/2025\/12\/Johanna-Gullichsen-glass-green-socks.jpg\" alt=\"\" width=\"1080\" height=\"1350\" srcset=\"https:\/\/www.johannagullichsen.com\/wp-content\/uploads\/2025\/12\/Johanna-Gullichsen-glass-green-socks.jpg 1080w, https:\/\/www.johannagullichsen.com\/wp-content\/uploads\/2025\/12\/Johanna-Gullichsen-glass-green-socks-240x300.jpg 240w, https:\/\/www.johannagullichsen.com\/wp-content\/uploads\/2025\/12\/Johanna-Gullichsen-glass-green-socks-819x1024.jpg 819w, https:\/\/www.johannagullichsen.com\/wp-content\/uploads\/2025\/12\/Johanna-Gullichsen-glass-green-socks-768x960.jpg 768w\" sizes=\"auto, (max-width: 1080px) 100vw, 1080px\" \/><\/a><\/p>\n","protected":false},"excerpt":{"rendered":"<p>L&rsquo;ann\u00e9e des horizons lointains Cirrus, la nuance des nuages de haute altitude, est comme un doux coup de pinceau dans le ciel. Elle \u00e9voque un sentiment de libert\u00e9. Tout en&hellip;<\/p>\n","protected":false},"author":4,"featured_media":0,"parent":0,"menu_order":0,"comment_status":"closed","ping_status":"closed","template":"","meta":{"_acf_changed":false,"footnotes":""},"class_list":["post-29848","page","type-page","status-publish","hentry"],"acf":[],"yoast_head":"<!-- This site is optimized with the Yoast SEO Premium plugin v27.2 (Yoast SEO v27.5) - https:\/\/yoast.com\/product\/yoast-seo-premium-wordpress\/ -->\n<title>La couleur de l\u2019ann\u00e9e est Cirrus - Johanna Gullichsen<\/title>\n<meta name=\"robots\" content=\"index, follow, max-snippet:-1, max-image-preview:large, max-video-preview:-1\" \/>\n<link rel=\"canonical\" href=\"https:\/\/www.johannagullichsen.com\/fr\/the-colour-of-the-year-is-cirrus\/\" \/>\n<meta property=\"og:locale\" content=\"fr_FR\" \/>\n<meta property=\"og:type\" content=\"article\" \/>\n<meta property=\"og:title\" content=\"La couleur de l\u2019ann\u00e9e est Cirrus\" \/>\n<meta property=\"og:description\" content=\"L&rsquo;ann\u00e9e des horizons lointains Cirrus, la nuance des nuages de haute altitude, est comme un doux coup de pinceau dans le ciel. Elle \u00e9voque un sentiment de libert\u00e9. Tout en&hellip;\" \/>\n<meta property=\"og:url\" content=\"https:\/\/www.johannagullichsen.com\/fr\/the-colour-of-the-year-is-cirrus\/\" \/>\n<meta property=\"og:site_name\" content=\"Johanna Gullichsen\" \/>\n<meta property=\"article:modified_time\" content=\"2026-01-09T09:14:26+00:00\" \/>\n<meta property=\"og:image\" content=\"https:\/\/www.johannagullichsen.com\/wp-content\/uploads\/2025\/12\/Johanna-Gullichsen-Doris-Cirrus1.jpg\" \/>\n\t<meta property=\"og:image:width\" content=\"1000\" \/>\n\t<meta property=\"og:image:height\" content=\"1213\" \/>\n\t<meta property=\"og:image:type\" content=\"image\/jpeg\" \/>\n<meta name=\"twitter:card\" content=\"summary_large_image\" \/>\n<meta name=\"twitter:label1\" content=\"Dur\u00e9e de lecture estim\u00e9e\" \/>\n\t<meta name=\"twitter:data1\" content=\"2 minutes\" \/>\n<script type=\"application\/ld+json\" class=\"yoast-schema-graph\">{\"@context\":\"https:\\\/\\\/schema.org\",\"@graph\":[{\"@type\":\"WebPage\",\"@id\":\"https:\\\/\\\/www.johannagullichsen.com\\\/fr\\\/the-colour-of-the-year-is-cirrus\\\/\",\"url\":\"https:\\\/\\\/www.johannagullichsen.com\\\/fr\\\/the-colour-of-the-year-is-cirrus\\\/\",\"name\":\"La couleur de l\u2019ann\u00e9e est Cirrus - Johanna Gullichsen\",\"isPartOf\":{\"@id\":\"https:\\\/\\\/www.johannagullichsen.com\\\/fr\\\/#website\"},\"primaryImageOfPage\":{\"@id\":\"https:\\\/\\\/www.johannagullichsen.com\\\/fr\\\/the-colour-of-the-year-is-cirrus\\\/#primaryimage\"},\"image\":{\"@id\":\"https:\\\/\\\/www.johannagullichsen.com\\\/fr\\\/the-colour-of-the-year-is-cirrus\\\/#primaryimage\"},\"thumbnailUrl\":\"https:\\\/\\\/www.johannagullichsen.com\\\/wp-content\\\/uploads\\\/2025\\\/12\\\/Johanna-Gullichsen-Doris-Cirrus1-844x1024.jpg\",\"datePublished\":\"2025-12-30T12:56:13+00:00\",\"dateModified\":\"2026-01-09T09:14:26+00:00\",\"breadcrumb\":{\"@id\":\"https:\\\/\\\/www.johannagullichsen.com\\\/fr\\\/the-colour-of-the-year-is-cirrus\\\/#breadcrumb\"},\"inLanguage\":\"fr-FR\",\"potentialAction\":[{\"@type\":\"ReadAction\",\"target\":[\"https:\\\/\\\/www.johannagullichsen.com\\\/fr\\\/the-colour-of-the-year-is-cirrus\\\/\"]}]},{\"@type\":\"ImageObject\",\"inLanguage\":\"fr-FR\",\"@id\":\"https:\\\/\\\/www.johannagullichsen.com\\\/fr\\\/the-colour-of-the-year-is-cirrus\\\/#primaryimage\",\"url\":\"https:\\\/\\\/www.johannagullichsen.com\\\/wp-content\\\/uploads\\\/2025\\\/12\\\/Johanna-Gullichsen-Doris-Cirrus1-844x1024.jpg\",\"contentUrl\":\"https:\\\/\\\/www.johannagullichsen.com\\\/wp-content\\\/uploads\\\/2025\\\/12\\\/Johanna-Gullichsen-Doris-Cirrus1-844x1024.jpg\"},{\"@type\":\"BreadcrumbList\",\"@id\":\"https:\\\/\\\/www.johannagullichsen.com\\\/fr\\\/the-colour-of-the-year-is-cirrus\\\/#breadcrumb\",\"itemListElement\":[{\"@type\":\"ListItem\",\"position\":1,\"name\":\"Home\",\"item\":\"https:\\\/\\\/www.johannagullichsen.com\\\/fr\\\/\"},{\"@type\":\"ListItem\",\"position\":2,\"name\":\"La couleur de l\u2019ann\u00e9e est Cirrus\"}]},{\"@type\":\"WebSite\",\"@id\":\"https:\\\/\\\/www.johannagullichsen.com\\\/fr\\\/#website\",\"url\":\"https:\\\/\\\/www.johannagullichsen.com\\\/fr\\\/\",\"name\":\"Johanna Gullichsen\",\"description\":\"\",\"potentialAction\":[{\"@type\":\"SearchAction\",\"target\":{\"@type\":\"EntryPoint\",\"urlTemplate\":\"https:\\\/\\\/www.johannagullichsen.com\\\/fr\\\/?s={search_term_string}\"},\"query-input\":{\"@type\":\"PropertyValueSpecification\",\"valueRequired\":true,\"valueName\":\"search_term_string\"}}],\"inLanguage\":\"fr-FR\"}]}<\/script>\n<!-- \/ Yoast SEO Premium plugin. -->","yoast_head_json":{"title":"La couleur de l\u2019ann\u00e9e est Cirrus - Johanna Gullichsen","robots":{"index":"index","follow":"follow","max-snippet":"max-snippet:-1","max-image-preview":"max-image-preview:large","max-video-preview":"max-video-preview:-1"},"canonical":"https:\/\/www.johannagullichsen.com\/fr\/the-colour-of-the-year-is-cirrus\/","og_locale":"fr_FR","og_type":"article","og_title":"La couleur de l\u2019ann\u00e9e est Cirrus","og_description":"L&rsquo;ann\u00e9e des horizons lointains Cirrus, la nuance des nuages de haute altitude, est comme un doux coup de pinceau dans le ciel. Elle \u00e9voque un sentiment de libert\u00e9. Tout en&hellip;","og_url":"https:\/\/www.johannagullichsen.com\/fr\/the-colour-of-the-year-is-cirrus\/","og_site_name":"Johanna Gullichsen","article_modified_time":"2026-01-09T09:14:26+00:00","og_image":[{"width":1000,"height":1213,"url":"https:\/\/www.johannagullichsen.com\/wp-content\/uploads\/2025\/12\/Johanna-Gullichsen-Doris-Cirrus1.jpg","type":"image\/jpeg"}],"twitter_card":"summary_large_image","twitter_misc":{"Dur\u00e9e de lecture estim\u00e9e":"2 minutes"},"schema":{"@context":"https:\/\/schema.org","@graph":[{"@type":"WebPage","@id":"https:\/\/www.johannagullichsen.com\/fr\/the-colour-of-the-year-is-cirrus\/","url":"https:\/\/www.johannagullichsen.com\/fr\/the-colour-of-the-year-is-cirrus\/","name":"La couleur de l\u2019ann\u00e9e est Cirrus - Johanna Gullichsen","isPartOf":{"@id":"https:\/\/www.johannagullichsen.com\/fr\/#website"},"primaryImageOfPage":{"@id":"https:\/\/www.johannagullichsen.com\/fr\/the-colour-of-the-year-is-cirrus\/#primaryimage"},"image":{"@id":"https:\/\/www.johannagullichsen.com\/fr\/the-colour-of-the-year-is-cirrus\/#primaryimage"},"thumbnailUrl":"https:\/\/www.johannagullichsen.com\/wp-content\/uploads\/2025\/12\/Johanna-Gullichsen-Doris-Cirrus1-844x1024.jpg","datePublished":"2025-12-30T12:56:13+00:00","dateModified":"2026-01-09T09:14:26+00:00","breadcrumb":{"@id":"https:\/\/www.johannagullichsen.com\/fr\/the-colour-of-the-year-is-cirrus\/#breadcrumb"},"inLanguage":"fr-FR","potentialAction":[{"@type":"ReadAction","target":["https:\/\/www.johannagullichsen.com\/fr\/the-colour-of-the-year-is-cirrus\/"]}]},{"@type":"ImageObject","inLanguage":"fr-FR","@id":"https:\/\/www.johannagullichsen.com\/fr\/the-colour-of-the-year-is-cirrus\/#primaryimage","url":"https:\/\/www.johannagullichsen.com\/wp-content\/uploads\/2025\/12\/Johanna-Gullichsen-Doris-Cirrus1-844x1024.jpg","contentUrl":"https:\/\/www.johannagullichsen.com\/wp-content\/uploads\/2025\/12\/Johanna-Gullichsen-Doris-Cirrus1-844x1024.jpg"},{"@type":"BreadcrumbList","@id":"https:\/\/www.johannagullichsen.com\/fr\/the-colour-of-the-year-is-cirrus\/#breadcrumb","itemListElement":[{"@type":"ListItem","position":1,"name":"Home","item":"https:\/\/www.johannagullichsen.com\/fr\/"},{"@type":"ListItem","position":2,"name":"La couleur de l\u2019ann\u00e9e est Cirrus"}]},{"@type":"WebSite","@id":"https:\/\/www.johannagullichsen.com\/fr\/#website","url":"https:\/\/www.johannagullichsen.com\/fr\/","name":"Johanna Gullichsen","description":"","potentialAction":[{"@type":"SearchAction","target":{"@type":"EntryPoint","urlTemplate":"https:\/\/www.johannagullichsen.com\/fr\/?s={search_term_string}"},"query-input":{"@type":"PropertyValueSpecification","valueRequired":true,"valueName":"search_term_string"}}],"inLanguage":"fr-FR"}]}},"_links":{"self":[{"href":"https:\/\/www.johannagullichsen.com\/fr\/wp-json\/wp\/v2\/pages\/29848","targetHints":{"allow":["GET"]}}],"collection":[{"href":"https:\/\/www.johannagullichsen.com\/fr\/wp-json\/wp\/v2\/pages"}],"about":[{"href":"https:\/\/www.johannagullichsen.com\/fr\/wp-json\/wp\/v2\/types\/page"}],"author":[{"embeddable":true,"href":"https:\/\/www.johannagullichsen.com\/fr\/wp-json\/wp\/v2\/users\/4"}],"replies":[{"embeddable":true,"href":"https:\/\/www.johannagullichsen.com\/fr\/wp-json\/wp\/v2\/comments?post=29848"}],"version-history":[{"count":3,"href":"https:\/\/www.johannagullichsen.com\/fr\/wp-json\/wp\/v2\/pages\/29848\/revisions"}],"predecessor-version":[{"id":29906,"href":"https:\/\/www.johannagullichsen.com\/fr\/wp-json\/wp\/v2\/pages\/29848\/revisions\/29906"}],"wp:attachment":[{"href":"https:\/\/www.johannagullichsen.com\/fr\/wp-json\/wp\/v2\/media?parent=29848"}],"curies":[{"name":"wp","href":"https:\/\/api.w.org\/{rel}","templated":true}]}}