{"id":8628,"date":"2020-04-01T13:28:41","date_gmt":"2020-04-01T10:28:41","guid":{"rendered":"https:\/\/www.johannagullichsen.com\/social-responsibility\/"},"modified":"2020-10-27T11:10:35","modified_gmt":"2020-10-27T09:10:35","slug":"responsabilite-sociale-et-environnementale","status":"publish","type":"page","link":"https:\/\/www.johannagullichsen.com\/fr\/responsabilite-sociale-et-environnementale\/","title":{"rendered":"Responsabilit\u00e9 sociale et environnementale"},"content":{"rendered":"<p><img loading=\"lazy\" decoding=\"async\" class=\"alignnone wp-image-8516 size-large\" src=\"https:\/\/www.johannagullichsen.com\/wp-content\/uploads\/2020\/08\/johanna-gullichsen-responsibility-1024x533.jpeg\" alt=\"\" width=\"1024\" height=\"533\" srcset=\"https:\/\/www.johannagullichsen.com\/wp-content\/uploads\/2020\/08\/johanna-gullichsen-responsibility-1024x533.jpeg 1024w, https:\/\/www.johannagullichsen.com\/wp-content\/uploads\/2020\/08\/johanna-gullichsen-responsibility-1260x656.jpeg 1260w, https:\/\/www.johannagullichsen.com\/wp-content\/uploads\/2020\/08\/johanna-gullichsen-responsibility-300x156.jpeg 300w, https:\/\/www.johannagullichsen.com\/wp-content\/uploads\/2020\/08\/johanna-gullichsen-responsibility-768x400.jpeg 768w, https:\/\/www.johannagullichsen.com\/wp-content\/uploads\/2020\/08\/johanna-gullichsen-responsibility-1536x800.jpeg 1536w, https:\/\/www.johannagullichsen.com\/wp-content\/uploads\/2020\/08\/johanna-gullichsen-responsibility.jpeg 1920w\" sizes=\"auto, (max-width: 1024px) 100vw, 1024px\" \/><\/p>\n<p>La fabrication de textiles intemporels et durables est un choix \u00e9cologique. L&rsquo;un des principes fondateurs de la philosophie du design de Johanna Gullichsen est de cr\u00e9er des produits qui r\u00e9sistent \u00e0 l&rsquo;\u00e9preuve du temps. Tiss\u00e9s pour durer &#8211; aussi bien de belles textures que des mat\u00e9riaux solides &#8211; la collection a un attrait esth\u00e9tique qui transcende les derni\u00e8res tendances et ce qui est \u00e0 la mode.<\/p>\n<p>La collection est produite avec un grand souci pour l&rsquo;environnement. Choisissant des m\u00e9thodes de production durables et travaillant principalement en partenariat avec des fabricants locaux en Finlande, l&rsquo;entreprise est synonyme de transparence et respecte les r\u00e9glementations de l&rsquo;industrie \u00e9cologique. Les textiles tiss\u00e9s finis ne sont jamais enduits de produits chimiques, et la plupart des textiles sont fabriqu\u00e9s \u00e0 partir de fibres organiques.<\/p>\n<p>La collection Normandie la plus vendue a \u00e9t\u00e9 produite \u00e0 partir de fibres de coton avec un certificat GOTS. Elle est teinte en Finlande par Lappaj\u00e4rven V\u00e4rj\u00e4\u00e4m\u00f6, un partenaire de confiance r\u00e9compens\u00e9 pour ses proc\u00e9d\u00e9s de teinture respectueux de l&rsquo;environnement. Depuis 2005, Lappaj\u00e4rven V\u00e4rj\u00e4\u00e4m\u00f6 a adopt\u00e9 une m\u00e9thode \u00e9cologique avanc\u00e9e, qui permet d&rsquo;\u00e9conomiser l&rsquo;\u00e9nergie et l&rsquo;eau. Cette collaboration soutient \u00e0 la fois la fabrication locale et les politiques environnementales de Johanna Gullichsen.<\/p>\n<p>Apr\u00e8s le processus de teinture, la plupart des textiles sont produits en partenariat avec des tisseurs qualifi\u00e9s dans des usines en Finlande, ce qui permet un bon contr\u00f4le de la qualit\u00e9. Un r\u00e9seau de partenaires de confiance partage les m\u00eames valeurs, en suivant des r\u00e9glementations respectueuses de l&rsquo;environnement. Pour la production d&rsquo;accessoires, Johanna Gullichsen s&rsquo;est associ\u00e9e \u00e0 des ateliers locaux \u00e0 Helsinki et \u00e0 Somero. La proximit\u00e9 du d\u00e9veloppement de produits et des relations \u00e9troites avec les ateliers sont essentielles, \u00e9galement du point de vue environnemental.<\/p>\n<p>Dans le cadre de collaborations internationales, Johanna Gullichsen ne travaille qu&rsquo;avec des partenaires et des n\u00e9gociants certifi\u00e9s en mati\u00e8re d&rsquo;environnement, qui respectent et satisfont les normes d&#8217;emploi de l&rsquo;UE. Toutes les entreprises devront se conformer aux r\u00e8glements de l&rsquo;UE et \u00eatre accr\u00e9dit\u00e9es avec la certification Oeko-tex 100. D\u00e9velopp\u00e9e pour les espaces publics, la collection de tissus Contract est tiss\u00e9e en Finlande, mais la fibre provient d&rsquo;une usine textile Suisse certifi\u00e9e. La collection Loom est tiss\u00e9e en Italie, o\u00f9 la production de soie et les traditions artisanales se sont d\u00e9velopp\u00e9es depuis des si\u00e8cles.<\/p>\n<p>Les m\u00e9thodes de production durables et le respect pour l&rsquo;environnement ont \u00e9t\u00e9 une inspiration constante dans l&rsquo;approche cr\u00e9ative de Johanna Gullichsen. La simplicit\u00e9, la durabilit\u00e9 et le raffinement sont des valeurs culturelles qui soutiennent les politiques environnementales de l&rsquo;entreprise.<\/p>\n","protected":false},"excerpt":{"rendered":"<p>La fabrication de textiles intemporels et durables est un choix \u00e9cologique. L&rsquo;un des principes fondateurs de la philosophie du design de Johanna Gullichsen est de cr\u00e9er des produits qui r\u00e9sistent&hellip;<\/p>\n","protected":false},"author":1,"featured_media":0,"parent":0,"menu_order":0,"comment_status":"closed","ping_status":"closed","template":"","meta":{"_acf_changed":false,"footnotes":""},"class_list":["post-8628","page","type-page","status-publish","hentry"],"acf":[],"yoast_head":"<!-- This site is optimized with the Yoast SEO Premium plugin v27.2 (Yoast SEO v27.5) - https:\/\/yoast.com\/product\/yoast-seo-premium-wordpress\/ -->\n<title>Responsabilit\u00e9 sociale et environnementale - Johanna Gullichsen<\/title>\n<meta name=\"robots\" content=\"index, follow, max-snippet:-1, max-image-preview:large, max-video-preview:-1\" \/>\n<link rel=\"canonical\" href=\"https:\/\/www.johannagullichsen.com\/fr\/responsabilite-sociale-et-environnementale\/\" \/>\n<meta property=\"og:locale\" content=\"fr_FR\" \/>\n<meta property=\"og:type\" content=\"article\" \/>\n<meta property=\"og:title\" content=\"Responsabilit\u00e9 sociale et environnementale\" \/>\n<meta property=\"og:description\" content=\"La fabrication de textiles intemporels et durables est un choix \u00e9cologique. L&rsquo;un des principes fondateurs de la philosophie du design de Johanna Gullichsen est de cr\u00e9er des produits qui r\u00e9sistent&hellip;\" \/>\n<meta property=\"og:url\" content=\"https:\/\/www.johannagullichsen.com\/fr\/responsabilite-sociale-et-environnementale\/\" \/>\n<meta property=\"og:site_name\" content=\"Johanna Gullichsen\" \/>\n<meta property=\"article:modified_time\" content=\"2020-10-27T09:10:35+00:00\" \/>\n<meta property=\"og:image\" content=\"https:\/\/www.johannagullichsen.com\/wp-content\/uploads\/2020\/08\/johanna-gullichsen-responsibility-1024x533.jpeg\" \/>\n<meta name=\"twitter:card\" content=\"summary_large_image\" \/>\n<meta name=\"twitter:label1\" content=\"Dur\u00e9e de lecture estim\u00e9e\" \/>\n\t<meta name=\"twitter:data1\" content=\"2 minutes\" \/>\n<script type=\"application\/ld+json\" class=\"yoast-schema-graph\">{\"@context\":\"https:\\\/\\\/schema.org\",\"@graph\":[{\"@type\":\"WebPage\",\"@id\":\"https:\\\/\\\/www.johannagullichsen.com\\\/fr\\\/responsabilite-sociale-et-environnementale\\\/\",\"url\":\"https:\\\/\\\/www.johannagullichsen.com\\\/fr\\\/responsabilite-sociale-et-environnementale\\\/\",\"name\":\"Responsabilit\u00e9 sociale et environnementale - Johanna Gullichsen\",\"isPartOf\":{\"@id\":\"https:\\\/\\\/www.johannagullichsen.com\\\/fr\\\/#website\"},\"primaryImageOfPage\":{\"@id\":\"https:\\\/\\\/www.johannagullichsen.com\\\/fr\\\/responsabilite-sociale-et-environnementale\\\/#primaryimage\"},\"image\":{\"@id\":\"https:\\\/\\\/www.johannagullichsen.com\\\/fr\\\/responsabilite-sociale-et-environnementale\\\/#primaryimage\"},\"thumbnailUrl\":\"https:\\\/\\\/www.johannagullichsen.com\\\/wp-content\\\/uploads\\\/2020\\\/08\\\/johanna-gullichsen-responsibility-1024x533.jpeg\",\"datePublished\":\"2020-04-01T10:28:41+00:00\",\"dateModified\":\"2020-10-27T09:10:35+00:00\",\"breadcrumb\":{\"@id\":\"https:\\\/\\\/www.johannagullichsen.com\\\/fr\\\/responsabilite-sociale-et-environnementale\\\/#breadcrumb\"},\"inLanguage\":\"fr-FR\",\"potentialAction\":[{\"@type\":\"ReadAction\",\"target\":[\"https:\\\/\\\/www.johannagullichsen.com\\\/fr\\\/responsabilite-sociale-et-environnementale\\\/\"]}]},{\"@type\":\"ImageObject\",\"inLanguage\":\"fr-FR\",\"@id\":\"https:\\\/\\\/www.johannagullichsen.com\\\/fr\\\/responsabilite-sociale-et-environnementale\\\/#primaryimage\",\"url\":\"https:\\\/\\\/www.johannagullichsen.com\\\/wp-content\\\/uploads\\\/2020\\\/08\\\/johanna-gullichsen-responsibility-1024x533.jpeg\",\"contentUrl\":\"https:\\\/\\\/www.johannagullichsen.com\\\/wp-content\\\/uploads\\\/2020\\\/08\\\/johanna-gullichsen-responsibility-1024x533.jpeg\"},{\"@type\":\"BreadcrumbList\",\"@id\":\"https:\\\/\\\/www.johannagullichsen.com\\\/fr\\\/responsabilite-sociale-et-environnementale\\\/#breadcrumb\",\"itemListElement\":[{\"@type\":\"ListItem\",\"position\":1,\"name\":\"Home\",\"item\":\"https:\\\/\\\/www.johannagullichsen.com\\\/fr\\\/\"},{\"@type\":\"ListItem\",\"position\":2,\"name\":\"Responsabilit\u00e9 sociale et environnementale\"}]},{\"@type\":\"WebSite\",\"@id\":\"https:\\\/\\\/www.johannagullichsen.com\\\/fr\\\/#website\",\"url\":\"https:\\\/\\\/www.johannagullichsen.com\\\/fr\\\/\",\"name\":\"Johanna Gullichsen\",\"description\":\"\",\"potentialAction\":[{\"@type\":\"SearchAction\",\"target\":{\"@type\":\"EntryPoint\",\"urlTemplate\":\"https:\\\/\\\/www.johannagullichsen.com\\\/fr\\\/?s={search_term_string}\"},\"query-input\":{\"@type\":\"PropertyValueSpecification\",\"valueRequired\":true,\"valueName\":\"search_term_string\"}}],\"inLanguage\":\"fr-FR\"}]}<\/script>\n<!-- \/ Yoast SEO Premium plugin. -->","yoast_head_json":{"title":"Responsabilit\u00e9 sociale et environnementale - Johanna Gullichsen","robots":{"index":"index","follow":"follow","max-snippet":"max-snippet:-1","max-image-preview":"max-image-preview:large","max-video-preview":"max-video-preview:-1"},"canonical":"https:\/\/www.johannagullichsen.com\/fr\/responsabilite-sociale-et-environnementale\/","og_locale":"fr_FR","og_type":"article","og_title":"Responsabilit\u00e9 sociale et environnementale","og_description":"La fabrication de textiles intemporels et durables est un choix \u00e9cologique. L&rsquo;un des principes fondateurs de la philosophie du design de Johanna Gullichsen est de cr\u00e9er des produits qui r\u00e9sistent&hellip;","og_url":"https:\/\/www.johannagullichsen.com\/fr\/responsabilite-sociale-et-environnementale\/","og_site_name":"Johanna Gullichsen","article_modified_time":"2020-10-27T09:10:35+00:00","og_image":[{"url":"https:\/\/www.johannagullichsen.com\/wp-content\/uploads\/2020\/08\/johanna-gullichsen-responsibility-1024x533.jpeg","type":"","width":"","height":""}],"twitter_card":"summary_large_image","twitter_misc":{"Dur\u00e9e de lecture estim\u00e9e":"2 minutes"},"schema":{"@context":"https:\/\/schema.org","@graph":[{"@type":"WebPage","@id":"https:\/\/www.johannagullichsen.com\/fr\/responsabilite-sociale-et-environnementale\/","url":"https:\/\/www.johannagullichsen.com\/fr\/responsabilite-sociale-et-environnementale\/","name":"Responsabilit\u00e9 sociale et environnementale - Johanna Gullichsen","isPartOf":{"@id":"https:\/\/www.johannagullichsen.com\/fr\/#website"},"primaryImageOfPage":{"@id":"https:\/\/www.johannagullichsen.com\/fr\/responsabilite-sociale-et-environnementale\/#primaryimage"},"image":{"@id":"https:\/\/www.johannagullichsen.com\/fr\/responsabilite-sociale-et-environnementale\/#primaryimage"},"thumbnailUrl":"https:\/\/www.johannagullichsen.com\/wp-content\/uploads\/2020\/08\/johanna-gullichsen-responsibility-1024x533.jpeg","datePublished":"2020-04-01T10:28:41+00:00","dateModified":"2020-10-27T09:10:35+00:00","breadcrumb":{"@id":"https:\/\/www.johannagullichsen.com\/fr\/responsabilite-sociale-et-environnementale\/#breadcrumb"},"inLanguage":"fr-FR","potentialAction":[{"@type":"ReadAction","target":["https:\/\/www.johannagullichsen.com\/fr\/responsabilite-sociale-et-environnementale\/"]}]},{"@type":"ImageObject","inLanguage":"fr-FR","@id":"https:\/\/www.johannagullichsen.com\/fr\/responsabilite-sociale-et-environnementale\/#primaryimage","url":"https:\/\/www.johannagullichsen.com\/wp-content\/uploads\/2020\/08\/johanna-gullichsen-responsibility-1024x533.jpeg","contentUrl":"https:\/\/www.johannagullichsen.com\/wp-content\/uploads\/2020\/08\/johanna-gullichsen-responsibility-1024x533.jpeg"},{"@type":"BreadcrumbList","@id":"https:\/\/www.johannagullichsen.com\/fr\/responsabilite-sociale-et-environnementale\/#breadcrumb","itemListElement":[{"@type":"ListItem","position":1,"name":"Home","item":"https:\/\/www.johannagullichsen.com\/fr\/"},{"@type":"ListItem","position":2,"name":"Responsabilit\u00e9 sociale et environnementale"}]},{"@type":"WebSite","@id":"https:\/\/www.johannagullichsen.com\/fr\/#website","url":"https:\/\/www.johannagullichsen.com\/fr\/","name":"Johanna Gullichsen","description":"","potentialAction":[{"@type":"SearchAction","target":{"@type":"EntryPoint","urlTemplate":"https:\/\/www.johannagullichsen.com\/fr\/?s={search_term_string}"},"query-input":{"@type":"PropertyValueSpecification","valueRequired":true,"valueName":"search_term_string"}}],"inLanguage":"fr-FR"}]}},"_links":{"self":[{"href":"https:\/\/www.johannagullichsen.com\/fr\/wp-json\/wp\/v2\/pages\/8628","targetHints":{"allow":["GET"]}}],"collection":[{"href":"https:\/\/www.johannagullichsen.com\/fr\/wp-json\/wp\/v2\/pages"}],"about":[{"href":"https:\/\/www.johannagullichsen.com\/fr\/wp-json\/wp\/v2\/types\/page"}],"author":[{"embeddable":true,"href":"https:\/\/www.johannagullichsen.com\/fr\/wp-json\/wp\/v2\/users\/1"}],"replies":[{"embeddable":true,"href":"https:\/\/www.johannagullichsen.com\/fr\/wp-json\/wp\/v2\/comments?post=8628"}],"version-history":[{"count":2,"href":"https:\/\/www.johannagullichsen.com\/fr\/wp-json\/wp\/v2\/pages\/8628\/revisions"}],"predecessor-version":[{"id":8685,"href":"https:\/\/www.johannagullichsen.com\/fr\/wp-json\/wp\/v2\/pages\/8628\/revisions\/8685"}],"wp:attachment":[{"href":"https:\/\/www.johannagullichsen.com\/fr\/wp-json\/wp\/v2\/media?parent=8628"}],"curies":[{"name":"wp","href":"https:\/\/api.w.org\/{rel}","templated":true}]}}