{"id":11831,"date":"2021-04-13T14:07:44","date_gmt":"2021-04-13T11:07:44","guid":{"rendered":"https:\/\/www.johannagullichsen.com\/?page_id=11831"},"modified":"2022-02-28T12:00:19","modified_gmt":"2022-02-28T10:00:19","slug":"kasper-textilskulpturer-av-santeri-mortti-valtanen","status":"publish","type":"page","link":"https:\/\/www.johannagullichsen.com\/sv\/kasper-textilskulpturer-av-santeri-mortti-valtanen\/","title":{"rendered":"Kasper &#8211; textilskulpturer av Santeri Mortti Valtanen"},"content":{"rendered":"<p>&nbsp;<\/p>\n<p class=\"tw-data-text tw-text-large XcVN5d tw-ta\" dir=\"ltr\" data-placeholder=\"Translation\"><span class=\"Y2IQFc\" lang=\"sv\"><a href=\"https:\/\/www.johannagullichsen.com\/wp-content\/uploads\/2022\/02\/Santeri-Valtanen-Kasper-selection.jpg\"><img loading=\"lazy\" decoding=\"async\" class=\"alignnone wp-image-14254 size-full\" src=\"https:\/\/www.johannagullichsen.com\/wp-content\/uploads\/2022\/02\/Santeri-Valtanen-Kasper-selection.jpg\" alt=\"\" width=\"1920\" height=\"1200\" srcset=\"https:\/\/www.johannagullichsen.com\/wp-content\/uploads\/2022\/02\/Santeri-Valtanen-Kasper-selection.jpg 1920w, https:\/\/www.johannagullichsen.com\/wp-content\/uploads\/2022\/02\/Santeri-Valtanen-Kasper-selection-1260x788.jpg 1260w, https:\/\/www.johannagullichsen.com\/wp-content\/uploads\/2022\/02\/Santeri-Valtanen-Kasper-selection-300x188.jpg 300w, https:\/\/www.johannagullichsen.com\/wp-content\/uploads\/2022\/02\/Santeri-Valtanen-Kasper-selection-1024x640.jpg 1024w, https:\/\/www.johannagullichsen.com\/wp-content\/uploads\/2022\/02\/Santeri-Valtanen-Kasper-selection-768x480.jpg 768w, https:\/\/www.johannagullichsen.com\/wp-content\/uploads\/2022\/02\/Santeri-Valtanen-Kasper-selection-1536x960.jpg 1536w\" sizes=\"auto, (max-width: 1920px) 100vw, 1920px\" \/><\/a><\/span><\/p>\n<p class=\"tw-data-text tw-text-large XcVN5d tw-ta\" dir=\"ltr\" data-placeholder=\"Translation\"><span class=\"Y2IQFc\" lang=\"sv\">Santeri Mortti Valtanen(f. 1993) \u00e4r konstn\u00e4r och designer, han bor och arbetar i Helsingfors. F\u00f6r tillf\u00e4llet studerar han i Masters-programmet f\u00f6r textildesign vid Aalto Universitetet. Han har varit en del av Johanna Gullichsens team sedan b\u00f6rjan av 2018. <\/span><\/p>\n<p class=\"tw-data-text tw-text-large XcVN5d tw-ta\" dir=\"ltr\" data-placeholder=\"Translation\"><span class=\"Y2IQFc\" lang=\"sv\">Valtanen har anv\u00e4nt sig av frihands broderi p\u00e5 Johanna Gullichsens bomullstyger och skapat en serie djurfigurer han kallar Kasper. Varje pj\u00e4s \u00e4r unik och broderad f\u00f6r fri hand med symaskin. <\/span><\/p>\n<p class=\"tw-data-text tw-text-large XcVN5d tw-ta\" dir=\"ltr\" data-placeholder=\"Translation\"><span class=\"Y2IQFc\" lang=\"sv\">\u201dF\u00f6r drygt ett \u00e5r sedan gjorde jag en textilskulptur som g\u00e5va till min unga kompis Kasper till hans 2-\u00e5rsdag. Den h\u00e4r serien \u00e4r en forts\u00e4ttning p\u00e5 detta.\u201d Ber\u00e4ttar Valtanen och forts\u00e4tter: \u201dDen f\u00f6rsta skulpturen var gjord av Doris-tyg, fylld med restbitar av tyg och sytr\u00e5d. Jag visade den f\u00f6r Johanna, och d\u00e5 kom vi p\u00e5 id\u00e9n att kombinera broderier med\u00a0 Johanna Gullichsens tyger.\u201d\u00a0<\/span><\/p>\n<p class=\"tw-data-text tw-text-large XcVN5d tw-ta\" dir=\"ltr\" data-placeholder=\"Translation\"><span class=\"Y2IQFc\" lang=\"sv\">\u201dFigurerna h\u00e4rstammar fr\u00e5n min fascination f\u00f6r h\u00e4star och vilda katter. De h\u00e4r djuren kan tyckas tama, men de \u00e4r vildsinta, och vart och ett har sin personlighet. De kan anv\u00e4ndas som t.ex. nyckelringar eller helt enkelt som dekoration, jag hoppas de kommer att vara till gl\u00e4dje f\u00f6r sina \u00e4gare&#8221; s\u00e4ger Santeri.\u00a0<\/span><\/p>\n<p><a href=\"https:\/\/www.johannagullichsen.com\/wp-content\/uploads\/2021\/04\/Santeri-Valtanen-Kasper-Bags.jpg\"><img loading=\"lazy\" decoding=\"async\" class=\"alignnone wp-image-11805 size-full\" src=\"https:\/\/www.johannagullichsen.com\/wp-content\/uploads\/2021\/04\/Santeri-Valtanen-Kasper-Bags.jpg\" alt=\"\" width=\"1920\" height=\"1000\" srcset=\"https:\/\/www.johannagullichsen.com\/wp-content\/uploads\/2021\/04\/Santeri-Valtanen-Kasper-Bags.jpg 1920w, https:\/\/www.johannagullichsen.com\/wp-content\/uploads\/2021\/04\/Santeri-Valtanen-Kasper-Bags-1260x656.jpg 1260w, https:\/\/www.johannagullichsen.com\/wp-content\/uploads\/2021\/04\/Santeri-Valtanen-Kasper-Bags-300x156.jpg 300w, https:\/\/www.johannagullichsen.com\/wp-content\/uploads\/2021\/04\/Santeri-Valtanen-Kasper-Bags-1024x533.jpg 1024w, https:\/\/www.johannagullichsen.com\/wp-content\/uploads\/2021\/04\/Santeri-Valtanen-Kasper-Bags-768x400.jpg 768w, https:\/\/www.johannagullichsen.com\/wp-content\/uploads\/2021\/04\/Santeri-Valtanen-Kasper-Bags-1536x800.jpg 1536w\" sizes=\"auto, (max-width: 1920px) 100vw, 1920px\" \/><\/a><\/p>\n<p><span class=\"Y2IQFc\" lang=\"sv\">Den f\u00f6rsta\u00a0 serien Kaspers blev till p\u00e5 sommaren 2020, och s\u00e5ldes b\u00e5de i Japan och i Finland. De blev sluts\u00e5lda p\u00e5 n\u00e5gra dagar. Det andra partiet anl\u00e4nde till Johanna Gullichsen Helsingfors i April 2021.<\/span><\/p>\n<p><span class=\"Y2IQFc\" lang=\"sv\">Santeri Mortti\u00a0 Valtanen har skulpterat ocks\u00e5 i tr\u00e4 under hela sitt liv.\u00a0 Som verktyg anv\u00e4nder han f\u00f6r det mesta schweiziska mejslar och Dozuki s\u00e5g. I denna serie djur i tr\u00e4 forts\u00e4tter samma figurer sina \u00e4ventyr, fast i olika material. Trots att han studerar textildesign ser han sig sj\u00e4lv som skulpt\u00f6r. Santeri Mortti Valtanen blir f\u00e4rdig med sin magisterexamen sommaren 2021; vi kan knappt v\u00e4nta att se hans kommande konstverk!<\/span><\/p>\n<p><a href=\"https:\/\/www.johannagullichsen.com\/wp-content\/uploads\/2021\/04\/Santeri-Valtanen-Wooden-Sculpture.jpg\"><img loading=\"lazy\" decoding=\"async\" class=\"alignnone wp-image-11813 size-full\" src=\"https:\/\/www.johannagullichsen.com\/wp-content\/uploads\/2021\/04\/Santeri-Valtanen-Wooden-Sculpture.jpg\" alt=\"\" width=\"1920\" height=\"1000\" srcset=\"https:\/\/www.johannagullichsen.com\/wp-content\/uploads\/2021\/04\/Santeri-Valtanen-Wooden-Sculpture.jpg 1920w, https:\/\/www.johannagullichsen.com\/wp-content\/uploads\/2021\/04\/Santeri-Valtanen-Wooden-Sculpture-1260x656.jpg 1260w, https:\/\/www.johannagullichsen.com\/wp-content\/uploads\/2021\/04\/Santeri-Valtanen-Wooden-Sculpture-300x156.jpg 300w, https:\/\/www.johannagullichsen.com\/wp-content\/uploads\/2021\/04\/Santeri-Valtanen-Wooden-Sculpture-1024x533.jpg 1024w, https:\/\/www.johannagullichsen.com\/wp-content\/uploads\/2021\/04\/Santeri-Valtanen-Wooden-Sculpture-768x400.jpg 768w, https:\/\/www.johannagullichsen.com\/wp-content\/uploads\/2021\/04\/Santeri-Valtanen-Wooden-Sculpture-1536x800.jpg 1536w\" sizes=\"auto, (max-width: 1920px) 100vw, 1920px\" \/><\/a><\/p>\n<pre id=\"tw-target-text\" class=\"tw-data-text tw-text-large XcVN5d tw-ta\" dir=\"ltr\" data-placeholder=\"Translation\"><\/pre>\n","protected":false},"excerpt":{"rendered":"<p>&nbsp; Santeri Mortti Valtanen(f. 1993) \u00e4r konstn\u00e4r och designer, han bor och arbetar i Helsingfors. F\u00f6r tillf\u00e4llet studerar han i Masters-programmet f\u00f6r textildesign vid Aalto Universitetet. Han har varit en&hellip;<\/p>\n","protected":false},"author":5,"featured_media":0,"parent":0,"menu_order":0,"comment_status":"closed","ping_status":"closed","template":"","meta":{"_acf_changed":false,"footnotes":""},"class_list":["post-11831","page","type-page","status-publish","hentry"],"acf":[],"yoast_head":"<!-- This site is optimized with the Yoast SEO Premium plugin v27.2 (Yoast SEO v27.5) - https:\/\/yoast.com\/product\/yoast-seo-premium-wordpress\/ -->\n<title>Kasper - textilskulpturer av Santeri Mortti Valtanen - Johanna Gullichsen<\/title>\n<meta name=\"description\" content=\"En Kasper \u00e4r en f\u00f6r fri hand p\u00e5 maskin broderad djurfigur. En miniatyr skulptur skapad av Santeri Mortti Valtanen.\" \/>\n<meta name=\"robots\" content=\"index, follow, max-snippet:-1, max-image-preview:large, max-video-preview:-1\" \/>\n<link rel=\"canonical\" href=\"https:\/\/www.johannagullichsen.com\/sv\/kasper-textilskulpturer-av-santeri-mortti-valtanen\/\" \/>\n<meta property=\"og:locale\" content=\"sv_SE\" \/>\n<meta property=\"og:type\" content=\"article\" \/>\n<meta property=\"og:title\" content=\"Kasper - textilskulpturer av Santeri Mortti Valtanen\" \/>\n<meta property=\"og:description\" content=\"En Kasper \u00e4r en f\u00f6r fri hand p\u00e5 maskin broderad djurfigur. En miniatyr skulptur skapad av Santeri Mortti Valtanen.\" \/>\n<meta property=\"og:url\" content=\"https:\/\/www.johannagullichsen.com\/sv\/kasper-textilskulpturer-av-santeri-mortti-valtanen\/\" \/>\n<meta property=\"og:site_name\" content=\"Johanna Gullichsen\" \/>\n<meta property=\"article:modified_time\" content=\"2022-02-28T10:00:19+00:00\" \/>\n<meta property=\"og:image\" content=\"https:\/\/www.johannagullichsen.com\/wp-content\/uploads\/2022\/02\/Santeri-Valtanen-Kasper-selection.jpg\" \/>\n<meta name=\"twitter:card\" content=\"summary_large_image\" \/>\n<meta name=\"twitter:label1\" content=\"Ber\u00e4knad l\u00e4stid\" \/>\n\t<meta name=\"twitter:data1\" content=\"2 minuter\" \/>\n<script type=\"application\/ld+json\" class=\"yoast-schema-graph\">{\"@context\":\"https:\\\/\\\/schema.org\",\"@graph\":[{\"@type\":\"WebPage\",\"@id\":\"https:\\\/\\\/www.johannagullichsen.com\\\/sv\\\/kasper-textilskulpturer-av-santeri-mortti-valtanen\\\/\",\"url\":\"https:\\\/\\\/www.johannagullichsen.com\\\/sv\\\/kasper-textilskulpturer-av-santeri-mortti-valtanen\\\/\",\"name\":\"Kasper - textilskulpturer av Santeri Mortti Valtanen - Johanna Gullichsen\",\"isPartOf\":{\"@id\":\"https:\\\/\\\/www.johannagullichsen.com\\\/sv\\\/#website\"},\"primaryImageOfPage\":{\"@id\":\"https:\\\/\\\/www.johannagullichsen.com\\\/sv\\\/kasper-textilskulpturer-av-santeri-mortti-valtanen\\\/#primaryimage\"},\"image\":{\"@id\":\"https:\\\/\\\/www.johannagullichsen.com\\\/sv\\\/kasper-textilskulpturer-av-santeri-mortti-valtanen\\\/#primaryimage\"},\"thumbnailUrl\":\"https:\\\/\\\/www.johannagullichsen.com\\\/wp-content\\\/uploads\\\/2022\\\/02\\\/Santeri-Valtanen-Kasper-selection.jpg\",\"datePublished\":\"2021-04-13T11:07:44+00:00\",\"dateModified\":\"2022-02-28T10:00:19+00:00\",\"description\":\"En Kasper \u00e4r en f\u00f6r fri hand p\u00e5 maskin broderad djurfigur. En miniatyr skulptur skapad av Santeri Mortti Valtanen.\",\"breadcrumb\":{\"@id\":\"https:\\\/\\\/www.johannagullichsen.com\\\/sv\\\/kasper-textilskulpturer-av-santeri-mortti-valtanen\\\/#breadcrumb\"},\"inLanguage\":\"sv-SE\",\"potentialAction\":[{\"@type\":\"ReadAction\",\"target\":[\"https:\\\/\\\/www.johannagullichsen.com\\\/sv\\\/kasper-textilskulpturer-av-santeri-mortti-valtanen\\\/\"]}]},{\"@type\":\"ImageObject\",\"inLanguage\":\"sv-SE\",\"@id\":\"https:\\\/\\\/www.johannagullichsen.com\\\/sv\\\/kasper-textilskulpturer-av-santeri-mortti-valtanen\\\/#primaryimage\",\"url\":\"https:\\\/\\\/www.johannagullichsen.com\\\/wp-content\\\/uploads\\\/2022\\\/02\\\/Santeri-Valtanen-Kasper-selection.jpg\",\"contentUrl\":\"https:\\\/\\\/www.johannagullichsen.com\\\/wp-content\\\/uploads\\\/2022\\\/02\\\/Santeri-Valtanen-Kasper-selection.jpg\"},{\"@type\":\"BreadcrumbList\",\"@id\":\"https:\\\/\\\/www.johannagullichsen.com\\\/sv\\\/kasper-textilskulpturer-av-santeri-mortti-valtanen\\\/#breadcrumb\",\"itemListElement\":[{\"@type\":\"ListItem\",\"position\":1,\"name\":\"Home\",\"item\":\"https:\\\/\\\/www.johannagullichsen.com\\\/sv\\\/\"},{\"@type\":\"ListItem\",\"position\":2,\"name\":\"Kasper &#8211; textilskulpturer av Santeri Mortti Valtanen\"}]},{\"@type\":\"WebSite\",\"@id\":\"https:\\\/\\\/www.johannagullichsen.com\\\/sv\\\/#website\",\"url\":\"https:\\\/\\\/www.johannagullichsen.com\\\/sv\\\/\",\"name\":\"Johanna Gullichsen\",\"description\":\"\",\"potentialAction\":[{\"@type\":\"SearchAction\",\"target\":{\"@type\":\"EntryPoint\",\"urlTemplate\":\"https:\\\/\\\/www.johannagullichsen.com\\\/sv\\\/?s={search_term_string}\"},\"query-input\":{\"@type\":\"PropertyValueSpecification\",\"valueRequired\":true,\"valueName\":\"search_term_string\"}}],\"inLanguage\":\"sv-SE\"}]}<\/script>\n<!-- \/ Yoast SEO Premium plugin. -->","yoast_head_json":{"title":"Kasper - textilskulpturer av Santeri Mortti Valtanen - Johanna Gullichsen","description":"En Kasper \u00e4r en f\u00f6r fri hand p\u00e5 maskin broderad djurfigur. En miniatyr skulptur skapad av Santeri Mortti Valtanen.","robots":{"index":"index","follow":"follow","max-snippet":"max-snippet:-1","max-image-preview":"max-image-preview:large","max-video-preview":"max-video-preview:-1"},"canonical":"https:\/\/www.johannagullichsen.com\/sv\/kasper-textilskulpturer-av-santeri-mortti-valtanen\/","og_locale":"sv_SE","og_type":"article","og_title":"Kasper - textilskulpturer av Santeri Mortti Valtanen","og_description":"En Kasper \u00e4r en f\u00f6r fri hand p\u00e5 maskin broderad djurfigur. En miniatyr skulptur skapad av Santeri Mortti Valtanen.","og_url":"https:\/\/www.johannagullichsen.com\/sv\/kasper-textilskulpturer-av-santeri-mortti-valtanen\/","og_site_name":"Johanna Gullichsen","article_modified_time":"2022-02-28T10:00:19+00:00","og_image":[{"url":"https:\/\/www.johannagullichsen.com\/wp-content\/uploads\/2022\/02\/Santeri-Valtanen-Kasper-selection.jpg","type":"","width":"","height":""}],"twitter_card":"summary_large_image","twitter_misc":{"Ber\u00e4knad l\u00e4stid":"2 minuter"},"schema":{"@context":"https:\/\/schema.org","@graph":[{"@type":"WebPage","@id":"https:\/\/www.johannagullichsen.com\/sv\/kasper-textilskulpturer-av-santeri-mortti-valtanen\/","url":"https:\/\/www.johannagullichsen.com\/sv\/kasper-textilskulpturer-av-santeri-mortti-valtanen\/","name":"Kasper - textilskulpturer av Santeri Mortti Valtanen - Johanna Gullichsen","isPartOf":{"@id":"https:\/\/www.johannagullichsen.com\/sv\/#website"},"primaryImageOfPage":{"@id":"https:\/\/www.johannagullichsen.com\/sv\/kasper-textilskulpturer-av-santeri-mortti-valtanen\/#primaryimage"},"image":{"@id":"https:\/\/www.johannagullichsen.com\/sv\/kasper-textilskulpturer-av-santeri-mortti-valtanen\/#primaryimage"},"thumbnailUrl":"https:\/\/www.johannagullichsen.com\/wp-content\/uploads\/2022\/02\/Santeri-Valtanen-Kasper-selection.jpg","datePublished":"2021-04-13T11:07:44+00:00","dateModified":"2022-02-28T10:00:19+00:00","description":"En Kasper \u00e4r en f\u00f6r fri hand p\u00e5 maskin broderad djurfigur. En miniatyr skulptur skapad av Santeri Mortti Valtanen.","breadcrumb":{"@id":"https:\/\/www.johannagullichsen.com\/sv\/kasper-textilskulpturer-av-santeri-mortti-valtanen\/#breadcrumb"},"inLanguage":"sv-SE","potentialAction":[{"@type":"ReadAction","target":["https:\/\/www.johannagullichsen.com\/sv\/kasper-textilskulpturer-av-santeri-mortti-valtanen\/"]}]},{"@type":"ImageObject","inLanguage":"sv-SE","@id":"https:\/\/www.johannagullichsen.com\/sv\/kasper-textilskulpturer-av-santeri-mortti-valtanen\/#primaryimage","url":"https:\/\/www.johannagullichsen.com\/wp-content\/uploads\/2022\/02\/Santeri-Valtanen-Kasper-selection.jpg","contentUrl":"https:\/\/www.johannagullichsen.com\/wp-content\/uploads\/2022\/02\/Santeri-Valtanen-Kasper-selection.jpg"},{"@type":"BreadcrumbList","@id":"https:\/\/www.johannagullichsen.com\/sv\/kasper-textilskulpturer-av-santeri-mortti-valtanen\/#breadcrumb","itemListElement":[{"@type":"ListItem","position":1,"name":"Home","item":"https:\/\/www.johannagullichsen.com\/sv\/"},{"@type":"ListItem","position":2,"name":"Kasper &#8211; textilskulpturer av Santeri Mortti Valtanen"}]},{"@type":"WebSite","@id":"https:\/\/www.johannagullichsen.com\/sv\/#website","url":"https:\/\/www.johannagullichsen.com\/sv\/","name":"Johanna Gullichsen","description":"","potentialAction":[{"@type":"SearchAction","target":{"@type":"EntryPoint","urlTemplate":"https:\/\/www.johannagullichsen.com\/sv\/?s={search_term_string}"},"query-input":{"@type":"PropertyValueSpecification","valueRequired":true,"valueName":"search_term_string"}}],"inLanguage":"sv-SE"}]}},"_links":{"self":[{"href":"https:\/\/www.johannagullichsen.com\/sv\/wp-json\/wp\/v2\/pages\/11831","targetHints":{"allow":["GET"]}}],"collection":[{"href":"https:\/\/www.johannagullichsen.com\/sv\/wp-json\/wp\/v2\/pages"}],"about":[{"href":"https:\/\/www.johannagullichsen.com\/sv\/wp-json\/wp\/v2\/types\/page"}],"author":[{"embeddable":true,"href":"https:\/\/www.johannagullichsen.com\/sv\/wp-json\/wp\/v2\/users\/5"}],"replies":[{"embeddable":true,"href":"https:\/\/www.johannagullichsen.com\/sv\/wp-json\/wp\/v2\/comments?post=11831"}],"version-history":[{"count":4,"href":"https:\/\/www.johannagullichsen.com\/sv\/wp-json\/wp\/v2\/pages\/11831\/revisions"}],"predecessor-version":[{"id":14258,"href":"https:\/\/www.johannagullichsen.com\/sv\/wp-json\/wp\/v2\/pages\/11831\/revisions\/14258"}],"wp:attachment":[{"href":"https:\/\/www.johannagullichsen.com\/sv\/wp-json\/wp\/v2\/media?parent=11831"}],"curies":[{"name":"wp","href":"https:\/\/api.w.org\/{rel}","templated":true}]}}