{"id":24313,"date":"2024-10-04T10:00:12","date_gmt":"2024-10-04T07:00:12","guid":{"rendered":"https:\/\/www.johannagullichsen.com\/?page_id=24313"},"modified":"2024-10-08T14:42:05","modified_gmt":"2024-10-08T11:42:05","slug":"kollektion-project-specifika-krav-moter-hog-kvalitet","status":"publish","type":"page","link":"https:\/\/www.johannagullichsen.com\/sv\/kollektion-project-specifika-krav-moter-hog-kvalitet\/","title":{"rendered":"Kollektion Project &#8211; Specifika krav m\u00f6ter h\u00f6g kvalitet"},"content":{"rendered":"<p>&nbsp;<\/p>\n<p><a href=\"https:\/\/www.johannagullichsen.com\/wp-content\/uploads\/2024\/10\/Johanna-Gullichsen-Project-cushions.jpg\"><img loading=\"lazy\" decoding=\"async\" class=\"aligncenter wp-image-24266 size-full\" src=\"https:\/\/www.johannagullichsen.com\/wp-content\/uploads\/2024\/10\/Johanna-Gullichsen-Project-cushions.jpg\" alt=\"\" width=\"1600\" height=\"1200\" srcset=\"https:\/\/www.johannagullichsen.com\/wp-content\/uploads\/2024\/10\/Johanna-Gullichsen-Project-cushions.jpg 1600w, https:\/\/www.johannagullichsen.com\/wp-content\/uploads\/2024\/10\/Johanna-Gullichsen-Project-cushions-866x650.jpg 866w, https:\/\/www.johannagullichsen.com\/wp-content\/uploads\/2024\/10\/Johanna-Gullichsen-Project-cushions-336x252.jpg 336w, https:\/\/www.johannagullichsen.com\/wp-content\/uploads\/2024\/10\/Johanna-Gullichsen-Project-cushions-1260x945.jpg 1260w, https:\/\/www.johannagullichsen.com\/wp-content\/uploads\/2024\/10\/Johanna-Gullichsen-Project-cushions-300x225.jpg 300w, https:\/\/www.johannagullichsen.com\/wp-content\/uploads\/2024\/10\/Johanna-Gullichsen-Project-cushions-1024x768.jpg 1024w, https:\/\/www.johannagullichsen.com\/wp-content\/uploads\/2024\/10\/Johanna-Gullichsen-Project-cushions-768x576.jpg 768w, https:\/\/www.johannagullichsen.com\/wp-content\/uploads\/2024\/10\/Johanna-Gullichsen-Project-cushions-1536x1152.jpg 1536w\" sizes=\"auto, (max-width: 1600px) 100vw, 1600px\" \/><\/a><\/p>\n<p>V\u00e5r nya kollektion Project \u00e4r speciellt framtagen f\u00f6r kr\u00e4vande projekt, fr\u00e5n hotell och kontor till kryssningsfartyg. Kollektionen innefattar tre m\u00f6nster: v\u00e5r klassiker Doris, nya Ariel och monokroma Kronos. Kollektionens omfattande f\u00e4rgkarta erbjuder b\u00e5de brutna och fr\u00e4scha nyanser, med alternativ f\u00f6r olika utrymmen. Project-tygerna liknar ylle och k\u00e4nns naturliga.<\/p>\n<p>M\u00e5ttliga minimikvantiteter g\u00f6r att tygerna kan anv\u00e4ndas i b\u00e5de st\u00f6rre och mindre projekt.<br \/>\nDet nya m\u00f6nstret Ariel \u00e4r i linje med Johanna Gullichsens karakteristiska stil ; grafiska linjer och rutor\u00a0 bildar en harmonisk yta. Ariel \u00e4r dubbelsidigt vilket g\u00f6r att man kan v\u00e4lja att anv\u00e4nda tygets ljusare eller m\u00f6rkare sida eller till och med lekfullt kl\u00e4 en del av stolarna i den ljusa nyansen och en del i den m\u00f6rkare nyansen.<\/p>\n<p><a href=\"https:\/\/www.johannagullichsen.com\/wp-content\/uploads\/2024\/10\/Johanna-Gullichsen-Ariel-colours-scaled.jpg\"><img loading=\"lazy\" decoding=\"async\" class=\"alignnone wp-image-24239 size-full\" src=\"https:\/\/www.johannagullichsen.com\/wp-content\/uploads\/2024\/10\/Johanna-Gullichsen-Ariel-colours-scaled.jpg\" alt=\"\" width=\"2560\" height=\"1065\" srcset=\"https:\/\/www.johannagullichsen.com\/wp-content\/uploads\/2024\/10\/Johanna-Gullichsen-Ariel-colours-scaled.jpg 2560w, https:\/\/www.johannagullichsen.com\/wp-content\/uploads\/2024\/10\/Johanna-Gullichsen-Ariel-colours-scaled-1260x524.jpg 1260w, https:\/\/www.johannagullichsen.com\/wp-content\/uploads\/2024\/10\/Johanna-Gullichsen-Ariel-colours-300x125.jpg 300w, https:\/\/www.johannagullichsen.com\/wp-content\/uploads\/2024\/10\/Johanna-Gullichsen-Ariel-colours-1024x426.jpg 1024w, https:\/\/www.johannagullichsen.com\/wp-content\/uploads\/2024\/10\/Johanna-Gullichsen-Ariel-colours-768x319.jpg 768w, https:\/\/www.johannagullichsen.com\/wp-content\/uploads\/2024\/10\/Johanna-Gullichsen-Ariel-colours-1536x639.jpg 1536w, https:\/\/www.johannagullichsen.com\/wp-content\/uploads\/2024\/10\/Johanna-Gullichsen-Ariel-colours-2048x852.jpg 2048w\" sizes=\"auto, (max-width: 2560px) 100vw, 2560px\" \/><\/a><a href=\"https:\/\/www.johannagullichsen.com\/wp-content\/uploads\/2024\/10\/kokoelma-Doris-scaled.jpg\"><img loading=\"lazy\" decoding=\"async\" class=\"aligncenter wp-image-24271 size-full\" src=\"https:\/\/www.johannagullichsen.com\/wp-content\/uploads\/2024\/10\/kokoelma-Doris-scaled.jpg\" alt=\"\" width=\"2560\" height=\"1065\" srcset=\"https:\/\/www.johannagullichsen.com\/wp-content\/uploads\/2024\/10\/kokoelma-Doris-scaled.jpg 2560w, https:\/\/www.johannagullichsen.com\/wp-content\/uploads\/2024\/10\/kokoelma-Doris-scaled-1260x524.jpg 1260w, https:\/\/www.johannagullichsen.com\/wp-content\/uploads\/2024\/10\/kokoelma-Doris-300x125.jpg 300w, https:\/\/www.johannagullichsen.com\/wp-content\/uploads\/2024\/10\/kokoelma-Doris-1024x426.jpg 1024w, https:\/\/www.johannagullichsen.com\/wp-content\/uploads\/2024\/10\/kokoelma-Doris-768x319.jpg 768w, https:\/\/www.johannagullichsen.com\/wp-content\/uploads\/2024\/10\/kokoelma-Doris-1536x639.jpg 1536w, https:\/\/www.johannagullichsen.com\/wp-content\/uploads\/2024\/10\/kokoelma-Doris-2048x852.jpg 2048w\" sizes=\"auto, (max-width: 2560px) 100vw, 2560px\" \/><\/a><a href=\"https:\/\/www.johannagullichsen.com\/wp-content\/uploads\/2024\/10\/kokoelma-Kronos-scaled.jpg\"><img loading=\"lazy\" decoding=\"async\" class=\"aligncenter wp-image-24276 size-full\" src=\"https:\/\/www.johannagullichsen.com\/wp-content\/uploads\/2024\/10\/kokoelma-Kronos-scaled.jpg\" alt=\"\" width=\"2560\" height=\"716\" srcset=\"https:\/\/www.johannagullichsen.com\/wp-content\/uploads\/2024\/10\/kokoelma-Kronos-scaled.jpg 2560w, https:\/\/www.johannagullichsen.com\/wp-content\/uploads\/2024\/10\/kokoelma-Kronos-scaled-1260x352.jpg 1260w, https:\/\/www.johannagullichsen.com\/wp-content\/uploads\/2024\/10\/kokoelma-Kronos-300x84.jpg 300w, https:\/\/www.johannagullichsen.com\/wp-content\/uploads\/2024\/10\/kokoelma-Kronos-1024x286.jpg 1024w, https:\/\/www.johannagullichsen.com\/wp-content\/uploads\/2024\/10\/kokoelma-Kronos-768x215.jpg 768w, https:\/\/www.johannagullichsen.com\/wp-content\/uploads\/2024\/10\/kokoelma-Kronos-1536x430.jpg 1536w, https:\/\/www.johannagullichsen.com\/wp-content\/uploads\/2024\/10\/kokoelma-Kronos-2048x573.jpg 2048w\" sizes=\"auto, (max-width: 2560px) 100vw, 2560px\" \/><\/a><\/p>\n<p>Project-tygerna \u00e4r v\u00e4vda av 100 % Trevira CS-garn. Eftersom tyget bara inneh\u00e5ller ett slag av fiber kan det \u00e5tervinnas. Tyget v\u00e4vs p\u00e5 best\u00e4llning i den kvantitet som beh\u00f6vs f\u00f6r varje projekt, vilket eliminerar on\u00f6dig lagerh\u00e5llning. Leveranstiden \u00e4r cirka 5 veckor. Project-tygerna \u00e4r flams\u00e4kra, har en n\u00f6tningsbest\u00e4ndighet p\u00e5 \u00f6ver 50.000 Martindale-cykler och t\u00e5l vattentv\u00e4tt.<\/p>\n<p><a href=\"https:\/\/www.johannagullichsen.com\/wp-content\/uploads\/2024\/10\/Johanna-Gullichsen-Project-cushion-pile.jpg\"><img loading=\"lazy\" decoding=\"async\" class=\"aligncenter wp-image-24252 size-large\" src=\"https:\/\/www.johannagullichsen.com\/wp-content\/uploads\/2024\/10\/Johanna-Gullichsen-Project-cushion-pile-611x1024.jpg\" alt=\"\" width=\"611\" height=\"1024\" srcset=\"https:\/\/www.johannagullichsen.com\/wp-content\/uploads\/2024\/10\/Johanna-Gullichsen-Project-cushion-pile-611x1024.jpg 611w, https:\/\/www.johannagullichsen.com\/wp-content\/uploads\/2024\/10\/Johanna-Gullichsen-Project-cushion-pile-179x300.jpg 179w, https:\/\/www.johannagullichsen.com\/wp-content\/uploads\/2024\/10\/Johanna-Gullichsen-Project-cushion-pile-768x1287.jpg 768w, https:\/\/www.johannagullichsen.com\/wp-content\/uploads\/2024\/10\/Johanna-Gullichsen-Project-cushion-pile-916x1536.jpg 916w, https:\/\/www.johannagullichsen.com\/wp-content\/uploads\/2024\/10\/Johanna-Gullichsen-Project-cushion-pile.jpg 1074w\" sizes=\"auto, (max-width: 611px) 100vw, 611px\" \/><\/a><\/p>\n<p>Project-kollektion lanserades p\u00e5 Habitare M\u00e4ssan 2024. V\u00e5r monter var bel\u00e4gen i Neighbours-omr\u00e5det kuraterat av Ulla Koskinen och Anna Pirkola. I grannskapet\u00a0 fanns Neighbours utst\u00e4llningen och ett kvarter med f\u00f6retagsmontrar. Vi ville skapa en k\u00e4nsla av gemenskap i linje med temat och \u00f6ppnade Caff\u00e8 JG i v\u00e5r monter, vilket blev en utm\u00e4rkt milj\u00f6 att visa tygerna f\u00f6r offentliga milj\u00f6 i. St\u00e4mningsbilderna fotograferades i det charmiga Caf\u00e9 Cl\u00e9 i Helsingfors.<\/p>\n<p>Blev du intresserad av Project-kollektionen? Kontakta oss g\u00e4rna!<\/p>\n<p>sales@johannagullichsen.com<\/p>\n<p><a href=\"https:\/\/www.johannagullichsen.com\/wp-content\/uploads\/2024\/10\/Johanna-Gullichsen-Ariel-Apricot-nega-and-Doris-juniper-upholstery.jpg\"><img loading=\"lazy\" decoding=\"async\" class=\"alignnone wp-image-24248 size-full\" src=\"https:\/\/www.johannagullichsen.com\/wp-content\/uploads\/2024\/10\/Johanna-Gullichsen-Ariel-Apricot-nega-and-Doris-juniper-upholstery.jpg\" alt=\"\" width=\"1600\" height=\"1200\" srcset=\"https:\/\/www.johannagullichsen.com\/wp-content\/uploads\/2024\/10\/Johanna-Gullichsen-Ariel-Apricot-nega-and-Doris-juniper-upholstery.jpg 1600w, https:\/\/www.johannagullichsen.com\/wp-content\/uploads\/2024\/10\/Johanna-Gullichsen-Ariel-Apricot-nega-and-Doris-juniper-upholstery-866x650.jpg 866w, https:\/\/www.johannagullichsen.com\/wp-content\/uploads\/2024\/10\/Johanna-Gullichsen-Ariel-Apricot-nega-and-Doris-juniper-upholstery-336x252.jpg 336w, https:\/\/www.johannagullichsen.com\/wp-content\/uploads\/2024\/10\/Johanna-Gullichsen-Ariel-Apricot-nega-and-Doris-juniper-upholstery-1260x945.jpg 1260w, https:\/\/www.johannagullichsen.com\/wp-content\/uploads\/2024\/10\/Johanna-Gullichsen-Ariel-Apricot-nega-and-Doris-juniper-upholstery-300x225.jpg 300w, https:\/\/www.johannagullichsen.com\/wp-content\/uploads\/2024\/10\/Johanna-Gullichsen-Ariel-Apricot-nega-and-Doris-juniper-upholstery-1024x768.jpg 1024w, https:\/\/www.johannagullichsen.com\/wp-content\/uploads\/2024\/10\/Johanna-Gullichsen-Ariel-Apricot-nega-and-Doris-juniper-upholstery-768x576.jpg 768w, https:\/\/www.johannagullichsen.com\/wp-content\/uploads\/2024\/10\/Johanna-Gullichsen-Ariel-Apricot-nega-and-Doris-juniper-upholstery-1536x1152.jpg 1536w\" sizes=\"auto, (max-width: 1600px) 100vw, 1600px\" \/><\/a><a href=\"https:\/\/www.johannagullichsen.com\/wp-content\/uploads\/2024\/10\/Johanna-Gullichsen-Cushion-in-Ariel-Apricot-and-Doris-juniper.jpg\"><img loading=\"lazy\" decoding=\"async\" class=\"alignnone wp-image-24256 size-full\" src=\"https:\/\/www.johannagullichsen.com\/wp-content\/uploads\/2024\/10\/Johanna-Gullichsen-Cushion-in-Ariel-Apricot-and-Doris-juniper.jpg\" alt=\"\" width=\"1384\" height=\"1800\" srcset=\"https:\/\/www.johannagullichsen.com\/wp-content\/uploads\/2024\/10\/Johanna-Gullichsen-Cushion-in-Ariel-Apricot-and-Doris-juniper.jpg 1384w, https:\/\/www.johannagullichsen.com\/wp-content\/uploads\/2024\/10\/Johanna-Gullichsen-Cushion-in-Ariel-Apricot-and-Doris-juniper-1260x1639.jpg 1260w, https:\/\/www.johannagullichsen.com\/wp-content\/uploads\/2024\/10\/Johanna-Gullichsen-Cushion-in-Ariel-Apricot-and-Doris-juniper-231x300.jpg 231w, https:\/\/www.johannagullichsen.com\/wp-content\/uploads\/2024\/10\/Johanna-Gullichsen-Cushion-in-Ariel-Apricot-and-Doris-juniper-787x1024.jpg 787w, https:\/\/www.johannagullichsen.com\/wp-content\/uploads\/2024\/10\/Johanna-Gullichsen-Cushion-in-Ariel-Apricot-and-Doris-juniper-768x999.jpg 768w, https:\/\/www.johannagullichsen.com\/wp-content\/uploads\/2024\/10\/Johanna-Gullichsen-Cushion-in-Ariel-Apricot-and-Doris-juniper-1181x1536.jpg 1181w\" sizes=\"auto, (max-width: 1384px) 100vw, 1384px\" \/><\/a><\/p>\n<p><a href=\"https:\/\/www.johannagullichsen.com\/wp-content\/uploads\/2024\/10\/Johanna-Gullichsen-Ariel-cushions-Dune-Dune-negative-and-Apricot.jpg\"><img loading=\"lazy\" decoding=\"async\" class=\"aligncenter wp-image-24244 size-full\" src=\"https:\/\/www.johannagullichsen.com\/wp-content\/uploads\/2024\/10\/Johanna-Gullichsen-Ariel-cushions-Dune-Dune-negative-and-Apricot.jpg\" alt=\"\" width=\"1600\" height=\"1204\" srcset=\"https:\/\/www.johannagullichsen.com\/wp-content\/uploads\/2024\/10\/Johanna-Gullichsen-Ariel-cushions-Dune-Dune-negative-and-Apricot.jpg 1600w, https:\/\/www.johannagullichsen.com\/wp-content\/uploads\/2024\/10\/Johanna-Gullichsen-Ariel-cushions-Dune-Dune-negative-and-Apricot-336x252.jpg 336w, https:\/\/www.johannagullichsen.com\/wp-content\/uploads\/2024\/10\/Johanna-Gullichsen-Ariel-cushions-Dune-Dune-negative-and-Apricot-1260x948.jpg 1260w, https:\/\/www.johannagullichsen.com\/wp-content\/uploads\/2024\/10\/Johanna-Gullichsen-Ariel-cushions-Dune-Dune-negative-and-Apricot-300x226.jpg 300w, https:\/\/www.johannagullichsen.com\/wp-content\/uploads\/2024\/10\/Johanna-Gullichsen-Ariel-cushions-Dune-Dune-negative-and-Apricot-1024x771.jpg 1024w, https:\/\/www.johannagullichsen.com\/wp-content\/uploads\/2024\/10\/Johanna-Gullichsen-Ariel-cushions-Dune-Dune-negative-and-Apricot-768x578.jpg 768w, https:\/\/www.johannagullichsen.com\/wp-content\/uploads\/2024\/10\/Johanna-Gullichsen-Ariel-cushions-Dune-Dune-negative-and-Apricot-1536x1156.jpg 1536w\" sizes=\"auto, (max-width: 1600px) 100vw, 1600px\" \/><\/a><\/p>\n<p>&nbsp;<\/p>\n","protected":false},"excerpt":{"rendered":"<p>&nbsp; V\u00e5r nya kollektion Project \u00e4r speciellt framtagen f\u00f6r kr\u00e4vande projekt, fr\u00e5n hotell och kontor till kryssningsfartyg. Kollektionen innefattar tre m\u00f6nster: v\u00e5r klassiker Doris, nya Ariel och monokroma Kronos. Kollektionens&hellip;<\/p>\n","protected":false},"author":5,"featured_media":0,"parent":0,"menu_order":0,"comment_status":"closed","ping_status":"closed","template":"","meta":{"_acf_changed":false,"footnotes":""},"class_list":["post-24313","page","type-page","status-publish","hentry"],"acf":[],"yoast_head":"<!-- This site is optimized with the Yoast SEO Premium plugin v27.2 (Yoast SEO v27.5) - https:\/\/yoast.com\/product\/yoast-seo-premium-wordpress\/ -->\n<title>Kollektion Project - Specifika krav m\u00f6ter h\u00f6g kvalitet - Johanna Gullichsen<\/title>\n<meta name=\"robots\" content=\"index, follow, max-snippet:-1, max-image-preview:large, max-video-preview:-1\" \/>\n<link rel=\"canonical\" href=\"https:\/\/www.johannagullichsen.com\/sv\/kollektion-project-specifika-krav-moter-hog-kvalitet\/\" \/>\n<meta property=\"og:locale\" content=\"sv_SE\" \/>\n<meta property=\"og:type\" content=\"article\" \/>\n<meta property=\"og:title\" content=\"Kollektion Project - Specifika krav m\u00f6ter h\u00f6g kvalitet\" \/>\n<meta property=\"og:description\" content=\"&nbsp; V\u00e5r nya kollektion Project \u00e4r speciellt framtagen f\u00f6r kr\u00e4vande projekt, fr\u00e5n hotell och kontor till kryssningsfartyg. Kollektionen innefattar tre m\u00f6nster: v\u00e5r klassiker Doris, nya Ariel och monokroma Kronos. Kollektionens&hellip;\" \/>\n<meta property=\"og:url\" content=\"https:\/\/www.johannagullichsen.com\/sv\/kollektion-project-specifika-krav-moter-hog-kvalitet\/\" \/>\n<meta property=\"og:site_name\" content=\"Johanna Gullichsen\" \/>\n<meta property=\"article:modified_time\" content=\"2024-10-08T11:42:05+00:00\" \/>\n<meta property=\"og:image\" content=\"https:\/\/www.johannagullichsen.com\/wp-content\/uploads\/2024\/10\/Johanna-Gullichsen-Project-cushions.jpg\" \/>\n<meta name=\"twitter:card\" content=\"summary_large_image\" \/>\n<meta name=\"twitter:label1\" content=\"Ber\u00e4knad l\u00e4stid\" \/>\n\t<meta name=\"twitter:data1\" content=\"3 minuter\" \/>\n<script type=\"application\/ld+json\" class=\"yoast-schema-graph\">{\"@context\":\"https:\\\/\\\/schema.org\",\"@graph\":[{\"@type\":\"WebPage\",\"@id\":\"https:\\\/\\\/www.johannagullichsen.com\\\/sv\\\/kollektion-project-specifika-krav-moter-hog-kvalitet\\\/\",\"url\":\"https:\\\/\\\/www.johannagullichsen.com\\\/sv\\\/kollektion-project-specifika-krav-moter-hog-kvalitet\\\/\",\"name\":\"Kollektion Project - Specifika krav m\u00f6ter h\u00f6g kvalitet - Johanna Gullichsen\",\"isPartOf\":{\"@id\":\"https:\\\/\\\/www.johannagullichsen.com\\\/sv\\\/#website\"},\"primaryImageOfPage\":{\"@id\":\"https:\\\/\\\/www.johannagullichsen.com\\\/sv\\\/kollektion-project-specifika-krav-moter-hog-kvalitet\\\/#primaryimage\"},\"image\":{\"@id\":\"https:\\\/\\\/www.johannagullichsen.com\\\/sv\\\/kollektion-project-specifika-krav-moter-hog-kvalitet\\\/#primaryimage\"},\"thumbnailUrl\":\"https:\\\/\\\/www.johannagullichsen.com\\\/wp-content\\\/uploads\\\/2024\\\/10\\\/Johanna-Gullichsen-Project-cushions.jpg\",\"datePublished\":\"2024-10-04T07:00:12+00:00\",\"dateModified\":\"2024-10-08T11:42:05+00:00\",\"breadcrumb\":{\"@id\":\"https:\\\/\\\/www.johannagullichsen.com\\\/sv\\\/kollektion-project-specifika-krav-moter-hog-kvalitet\\\/#breadcrumb\"},\"inLanguage\":\"sv-SE\",\"potentialAction\":[{\"@type\":\"ReadAction\",\"target\":[\"https:\\\/\\\/www.johannagullichsen.com\\\/sv\\\/kollektion-project-specifika-krav-moter-hog-kvalitet\\\/\"]}]},{\"@type\":\"ImageObject\",\"inLanguage\":\"sv-SE\",\"@id\":\"https:\\\/\\\/www.johannagullichsen.com\\\/sv\\\/kollektion-project-specifika-krav-moter-hog-kvalitet\\\/#primaryimage\",\"url\":\"https:\\\/\\\/www.johannagullichsen.com\\\/wp-content\\\/uploads\\\/2024\\\/10\\\/Johanna-Gullichsen-Project-cushions.jpg\",\"contentUrl\":\"https:\\\/\\\/www.johannagullichsen.com\\\/wp-content\\\/uploads\\\/2024\\\/10\\\/Johanna-Gullichsen-Project-cushions.jpg\"},{\"@type\":\"BreadcrumbList\",\"@id\":\"https:\\\/\\\/www.johannagullichsen.com\\\/sv\\\/kollektion-project-specifika-krav-moter-hog-kvalitet\\\/#breadcrumb\",\"itemListElement\":[{\"@type\":\"ListItem\",\"position\":1,\"name\":\"Home\",\"item\":\"https:\\\/\\\/www.johannagullichsen.com\\\/sv\\\/\"},{\"@type\":\"ListItem\",\"position\":2,\"name\":\"Kollektion Project &#8211; Specifika krav m\u00f6ter h\u00f6g kvalitet\"}]},{\"@type\":\"WebSite\",\"@id\":\"https:\\\/\\\/www.johannagullichsen.com\\\/sv\\\/#website\",\"url\":\"https:\\\/\\\/www.johannagullichsen.com\\\/sv\\\/\",\"name\":\"Johanna Gullichsen\",\"description\":\"\",\"potentialAction\":[{\"@type\":\"SearchAction\",\"target\":{\"@type\":\"EntryPoint\",\"urlTemplate\":\"https:\\\/\\\/www.johannagullichsen.com\\\/sv\\\/?s={search_term_string}\"},\"query-input\":{\"@type\":\"PropertyValueSpecification\",\"valueRequired\":true,\"valueName\":\"search_term_string\"}}],\"inLanguage\":\"sv-SE\"}]}<\/script>\n<!-- \/ Yoast SEO Premium plugin. -->","yoast_head_json":{"title":"Kollektion Project - Specifika krav m\u00f6ter h\u00f6g kvalitet - Johanna Gullichsen","robots":{"index":"index","follow":"follow","max-snippet":"max-snippet:-1","max-image-preview":"max-image-preview:large","max-video-preview":"max-video-preview:-1"},"canonical":"https:\/\/www.johannagullichsen.com\/sv\/kollektion-project-specifika-krav-moter-hog-kvalitet\/","og_locale":"sv_SE","og_type":"article","og_title":"Kollektion Project - Specifika krav m\u00f6ter h\u00f6g kvalitet","og_description":"&nbsp; V\u00e5r nya kollektion Project \u00e4r speciellt framtagen f\u00f6r kr\u00e4vande projekt, fr\u00e5n hotell och kontor till kryssningsfartyg. Kollektionen innefattar tre m\u00f6nster: v\u00e5r klassiker Doris, nya Ariel och monokroma Kronos. Kollektionens&hellip;","og_url":"https:\/\/www.johannagullichsen.com\/sv\/kollektion-project-specifika-krav-moter-hog-kvalitet\/","og_site_name":"Johanna Gullichsen","article_modified_time":"2024-10-08T11:42:05+00:00","og_image":[{"url":"https:\/\/www.johannagullichsen.com\/wp-content\/uploads\/2024\/10\/Johanna-Gullichsen-Project-cushions.jpg","type":"","width":"","height":""}],"twitter_card":"summary_large_image","twitter_misc":{"Ber\u00e4knad l\u00e4stid":"3 minuter"},"schema":{"@context":"https:\/\/schema.org","@graph":[{"@type":"WebPage","@id":"https:\/\/www.johannagullichsen.com\/sv\/kollektion-project-specifika-krav-moter-hog-kvalitet\/","url":"https:\/\/www.johannagullichsen.com\/sv\/kollektion-project-specifika-krav-moter-hog-kvalitet\/","name":"Kollektion Project - Specifika krav m\u00f6ter h\u00f6g kvalitet - Johanna Gullichsen","isPartOf":{"@id":"https:\/\/www.johannagullichsen.com\/sv\/#website"},"primaryImageOfPage":{"@id":"https:\/\/www.johannagullichsen.com\/sv\/kollektion-project-specifika-krav-moter-hog-kvalitet\/#primaryimage"},"image":{"@id":"https:\/\/www.johannagullichsen.com\/sv\/kollektion-project-specifika-krav-moter-hog-kvalitet\/#primaryimage"},"thumbnailUrl":"https:\/\/www.johannagullichsen.com\/wp-content\/uploads\/2024\/10\/Johanna-Gullichsen-Project-cushions.jpg","datePublished":"2024-10-04T07:00:12+00:00","dateModified":"2024-10-08T11:42:05+00:00","breadcrumb":{"@id":"https:\/\/www.johannagullichsen.com\/sv\/kollektion-project-specifika-krav-moter-hog-kvalitet\/#breadcrumb"},"inLanguage":"sv-SE","potentialAction":[{"@type":"ReadAction","target":["https:\/\/www.johannagullichsen.com\/sv\/kollektion-project-specifika-krav-moter-hog-kvalitet\/"]}]},{"@type":"ImageObject","inLanguage":"sv-SE","@id":"https:\/\/www.johannagullichsen.com\/sv\/kollektion-project-specifika-krav-moter-hog-kvalitet\/#primaryimage","url":"https:\/\/www.johannagullichsen.com\/wp-content\/uploads\/2024\/10\/Johanna-Gullichsen-Project-cushions.jpg","contentUrl":"https:\/\/www.johannagullichsen.com\/wp-content\/uploads\/2024\/10\/Johanna-Gullichsen-Project-cushions.jpg"},{"@type":"BreadcrumbList","@id":"https:\/\/www.johannagullichsen.com\/sv\/kollektion-project-specifika-krav-moter-hog-kvalitet\/#breadcrumb","itemListElement":[{"@type":"ListItem","position":1,"name":"Home","item":"https:\/\/www.johannagullichsen.com\/sv\/"},{"@type":"ListItem","position":2,"name":"Kollektion Project &#8211; Specifika krav m\u00f6ter h\u00f6g kvalitet"}]},{"@type":"WebSite","@id":"https:\/\/www.johannagullichsen.com\/sv\/#website","url":"https:\/\/www.johannagullichsen.com\/sv\/","name":"Johanna Gullichsen","description":"","potentialAction":[{"@type":"SearchAction","target":{"@type":"EntryPoint","urlTemplate":"https:\/\/www.johannagullichsen.com\/sv\/?s={search_term_string}"},"query-input":{"@type":"PropertyValueSpecification","valueRequired":true,"valueName":"search_term_string"}}],"inLanguage":"sv-SE"}]}},"_links":{"self":[{"href":"https:\/\/www.johannagullichsen.com\/sv\/wp-json\/wp\/v2\/pages\/24313","targetHints":{"allow":["GET"]}}],"collection":[{"href":"https:\/\/www.johannagullichsen.com\/sv\/wp-json\/wp\/v2\/pages"}],"about":[{"href":"https:\/\/www.johannagullichsen.com\/sv\/wp-json\/wp\/v2\/types\/page"}],"author":[{"embeddable":true,"href":"https:\/\/www.johannagullichsen.com\/sv\/wp-json\/wp\/v2\/users\/5"}],"replies":[{"embeddable":true,"href":"https:\/\/www.johannagullichsen.com\/sv\/wp-json\/wp\/v2\/comments?post=24313"}],"version-history":[{"count":1,"href":"https:\/\/www.johannagullichsen.com\/sv\/wp-json\/wp\/v2\/pages\/24313\/revisions"}],"predecessor-version":[{"id":24316,"href":"https:\/\/www.johannagullichsen.com\/sv\/wp-json\/wp\/v2\/pages\/24313\/revisions\/24316"}],"wp:attachment":[{"href":"https:\/\/www.johannagullichsen.com\/sv\/wp-json\/wp\/v2\/media?parent=24313"}],"curies":[{"name":"wp","href":"https:\/\/api.w.org\/{rel}","templated":true}]}}