{"id":25883,"date":"2025-03-19T14:15:00","date_gmt":"2025-03-19T12:15:00","guid":{"rendered":"https:\/\/www.johannagullichsen.com\/?page_id=25883"},"modified":"2025-03-25T11:49:15","modified_gmt":"2025-03-25T09:49:15","slug":"hotel-filigrane","status":"publish","type":"page","link":"https:\/\/www.johannagullichsen.com\/sv\/hotel-filigrane\/","title":{"rendered":"Hotel Filigrane"},"content":{"rendered":"<p><a href=\"https:\/\/www.johannagullichsen.com\/wp-content\/uploads\/2025\/03\/hotel-filigrane-chambres-classique-balcon-lg.jpg\"><img loading=\"lazy\" decoding=\"async\" class=\"aligncenter wp-image-25804 size-full\" src=\"https:\/\/www.johannagullichsen.com\/wp-content\/uploads\/2025\/03\/hotel-filigrane-chambres-classique-balcon-lg.jpg\" alt=\"\" width=\"2000\" height=\"1334\" srcset=\"https:\/\/www.johannagullichsen.com\/wp-content\/uploads\/2025\/03\/hotel-filigrane-chambres-classique-balcon-lg.jpg 2000w, https:\/\/www.johannagullichsen.com\/wp-content\/uploads\/2025\/03\/hotel-filigrane-chambres-classique-balcon-lg-1260x840.jpg 1260w, https:\/\/www.johannagullichsen.com\/wp-content\/uploads\/2025\/03\/hotel-filigrane-chambres-classique-balcon-lg-300x200.jpg 300w, https:\/\/www.johannagullichsen.com\/wp-content\/uploads\/2025\/03\/hotel-filigrane-chambres-classique-balcon-lg-1024x683.jpg 1024w, https:\/\/www.johannagullichsen.com\/wp-content\/uploads\/2025\/03\/hotel-filigrane-chambres-classique-balcon-lg-768x512.jpg 768w, https:\/\/www.johannagullichsen.com\/wp-content\/uploads\/2025\/03\/hotel-filigrane-chambres-classique-balcon-lg-1536x1025.jpg 1536w\" sizes=\"auto, (max-width: 2000px) 100vw, 2000px\" \/><\/a><\/p>\n<h3>Stig in i en v\u00e4rld av subtil elegans och dj\u00e4rv design p\u00e5 Hotel Filigrane, ett nytt m\u00e4sterverk bel\u00e4get\u00a0i hj\u00e4rtat av Paris p\u00e5 anrika Rue Vivienne.<\/h3>\n<p>H\u00e4r, bland historiska landm\u00e4rken som <a href=\"https:\/\/www.palaisbrongniart.com\/fr\/histoire\">Palais Brongniart<\/a> och <a href=\"https:\/\/www.bnf.fr\/fr\/la-bnf-richelieu\">Biblioth\u00e8que Nationale de France<\/a>, har <a href=\"https:\/\/www.studiomajorelparis.fr\/\">Studio Majorel Paris<\/a> skapat en visuell symfoni d\u00e4r Johanna Gullichsens tidl\u00f6sa textilier spelar huvudrollen.<\/p>\n<p>Inspirerade av sedlarnas intrikata m\u00f6nster och bibliotekets unika b\u00f6cker, har designern Anne Claire Majorel v\u00e4vt samman grafiska element till en f\u00e4ngslande helhet:<\/p>\n<p>&#8221;Vi l\u00e4t oss h\u00e4nf\u00f6ras av sedlarnas rika estetik och skapade omsorgsfullt uppbyggda lager av grafiska element. Detta gav oss en o\u00e4ndlig palett av m\u00f6jligheter att kombinera linjer, subtila m\u00f6nster och moir\u00e9-effekter.&#8221;<\/p>\n<p>Varje rum p\u00e5 Hotel Filigrane \u00e4r en unik f\u00e4rgber\u00e4ttelse, d\u00e4r Johanna Gullichsens ikoniska tyger omsluter dig i en atmosf\u00e4r av lyx och harmoni. F\u00e4rgerna \u2013 bl\u00e5tt, svartvitt, r\u00f6tt, bistre och gr\u00f6nt \u2013 dansar i perfekt samklang och skapar en st\u00e4mning som \u00e4r b\u00e5de sofistikerad och inbjudande.<\/p>\n<p>&#8221;Vi s\u00f6kte tyger med dj\u00e4rv, geometrisk estetik i en bred f\u00e4rgskala. Johanna Gullichsens Normandie-tyger uppfyllde v\u00e5ra kriterier perfekt med sina vackra m\u00f6nster, subtila linjer och rika f\u00e4rger,&#8221; f\u00f6rklarar Majorel. &#8221;Dessutom p\u00e5minde tygets dubbelsidiga design \u2013 ljus p\u00e5 ena sidan, m\u00f6rk p\u00e5 den andra \u2013 om sedlar med tryck p\u00e5 b\u00e5da sidor. Tygerna blev en naturlig utg\u00e5ngspunkt att matcha \u00f6vriga textilier, kakel och v\u00e4ggf\u00e4rger till&#8221;<\/p>\n<p>Hotel Filigrane \u00e4r en fristad d\u00e4r du kan unna dig en upplevelse av ren och sk\u00e4r njutning. Fr\u00e5n den intima lobbyn till den avkopplande spa-avdelningen och de elegant inredda rummen, genomsyras varje detalj av Parisisk charm och en k\u00e4nsla av rofylld lyx.<\/p>\n<p>L\u00e5t dig inspireras av Hotel Filigranes unika design och skapa ditt eget dr\u00f6msovrum med Johanna Gullichsens exklusiva <a href=\"https:\/\/www.johannagullichsen.com\/sv\/produkter\/badd-bad\/sanggavel\/\">s\u00e4nggavlar<\/a>, <a href=\"https:\/\/www.johannagullichsen.com\/sv\/produkter\/badd-bad\/sangoverkast-260-cm-x-260-cm\/\">\u00f6verkast<\/a> och <a href=\"https:\/\/www.johannagullichsen.com\/sv\/produkter\/vardagsrum-kuddar\/kuddfodral-normandie-50cm-x-50cm\/\">kuddar<\/a>. Eller varf\u00f6r inte ta hj\u00e4lp av en lokal tapetserare f\u00f6r skr\u00e4ddarsydda l\u00f6sningar med dessa tidl\u00f6sa tyger?<\/p>\n<p>foto: Christophe Bielsa<\/p>\n<p><img loading=\"lazy\" decoding=\"async\" class=\"aligncenter wp-image-25832 size-large\" src=\"https:\/\/www.johannagullichsen.com\/wp-content\/uploads\/2025\/03\/hotel-filigrane-chambres-classique-014-copy-683x1024.jpg\" alt=\"\" width=\"683\" height=\"1024\" srcset=\"https:\/\/www.johannagullichsen.com\/wp-content\/uploads\/2025\/03\/hotel-filigrane-chambres-classique-014-copy-683x1024.jpg 683w, https:\/\/www.johannagullichsen.com\/wp-content\/uploads\/2025\/03\/hotel-filigrane-chambres-classique-014-copy-200x300.jpg 200w, https:\/\/www.johannagullichsen.com\/wp-content\/uploads\/2025\/03\/hotel-filigrane-chambres-classique-014-copy-768x1151.jpg 768w, https:\/\/www.johannagullichsen.com\/wp-content\/uploads\/2025\/03\/hotel-filigrane-chambres-classique-014-copy.jpg 1000w\" sizes=\"auto, (max-width: 683px) 100vw, 683px\" \/><a href=\"https:\/\/www.johannagullichsen.com\/wp-content\/uploads\/2025\/03\/hotel-filigrane-chambres-classique-004-copy.jpg\"><img loading=\"lazy\" decoding=\"async\" class=\"aligncenter wp-image-25890 size-large\" src=\"https:\/\/www.johannagullichsen.com\/wp-content\/uploads\/2025\/03\/hotel-filigrane-chambres-classique-004-copy-1024x723.jpg\" alt=\"\" width=\"1024\" height=\"723\" srcset=\"https:\/\/www.johannagullichsen.com\/wp-content\/uploads\/2025\/03\/hotel-filigrane-chambres-classique-004-copy-1024x723.jpg 1024w, https:\/\/www.johannagullichsen.com\/wp-content\/uploads\/2025\/03\/hotel-filigrane-chambres-classique-004-copy-1260x890.jpg 1260w, https:\/\/www.johannagullichsen.com\/wp-content\/uploads\/2025\/03\/hotel-filigrane-chambres-classique-004-copy-300x212.jpg 300w, https:\/\/www.johannagullichsen.com\/wp-content\/uploads\/2025\/03\/hotel-filigrane-chambres-classique-004-copy-768x542.jpg 768w, https:\/\/www.johannagullichsen.com\/wp-content\/uploads\/2025\/03\/hotel-filigrane-chambres-classique-004-copy-1536x1085.jpg 1536w, https:\/\/www.johannagullichsen.com\/wp-content\/uploads\/2025\/03\/hotel-filigrane-chambres-classique-004-copy.jpg 1600w\" sizes=\"auto, (max-width: 1024px) 100vw, 1024px\" \/><\/a><a href=\"https:\/\/www.johannagullichsen.com\/wp-content\/uploads\/2025\/03\/hotel-filigrane-chambres-junior-suite-terrasse-013-copy1.jpg\"><img loading=\"lazy\" decoding=\"async\" class=\"aligncenter wp-image-25894 size-large\" src=\"https:\/\/www.johannagullichsen.com\/wp-content\/uploads\/2025\/03\/hotel-filigrane-chambres-junior-suite-terrasse-013-copy1-1024x677.jpg\" alt=\"\" width=\"1024\" height=\"677\" srcset=\"https:\/\/www.johannagullichsen.com\/wp-content\/uploads\/2025\/03\/hotel-filigrane-chambres-junior-suite-terrasse-013-copy1-1024x677.jpg 1024w, https:\/\/www.johannagullichsen.com\/wp-content\/uploads\/2025\/03\/hotel-filigrane-chambres-junior-suite-terrasse-013-copy1-1260x833.jpg 1260w, https:\/\/www.johannagullichsen.com\/wp-content\/uploads\/2025\/03\/hotel-filigrane-chambres-junior-suite-terrasse-013-copy1-300x198.jpg 300w, https:\/\/www.johannagullichsen.com\/wp-content\/uploads\/2025\/03\/hotel-filigrane-chambres-junior-suite-terrasse-013-copy1-768x508.jpg 768w, https:\/\/www.johannagullichsen.com\/wp-content\/uploads\/2025\/03\/hotel-filigrane-chambres-junior-suite-terrasse-013-copy1-1536x1016.jpg 1536w, https:\/\/www.johannagullichsen.com\/wp-content\/uploads\/2025\/03\/hotel-filigrane-chambres-junior-suite-terrasse-013-copy1.jpg 1600w\" sizes=\"auto, (max-width: 1024px) 100vw, 1024px\" \/><\/a><a href=\"https:\/\/www.johannagullichsen.com\/wp-content\/uploads\/2025\/03\/hotel-filigrane-chambres-superieure-007-1.jpg\"><img loading=\"lazy\" decoding=\"async\" class=\"aligncenter wp-image-25856 size-full\" src=\"https:\/\/www.johannagullichsen.com\/wp-content\/uploads\/2025\/03\/hotel-filigrane-chambres-superieure-007-1.jpg\" alt=\"\" width=\"1000\" height=\"667\" srcset=\"https:\/\/www.johannagullichsen.com\/wp-content\/uploads\/2025\/03\/hotel-filigrane-chambres-superieure-007-1.jpg 1000w, https:\/\/www.johannagullichsen.com\/wp-content\/uploads\/2025\/03\/hotel-filigrane-chambres-superieure-007-1-300x200.jpg 300w, https:\/\/www.johannagullichsen.com\/wp-content\/uploads\/2025\/03\/hotel-filigrane-chambres-superieure-007-1-768x512.jpg 768w\" sizes=\"auto, (max-width: 1000px) 100vw, 1000px\" \/><\/a> <img loading=\"lazy\" decoding=\"async\" class=\"aligncenter wp-image-25848 size-large\" src=\"https:\/\/www.johannagullichsen.com\/wp-content\/uploads\/2025\/03\/hotel-filigrane-chambres-deluxe-010-1-683x1024.jpg\" alt=\"\" width=\"683\" height=\"1024\" srcset=\"https:\/\/www.johannagullichsen.com\/wp-content\/uploads\/2025\/03\/hotel-filigrane-chambres-deluxe-010-1-683x1024.jpg 683w, https:\/\/www.johannagullichsen.com\/wp-content\/uploads\/2025\/03\/hotel-filigrane-chambres-deluxe-010-1-200x300.jpg 200w, https:\/\/www.johannagullichsen.com\/wp-content\/uploads\/2025\/03\/hotel-filigrane-chambres-deluxe-010-1-768x1151.jpg 768w, https:\/\/www.johannagullichsen.com\/wp-content\/uploads\/2025\/03\/hotel-filigrane-chambres-deluxe-010-1.jpg 1000w\" sizes=\"auto, (max-width: 683px) 100vw, 683px\" \/> <a href=\"https:\/\/www.johannagullichsen.com\/wp-content\/uploads\/2025\/03\/hotel-filigrane-chambres-deluxe-007-1.jpg\"><img loading=\"lazy\" decoding=\"async\" class=\"aligncenter wp-image-25844 size-large\" src=\"https:\/\/www.johannagullichsen.com\/wp-content\/uploads\/2025\/03\/hotel-filigrane-chambres-deluxe-007-1-683x1024.jpg\" alt=\"\" width=\"683\" height=\"1024\" srcset=\"https:\/\/www.johannagullichsen.com\/wp-content\/uploads\/2025\/03\/hotel-filigrane-chambres-deluxe-007-1-683x1024.jpg 683w, https:\/\/www.johannagullichsen.com\/wp-content\/uploads\/2025\/03\/hotel-filigrane-chambres-deluxe-007-1-200x300.jpg 200w, https:\/\/www.johannagullichsen.com\/wp-content\/uploads\/2025\/03\/hotel-filigrane-chambres-deluxe-007-1-768x1151.jpg 768w, https:\/\/www.johannagullichsen.com\/wp-content\/uploads\/2025\/03\/hotel-filigrane-chambres-deluxe-007-1.jpg 1000w\" sizes=\"auto, (max-width: 683px) 100vw, 683px\" \/><\/a> <a href=\"https:\/\/www.johannagullichsen.com\/wp-content\/uploads\/2025\/03\/hotel-filigrane-chambres-classique-balcon-007-copy.jpg\"><img loading=\"lazy\" decoding=\"async\" class=\"aligncenter wp-image-25840 size-full\" src=\"https:\/\/www.johannagullichsen.com\/wp-content\/uploads\/2025\/03\/hotel-filigrane-chambres-classique-balcon-007-copy.jpg\" alt=\"\" width=\"1000\" height=\"667\" srcset=\"https:\/\/www.johannagullichsen.com\/wp-content\/uploads\/2025\/03\/hotel-filigrane-chambres-classique-balcon-007-copy.jpg 1000w, https:\/\/www.johannagullichsen.com\/wp-content\/uploads\/2025\/03\/hotel-filigrane-chambres-classique-balcon-007-copy-300x200.jpg 300w, https:\/\/www.johannagullichsen.com\/wp-content\/uploads\/2025\/03\/hotel-filigrane-chambres-classique-balcon-007-copy-768x512.jpg 768w\" sizes=\"auto, (max-width: 1000px) 100vw, 1000px\" \/><\/a> <a href=\"https:\/\/www.johannagullichsen.com\/wp-content\/uploads\/2025\/03\/hotel-filigrane-chambres-classique-028-1.jpg\"><img loading=\"lazy\" decoding=\"async\" class=\"aligncenter wp-image-25836 size-large\" src=\"https:\/\/www.johannagullichsen.com\/wp-content\/uploads\/2025\/03\/hotel-filigrane-chambres-classique-028-1-683x1024.jpg\" alt=\"\" width=\"683\" height=\"1024\" srcset=\"https:\/\/www.johannagullichsen.com\/wp-content\/uploads\/2025\/03\/hotel-filigrane-chambres-classique-028-1-683x1024.jpg 683w, https:\/\/www.johannagullichsen.com\/wp-content\/uploads\/2025\/03\/hotel-filigrane-chambres-classique-028-1-200x300.jpg 200w, https:\/\/www.johannagullichsen.com\/wp-content\/uploads\/2025\/03\/hotel-filigrane-chambres-classique-028-1-768x1151.jpg 768w, https:\/\/www.johannagullichsen.com\/wp-content\/uploads\/2025\/03\/hotel-filigrane-chambres-classique-028-1.jpg 1000w\" sizes=\"auto, (max-width: 683px) 100vw, 683px\" \/><\/a><\/p>\n<p>&nbsp;<\/p>\n<p>&nbsp;<\/p>\n<p>&nbsp;<\/p>\n","protected":false},"excerpt":{"rendered":"<p>Stig in i en v\u00e4rld av subtil elegans och dj\u00e4rv design p\u00e5 Hotel Filigrane, ett nytt m\u00e4sterverk bel\u00e4get\u00a0i hj\u00e4rtat av Paris p\u00e5 anrika Rue Vivienne. H\u00e4r, bland historiska landm\u00e4rken som&hellip;<\/p>\n","protected":false},"author":4,"featured_media":0,"parent":0,"menu_order":0,"comment_status":"closed","ping_status":"closed","template":"","meta":{"_acf_changed":false,"footnotes":""},"class_list":["post-25883","page","type-page","status-publish","hentry"],"acf":[],"yoast_head":"<!-- This site is optimized with the Yoast SEO Premium plugin v27.2 (Yoast SEO v27.5) - https:\/\/yoast.com\/product\/yoast-seo-premium-wordpress\/ -->\n<title>Hotel Filigrane - Johanna Gullichsen<\/title>\n<meta name=\"robots\" content=\"index, follow, max-snippet:-1, max-image-preview:large, max-video-preview:-1\" \/>\n<link rel=\"canonical\" href=\"https:\/\/www.johannagullichsen.com\/sv\/hotel-filigrane\/\" \/>\n<meta property=\"og:locale\" content=\"sv_SE\" \/>\n<meta property=\"og:type\" content=\"article\" \/>\n<meta property=\"og:title\" content=\"Hotel Filigrane\" \/>\n<meta property=\"og:description\" content=\"Stig in i en v\u00e4rld av subtil elegans och dj\u00e4rv design p\u00e5 Hotel Filigrane, ett nytt m\u00e4sterverk bel\u00e4get\u00a0i hj\u00e4rtat av Paris p\u00e5 anrika Rue Vivienne. H\u00e4r, bland historiska landm\u00e4rken som&hellip;\" \/>\n<meta property=\"og:url\" content=\"https:\/\/www.johannagullichsen.com\/sv\/hotel-filigrane\/\" \/>\n<meta property=\"og:site_name\" content=\"Johanna Gullichsen\" \/>\n<meta property=\"article:modified_time\" content=\"2025-03-25T09:49:15+00:00\" \/>\n<meta property=\"og:image\" content=\"https:\/\/www.johannagullichsen.com\/wp-content\/uploads\/2025\/03\/hotel-filigrane-chambres-classique-balcon-lg.jpg\" \/>\n\t<meta property=\"og:image:width\" content=\"2000\" \/>\n\t<meta property=\"og:image:height\" content=\"1334\" \/>\n\t<meta property=\"og:image:type\" content=\"image\/jpeg\" \/>\n<meta name=\"twitter:card\" content=\"summary_large_image\" \/>\n<meta name=\"twitter:label1\" content=\"Ber\u00e4knad l\u00e4stid\" \/>\n\t<meta name=\"twitter:data1\" content=\"4 minuter\" \/>\n<script type=\"application\/ld+json\" class=\"yoast-schema-graph\">{\"@context\":\"https:\\\/\\\/schema.org\",\"@graph\":[{\"@type\":\"WebPage\",\"@id\":\"https:\\\/\\\/www.johannagullichsen.com\\\/sv\\\/hotel-filigrane\\\/\",\"url\":\"https:\\\/\\\/www.johannagullichsen.com\\\/sv\\\/hotel-filigrane\\\/\",\"name\":\"Hotel Filigrane - Johanna Gullichsen\",\"isPartOf\":{\"@id\":\"https:\\\/\\\/www.johannagullichsen.com\\\/sv\\\/#website\"},\"primaryImageOfPage\":{\"@id\":\"https:\\\/\\\/www.johannagullichsen.com\\\/sv\\\/hotel-filigrane\\\/#primaryimage\"},\"image\":{\"@id\":\"https:\\\/\\\/www.johannagullichsen.com\\\/sv\\\/hotel-filigrane\\\/#primaryimage\"},\"thumbnailUrl\":\"https:\\\/\\\/www.johannagullichsen.com\\\/wp-content\\\/uploads\\\/2025\\\/03\\\/hotel-filigrane-chambres-classique-balcon-lg.jpg\",\"datePublished\":\"2025-03-19T12:15:00+00:00\",\"dateModified\":\"2025-03-25T09:49:15+00:00\",\"breadcrumb\":{\"@id\":\"https:\\\/\\\/www.johannagullichsen.com\\\/sv\\\/hotel-filigrane\\\/#breadcrumb\"},\"inLanguage\":\"sv-SE\",\"potentialAction\":[{\"@type\":\"ReadAction\",\"target\":[\"https:\\\/\\\/www.johannagullichsen.com\\\/sv\\\/hotel-filigrane\\\/\"]}]},{\"@type\":\"ImageObject\",\"inLanguage\":\"sv-SE\",\"@id\":\"https:\\\/\\\/www.johannagullichsen.com\\\/sv\\\/hotel-filigrane\\\/#primaryimage\",\"url\":\"https:\\\/\\\/www.johannagullichsen.com\\\/wp-content\\\/uploads\\\/2025\\\/03\\\/hotel-filigrane-chambres-classique-balcon-lg.jpg\",\"contentUrl\":\"https:\\\/\\\/www.johannagullichsen.com\\\/wp-content\\\/uploads\\\/2025\\\/03\\\/hotel-filigrane-chambres-classique-balcon-lg.jpg\"},{\"@type\":\"BreadcrumbList\",\"@id\":\"https:\\\/\\\/www.johannagullichsen.com\\\/sv\\\/hotel-filigrane\\\/#breadcrumb\",\"itemListElement\":[{\"@type\":\"ListItem\",\"position\":1,\"name\":\"Home\",\"item\":\"https:\\\/\\\/www.johannagullichsen.com\\\/sv\\\/\"},{\"@type\":\"ListItem\",\"position\":2,\"name\":\"Hotel Filigrane\"}]},{\"@type\":\"WebSite\",\"@id\":\"https:\\\/\\\/www.johannagullichsen.com\\\/sv\\\/#website\",\"url\":\"https:\\\/\\\/www.johannagullichsen.com\\\/sv\\\/\",\"name\":\"Johanna Gullichsen\",\"description\":\"\",\"potentialAction\":[{\"@type\":\"SearchAction\",\"target\":{\"@type\":\"EntryPoint\",\"urlTemplate\":\"https:\\\/\\\/www.johannagullichsen.com\\\/sv\\\/?s={search_term_string}\"},\"query-input\":{\"@type\":\"PropertyValueSpecification\",\"valueRequired\":true,\"valueName\":\"search_term_string\"}}],\"inLanguage\":\"sv-SE\"}]}<\/script>\n<!-- \/ Yoast SEO Premium plugin. -->","yoast_head_json":{"title":"Hotel Filigrane - Johanna Gullichsen","robots":{"index":"index","follow":"follow","max-snippet":"max-snippet:-1","max-image-preview":"max-image-preview:large","max-video-preview":"max-video-preview:-1"},"canonical":"https:\/\/www.johannagullichsen.com\/sv\/hotel-filigrane\/","og_locale":"sv_SE","og_type":"article","og_title":"Hotel Filigrane","og_description":"Stig in i en v\u00e4rld av subtil elegans och dj\u00e4rv design p\u00e5 Hotel Filigrane, ett nytt m\u00e4sterverk bel\u00e4get\u00a0i hj\u00e4rtat av Paris p\u00e5 anrika Rue Vivienne. H\u00e4r, bland historiska landm\u00e4rken som&hellip;","og_url":"https:\/\/www.johannagullichsen.com\/sv\/hotel-filigrane\/","og_site_name":"Johanna Gullichsen","article_modified_time":"2025-03-25T09:49:15+00:00","og_image":[{"width":2000,"height":1334,"url":"https:\/\/www.johannagullichsen.com\/wp-content\/uploads\/2025\/03\/hotel-filigrane-chambres-classique-balcon-lg.jpg","type":"image\/jpeg"}],"twitter_card":"summary_large_image","twitter_misc":{"Ber\u00e4knad l\u00e4stid":"4 minuter"},"schema":{"@context":"https:\/\/schema.org","@graph":[{"@type":"WebPage","@id":"https:\/\/www.johannagullichsen.com\/sv\/hotel-filigrane\/","url":"https:\/\/www.johannagullichsen.com\/sv\/hotel-filigrane\/","name":"Hotel Filigrane - Johanna Gullichsen","isPartOf":{"@id":"https:\/\/www.johannagullichsen.com\/sv\/#website"},"primaryImageOfPage":{"@id":"https:\/\/www.johannagullichsen.com\/sv\/hotel-filigrane\/#primaryimage"},"image":{"@id":"https:\/\/www.johannagullichsen.com\/sv\/hotel-filigrane\/#primaryimage"},"thumbnailUrl":"https:\/\/www.johannagullichsen.com\/wp-content\/uploads\/2025\/03\/hotel-filigrane-chambres-classique-balcon-lg.jpg","datePublished":"2025-03-19T12:15:00+00:00","dateModified":"2025-03-25T09:49:15+00:00","breadcrumb":{"@id":"https:\/\/www.johannagullichsen.com\/sv\/hotel-filigrane\/#breadcrumb"},"inLanguage":"sv-SE","potentialAction":[{"@type":"ReadAction","target":["https:\/\/www.johannagullichsen.com\/sv\/hotel-filigrane\/"]}]},{"@type":"ImageObject","inLanguage":"sv-SE","@id":"https:\/\/www.johannagullichsen.com\/sv\/hotel-filigrane\/#primaryimage","url":"https:\/\/www.johannagullichsen.com\/wp-content\/uploads\/2025\/03\/hotel-filigrane-chambres-classique-balcon-lg.jpg","contentUrl":"https:\/\/www.johannagullichsen.com\/wp-content\/uploads\/2025\/03\/hotel-filigrane-chambres-classique-balcon-lg.jpg"},{"@type":"BreadcrumbList","@id":"https:\/\/www.johannagullichsen.com\/sv\/hotel-filigrane\/#breadcrumb","itemListElement":[{"@type":"ListItem","position":1,"name":"Home","item":"https:\/\/www.johannagullichsen.com\/sv\/"},{"@type":"ListItem","position":2,"name":"Hotel Filigrane"}]},{"@type":"WebSite","@id":"https:\/\/www.johannagullichsen.com\/sv\/#website","url":"https:\/\/www.johannagullichsen.com\/sv\/","name":"Johanna Gullichsen","description":"","potentialAction":[{"@type":"SearchAction","target":{"@type":"EntryPoint","urlTemplate":"https:\/\/www.johannagullichsen.com\/sv\/?s={search_term_string}"},"query-input":{"@type":"PropertyValueSpecification","valueRequired":true,"valueName":"search_term_string"}}],"inLanguage":"sv-SE"}]}},"_links":{"self":[{"href":"https:\/\/www.johannagullichsen.com\/sv\/wp-json\/wp\/v2\/pages\/25883","targetHints":{"allow":["GET"]}}],"collection":[{"href":"https:\/\/www.johannagullichsen.com\/sv\/wp-json\/wp\/v2\/pages"}],"about":[{"href":"https:\/\/www.johannagullichsen.com\/sv\/wp-json\/wp\/v2\/types\/page"}],"author":[{"embeddable":true,"href":"https:\/\/www.johannagullichsen.com\/sv\/wp-json\/wp\/v2\/users\/4"}],"replies":[{"embeddable":true,"href":"https:\/\/www.johannagullichsen.com\/sv\/wp-json\/wp\/v2\/comments?post=25883"}],"version-history":[{"count":10,"href":"https:\/\/www.johannagullichsen.com\/sv\/wp-json\/wp\/v2\/pages\/25883\/revisions"}],"predecessor-version":[{"id":26054,"href":"https:\/\/www.johannagullichsen.com\/sv\/wp-json\/wp\/v2\/pages\/25883\/revisions\/26054"}],"wp:attachment":[{"href":"https:\/\/www.johannagullichsen.com\/sv\/wp-json\/wp\/v2\/media?parent=25883"}],"curies":[{"name":"wp","href":"https:\/\/api.w.org\/{rel}","templated":true}]}}