{"id":29181,"date":"2025-11-14T14:03:34","date_gmt":"2025-11-14T12:03:34","guid":{"rendered":"https:\/\/www.johannagullichsen.com\/?page_id=29181"},"modified":"2025-11-17T08:11:07","modified_gmt":"2025-11-17T06:11:07","slug":"handplockat-av-johanna-framnas-farg-och-vav-handvavda-och-vaxtfargade-halsdukar-fran-bromarv","status":"publish","type":"page","link":"https:\/\/www.johannagullichsen.com\/sv\/handplockat-av-johanna-framnas-farg-och-vav-handvavda-och-vaxtfargade-halsdukar-fran-bromarv\/","title":{"rendered":"Handplockat av Johanna: Framn\u00e4s F\u00e4rg och V\u00e4v"},"content":{"rendered":"<p><a href=\"https:\/\/www.johannagullichsen.com\/wp-content\/uploads\/2025\/11\/Framnas-scarfs-3.1.jpg\"><img loading=\"lazy\" decoding=\"async\" class=\"aligncenter wp-image-29226 size-full\" src=\"https:\/\/www.johannagullichsen.com\/wp-content\/uploads\/2025\/11\/Framnas-scarfs-3.1.jpg\" alt=\"\" width=\"1600\" height=\"792\" srcset=\"https:\/\/www.johannagullichsen.com\/wp-content\/uploads\/2025\/11\/Framnas-scarfs-3.1.jpg 1600w, https:\/\/www.johannagullichsen.com\/wp-content\/uploads\/2025\/11\/Framnas-scarfs-3.1-300x149.jpg 300w, https:\/\/www.johannagullichsen.com\/wp-content\/uploads\/2025\/11\/Framnas-scarfs-3.1-1024x507.jpg 1024w, https:\/\/www.johannagullichsen.com\/wp-content\/uploads\/2025\/11\/Framnas-scarfs-3.1-768x380.jpg 768w, https:\/\/www.johannagullichsen.com\/wp-content\/uploads\/2025\/11\/Framnas-scarfs-3.1-1536x760.jpg 1536w, https:\/\/www.johannagullichsen.com\/wp-content\/uploads\/2025\/11\/Framnas-scarfs-3.1-1260x624.jpg 1260w\" sizes=\"auto, (max-width: 1600px) 100vw, 1600px\" \/><\/a><\/p>\n<h3 class=\"p1\">Handv\u00e4vda och v\u00e4xtf\u00e4rgade halsdukar fr\u00e5n Bromarv<\/h3>\n<p>Handplockat av Johanna \u00e4r en jultradition d\u00e4r vi lyfter fram hantverkare och konstn\u00e4rer vars verk inspirerar och gl\u00e4der Johanna Gullichsen. I \u00e5r s\u00e4ljer v\u00e5r butik i Helsingfors en charmig serie v\u00e4xtf\u00e4rgade och handv\u00e4vda yllehalsdukar fr\u00e5n Framn\u00e4s F\u00e4rg och V\u00e4v. Framn\u00e4s F\u00e4rg och v\u00e4v \u00e4r ett projekt som startades av Annika Luther och Gunilla Donner v\u00e5ren 2025.<\/p>\n<p>Annika och Johanna \u00e4r v\u00e4nner sedan skoltiden. Redan innan Johanna b\u00f6rjade studera textil experimenterade de tillsammans med v\u00e4xtf\u00e4rgning, bandv\u00e4vning och tygtryckning. B\u00e5da var ocks\u00e5 ivriga stickare. Textilier blev Johannas yrke medan Annika fortsatte med olika slags hantverk som \u00a0hobby. Annika tillbringade sitt arbetsliv som biologil\u00e4rare och f\u00f6rfattare. Ocks\u00e5 Gunilla \u00e4r biolog. Framn\u00e4s F\u00e4rg och V\u00e4v bygger allts\u00e5 p\u00e5 gedigen kunskap om v\u00e4xter och k\u00e4rlek till naturen.<\/p>\n<h3>Sommarmagi<\/h3>\n<p>Gunilla och Annika \u00e4r sv\u00e4gerskor. Sedan tiotals \u00e5r tillbringar de hela somrarna p\u00e5 familjens sommarst\u00e4lle i Bromarv. Gunilla har l\u00e4nge varit intresserad av v\u00e4xtf\u00e4rgning och samlat p\u00e5 sig ett stort lager av vackert f\u00e4rgade garner.<\/p>\n<p>Efter att Annika gick i pension f\u00f6r n\u00e5gra \u00e5r sedan l\u00e4rde hon sig v\u00e4va p\u00e5 Helsingfors arbetarinstitut, men blev sedan f\u00f6rtjust i den mera l\u00e4ttanv\u00e4nda och flyttbara grindv\u00e4vstolen. V\u00e5ren 2025 best\u00e4mde sig Annika och Gunilla f\u00f6r att sl\u00e5 samman sina kunskaper, och s\u00e5 f\u00f6ddes Framn\u00e4s F\u00e4rg och V\u00e4v. Gunilla f\u00e4rgar garnerna och Annika v\u00e4ver halsdukar av dem. Det mesta sker under sommaren n\u00e4r Gunillas kastruller \u00e5ngar p\u00e5 verandan och Annika flyttar sin v\u00e4vstol mellan sol och skugga enligt hur varmt det \u00e4r.<\/p>\n<h3>En m\u00e5ngsidig f\u00e4rgkarta<\/h3>\n<p>Gunilla samlar de flesta av de v\u00e4xter som hon f\u00e4rgar med i Bromarv. Oftast anv\u00e4nder hon v\u00e4xterna direkt, men torkar dem ibland f\u00f6r senare anv\u00e4ndning. Ljung, bj\u00f6rkl\u00f6v, h\u00e4stkastanj och gullris \u00e4r n\u00e5gra av de v\u00e4xter som hamnat i Gunillas kastruller. En r\u00f6d harsyresl\u00e4kting (<em>Oxalis stricta rufa<\/em>) ger en s\u00e4llsynt himmelsbl\u00e5 nyans. F\u00e4rgv\u00e4xter kan plockas \u00e4nda fram till h\u00f6sten, d\u00e5 det blir dags att koncentrera sig p\u00e5 f\u00e4rgsvamparna som ger helt andra f\u00e4rger. Mest anv\u00e4nder hon kanelspindling, vars hattar ger r\u00f6da nyanser och f\u00f6tterna orange.<\/p>\n<p>Ocks\u00e5 i staden finns det f\u00e4rger. I en park i centrala Helsingfors v\u00e4xer det valn\u00f6tstr\u00e4d vars fruktskal ger vackra, djupbruna nyanser. Det \u00e4r ocks\u00e5 v\u00e4rt att samla avokadok\u00e4rnor i det egna k\u00f6ket, eftersom de ger en delikat rosa nyans efter torkning. Gunilla experimenterar hela tiden och hittar nya v\u00e4xter och f\u00e4rger.<\/p>\n<p><a href=\"https:\/\/www.johannagullichsen.com\/wp-content\/uploads\/2025\/11\/Framnas-collection.jpg\"><img loading=\"lazy\" decoding=\"async\" class=\"aligncenter wp-image-29258 size-full\" src=\"https:\/\/www.johannagullichsen.com\/wp-content\/uploads\/2025\/11\/Framnas-collection.jpg\" alt=\"\" width=\"1479\" height=\"678\" srcset=\"https:\/\/www.johannagullichsen.com\/wp-content\/uploads\/2025\/11\/Framnas-collection.jpg 1479w, https:\/\/www.johannagullichsen.com\/wp-content\/uploads\/2025\/11\/Framnas-collection-300x138.jpg 300w, https:\/\/www.johannagullichsen.com\/wp-content\/uploads\/2025\/11\/Framnas-collection-1024x469.jpg 1024w, https:\/\/www.johannagullichsen.com\/wp-content\/uploads\/2025\/11\/Framnas-collection-768x352.jpg 768w, https:\/\/www.johannagullichsen.com\/wp-content\/uploads\/2025\/11\/Framnas-collection-1260x578.jpg 1260w\" sizes=\"auto, (max-width: 1479px) 100vw, 1479px\" \/><\/a><\/p>\n<h3>Varje halsduk \u00e4r numrerad och unik<\/h3>\n<p>Annikas arbetss\u00e4tt \u00e4r r\u00e4tt improviserat, men sj\u00e4lva v\u00e4vningen kr\u00e4ver t\u00e5lamod. Hon gillar variation och l\u00e4gger upp en ny varp f\u00f6r varje halsduk, d\u00e4rf\u00f6r blir ingen exakt lika en annan. Hon v\u00e4ver med de garner Gunilla levererar, men kombinerar dem p\u00e5 olika s\u00e4tt och varierar m\u00f6nstren. Ibland ber hon Gunilla om mera av vissa f\u00e4rger. F\u00f6r att f\u00e5 mera omv\u00e4xling kombinerar hon ofta svarta, vita och gr\u00e5 garner med de v\u00e4xtf\u00e4rgade. De garner som inte kommer fr\u00e5n Gunilla nystar hon till exempel upp fr\u00e5n gamla stickade tr\u00f6jor som hon hittat p\u00e5 loppmarknader. Ocks\u00e5 om hon aldrig skissar upp sina m\u00f6nster p\u00e5 papper i f\u00f6rv\u00e4g, planerar hon n\u00e4sta arbete i huvudet redan n\u00e4r hon slutf\u00f6r det f\u00f6reg\u00e5ende. Det b\u00e4sta och mest sp\u00e4nnande \u00f6gonblicket i processen \u00e4r n\u00e4r hon klipper ner den nya halsduken fr\u00e5n v\u00e4vstolen och ser hurdant resultatet blev. Sedan \u00e5terst\u00e5r bara att tv\u00e4tta den med ljumt vatten och talls\u00e5pa, pressa och snygga till fransarna. Allra sist syr hon fast Framn\u00e4setiketten, numrerar halsduken\u00a0 och skriver in vilka v\u00e4xter den \u00e4r f\u00e4rgad med. I genomsnitt tar det ungef\u00e4r tv\u00e5 dagar att g\u00f6ra en halsduk.<\/p>\n<p>Nu \u00e4r sommars\u00e4songen p\u00e5 Framn\u00e4s \u00f6ver, f\u00e4rgningsarbetet vilar, men i lagren finns det fortfarande garn f\u00f6r nya halsdukar. Projektet forts\u00e4tter s\u00e5 l\u00e4nge det k\u00e4nns roligt. Annika satsar p\u00e5 att l\u00e4ra sig nya och mera komplicerade v\u00e4vtekniker. \u201dAtt arbeta med h\u00e4nderna g\u00f6r mig lycklig\u201d, sammanfattar hon sitt arbete. De varma halsdukarna fr\u00e5n sommaren kommer ju ocks\u00e5 mera till sin r\u00e4tt under \u00e5rets kalla och m\u00f6rka m\u00e5nader.<\/p>\n<p class=\"p1\"><a href=\"https:\/\/www.johannagullichsen.com\/wp-content\/uploads\/2025\/11\/Framnas-scarfs-11-copy.jpg\"><img loading=\"lazy\" decoding=\"async\" class=\"aligncenter wp-image-29262 size-full\" src=\"https:\/\/www.johannagullichsen.com\/wp-content\/uploads\/2025\/11\/Framnas-scarfs-11-copy.jpg\" alt=\"\" width=\"1600\" height=\"1172\" srcset=\"https:\/\/www.johannagullichsen.com\/wp-content\/uploads\/2025\/11\/Framnas-scarfs-11-copy.jpg 1600w, https:\/\/www.johannagullichsen.com\/wp-content\/uploads\/2025\/11\/Framnas-scarfs-11-copy-300x220.jpg 300w, https:\/\/www.johannagullichsen.com\/wp-content\/uploads\/2025\/11\/Framnas-scarfs-11-copy-1024x750.jpg 1024w, https:\/\/www.johannagullichsen.com\/wp-content\/uploads\/2025\/11\/Framnas-scarfs-11-copy-768x563.jpg 768w, https:\/\/www.johannagullichsen.com\/wp-content\/uploads\/2025\/11\/Framnas-scarfs-11-copy-1536x1125.jpg 1536w, https:\/\/www.johannagullichsen.com\/wp-content\/uploads\/2025\/11\/Framnas-scarfs-11-copy-1260x923.jpg 1260w\" sizes=\"auto, (max-width: 1600px) 100vw, 1600px\" \/><\/a><\/p>\n","protected":false},"excerpt":{"rendered":"<p>Handv\u00e4vda och v\u00e4xtf\u00e4rgade halsdukar fr\u00e5n Bromarv Handplockat av Johanna \u00e4r en jultradition d\u00e4r vi lyfter fram hantverkare och konstn\u00e4rer vars verk inspirerar och gl\u00e4der Johanna Gullichsen. I \u00e5r s\u00e4ljer v\u00e5r&hellip;<\/p>\n","protected":false},"author":4,"featured_media":0,"parent":0,"menu_order":0,"comment_status":"closed","ping_status":"closed","template":"","meta":{"_acf_changed":false,"footnotes":""},"class_list":["post-29181","page","type-page","status-publish","hentry"],"acf":[],"yoast_head":"<!-- This site is optimized with the Yoast SEO Premium plugin v27.2 (Yoast SEO v27.5) - https:\/\/yoast.com\/product\/yoast-seo-premium-wordpress\/ -->\n<title>Handplockat av Johanna: Framn\u00e4s F\u00e4rg och V\u00e4v - Johanna Gullichsen<\/title>\n<meta name=\"robots\" content=\"index, follow, max-snippet:-1, max-image-preview:large, max-video-preview:-1\" \/>\n<link rel=\"canonical\" href=\"https:\/\/www.johannagullichsen.com\/sv\/handplockat-av-johanna-framnas-farg-och-vav-handvavda-och-vaxtfargade-halsdukar-fran-bromarv\/\" \/>\n<meta property=\"og:locale\" content=\"sv_SE\" \/>\n<meta property=\"og:type\" content=\"article\" \/>\n<meta property=\"og:title\" content=\"Handplockat av Johanna: Framn\u00e4s F\u00e4rg och V\u00e4v\" \/>\n<meta property=\"og:description\" content=\"Handv\u00e4vda och v\u00e4xtf\u00e4rgade halsdukar fr\u00e5n Bromarv Handplockat av Johanna \u00e4r en jultradition d\u00e4r vi lyfter fram hantverkare och konstn\u00e4rer vars verk inspirerar och gl\u00e4der Johanna Gullichsen. I \u00e5r s\u00e4ljer v\u00e5r&hellip;\" \/>\n<meta property=\"og:url\" content=\"https:\/\/www.johannagullichsen.com\/sv\/handplockat-av-johanna-framnas-farg-och-vav-handvavda-och-vaxtfargade-halsdukar-fran-bromarv\/\" \/>\n<meta property=\"og:site_name\" content=\"Johanna Gullichsen\" \/>\n<meta property=\"article:modified_time\" content=\"2025-11-17T06:11:07+00:00\" \/>\n<meta property=\"og:image\" content=\"https:\/\/www.johannagullichsen.com\/wp-content\/uploads\/2025\/11\/Framnas-scarfs-3.1.jpg\" \/>\n\t<meta property=\"og:image:width\" content=\"1600\" \/>\n\t<meta property=\"og:image:height\" content=\"792\" \/>\n\t<meta property=\"og:image:type\" content=\"image\/jpeg\" \/>\n<meta name=\"twitter:card\" content=\"summary_large_image\" \/>\n<meta name=\"twitter:label1\" content=\"Ber\u00e4knad l\u00e4stid\" \/>\n\t<meta name=\"twitter:data1\" content=\"4 minuter\" \/>\n<script type=\"application\/ld+json\" class=\"yoast-schema-graph\">{\"@context\":\"https:\\\/\\\/schema.org\",\"@graph\":[{\"@type\":\"WebPage\",\"@id\":\"https:\\\/\\\/www.johannagullichsen.com\\\/sv\\\/handplockat-av-johanna-framnas-farg-och-vav-handvavda-och-vaxtfargade-halsdukar-fran-bromarv\\\/\",\"url\":\"https:\\\/\\\/www.johannagullichsen.com\\\/sv\\\/handplockat-av-johanna-framnas-farg-och-vav-handvavda-och-vaxtfargade-halsdukar-fran-bromarv\\\/\",\"name\":\"Handplockat av Johanna: Framn\u00e4s F\u00e4rg och V\u00e4v - Johanna Gullichsen\",\"isPartOf\":{\"@id\":\"https:\\\/\\\/www.johannagullichsen.com\\\/sv\\\/#website\"},\"primaryImageOfPage\":{\"@id\":\"https:\\\/\\\/www.johannagullichsen.com\\\/sv\\\/handplockat-av-johanna-framnas-farg-och-vav-handvavda-och-vaxtfargade-halsdukar-fran-bromarv\\\/#primaryimage\"},\"image\":{\"@id\":\"https:\\\/\\\/www.johannagullichsen.com\\\/sv\\\/handplockat-av-johanna-framnas-farg-och-vav-handvavda-och-vaxtfargade-halsdukar-fran-bromarv\\\/#primaryimage\"},\"thumbnailUrl\":\"https:\\\/\\\/www.johannagullichsen.com\\\/wp-content\\\/uploads\\\/2025\\\/11\\\/Framnas-scarfs-3.1.jpg\",\"datePublished\":\"2025-11-14T12:03:34+00:00\",\"dateModified\":\"2025-11-17T06:11:07+00:00\",\"breadcrumb\":{\"@id\":\"https:\\\/\\\/www.johannagullichsen.com\\\/sv\\\/handplockat-av-johanna-framnas-farg-och-vav-handvavda-och-vaxtfargade-halsdukar-fran-bromarv\\\/#breadcrumb\"},\"inLanguage\":\"sv-SE\",\"potentialAction\":[{\"@type\":\"ReadAction\",\"target\":[\"https:\\\/\\\/www.johannagullichsen.com\\\/sv\\\/handplockat-av-johanna-framnas-farg-och-vav-handvavda-och-vaxtfargade-halsdukar-fran-bromarv\\\/\"]}]},{\"@type\":\"ImageObject\",\"inLanguage\":\"sv-SE\",\"@id\":\"https:\\\/\\\/www.johannagullichsen.com\\\/sv\\\/handplockat-av-johanna-framnas-farg-och-vav-handvavda-och-vaxtfargade-halsdukar-fran-bromarv\\\/#primaryimage\",\"url\":\"https:\\\/\\\/www.johannagullichsen.com\\\/wp-content\\\/uploads\\\/2025\\\/11\\\/Framnas-scarfs-3.1.jpg\",\"contentUrl\":\"https:\\\/\\\/www.johannagullichsen.com\\\/wp-content\\\/uploads\\\/2025\\\/11\\\/Framnas-scarfs-3.1.jpg\"},{\"@type\":\"BreadcrumbList\",\"@id\":\"https:\\\/\\\/www.johannagullichsen.com\\\/sv\\\/handplockat-av-johanna-framnas-farg-och-vav-handvavda-och-vaxtfargade-halsdukar-fran-bromarv\\\/#breadcrumb\",\"itemListElement\":[{\"@type\":\"ListItem\",\"position\":1,\"name\":\"Home\",\"item\":\"https:\\\/\\\/www.johannagullichsen.com\\\/sv\\\/\"},{\"@type\":\"ListItem\",\"position\":2,\"name\":\"Handplockat av Johanna: Framn\u00e4s F\u00e4rg och V\u00e4v\"}]},{\"@type\":\"WebSite\",\"@id\":\"https:\\\/\\\/www.johannagullichsen.com\\\/sv\\\/#website\",\"url\":\"https:\\\/\\\/www.johannagullichsen.com\\\/sv\\\/\",\"name\":\"Johanna Gullichsen\",\"description\":\"\",\"potentialAction\":[{\"@type\":\"SearchAction\",\"target\":{\"@type\":\"EntryPoint\",\"urlTemplate\":\"https:\\\/\\\/www.johannagullichsen.com\\\/sv\\\/?s={search_term_string}\"},\"query-input\":{\"@type\":\"PropertyValueSpecification\",\"valueRequired\":true,\"valueName\":\"search_term_string\"}}],\"inLanguage\":\"sv-SE\"}]}<\/script>\n<!-- \/ Yoast SEO Premium plugin. -->","yoast_head_json":{"title":"Handplockat av Johanna: Framn\u00e4s F\u00e4rg och V\u00e4v - Johanna Gullichsen","robots":{"index":"index","follow":"follow","max-snippet":"max-snippet:-1","max-image-preview":"max-image-preview:large","max-video-preview":"max-video-preview:-1"},"canonical":"https:\/\/www.johannagullichsen.com\/sv\/handplockat-av-johanna-framnas-farg-och-vav-handvavda-och-vaxtfargade-halsdukar-fran-bromarv\/","og_locale":"sv_SE","og_type":"article","og_title":"Handplockat av Johanna: Framn\u00e4s F\u00e4rg och V\u00e4v","og_description":"Handv\u00e4vda och v\u00e4xtf\u00e4rgade halsdukar fr\u00e5n Bromarv Handplockat av Johanna \u00e4r en jultradition d\u00e4r vi lyfter fram hantverkare och konstn\u00e4rer vars verk inspirerar och gl\u00e4der Johanna Gullichsen. I \u00e5r s\u00e4ljer v\u00e5r&hellip;","og_url":"https:\/\/www.johannagullichsen.com\/sv\/handplockat-av-johanna-framnas-farg-och-vav-handvavda-och-vaxtfargade-halsdukar-fran-bromarv\/","og_site_name":"Johanna Gullichsen","article_modified_time":"2025-11-17T06:11:07+00:00","og_image":[{"width":1600,"height":792,"url":"https:\/\/www.johannagullichsen.com\/wp-content\/uploads\/2025\/11\/Framnas-scarfs-3.1.jpg","type":"image\/jpeg"}],"twitter_card":"summary_large_image","twitter_misc":{"Ber\u00e4knad l\u00e4stid":"4 minuter"},"schema":{"@context":"https:\/\/schema.org","@graph":[{"@type":"WebPage","@id":"https:\/\/www.johannagullichsen.com\/sv\/handplockat-av-johanna-framnas-farg-och-vav-handvavda-och-vaxtfargade-halsdukar-fran-bromarv\/","url":"https:\/\/www.johannagullichsen.com\/sv\/handplockat-av-johanna-framnas-farg-och-vav-handvavda-och-vaxtfargade-halsdukar-fran-bromarv\/","name":"Handplockat av Johanna: Framn\u00e4s F\u00e4rg och V\u00e4v - Johanna Gullichsen","isPartOf":{"@id":"https:\/\/www.johannagullichsen.com\/sv\/#website"},"primaryImageOfPage":{"@id":"https:\/\/www.johannagullichsen.com\/sv\/handplockat-av-johanna-framnas-farg-och-vav-handvavda-och-vaxtfargade-halsdukar-fran-bromarv\/#primaryimage"},"image":{"@id":"https:\/\/www.johannagullichsen.com\/sv\/handplockat-av-johanna-framnas-farg-och-vav-handvavda-och-vaxtfargade-halsdukar-fran-bromarv\/#primaryimage"},"thumbnailUrl":"https:\/\/www.johannagullichsen.com\/wp-content\/uploads\/2025\/11\/Framnas-scarfs-3.1.jpg","datePublished":"2025-11-14T12:03:34+00:00","dateModified":"2025-11-17T06:11:07+00:00","breadcrumb":{"@id":"https:\/\/www.johannagullichsen.com\/sv\/handplockat-av-johanna-framnas-farg-och-vav-handvavda-och-vaxtfargade-halsdukar-fran-bromarv\/#breadcrumb"},"inLanguage":"sv-SE","potentialAction":[{"@type":"ReadAction","target":["https:\/\/www.johannagullichsen.com\/sv\/handplockat-av-johanna-framnas-farg-och-vav-handvavda-och-vaxtfargade-halsdukar-fran-bromarv\/"]}]},{"@type":"ImageObject","inLanguage":"sv-SE","@id":"https:\/\/www.johannagullichsen.com\/sv\/handplockat-av-johanna-framnas-farg-och-vav-handvavda-och-vaxtfargade-halsdukar-fran-bromarv\/#primaryimage","url":"https:\/\/www.johannagullichsen.com\/wp-content\/uploads\/2025\/11\/Framnas-scarfs-3.1.jpg","contentUrl":"https:\/\/www.johannagullichsen.com\/wp-content\/uploads\/2025\/11\/Framnas-scarfs-3.1.jpg"},{"@type":"BreadcrumbList","@id":"https:\/\/www.johannagullichsen.com\/sv\/handplockat-av-johanna-framnas-farg-och-vav-handvavda-och-vaxtfargade-halsdukar-fran-bromarv\/#breadcrumb","itemListElement":[{"@type":"ListItem","position":1,"name":"Home","item":"https:\/\/www.johannagullichsen.com\/sv\/"},{"@type":"ListItem","position":2,"name":"Handplockat av Johanna: Framn\u00e4s F\u00e4rg och V\u00e4v"}]},{"@type":"WebSite","@id":"https:\/\/www.johannagullichsen.com\/sv\/#website","url":"https:\/\/www.johannagullichsen.com\/sv\/","name":"Johanna Gullichsen","description":"","potentialAction":[{"@type":"SearchAction","target":{"@type":"EntryPoint","urlTemplate":"https:\/\/www.johannagullichsen.com\/sv\/?s={search_term_string}"},"query-input":{"@type":"PropertyValueSpecification","valueRequired":true,"valueName":"search_term_string"}}],"inLanguage":"sv-SE"}]}},"_links":{"self":[{"href":"https:\/\/www.johannagullichsen.com\/sv\/wp-json\/wp\/v2\/pages\/29181","targetHints":{"allow":["GET"]}}],"collection":[{"href":"https:\/\/www.johannagullichsen.com\/sv\/wp-json\/wp\/v2\/pages"}],"about":[{"href":"https:\/\/www.johannagullichsen.com\/sv\/wp-json\/wp\/v2\/types\/page"}],"author":[{"embeddable":true,"href":"https:\/\/www.johannagullichsen.com\/sv\/wp-json\/wp\/v2\/users\/4"}],"replies":[{"embeddable":true,"href":"https:\/\/www.johannagullichsen.com\/sv\/wp-json\/wp\/v2\/comments?post=29181"}],"version-history":[{"count":5,"href":"https:\/\/www.johannagullichsen.com\/sv\/wp-json\/wp\/v2\/pages\/29181\/revisions"}],"predecessor-version":[{"id":29309,"href":"https:\/\/www.johannagullichsen.com\/sv\/wp-json\/wp\/v2\/pages\/29181\/revisions\/29309"}],"wp:attachment":[{"href":"https:\/\/www.johannagullichsen.com\/sv\/wp-json\/wp\/v2\/media?parent=29181"}],"curies":[{"name":"wp","href":"https:\/\/api.w.org\/{rel}","templated":true}]}}