{"id":29387,"date":"2025-11-21T09:57:23","date_gmt":"2025-11-21T07:57:23","guid":{"rendered":"https:\/\/www.johannagullichsen.com\/?page_id=29387"},"modified":"2025-11-24T13:51:07","modified_gmt":"2025-11-24T11:51:07","slug":"oleellisille-for-det-vasentliga","status":"publish","type":"page","link":"https:\/\/www.johannagullichsen.com\/sv\/oleellisille-for-det-vasentliga\/","title":{"rendered":"Oleellisille \u2013 F\u00f6r det v\u00e4sentliga"},"content":{"rendered":"<h3 class=\"p1\"><a href=\"https:\/\/www.johannagullichsen.com\/wp-content\/uploads\/2025\/11\/Aini-Alastalo-oleellisille-1.jpg\"><img loading=\"lazy\" decoding=\"async\" class=\"aligncenter wp-image-29340 size-full\" src=\"https:\/\/www.johannagullichsen.com\/wp-content\/uploads\/2025\/11\/Aini-Alastalo-oleellisille-1.jpg\" alt=\"\" width=\"1600\" height=\"1000\" srcset=\"https:\/\/www.johannagullichsen.com\/wp-content\/uploads\/2025\/11\/Aini-Alastalo-oleellisille-1.jpg 1600w, https:\/\/www.johannagullichsen.com\/wp-content\/uploads\/2025\/11\/Aini-Alastalo-oleellisille-1-300x188.jpg 300w, https:\/\/www.johannagullichsen.com\/wp-content\/uploads\/2025\/11\/Aini-Alastalo-oleellisille-1-1024x640.jpg 1024w, https:\/\/www.johannagullichsen.com\/wp-content\/uploads\/2025\/11\/Aini-Alastalo-oleellisille-1-768x480.jpg 768w, https:\/\/www.johannagullichsen.com\/wp-content\/uploads\/2025\/11\/Aini-Alastalo-oleellisille-1-1536x960.jpg 1536w, https:\/\/www.johannagullichsen.com\/wp-content\/uploads\/2025\/11\/Aini-Alastalo-oleellisille-1-1260x788.jpg 1260w\" sizes=\"auto, (max-width: 1600px) 100vw, 1600px\" \/><\/a><\/h3>\n<h3 class=\"p1\">Aini Alastalos skulpturserie<\/h3>\n<p>Vad \u00e4r v\u00e4sentligt? Vad l\u00e4ngtar vi efter och vad beh\u00f6ver vi denna jul \u2013 vad g\u00f6r vardagen sk\u00f6n och h\u00f6gtiden gl\u00e4djefylld? Och vad vill vi ge i g\u00e5va till v\u00e5ra v\u00e4nner? V\u00e5ra val p\u00e5verkar inte bara v\u00e5rt eget och v\u00e5ra n\u00e4rst\u00e5endes v\u00e4lbefinnande, utan ocks\u00e5 planetens tillst\u00e5nd. Designern Aini Alastalo har ocks\u00e5 utforskat temat meningsfullhet och v\u00e4sentlighet i sin skulpturserie <em>Oleellisille<\/em> (F\u00f6r det v\u00e4sentliga), som visas i skyltf\u00f6nstren i v\u00e5r butik p\u00e5 Skillnadsgatan fram till \u00e5rets slut.<\/p>\n<p>\u201cOleellisille \u00e4r en skalbar serie verk byggda kring kraftiga aspstammar, p\u00e5 vilka hyllplan i olika storlekar placeras. Valet av asp som material grundar sig i traditionellt finskt tr\u00e4arbete fr\u00e5n en tid d\u00e5 f\u00f6rem\u00e5l tillverkades av n\u00f6dv\u00e4ndighet \u2013 f\u00f6r att fylla luckor i vardagen med det som var v\u00e4sentligt. Skulpturerna \u00e4r, i enlighet med sitt namn, platser just f\u00f6r dessa f\u00f6rem\u00e5l. De uppmanar betraktaren att unders\u00f6ka b\u00e5de v\u00e5r omgivning och de saker vi \u00e4ger. Framf\u00f6r verken kan man stanna upp f\u00f6r att reflektera \u00f6ver betydelsen av viktiga f\u00f6rem\u00e5l \u2013 eller l\u00e4mna utrymme f\u00f6r tomhet. Den massiva strukturen i kombination med det begr\u00e4nsade f\u00f6rvaringsutrymmet understryker skulpturernas avsedda syfte.\u201d<\/p>\n<h3 class=\"p1\">Hantverkets och den l\u00e5ngsamma processens betydelse<\/h3>\n<p>Aini har sj\u00e4lv t\u00e4ljt verken ur massiv asp. Under de senaste \u00e5ren har hon s\u00e4rskilt fokuserat p\u00e5 hantverksbaserat arbete och materialforskning. Hon intresserar sig f\u00f6r hur material b\u00e4r p\u00e5 minnen och hur handens arbete kan frambringa tankar som annars inte skulle ta form i ord. \u201dT\u00e4ljandet var f\u00f6r mig en mycket kroppslig och samtidigt f\u00f6rv\u00e5nansv\u00e4rt minnesfylld process. Jag arbetade medvetet med primitiva handverktyg s\u00e5 att materialets egen rytm och motst\u00e5nd skulle f\u00e5 styra arbetet. L\u00e5ngsamheten och upprepningen hj\u00e4lpte mig att f\u00f6rdjupa mig b\u00e5de i aspens egenskaper och i mina egna materialminnen, och processen k\u00e4ndes stundvis n\u00e4stan meditativ. Tr\u00e4et v\u00e4ckte barndomsupplevelser till liv och gjorde arbetet mycket personligt.\u201d<\/p>\n<p>Vi hoppas att du denna jul hittar n\u00e5got v\u00e4sentligt \u2013 en stund av lugn, en omt\u00e4nksam g\u00e5va eller ett nytt s\u00e4tt att se p\u00e5 v\u00e4rlden omkring dig.<\/p>\n<p><a href=\"https:\/\/www.johannagullichsen.com\/wp-content\/uploads\/2025\/11\/Aini_Oleellisille3s.jpg\"><img loading=\"lazy\" decoding=\"async\" class=\"aligncenter wp-image-29371 size-full\" src=\"https:\/\/www.johannagullichsen.com\/wp-content\/uploads\/2025\/11\/Aini_Oleellisille3s.jpg\" alt=\"\" width=\"1600\" height=\"1000\" srcset=\"https:\/\/www.johannagullichsen.com\/wp-content\/uploads\/2025\/11\/Aini_Oleellisille3s.jpg 1600w, https:\/\/www.johannagullichsen.com\/wp-content\/uploads\/2025\/11\/Aini_Oleellisille3s-300x188.jpg 300w, https:\/\/www.johannagullichsen.com\/wp-content\/uploads\/2025\/11\/Aini_Oleellisille3s-1024x640.jpg 1024w, https:\/\/www.johannagullichsen.com\/wp-content\/uploads\/2025\/11\/Aini_Oleellisille3s-768x480.jpg 768w, https:\/\/www.johannagullichsen.com\/wp-content\/uploads\/2025\/11\/Aini_Oleellisille3s-1536x960.jpg 1536w, https:\/\/www.johannagullichsen.com\/wp-content\/uploads\/2025\/11\/Aini_Oleellisille3s-1260x788.jpg 1260w\" sizes=\"auto, (max-width: 1600px) 100vw, 1600px\" \/><\/a><\/p>\n<p><a href=\"https:\/\/www.johannagullichsen.com\/wp-content\/uploads\/2025\/11\/Aini_Oleellisille2s.jpg\"><img loading=\"lazy\" decoding=\"async\" class=\"aligncenter wp-image-29367 size-full\" src=\"https:\/\/www.johannagullichsen.com\/wp-content\/uploads\/2025\/11\/Aini_Oleellisille2s.jpg\" alt=\"\" width=\"1600\" height=\"1000\" srcset=\"https:\/\/www.johannagullichsen.com\/wp-content\/uploads\/2025\/11\/Aini_Oleellisille2s.jpg 1600w, https:\/\/www.johannagullichsen.com\/wp-content\/uploads\/2025\/11\/Aini_Oleellisille2s-300x188.jpg 300w, https:\/\/www.johannagullichsen.com\/wp-content\/uploads\/2025\/11\/Aini_Oleellisille2s-1024x640.jpg 1024w, https:\/\/www.johannagullichsen.com\/wp-content\/uploads\/2025\/11\/Aini_Oleellisille2s-768x480.jpg 768w, https:\/\/www.johannagullichsen.com\/wp-content\/uploads\/2025\/11\/Aini_Oleellisille2s-1536x960.jpg 1536w, https:\/\/www.johannagullichsen.com\/wp-content\/uploads\/2025\/11\/Aini_Oleellisille2s-1260x788.jpg 1260w\" sizes=\"auto, (max-width: 1600px) 100vw, 1600px\" \/><\/a><\/p>\n<p><a href=\"https:\/\/www.johannagullichsen.com\/wp-content\/uploads\/2025\/11\/Aini_Oleellisille1s.jpg\"><img loading=\"lazy\" decoding=\"async\" class=\"aligncenter wp-image-29363 size-full\" src=\"https:\/\/www.johannagullichsen.com\/wp-content\/uploads\/2025\/11\/Aini_Oleellisille1s.jpg\" alt=\"\" width=\"1000\" height=\"1600\" srcset=\"https:\/\/www.johannagullichsen.com\/wp-content\/uploads\/2025\/11\/Aini_Oleellisille1s.jpg 1000w, https:\/\/www.johannagullichsen.com\/wp-content\/uploads\/2025\/11\/Aini_Oleellisille1s-188x300.jpg 188w, https:\/\/www.johannagullichsen.com\/wp-content\/uploads\/2025\/11\/Aini_Oleellisille1s-640x1024.jpg 640w, https:\/\/www.johannagullichsen.com\/wp-content\/uploads\/2025\/11\/Aini_Oleellisille1s-768x1229.jpg 768w, https:\/\/www.johannagullichsen.com\/wp-content\/uploads\/2025\/11\/Aini_Oleellisille1s-960x1536.jpg 960w\" sizes=\"auto, (max-width: 1000px) 100vw, 1000px\" \/><\/a><\/p>\n","protected":false},"excerpt":{"rendered":"<p>Aini Alastalos skulpturserie Vad \u00e4r v\u00e4sentligt? Vad l\u00e4ngtar vi efter och vad beh\u00f6ver vi denna jul \u2013 vad g\u00f6r vardagen sk\u00f6n och h\u00f6gtiden gl\u00e4djefylld? Och vad vill vi ge i&hellip;<\/p>\n","protected":false},"author":4,"featured_media":0,"parent":0,"menu_order":0,"comment_status":"closed","ping_status":"closed","template":"","meta":{"_acf_changed":false,"footnotes":""},"class_list":["post-29387","page","type-page","status-publish","hentry"],"acf":[],"yoast_head":"<!-- This site is optimized with the Yoast SEO Premium plugin v27.2 (Yoast SEO v27.5) - https:\/\/yoast.com\/product\/yoast-seo-premium-wordpress\/ -->\n<title>Oleellisille \u2013 F\u00f6r det v\u00e4sentliga - Johanna Gullichsen<\/title>\n<meta name=\"robots\" content=\"index, follow, max-snippet:-1, max-image-preview:large, max-video-preview:-1\" \/>\n<link rel=\"canonical\" href=\"https:\/\/www.johannagullichsen.com\/sv\/oleellisille-for-det-vasentliga\/\" \/>\n<meta property=\"og:locale\" content=\"sv_SE\" \/>\n<meta property=\"og:type\" content=\"article\" \/>\n<meta property=\"og:title\" content=\"Oleellisille \u2013 F\u00f6r det v\u00e4sentliga\" \/>\n<meta property=\"og:description\" content=\"Aini Alastalos skulpturserie Vad \u00e4r v\u00e4sentligt? Vad l\u00e4ngtar vi efter och vad beh\u00f6ver vi denna jul \u2013 vad g\u00f6r vardagen sk\u00f6n och h\u00f6gtiden gl\u00e4djefylld? Och vad vill vi ge i&hellip;\" \/>\n<meta property=\"og:url\" content=\"https:\/\/www.johannagullichsen.com\/sv\/oleellisille-for-det-vasentliga\/\" \/>\n<meta property=\"og:site_name\" content=\"Johanna Gullichsen\" \/>\n<meta property=\"article:modified_time\" content=\"2025-11-24T11:51:07+00:00\" \/>\n<meta property=\"og:image\" content=\"https:\/\/www.johannagullichsen.com\/wp-content\/uploads\/2025\/11\/Aini-Alastalo-oleellisille-1.jpg\" \/>\n\t<meta property=\"og:image:width\" content=\"1600\" \/>\n\t<meta property=\"og:image:height\" content=\"1000\" \/>\n\t<meta property=\"og:image:type\" content=\"image\/jpeg\" \/>\n<meta name=\"twitter:card\" content=\"summary_large_image\" \/>\n<meta name=\"twitter:label1\" content=\"Ber\u00e4knad l\u00e4stid\" \/>\n\t<meta name=\"twitter:data1\" content=\"3 minuter\" \/>\n<script type=\"application\/ld+json\" class=\"yoast-schema-graph\">{\"@context\":\"https:\\\/\\\/schema.org\",\"@graph\":[{\"@type\":\"WebPage\",\"@id\":\"https:\\\/\\\/www.johannagullichsen.com\\\/sv\\\/oleellisille-for-det-vasentliga\\\/\",\"url\":\"https:\\\/\\\/www.johannagullichsen.com\\\/sv\\\/oleellisille-for-det-vasentliga\\\/\",\"name\":\"Oleellisille \u2013 F\u00f6r det v\u00e4sentliga - Johanna Gullichsen\",\"isPartOf\":{\"@id\":\"https:\\\/\\\/www.johannagullichsen.com\\\/sv\\\/#website\"},\"primaryImageOfPage\":{\"@id\":\"https:\\\/\\\/www.johannagullichsen.com\\\/sv\\\/oleellisille-for-det-vasentliga\\\/#primaryimage\"},\"image\":{\"@id\":\"https:\\\/\\\/www.johannagullichsen.com\\\/sv\\\/oleellisille-for-det-vasentliga\\\/#primaryimage\"},\"thumbnailUrl\":\"https:\\\/\\\/www.johannagullichsen.com\\\/wp-content\\\/uploads\\\/2025\\\/11\\\/Aini-Alastalo-oleellisille-1.jpg\",\"datePublished\":\"2025-11-21T07:57:23+00:00\",\"dateModified\":\"2025-11-24T11:51:07+00:00\",\"breadcrumb\":{\"@id\":\"https:\\\/\\\/www.johannagullichsen.com\\\/sv\\\/oleellisille-for-det-vasentliga\\\/#breadcrumb\"},\"inLanguage\":\"sv-SE\",\"potentialAction\":[{\"@type\":\"ReadAction\",\"target\":[\"https:\\\/\\\/www.johannagullichsen.com\\\/sv\\\/oleellisille-for-det-vasentliga\\\/\"]}]},{\"@type\":\"ImageObject\",\"inLanguage\":\"sv-SE\",\"@id\":\"https:\\\/\\\/www.johannagullichsen.com\\\/sv\\\/oleellisille-for-det-vasentliga\\\/#primaryimage\",\"url\":\"https:\\\/\\\/www.johannagullichsen.com\\\/wp-content\\\/uploads\\\/2025\\\/11\\\/Aini-Alastalo-oleellisille-1.jpg\",\"contentUrl\":\"https:\\\/\\\/www.johannagullichsen.com\\\/wp-content\\\/uploads\\\/2025\\\/11\\\/Aini-Alastalo-oleellisille-1.jpg\"},{\"@type\":\"BreadcrumbList\",\"@id\":\"https:\\\/\\\/www.johannagullichsen.com\\\/sv\\\/oleellisille-for-det-vasentliga\\\/#breadcrumb\",\"itemListElement\":[{\"@type\":\"ListItem\",\"position\":1,\"name\":\"Home\",\"item\":\"https:\\\/\\\/www.johannagullichsen.com\\\/sv\\\/\"},{\"@type\":\"ListItem\",\"position\":2,\"name\":\"Oleellisille \u2013 F\u00f6r det v\u00e4sentliga\"}]},{\"@type\":\"WebSite\",\"@id\":\"https:\\\/\\\/www.johannagullichsen.com\\\/sv\\\/#website\",\"url\":\"https:\\\/\\\/www.johannagullichsen.com\\\/sv\\\/\",\"name\":\"Johanna Gullichsen\",\"description\":\"\",\"potentialAction\":[{\"@type\":\"SearchAction\",\"target\":{\"@type\":\"EntryPoint\",\"urlTemplate\":\"https:\\\/\\\/www.johannagullichsen.com\\\/sv\\\/?s={search_term_string}\"},\"query-input\":{\"@type\":\"PropertyValueSpecification\",\"valueRequired\":true,\"valueName\":\"search_term_string\"}}],\"inLanguage\":\"sv-SE\"}]}<\/script>\n<!-- \/ Yoast SEO Premium plugin. -->","yoast_head_json":{"title":"Oleellisille \u2013 F\u00f6r det v\u00e4sentliga - Johanna Gullichsen","robots":{"index":"index","follow":"follow","max-snippet":"max-snippet:-1","max-image-preview":"max-image-preview:large","max-video-preview":"max-video-preview:-1"},"canonical":"https:\/\/www.johannagullichsen.com\/sv\/oleellisille-for-det-vasentliga\/","og_locale":"sv_SE","og_type":"article","og_title":"Oleellisille \u2013 F\u00f6r det v\u00e4sentliga","og_description":"Aini Alastalos skulpturserie Vad \u00e4r v\u00e4sentligt? Vad l\u00e4ngtar vi efter och vad beh\u00f6ver vi denna jul \u2013 vad g\u00f6r vardagen sk\u00f6n och h\u00f6gtiden gl\u00e4djefylld? Och vad vill vi ge i&hellip;","og_url":"https:\/\/www.johannagullichsen.com\/sv\/oleellisille-for-det-vasentliga\/","og_site_name":"Johanna Gullichsen","article_modified_time":"2025-11-24T11:51:07+00:00","og_image":[{"width":1600,"height":1000,"url":"https:\/\/www.johannagullichsen.com\/wp-content\/uploads\/2025\/11\/Aini-Alastalo-oleellisille-1.jpg","type":"image\/jpeg"}],"twitter_card":"summary_large_image","twitter_misc":{"Ber\u00e4knad l\u00e4stid":"3 minuter"},"schema":{"@context":"https:\/\/schema.org","@graph":[{"@type":"WebPage","@id":"https:\/\/www.johannagullichsen.com\/sv\/oleellisille-for-det-vasentliga\/","url":"https:\/\/www.johannagullichsen.com\/sv\/oleellisille-for-det-vasentliga\/","name":"Oleellisille \u2013 F\u00f6r det v\u00e4sentliga - Johanna Gullichsen","isPartOf":{"@id":"https:\/\/www.johannagullichsen.com\/sv\/#website"},"primaryImageOfPage":{"@id":"https:\/\/www.johannagullichsen.com\/sv\/oleellisille-for-det-vasentliga\/#primaryimage"},"image":{"@id":"https:\/\/www.johannagullichsen.com\/sv\/oleellisille-for-det-vasentliga\/#primaryimage"},"thumbnailUrl":"https:\/\/www.johannagullichsen.com\/wp-content\/uploads\/2025\/11\/Aini-Alastalo-oleellisille-1.jpg","datePublished":"2025-11-21T07:57:23+00:00","dateModified":"2025-11-24T11:51:07+00:00","breadcrumb":{"@id":"https:\/\/www.johannagullichsen.com\/sv\/oleellisille-for-det-vasentliga\/#breadcrumb"},"inLanguage":"sv-SE","potentialAction":[{"@type":"ReadAction","target":["https:\/\/www.johannagullichsen.com\/sv\/oleellisille-for-det-vasentliga\/"]}]},{"@type":"ImageObject","inLanguage":"sv-SE","@id":"https:\/\/www.johannagullichsen.com\/sv\/oleellisille-for-det-vasentliga\/#primaryimage","url":"https:\/\/www.johannagullichsen.com\/wp-content\/uploads\/2025\/11\/Aini-Alastalo-oleellisille-1.jpg","contentUrl":"https:\/\/www.johannagullichsen.com\/wp-content\/uploads\/2025\/11\/Aini-Alastalo-oleellisille-1.jpg"},{"@type":"BreadcrumbList","@id":"https:\/\/www.johannagullichsen.com\/sv\/oleellisille-for-det-vasentliga\/#breadcrumb","itemListElement":[{"@type":"ListItem","position":1,"name":"Home","item":"https:\/\/www.johannagullichsen.com\/sv\/"},{"@type":"ListItem","position":2,"name":"Oleellisille \u2013 F\u00f6r det v\u00e4sentliga"}]},{"@type":"WebSite","@id":"https:\/\/www.johannagullichsen.com\/sv\/#website","url":"https:\/\/www.johannagullichsen.com\/sv\/","name":"Johanna Gullichsen","description":"","potentialAction":[{"@type":"SearchAction","target":{"@type":"EntryPoint","urlTemplate":"https:\/\/www.johannagullichsen.com\/sv\/?s={search_term_string}"},"query-input":{"@type":"PropertyValueSpecification","valueRequired":true,"valueName":"search_term_string"}}],"inLanguage":"sv-SE"}]}},"_links":{"self":[{"href":"https:\/\/www.johannagullichsen.com\/sv\/wp-json\/wp\/v2\/pages\/29387","targetHints":{"allow":["GET"]}}],"collection":[{"href":"https:\/\/www.johannagullichsen.com\/sv\/wp-json\/wp\/v2\/pages"}],"about":[{"href":"https:\/\/www.johannagullichsen.com\/sv\/wp-json\/wp\/v2\/types\/page"}],"author":[{"embeddable":true,"href":"https:\/\/www.johannagullichsen.com\/sv\/wp-json\/wp\/v2\/users\/4"}],"replies":[{"embeddable":true,"href":"https:\/\/www.johannagullichsen.com\/sv\/wp-json\/wp\/v2\/comments?post=29387"}],"version-history":[{"count":5,"href":"https:\/\/www.johannagullichsen.com\/sv\/wp-json\/wp\/v2\/pages\/29387\/revisions"}],"predecessor-version":[{"id":29465,"href":"https:\/\/www.johannagullichsen.com\/sv\/wp-json\/wp\/v2\/pages\/29387\/revisions\/29465"}],"wp:attachment":[{"href":"https:\/\/www.johannagullichsen.com\/sv\/wp-json\/wp\/v2\/media?parent=29387"}],"curies":[{"name":"wp","href":"https:\/\/api.w.org\/{rel}","templated":true}]}}