{"id":26443,"date":"2025-04-01T15:53:42","date_gmt":"2025-04-01T12:53:42","guid":{"rendered":"https:\/\/www.johannagullichsen.com\/?post_type=product&#038;p=26443"},"modified":"2025-11-11T17:33:28","modified_gmt":"2025-11-11T15:33:28","slug":"tyg-project-kronos","status":"publish","type":"product","link":"https:\/\/www.johannagullichsen.com\/sv\/produkt\/tyg-project-kronos\/","title":{"rendered":"Tyg Project Kronos"},"content":{"rendered":"<p>Designad f\u00f6r att inspirera &#8211; v\u00e4vd f\u00f6r att h\u00e5lla<\/p>\n<p>Den enf\u00e4rgade Kronos full\u00e4ndar Project-kollektionen, vars tyger \u00e4r brands\u00e4kra m\u00f6beltyger som \u00e4r designade f\u00f6r att uppfylla de h\u00f6gsta kvalitetskraven f\u00f6r offentliga utrymmen. Project-tygen \u00e4r v\u00e4vda av Trevira CS, och har en mjuk ylleliknande k\u00e4nsla. Kronos har en ljusare sida och en m\u00f6rkare, vilket g\u00f6r det v\u00e4ndbart f\u00f6r flexibel anv\u00e4ndning. Kronos har samma f\u00e4rgsortiment som Doris och Ariel, vilket g\u00f6r det l\u00e4tt att kombinera alla m\u00f6nster fr\u00e5n kollektionen.<\/p>\n<p>Tyget \u00e4r tv\u00e4ttbart och har en n\u00f6tningsbest\u00e4ndighet p\u00e5 \u00f6ver 80 000 Martindale-cykler.<\/p>\n<p>Tyget v\u00e4vs p\u00e5 best\u00e4llning och har en leveranstid p\u00e5 cirka fem veckor. F\u00f6r mer information och best\u00e4llningar, kontakta sales@johannagullichsen.com.<\/p>\n","protected":false},"excerpt":{"rendered":"<p>Designad f\u00f6r att inspirera &#8211; v\u00e4vd f\u00f6r att h\u00e5lla Den enf\u00e4rgade Kronos full\u00e4ndar Project-kollektionen, vars tyger \u00e4r brands\u00e4kra m\u00f6beltyger som \u00e4r designade f\u00f6r att uppfylla de h\u00f6gsta kvalitetskraven f\u00f6r offentliga&hellip;<\/p>\n","protected":false},"featured_media":26427,"template":"","meta":{"_acf_changed":false},"product_brand":[],"product_cat":[267,1987],"product_tag":[],"class_list":{"0":"post-26443","1":"product","2":"type-product","3":"status-publish","4":"has-post-thumbnail","6":"product_cat-tyger","7":"product_cat-offentlig-miljo","8":"collection-project-sv","10":"first","11":"instock","12":"taxable","13":"shipping-taxable","14":"product-type-variable"},"acf":[],"yoast_head":"<!-- This site is optimized with the Yoast SEO Premium plugin v27.2 (Yoast SEO v27.5) - https:\/\/yoast.com\/product\/yoast-seo-premium-wordpress\/ -->\n<title>Tyg Project Kronos - Johanna Gullichsen<\/title>\n<meta name=\"robots\" content=\"index, follow, max-snippet:-1, max-image-preview:large, max-video-preview:-1\" \/>\n<link rel=\"canonical\" href=\"https:\/\/www.johannagullichsen.com\/sv\/produkt\/tyg-project-kronos\/\" \/>\n<meta property=\"og:locale\" content=\"sv_SE\" \/>\n<meta property=\"og:type\" content=\"article\" \/>\n<meta property=\"og:title\" content=\"Tyg Project Kronos\" \/>\n<meta property=\"og:description\" content=\"Designad f\u00f6r att inspirera &#8211; v\u00e4vd f\u00f6r att h\u00e5lla Den enf\u00e4rgade Kronos full\u00e4ndar Project-kollektionen, vars tyger \u00e4r brands\u00e4kra m\u00f6beltyger som \u00e4r designade f\u00f6r att uppfylla de h\u00f6gsta kvalitetskraven f\u00f6r offentliga&hellip;\" \/>\n<meta property=\"og:url\" content=\"https:\/\/www.johannagullichsen.com\/sv\/produkt\/tyg-project-kronos\/\" \/>\n<meta property=\"og:site_name\" content=\"Johanna Gullichsen\" \/>\n<meta property=\"article:modified_time\" content=\"2025-11-11T15:33:28+00:00\" \/>\n<meta property=\"og:image\" content=\"https:\/\/www.johannagullichsen.com\/wp-content\/uploads\/2025\/04\/Johanna-Gullichsen-Project-Kronos-Baltic-both-sides-copy-1024x768.jpg\" \/>\n\t<meta property=\"og:image:width\" content=\"1024\" \/>\n\t<meta property=\"og:image:height\" content=\"768\" \/>\n\t<meta property=\"og:image:type\" content=\"image\/jpeg\" \/>\n<meta name=\"twitter:card\" content=\"summary_large_image\" \/>\n<meta name=\"twitter:label1\" content=\"Ber\u00e4knad l\u00e4stid\" \/>\n\t<meta name=\"twitter:data1\" content=\"1 minut\" \/>\n<script type=\"application\/ld+json\" class=\"yoast-schema-graph\">{\"@context\":\"https:\\\/\\\/schema.org\",\"@graph\":[{\"@type\":\"WebPage\",\"@id\":\"https:\\\/\\\/www.johannagullichsen.com\\\/sv\\\/produkt\\\/tyg-project-kronos\\\/\",\"url\":\"https:\\\/\\\/www.johannagullichsen.com\\\/sv\\\/produkt\\\/tyg-project-kronos\\\/\",\"name\":\"Tyg Project Kronos - Johanna Gullichsen\",\"isPartOf\":{\"@id\":\"https:\\\/\\\/www.johannagullichsen.com\\\/sv\\\/#website\"},\"primaryImageOfPage\":{\"@id\":\"https:\\\/\\\/www.johannagullichsen.com\\\/sv\\\/produkt\\\/tyg-project-kronos\\\/#primaryimage\"},\"image\":{\"@id\":\"https:\\\/\\\/www.johannagullichsen.com\\\/sv\\\/produkt\\\/tyg-project-kronos\\\/#primaryimage\"},\"thumbnailUrl\":\"https:\\\/\\\/www.johannagullichsen.com\\\/wp-content\\\/uploads\\\/2025\\\/04\\\/Johanna-Gullichsen-Project-Kronos-Baltic-both-sides-copy.jpg\",\"datePublished\":\"2025-04-01T12:53:42+00:00\",\"dateModified\":\"2025-11-11T15:33:28+00:00\",\"breadcrumb\":{\"@id\":\"https:\\\/\\\/www.johannagullichsen.com\\\/sv\\\/produkt\\\/tyg-project-kronos\\\/#breadcrumb\"},\"inLanguage\":\"sv-SE\",\"potentialAction\":[{\"@type\":\"ReadAction\",\"target\":[\"https:\\\/\\\/www.johannagullichsen.com\\\/sv\\\/produkt\\\/tyg-project-kronos\\\/\"]}]},{\"@type\":\"ImageObject\",\"inLanguage\":\"sv-SE\",\"@id\":\"https:\\\/\\\/www.johannagullichsen.com\\\/sv\\\/produkt\\\/tyg-project-kronos\\\/#primaryimage\",\"url\":\"https:\\\/\\\/www.johannagullichsen.com\\\/wp-content\\\/uploads\\\/2025\\\/04\\\/Johanna-Gullichsen-Project-Kronos-Baltic-both-sides-copy.jpg\",\"contentUrl\":\"https:\\\/\\\/www.johannagullichsen.com\\\/wp-content\\\/uploads\\\/2025\\\/04\\\/Johanna-Gullichsen-Project-Kronos-Baltic-both-sides-copy.jpg\",\"width\":1600,\"height\":1200},{\"@type\":\"BreadcrumbList\",\"@id\":\"https:\\\/\\\/www.johannagullichsen.com\\\/sv\\\/produkt\\\/tyg-project-kronos\\\/#breadcrumb\",\"itemListElement\":[{\"@type\":\"ListItem\",\"position\":1,\"name\":\"Home\",\"item\":\"https:\\\/\\\/www.johannagullichsen.com\\\/sv\\\/\"},{\"@type\":\"ListItem\",\"position\":2,\"name\":\"Webbutik &#8211; Produkter\",\"item\":\"https:\\\/\\\/www.johannagullichsen.com\\\/sv\\\/produkter\\\/\"},{\"@type\":\"ListItem\",\"position\":3,\"name\":\"Tyg Project Kronos\"}]},{\"@type\":\"WebSite\",\"@id\":\"https:\\\/\\\/www.johannagullichsen.com\\\/sv\\\/#website\",\"url\":\"https:\\\/\\\/www.johannagullichsen.com\\\/sv\\\/\",\"name\":\"Johanna Gullichsen\",\"description\":\"\",\"potentialAction\":[{\"@type\":\"SearchAction\",\"target\":{\"@type\":\"EntryPoint\",\"urlTemplate\":\"https:\\\/\\\/www.johannagullichsen.com\\\/sv\\\/?s={search_term_string}\"},\"query-input\":{\"@type\":\"PropertyValueSpecification\",\"valueRequired\":true,\"valueName\":\"search_term_string\"}}],\"inLanguage\":\"sv-SE\"}]}<\/script>\n<!-- \/ Yoast SEO Premium plugin. -->","yoast_head_json":{"title":"Tyg Project Kronos - Johanna Gullichsen","robots":{"index":"index","follow":"follow","max-snippet":"max-snippet:-1","max-image-preview":"max-image-preview:large","max-video-preview":"max-video-preview:-1"},"canonical":"https:\/\/www.johannagullichsen.com\/sv\/produkt\/tyg-project-kronos\/","og_locale":"sv_SE","og_type":"article","og_title":"Tyg Project Kronos","og_description":"Designad f\u00f6r att inspirera &#8211; v\u00e4vd f\u00f6r att h\u00e5lla Den enf\u00e4rgade Kronos full\u00e4ndar Project-kollektionen, vars tyger \u00e4r brands\u00e4kra m\u00f6beltyger som \u00e4r designade f\u00f6r att uppfylla de h\u00f6gsta kvalitetskraven f\u00f6r offentliga&hellip;","og_url":"https:\/\/www.johannagullichsen.com\/sv\/produkt\/tyg-project-kronos\/","og_site_name":"Johanna Gullichsen","article_modified_time":"2025-11-11T15:33:28+00:00","og_image":[{"width":1024,"height":768,"url":"https:\/\/www.johannagullichsen.com\/wp-content\/uploads\/2025\/04\/Johanna-Gullichsen-Project-Kronos-Baltic-both-sides-copy-1024x768.jpg","type":"image\/jpeg"}],"twitter_card":"summary_large_image","twitter_misc":{"Ber\u00e4knad l\u00e4stid":"1 minut"},"schema":{"@context":"https:\/\/schema.org","@graph":[{"@type":"WebPage","@id":"https:\/\/www.johannagullichsen.com\/sv\/produkt\/tyg-project-kronos\/","url":"https:\/\/www.johannagullichsen.com\/sv\/produkt\/tyg-project-kronos\/","name":"Tyg Project Kronos - Johanna Gullichsen","isPartOf":{"@id":"https:\/\/www.johannagullichsen.com\/sv\/#website"},"primaryImageOfPage":{"@id":"https:\/\/www.johannagullichsen.com\/sv\/produkt\/tyg-project-kronos\/#primaryimage"},"image":{"@id":"https:\/\/www.johannagullichsen.com\/sv\/produkt\/tyg-project-kronos\/#primaryimage"},"thumbnailUrl":"https:\/\/www.johannagullichsen.com\/wp-content\/uploads\/2025\/04\/Johanna-Gullichsen-Project-Kronos-Baltic-both-sides-copy.jpg","datePublished":"2025-04-01T12:53:42+00:00","dateModified":"2025-11-11T15:33:28+00:00","breadcrumb":{"@id":"https:\/\/www.johannagullichsen.com\/sv\/produkt\/tyg-project-kronos\/#breadcrumb"},"inLanguage":"sv-SE","potentialAction":[{"@type":"ReadAction","target":["https:\/\/www.johannagullichsen.com\/sv\/produkt\/tyg-project-kronos\/"]}]},{"@type":"ImageObject","inLanguage":"sv-SE","@id":"https:\/\/www.johannagullichsen.com\/sv\/produkt\/tyg-project-kronos\/#primaryimage","url":"https:\/\/www.johannagullichsen.com\/wp-content\/uploads\/2025\/04\/Johanna-Gullichsen-Project-Kronos-Baltic-both-sides-copy.jpg","contentUrl":"https:\/\/www.johannagullichsen.com\/wp-content\/uploads\/2025\/04\/Johanna-Gullichsen-Project-Kronos-Baltic-both-sides-copy.jpg","width":1600,"height":1200},{"@type":"BreadcrumbList","@id":"https:\/\/www.johannagullichsen.com\/sv\/produkt\/tyg-project-kronos\/#breadcrumb","itemListElement":[{"@type":"ListItem","position":1,"name":"Home","item":"https:\/\/www.johannagullichsen.com\/sv\/"},{"@type":"ListItem","position":2,"name":"Webbutik &#8211; Produkter","item":"https:\/\/www.johannagullichsen.com\/sv\/produkter\/"},{"@type":"ListItem","position":3,"name":"Tyg Project Kronos"}]},{"@type":"WebSite","@id":"https:\/\/www.johannagullichsen.com\/sv\/#website","url":"https:\/\/www.johannagullichsen.com\/sv\/","name":"Johanna Gullichsen","description":"","potentialAction":[{"@type":"SearchAction","target":{"@type":"EntryPoint","urlTemplate":"https:\/\/www.johannagullichsen.com\/sv\/?s={search_term_string}"},"query-input":{"@type":"PropertyValueSpecification","valueRequired":true,"valueName":"search_term_string"}}],"inLanguage":"sv-SE"}]}},"_links":{"self":[{"href":"https:\/\/www.johannagullichsen.com\/sv\/wp-json\/wp\/v2\/product\/26443","targetHints":{"allow":["GET"]}}],"collection":[{"href":"https:\/\/www.johannagullichsen.com\/sv\/wp-json\/wp\/v2\/product"}],"about":[{"href":"https:\/\/www.johannagullichsen.com\/sv\/wp-json\/wp\/v2\/types\/product"}],"wp:featuredmedia":[{"embeddable":true,"href":"https:\/\/www.johannagullichsen.com\/sv\/wp-json\/wp\/v2\/media\/26427"}],"wp:attachment":[{"href":"https:\/\/www.johannagullichsen.com\/sv\/wp-json\/wp\/v2\/media?parent=26443"}],"wp:term":[{"taxonomy":"product_brand","embeddable":true,"href":"https:\/\/www.johannagullichsen.com\/sv\/wp-json\/wp\/v2\/product_brand?post=26443"},{"taxonomy":"product_cat","embeddable":true,"href":"https:\/\/www.johannagullichsen.com\/sv\/wp-json\/wp\/v2\/product_cat?post=26443"},{"taxonomy":"product_tag","embeddable":true,"href":"https:\/\/www.johannagullichsen.com\/sv\/wp-json\/wp\/v2\/product_tag?post=26443"}],"curies":[{"name":"wp","href":"https:\/\/api.w.org\/{rel}","templated":true}]}}