{"id":6972,"date":"2020-04-22T14:41:18","date_gmt":"2020-04-22T11:41:18","guid":{"rendered":"https:\/\/www.johannagullichsen.com\/products\/okategoriserad\/shopping-bag\/"},"modified":"2026-03-20T12:28:22","modified_gmt":"2026-03-20T10:28:22","slug":"shopping-bag","status":"publish","type":"product","link":"https:\/\/www.johannagullichsen.com\/sv\/produkt\/shopping-bag\/","title":{"rendered":"Shopping bag"},"content":{"rendered":"<h4>Alla tiders klassiker<\/h4>\n<p>Alla tiders klassiker, denna rymliga shoppingv\u00e4ska har uppf\u00e4llbara sidor och en praktisk innerficka.<\/p>\n<p>F\u00e4rgning, v\u00e4vning och s\u00f6mnad i Finland.<\/p>\n","protected":false},"excerpt":{"rendered":"<p>Alla tiders klassiker Alla tiders klassiker, denna rymliga shoppingv\u00e4ska har uppf\u00e4llbara sidor och en praktisk innerficka. F\u00e4rgning, v\u00e4vning och s\u00f6mnad i Finland.<\/p>\n","protected":false},"featured_media":18250,"template":"","meta":{"_acf_changed":false},"product_brand":[],"product_cat":[1991,269],"product_tag":[],"class_list":{"0":"post-6972","1":"product","2":"type-product","3":"status-publish","4":"has-post-thumbnail","6":"product_cat-vaskor","7":"product_cat-accessoarer-vaskor","8":"pa_pattern-colour-doris-gron","9":"pa_pattern-colour-nereus-bla","10":"pa_pattern-colour-nereus-green-sv","11":"pa_pattern-colour-eos-ljus-gra","12":"pa_pattern-colour-tithonus-svart","13":"pa_pattern-colour-nereus-silver-sv","14":"pa_pattern-colour-helios-mork-vinrod","15":"pa_pattern-colour-helios-bordeaux-negative-sv","16":"pa_pattern-colour-doris-blygra","17":"pa_pattern-colour-nereus-bla-negativ","18":"pa_pattern-colour-nereus-lead-negative-sv","19":"pa_pattern-colour-eos-gul","20":"pa_pattern-colour-tithonus-bla","21":"pa_pattern-colour-tithonus-lime-sv","22":"pa_pattern-colour-helios-morkgron","23":"pa_pattern-colour-helios-dark-bordeaux-negative-sv","24":"pa_pattern-colour-doris-ockra","25":"pa_pattern-colour-nereus-vinrod","26":"pa_pattern-colour-nereus-ochre-negative-sv","27":"pa_pattern-colour-helios-mandelgron","28":"pa_pattern-colour-tithonus-vinrod","29":"pa_pattern-colour-eos-yellowblue-sv","30":"pa_pattern-colour-helios-morkgron-negativ","31":"pa_pattern-colour-helios-lead-negative-sv","32":"pa_pattern-colour-doris-gul","33":"pa_pattern-colour-nereus-tegel","34":"pa_pattern-colour-nereus-yellow-negative-sv","35":"pa_pattern-colour-helios-svart","36":"pa_pattern-colour-tithonus-tegel","37":"pa_pattern-colour-tilkku-gra","38":"pa_pattern-colour-doris-mandelgron","39":"pa_pattern-colour-helios-gron","40":"pa_pattern-colour-helios-ochre-negative-sv","41":"pa_pattern-colour-eos-svart","42":"pa_pattern-colour-nereus-morkbla","43":"pa_pattern-colour-tithonus-dark-green-sv","44":"pa_pattern-colour-helios-svart-negativ","45":"pa_pattern-colour-tithonus-morkbla","46":"pa_pattern-colour-tilkku-mandelgron","47":"pa_pattern-colour-doris-svart-sv","48":"pa_pattern-colour-helios-blygra","49":"pa_pattern-colour-helios-yellow-negative-sv","50":"pa_pattern-colour-eos-bla","51":"pa_pattern-colour-nereus-morkbla-negativ","52":"pa_pattern-colour-eos-mandelgron","53":"pa_pattern-colour-helios-bla","54":"pa_pattern-colour-tithonus-gron","55":"pa_pattern-colour-tilkku-svart","56":"pa_pattern-colour-doris-bla","57":"pa_pattern-colour-helios-ockra","58":"pa_pattern-colour-nereus-almond-negative-sv","59":"pa_pattern-colour-eos-vinrod","60":"pa_pattern-colour-nereus-mork-vinrod","61":"pa_pattern-colour-eos-ochre-sv","62":"pa_pattern-colour-helios-vinrod","63":"pa_pattern-colour-tithonus-blygra","64":"pa_pattern-colour-selene-bla","65":"pa_pattern-colour-doris-vinrod","66":"pa_pattern-colour-helios-gul","67":"pa_pattern-colour-nereus-bordeaux-negative-sv","68":"pa_pattern-colour-eos-tegel","69":"pa_pattern-colour-nereus-morkgron","70":"pa_pattern-colour-helios-green-negative-sv","71":"pa_pattern-colour-helios-tegel","72":"pa_pattern-colour-tithonus-ockra","73":"pa_pattern-colour-doris-tegel","74":"pa_pattern-colour-nereus-mandelgron","75":"pa_pattern-colour-nereus-brick-negative-sv","76":"pa_pattern-colour-eos-gron","77":"pa_pattern-colour-nereus-blygra","78":"pa_pattern-colour-helios-lime-sv","79":"pa_pattern-colour-helios-tegel-negativ","80":"pa_pattern-colour-tithonus-gul","81":"pa_pattern-colour-doris-cirrus","82":"pa_pattern-colour-doris-morkbla","83":"pa_pattern-colour-nereus-svart","84":"pa_pattern-colour-nereus-dark-bordeaux-negative-sv","85":"pa_pattern-colour-eos-gra","86":"pa_pattern-colour-nereus-ockra","87":"pa_pattern-colour-helios-lime-negative-sv","88":"pa_pattern-colour-helios-morkbla-sv","89":"pa_pattern-colour-helios-almond-negative-sv","90":"pa_pattern-colour-doris-morkgron","91":"pa_pattern-colour-nereus-svart-negativ","92":"pa_pattern-colour-nereus-dark-green-negative-sv","93":"pa_pattern-colour-eos-blygra","94":"pa_pattern-colour-nereus-gul","95":"pa_pattern-colour-nereus-green-negative-sv","96":"pa_pattern-colour-helios-morkbla-negativ","97":"pa_pattern-colour-helios-blue-negativet-sv","98":"collection-normandie-sv","100":"first","101":"instock","102":"taxable","103":"shipping-taxable","104":"purchasable","105":"product-type-variable","106":"has-default-attributes"},"acf":[],"yoast_head":"<!-- This site is optimized with the Yoast SEO Premium plugin v27.2 (Yoast SEO v27.2) - https:\/\/yoast.com\/product\/yoast-seo-premium-wordpress\/ -->\n<title>Shopping bag - Johanna Gullichsen<\/title>\n<meta name=\"description\" content=\"Shopping bag, den alla tiders Johanna Gullichsen klassiker. Uppf\u00e4llbara sidor och en praktisk innerficka. 100% bomull, maskintv\u00e4tt.\" \/>\n<meta name=\"robots\" content=\"index, follow, max-snippet:-1, max-image-preview:large, max-video-preview:-1\" \/>\n<link rel=\"canonical\" href=\"https:\/\/www.johannagullichsen.com\/sv\/produkt\/shopping-bag\/\" \/>\n<meta property=\"og:locale\" content=\"sv_SE\" \/>\n<meta property=\"og:type\" content=\"article\" \/>\n<meta property=\"og:title\" content=\"Shopping bag\" \/>\n<meta property=\"og:description\" content=\"Shopping bag, den alla tiders Johanna Gullichsen klassiker. Uppf\u00e4llbara sidor och en praktisk innerficka. 100% bomull, maskintv\u00e4tt.\" \/>\n<meta property=\"og:url\" content=\"https:\/\/www.johannagullichsen.com\/sv\/produkt\/shopping-bag\/\" \/>\n<meta property=\"og:site_name\" content=\"Johanna Gullichsen\" \/>\n<meta property=\"article:modified_time\" content=\"2026-03-20T10:28:22+00:00\" \/>\n<meta property=\"og:image\" content=\"https:\/\/www.johannagullichsen.com\/wp-content\/uploads\/2020\/04\/Gullichsen_Shoppingbag_Eos_light_front-1.jpg\" \/>\n\t<meta property=\"og:image:width\" content=\"1599\" \/>\n\t<meta property=\"og:image:height\" content=\"1200\" \/>\n\t<meta property=\"og:image:type\" content=\"image\/jpeg\" \/>\n<meta name=\"twitter:card\" content=\"summary_large_image\" \/>\n<meta name=\"twitter:label1\" content=\"Ber\u00e4knad l\u00e4stid\" \/>\n\t<meta name=\"twitter:data1\" content=\"1 minut\" \/>\n<script type=\"application\/ld+json\" class=\"yoast-schema-graph\">{\"@context\":\"https:\/\/schema.org\",\"@graph\":[{\"@type\":\"WebPage\",\"@id\":\"https:\/\/www.johannagullichsen.com\/sv\/produkt\/shopping-bag\/\",\"url\":\"https:\/\/www.johannagullichsen.com\/sv\/produkt\/shopping-bag\/\",\"name\":\"Shopping bag - Johanna Gullichsen\",\"isPartOf\":{\"@id\":\"https:\/\/www.johannagullichsen.com\/sv\/#website\"},\"primaryImageOfPage\":{\"@id\":\"https:\/\/www.johannagullichsen.com\/sv\/produkt\/shopping-bag\/#primaryimage\"},\"image\":{\"@id\":\"https:\/\/www.johannagullichsen.com\/sv\/produkt\/shopping-bag\/#primaryimage\"},\"thumbnailUrl\":\"https:\/\/www.johannagullichsen.com\/wp-content\/uploads\/2020\/04\/Johanna-Gullichsen-Shopping-Bag-Selene-blue-2-copy.jpg\",\"datePublished\":\"2020-04-22T11:41:18+00:00\",\"dateModified\":\"2026-03-20T10:28:22+00:00\",\"description\":\"Shopping bag, den alla tiders Johanna Gullichsen klassiker. Uppf\u00e4llbara sidor och en praktisk innerficka. 100% bomull, maskintv\u00e4tt.\",\"breadcrumb\":{\"@id\":\"https:\/\/www.johannagullichsen.com\/sv\/produkt\/shopping-bag\/#breadcrumb\"},\"inLanguage\":\"sv-SE\",\"potentialAction\":[{\"@type\":\"ReadAction\",\"target\":[\"https:\/\/www.johannagullichsen.com\/sv\/produkt\/shopping-bag\/\"]}]},{\"@type\":\"ImageObject\",\"inLanguage\":\"sv-SE\",\"@id\":\"https:\/\/www.johannagullichsen.com\/sv\/produkt\/shopping-bag\/#primaryimage\",\"url\":\"https:\/\/www.johannagullichsen.com\/wp-content\/uploads\/2020\/04\/Johanna-Gullichsen-Shopping-Bag-Selene-blue-2-copy.jpg\",\"contentUrl\":\"https:\/\/www.johannagullichsen.com\/wp-content\/uploads\/2020\/04\/Johanna-Gullichsen-Shopping-Bag-Selene-blue-2-copy.jpg\",\"width\":1600,\"height\":1200},{\"@type\":\"BreadcrumbList\",\"@id\":\"https:\/\/www.johannagullichsen.com\/sv\/produkt\/shopping-bag\/#breadcrumb\",\"itemListElement\":[{\"@type\":\"ListItem\",\"position\":1,\"name\":\"Home\",\"item\":\"https:\/\/www.johannagullichsen.com\/sv\/\"},{\"@type\":\"ListItem\",\"position\":2,\"name\":\"Webbutik &#8211; Produkter\",\"item\":\"https:\/\/www.johannagullichsen.com\/sv\/produkter\/\"},{\"@type\":\"ListItem\",\"position\":3,\"name\":\"Shopping bag\"}]},{\"@type\":\"WebSite\",\"@id\":\"https:\/\/www.johannagullichsen.com\/sv\/#website\",\"url\":\"https:\/\/www.johannagullichsen.com\/sv\/\",\"name\":\"Johanna Gullichsen\",\"description\":\"\",\"potentialAction\":[{\"@type\":\"SearchAction\",\"target\":{\"@type\":\"EntryPoint\",\"urlTemplate\":\"https:\/\/www.johannagullichsen.com\/sv\/?s={search_term_string}\"},\"query-input\":{\"@type\":\"PropertyValueSpecification\",\"valueRequired\":true,\"valueName\":\"search_term_string\"}}],\"inLanguage\":\"sv-SE\"}]}<\/script>\n<!-- \/ Yoast SEO Premium plugin. -->","yoast_head_json":{"title":"Shopping bag - Johanna Gullichsen","description":"Shopping bag, den alla tiders Johanna Gullichsen klassiker. Uppf\u00e4llbara sidor och en praktisk innerficka. 100% bomull, maskintv\u00e4tt.","robots":{"index":"index","follow":"follow","max-snippet":"max-snippet:-1","max-image-preview":"max-image-preview:large","max-video-preview":"max-video-preview:-1"},"canonical":"https:\/\/www.johannagullichsen.com\/sv\/produkt\/shopping-bag\/","og_locale":"sv_SE","og_type":"article","og_title":"Shopping bag","og_description":"Shopping bag, den alla tiders Johanna Gullichsen klassiker. Uppf\u00e4llbara sidor och en praktisk innerficka. 100% bomull, maskintv\u00e4tt.","og_url":"https:\/\/www.johannagullichsen.com\/sv\/produkt\/shopping-bag\/","og_site_name":"Johanna Gullichsen","article_modified_time":"2026-03-20T10:28:22+00:00","og_image":[{"width":1599,"height":1200,"url":"https:\/\/www.johannagullichsen.com\/wp-content\/uploads\/2020\/04\/Gullichsen_Shoppingbag_Eos_light_front-1.jpg","type":"image\/jpeg"}],"twitter_card":"summary_large_image","twitter_misc":{"Ber\u00e4knad l\u00e4stid":"1 minut"},"schema":{"@context":"https:\/\/schema.org","@graph":[{"@type":"WebPage","@id":"https:\/\/www.johannagullichsen.com\/sv\/produkt\/shopping-bag\/","url":"https:\/\/www.johannagullichsen.com\/sv\/produkt\/shopping-bag\/","name":"Shopping bag - Johanna Gullichsen","isPartOf":{"@id":"https:\/\/www.johannagullichsen.com\/sv\/#website"},"primaryImageOfPage":{"@id":"https:\/\/www.johannagullichsen.com\/sv\/produkt\/shopping-bag\/#primaryimage"},"image":{"@id":"https:\/\/www.johannagullichsen.com\/sv\/produkt\/shopping-bag\/#primaryimage"},"thumbnailUrl":"https:\/\/www.johannagullichsen.com\/wp-content\/uploads\/2020\/04\/Johanna-Gullichsen-Shopping-Bag-Selene-blue-2-copy.jpg","datePublished":"2020-04-22T11:41:18+00:00","dateModified":"2026-03-20T10:28:22+00:00","description":"Shopping bag, den alla tiders Johanna Gullichsen klassiker. Uppf\u00e4llbara sidor och en praktisk innerficka. 100% bomull, maskintv\u00e4tt.","breadcrumb":{"@id":"https:\/\/www.johannagullichsen.com\/sv\/produkt\/shopping-bag\/#breadcrumb"},"inLanguage":"sv-SE","potentialAction":[{"@type":"ReadAction","target":["https:\/\/www.johannagullichsen.com\/sv\/produkt\/shopping-bag\/"]}]},{"@type":"ImageObject","inLanguage":"sv-SE","@id":"https:\/\/www.johannagullichsen.com\/sv\/produkt\/shopping-bag\/#primaryimage","url":"https:\/\/www.johannagullichsen.com\/wp-content\/uploads\/2020\/04\/Johanna-Gullichsen-Shopping-Bag-Selene-blue-2-copy.jpg","contentUrl":"https:\/\/www.johannagullichsen.com\/wp-content\/uploads\/2020\/04\/Johanna-Gullichsen-Shopping-Bag-Selene-blue-2-copy.jpg","width":1600,"height":1200},{"@type":"BreadcrumbList","@id":"https:\/\/www.johannagullichsen.com\/sv\/produkt\/shopping-bag\/#breadcrumb","itemListElement":[{"@type":"ListItem","position":1,"name":"Home","item":"https:\/\/www.johannagullichsen.com\/sv\/"},{"@type":"ListItem","position":2,"name":"Webbutik &#8211; Produkter","item":"https:\/\/www.johannagullichsen.com\/sv\/produkter\/"},{"@type":"ListItem","position":3,"name":"Shopping bag"}]},{"@type":"WebSite","@id":"https:\/\/www.johannagullichsen.com\/sv\/#website","url":"https:\/\/www.johannagullichsen.com\/sv\/","name":"Johanna Gullichsen","description":"","potentialAction":[{"@type":"SearchAction","target":{"@type":"EntryPoint","urlTemplate":"https:\/\/www.johannagullichsen.com\/sv\/?s={search_term_string}"},"query-input":{"@type":"PropertyValueSpecification","valueRequired":true,"valueName":"search_term_string"}}],"inLanguage":"sv-SE"}]}},"_links":{"self":[{"href":"https:\/\/www.johannagullichsen.com\/sv\/wp-json\/wp\/v2\/product\/6972","targetHints":{"allow":["GET"]}}],"collection":[{"href":"https:\/\/www.johannagullichsen.com\/sv\/wp-json\/wp\/v2\/product"}],"about":[{"href":"https:\/\/www.johannagullichsen.com\/sv\/wp-json\/wp\/v2\/types\/product"}],"wp:featuredmedia":[{"embeddable":true,"href":"https:\/\/www.johannagullichsen.com\/sv\/wp-json\/wp\/v2\/media\/18250"}],"wp:attachment":[{"href":"https:\/\/www.johannagullichsen.com\/sv\/wp-json\/wp\/v2\/media?parent=6972"}],"wp:term":[{"taxonomy":"product_brand","embeddable":true,"href":"https:\/\/www.johannagullichsen.com\/sv\/wp-json\/wp\/v2\/product_brand?post=6972"},{"taxonomy":"product_cat","embeddable":true,"href":"https:\/\/www.johannagullichsen.com\/sv\/wp-json\/wp\/v2\/product_cat?post=6972"},{"taxonomy":"product_tag","embeddable":true,"href":"https:\/\/www.johannagullichsen.com\/sv\/wp-json\/wp\/v2\/product_tag?post=6972"}],"curies":[{"name":"wp","href":"https:\/\/api.w.org\/{rel}","templated":true}]}}