{"id":7106,"date":"2020-04-22T10:35:54","date_gmt":"2020-04-22T07:35:54","guid":{"rendered":"https:\/\/www.johannagullichsen.com\/products\/okategoriserad\/vanity-case-l\/"},"modified":"2026-04-27T09:29:04","modified_gmt":"2026-04-27T06:29:04","slug":"vanity-case-l","status":"publish","type":"product","link":"https:\/\/www.johannagullichsen.com\/sv\/produkt\/vanity-case-l\/","title":{"rendered":"Vanity Case L &#8211; Necess\u00e4r"},"content":{"rendered":"<h4>En rymlig necess\u00e4r f\u00f6r allt du beh\u00f6ver med dig<\/h4>\n<p>Necess\u00e4rerna, tillverkade i ekologiskt bomull, l\u00e4mpar sig f\u00f6r b\u00e5de damer och herrar. Den vackra necess\u00e4ren \u00e4r en snygg detalj i badrummet, och en fantastisk resepartner. Necess\u00e4ren \u00e4r ofodrad och maskintv\u00e4ttbar, s\u00e5 det \u00e4r l\u00e4tt att h\u00e5lla den fr\u00e4sh och ren.<\/p>\n<p>Andra storlekar: <a href=\"https:\/\/www.johannagullichsen.com\/sv\/produkt\/vanity-case-s\/\">Vanity case S<\/a>, <a href=\"https:\/\/www.johannagullichsen.com\/sv\/produkt\/vanity-case-m\/\">Vanity case M<\/a><\/p>\n","protected":false},"excerpt":{"rendered":"<p>En rymlig necess\u00e4r f\u00f6r allt du beh\u00f6ver med dig Necess\u00e4rerna, tillverkade i ekologiskt bomull, l\u00e4mpar sig f\u00f6r b\u00e5de damer och herrar. Den vackra necess\u00e4ren \u00e4r en snygg detalj i badrummet,&hellip;<\/p>\n","protected":false},"featured_media":30173,"template":"","meta":{"_acf_changed":false},"product_brand":[],"product_cat":[269,1992,1990],"product_tag":[],"class_list":{"0":"post-7106","1":"product","2":"type-product","3":"status-publish","4":"has-post-thumbnail","6":"product_cat-accessoarer-vaskor","7":"product_cat-necessarer-och-borsar","8":"product_cat-badtextilier","9":"pa_pattern-colour-eos-gul","10":"pa_pattern-colour-tithonus-vinrod","11":"pa_pattern-colour-oceanide-other-sv","12":"pa_pattern-colour-helios-morkgron-negativ","13":"pa_pattern-colour-helios-blue-negativet-sv","14":"pa_pattern-colour-doris-gron","15":"pa_pattern-colour-nereus-tegel","16":"pa_pattern-colour-nereus-yellow-negative-sv","17":"pa_pattern-colour-helios-mandelgron","18":"pa_pattern-colour-tithonus-tegel","19":"pa_pattern-colour-nereus-lime-sv","20":"pa_pattern-colour-helios-gron","21":"pa_pattern-colour-helios-bordeaux-negative-sv","22":"pa_pattern-colour-doris-blygra","23":"pa_pattern-colour-nereus-morkbla","24":"pa_pattern-colour-tithonus-dark-green-sv","25":"pa_pattern-colour-helios-svart","26":"pa_pattern-colour-tithonus-morkbla","27":"pa_pattern-colour-nereus-lime-negative-sv","28":"pa_pattern-colour-helios-blygra","29":"pa_pattern-colour-helios-lead-negative-sv","30":"pa_pattern-colour-doris-ockra","31":"pa_pattern-colour-nereus-morkbla-negativ","32":"pa_pattern-colour-doris-dark-bordeaux-sv","33":"pa_pattern-colour-helios-svart-negativ","34":"pa_pattern-colour-tithonus-gron","35":"pa_pattern-colour-selene-bla","36":"pa_pattern-colour-helios-ockra","37":"pa_pattern-colour-helios-ochre-negative-sv","38":"pa_pattern-colour-doris-gul","39":"pa_pattern-colour-nereus-mork-vinrod","40":"pa_pattern-colour-eos-mandelgron","41":"pa_pattern-colour-helios-bla","42":"pa_pattern-colour-tithonus-blygra","43":"pa_pattern-colour-selene-gron","44":"pa_pattern-colour-doris-mandelgron","45":"pa_pattern-colour-helios-gul","46":"pa_pattern-colour-helios-yellow-negative-sv","47":"pa_pattern-colour-eos-svart","48":"pa_pattern-colour-nereus-morkgron","49":"pa_pattern-colour-eos-ochre-sv","50":"pa_pattern-colour-helios-vinrod","51":"pa_pattern-colour-tithonus-ockra","52":"pa_pattern-colour-doris-halm","53":"pa_pattern-colour-doris-svart-sv","54":"pa_pattern-colour-nereus-mandelgron","55":"pa_pattern-colour-nereus-almond-negative-sv","56":"pa_pattern-colour-eos-bla","57":"pa_pattern-colour-nereus-blygra","58":"pa_pattern-colour-helios-green-negative-sv","59":"pa_pattern-colour-helios-tegel","60":"pa_pattern-colour-tithonus-gul","61":"pa_pattern-colour-doris-bla","62":"pa_pattern-colour-nereus-svart","63":"pa_pattern-colour-nereus-bordeaux-negative-sv","64":"pa_pattern-colour-eos-vinrod","65":"pa_pattern-colour-nereus-ockra","66":"pa_pattern-colour-helios-lime-sv","67":"pa_pattern-colour-helios-morkbla-sv","68":"pa_pattern-colour-eos-morkbla-sv","69":"pa_pattern-colour-doris-vinrod","70":"pa_pattern-colour-nereus-svart-negativ","71":"pa_pattern-colour-nereus-dark-green-negative-sv","72":"pa_pattern-colour-eos-gra","73":"pa_pattern-colour-nereus-gul","74":"pa_pattern-colour-helios-lime-negative-sv","75":"pa_pattern-colour-helios-morkbla-negativ","76":"pa_pattern-colour-eos-dark-bordeaux-sv","77":"pa_pattern-colour-doris-cirrus","78":"pa_pattern-colour-doris-tegel","79":"pa_pattern-colour-nereus-bla","80":"pa_pattern-colour-nereus-green-sv","81":"pa_pattern-colour-eos-blygra","82":"pa_pattern-colour-tithonus-svart","83":"pa_pattern-colour-nereus-green-negative-sv","84":"pa_pattern-colour-helios-mork-vinrod","85":"pa_pattern-colour-eos-dark-green-sv","86":"pa_pattern-colour-doris-morkbla","87":"pa_pattern-colour-nereus-bla-negativ","88":"pa_pattern-colour-nereus-lead-negative-sv","89":"pa_pattern-colour-eos-ljus-gra","90":"pa_pattern-colour-tithonus-bla","91":"pa_pattern-colour-tithonus-lime-sv","92":"pa_pattern-colour-helios-morkgron","93":"pa_pattern-colour-helios-almond-negative-sv","94":"pa_pattern-colour-doris-morkgron","95":"pa_pattern-colour-nereus-vinrod","96":"pa_pattern-colour-nereus-ochre-negative-sv","97":"collection-normandie-sv","99":"first","100":"instock","101":"taxable","102":"shipping-taxable","103":"purchasable","104":"product-type-variable"},"acf":[],"yoast_head":"<!-- This site is optimized with the Yoast SEO Premium plugin v27.2 (Yoast SEO v27.2) - https:\/\/yoast.com\/product\/yoast-seo-premium-wordpress\/ -->\n<title>Vanity Case L - Necess\u00e4r - Johanna Gullichsen<\/title>\n<meta name=\"robots\" content=\"index, follow, max-snippet:-1, max-image-preview:large, max-video-preview:-1\" \/>\n<link rel=\"canonical\" href=\"https:\/\/www.johannagullichsen.com\/sv\/produkt\/vanity-case-l\/\" \/>\n<meta property=\"og:locale\" content=\"sv_SE\" \/>\n<meta property=\"og:type\" content=\"article\" \/>\n<meta property=\"og:title\" content=\"Vanity Case L - Necess\u00e4r\" \/>\n<meta property=\"og:description\" content=\"En rymlig necess\u00e4r f\u00f6r allt du beh\u00f6ver med dig Necess\u00e4rerna, tillverkade i ekologiskt bomull, l\u00e4mpar sig f\u00f6r b\u00e5de damer och herrar. Den vackra necess\u00e4ren \u00e4r en snygg detalj i badrummet,&hellip;\" \/>\n<meta property=\"og:url\" content=\"https:\/\/www.johannagullichsen.com\/sv\/produkt\/vanity-case-l\/\" \/>\n<meta property=\"og:site_name\" content=\"Johanna Gullichsen\" \/>\n<meta property=\"article:modified_time\" content=\"2026-04-27T06:29:04+00:00\" \/>\n<meta property=\"og:image\" content=\"https:\/\/www.johannagullichsen.com\/wp-content\/uploads\/2020\/04\/PR_Johanna_Gullichsen-Vanitycase-L-Cirrus.jpg\" \/>\n\t<meta property=\"og:image:width\" content=\"1600\" \/>\n\t<meta property=\"og:image:height\" content=\"1200\" \/>\n\t<meta property=\"og:image:type\" content=\"image\/jpeg\" \/>\n<meta name=\"twitter:card\" content=\"summary_large_image\" \/>\n<meta name=\"twitter:label1\" content=\"Ber\u00e4knad l\u00e4stid\" \/>\n\t<meta name=\"twitter:data1\" content=\"1 minut\" \/>\n<script type=\"application\/ld+json\" class=\"yoast-schema-graph\">{\"@context\":\"https:\/\/schema.org\",\"@graph\":[{\"@type\":\"WebPage\",\"@id\":\"https:\/\/www.johannagullichsen.com\/sv\/produkt\/vanity-case-l\/\",\"url\":\"https:\/\/www.johannagullichsen.com\/sv\/produkt\/vanity-case-l\/\",\"name\":\"Vanity Case L - Necess\u00e4r - Johanna Gullichsen\",\"isPartOf\":{\"@id\":\"https:\/\/www.johannagullichsen.com\/sv\/#website\"},\"primaryImageOfPage\":{\"@id\":\"https:\/\/www.johannagullichsen.com\/sv\/produkt\/vanity-case-l\/#primaryimage\"},\"image\":{\"@id\":\"https:\/\/www.johannagullichsen.com\/sv\/produkt\/vanity-case-l\/#primaryimage\"},\"thumbnailUrl\":\"https:\/\/www.johannagullichsen.com\/wp-content\/uploads\/2020\/04\/PR_Johanna_Gullichsen-Vanitycase-L-Cirrus.jpg\",\"datePublished\":\"2020-04-22T07:35:54+00:00\",\"dateModified\":\"2026-04-27T06:29:04+00:00\",\"breadcrumb\":{\"@id\":\"https:\/\/www.johannagullichsen.com\/sv\/produkt\/vanity-case-l\/#breadcrumb\"},\"inLanguage\":\"sv-SE\",\"potentialAction\":[{\"@type\":\"ReadAction\",\"target\":[\"https:\/\/www.johannagullichsen.com\/sv\/produkt\/vanity-case-l\/\"]}]},{\"@type\":\"ImageObject\",\"inLanguage\":\"sv-SE\",\"@id\":\"https:\/\/www.johannagullichsen.com\/sv\/produkt\/vanity-case-l\/#primaryimage\",\"url\":\"https:\/\/www.johannagullichsen.com\/wp-content\/uploads\/2020\/04\/PR_Johanna_Gullichsen-Vanitycase-L-Cirrus.jpg\",\"contentUrl\":\"https:\/\/www.johannagullichsen.com\/wp-content\/uploads\/2020\/04\/PR_Johanna_Gullichsen-Vanitycase-L-Cirrus.jpg\",\"width\":1600,\"height\":1200},{\"@type\":\"BreadcrumbList\",\"@id\":\"https:\/\/www.johannagullichsen.com\/sv\/produkt\/vanity-case-l\/#breadcrumb\",\"itemListElement\":[{\"@type\":\"ListItem\",\"position\":1,\"name\":\"Home\",\"item\":\"https:\/\/www.johannagullichsen.com\/sv\/\"},{\"@type\":\"ListItem\",\"position\":2,\"name\":\"Webbutik &#8211; Produkter\",\"item\":\"https:\/\/www.johannagullichsen.com\/sv\/produkter\/\"},{\"@type\":\"ListItem\",\"position\":3,\"name\":\"Vanity Case L &#8211; Necess\u00e4r\"}]},{\"@type\":\"WebSite\",\"@id\":\"https:\/\/www.johannagullichsen.com\/sv\/#website\",\"url\":\"https:\/\/www.johannagullichsen.com\/sv\/\",\"name\":\"Johanna Gullichsen\",\"description\":\"\",\"potentialAction\":[{\"@type\":\"SearchAction\",\"target\":{\"@type\":\"EntryPoint\",\"urlTemplate\":\"https:\/\/www.johannagullichsen.com\/sv\/?s={search_term_string}\"},\"query-input\":{\"@type\":\"PropertyValueSpecification\",\"valueRequired\":true,\"valueName\":\"search_term_string\"}}],\"inLanguage\":\"sv-SE\"}]}<\/script>\n<!-- \/ Yoast SEO Premium plugin. -->","yoast_head_json":{"title":"Vanity Case L - Necess\u00e4r - Johanna Gullichsen","robots":{"index":"index","follow":"follow","max-snippet":"max-snippet:-1","max-image-preview":"max-image-preview:large","max-video-preview":"max-video-preview:-1"},"canonical":"https:\/\/www.johannagullichsen.com\/sv\/produkt\/vanity-case-l\/","og_locale":"sv_SE","og_type":"article","og_title":"Vanity Case L - Necess\u00e4r","og_description":"En rymlig necess\u00e4r f\u00f6r allt du beh\u00f6ver med dig Necess\u00e4rerna, tillverkade i ekologiskt bomull, l\u00e4mpar sig f\u00f6r b\u00e5de damer och herrar. Den vackra necess\u00e4ren \u00e4r en snygg detalj i badrummet,&hellip;","og_url":"https:\/\/www.johannagullichsen.com\/sv\/produkt\/vanity-case-l\/","og_site_name":"Johanna Gullichsen","article_modified_time":"2026-04-27T06:29:04+00:00","og_image":[{"width":1600,"height":1200,"url":"https:\/\/www.johannagullichsen.com\/wp-content\/uploads\/2020\/04\/PR_Johanna_Gullichsen-Vanitycase-L-Cirrus.jpg","type":"image\/jpeg"}],"twitter_card":"summary_large_image","twitter_misc":{"Ber\u00e4knad l\u00e4stid":"1 minut"},"schema":{"@context":"https:\/\/schema.org","@graph":[{"@type":"WebPage","@id":"https:\/\/www.johannagullichsen.com\/sv\/produkt\/vanity-case-l\/","url":"https:\/\/www.johannagullichsen.com\/sv\/produkt\/vanity-case-l\/","name":"Vanity Case L - Necess\u00e4r - Johanna Gullichsen","isPartOf":{"@id":"https:\/\/www.johannagullichsen.com\/sv\/#website"},"primaryImageOfPage":{"@id":"https:\/\/www.johannagullichsen.com\/sv\/produkt\/vanity-case-l\/#primaryimage"},"image":{"@id":"https:\/\/www.johannagullichsen.com\/sv\/produkt\/vanity-case-l\/#primaryimage"},"thumbnailUrl":"https:\/\/www.johannagullichsen.com\/wp-content\/uploads\/2020\/04\/PR_Johanna_Gullichsen-Vanitycase-L-Cirrus.jpg","datePublished":"2020-04-22T07:35:54+00:00","dateModified":"2026-04-27T06:29:04+00:00","breadcrumb":{"@id":"https:\/\/www.johannagullichsen.com\/sv\/produkt\/vanity-case-l\/#breadcrumb"},"inLanguage":"sv-SE","potentialAction":[{"@type":"ReadAction","target":["https:\/\/www.johannagullichsen.com\/sv\/produkt\/vanity-case-l\/"]}]},{"@type":"ImageObject","inLanguage":"sv-SE","@id":"https:\/\/www.johannagullichsen.com\/sv\/produkt\/vanity-case-l\/#primaryimage","url":"https:\/\/www.johannagullichsen.com\/wp-content\/uploads\/2020\/04\/PR_Johanna_Gullichsen-Vanitycase-L-Cirrus.jpg","contentUrl":"https:\/\/www.johannagullichsen.com\/wp-content\/uploads\/2020\/04\/PR_Johanna_Gullichsen-Vanitycase-L-Cirrus.jpg","width":1600,"height":1200},{"@type":"BreadcrumbList","@id":"https:\/\/www.johannagullichsen.com\/sv\/produkt\/vanity-case-l\/#breadcrumb","itemListElement":[{"@type":"ListItem","position":1,"name":"Home","item":"https:\/\/www.johannagullichsen.com\/sv\/"},{"@type":"ListItem","position":2,"name":"Webbutik &#8211; Produkter","item":"https:\/\/www.johannagullichsen.com\/sv\/produkter\/"},{"@type":"ListItem","position":3,"name":"Vanity Case L &#8211; Necess\u00e4r"}]},{"@type":"WebSite","@id":"https:\/\/www.johannagullichsen.com\/sv\/#website","url":"https:\/\/www.johannagullichsen.com\/sv\/","name":"Johanna Gullichsen","description":"","potentialAction":[{"@type":"SearchAction","target":{"@type":"EntryPoint","urlTemplate":"https:\/\/www.johannagullichsen.com\/sv\/?s={search_term_string}"},"query-input":{"@type":"PropertyValueSpecification","valueRequired":true,"valueName":"search_term_string"}}],"inLanguage":"sv-SE"}]}},"_links":{"self":[{"href":"https:\/\/www.johannagullichsen.com\/sv\/wp-json\/wp\/v2\/product\/7106","targetHints":{"allow":["GET"]}}],"collection":[{"href":"https:\/\/www.johannagullichsen.com\/sv\/wp-json\/wp\/v2\/product"}],"about":[{"href":"https:\/\/www.johannagullichsen.com\/sv\/wp-json\/wp\/v2\/types\/product"}],"wp:featuredmedia":[{"embeddable":true,"href":"https:\/\/www.johannagullichsen.com\/sv\/wp-json\/wp\/v2\/media\/30173"}],"wp:attachment":[{"href":"https:\/\/www.johannagullichsen.com\/sv\/wp-json\/wp\/v2\/media?parent=7106"}],"wp:term":[{"taxonomy":"product_brand","embeddable":true,"href":"https:\/\/www.johannagullichsen.com\/sv\/wp-json\/wp\/v2\/product_brand?post=7106"},{"taxonomy":"product_cat","embeddable":true,"href":"https:\/\/www.johannagullichsen.com\/sv\/wp-json\/wp\/v2\/product_cat?post=7106"},{"taxonomy":"product_tag","embeddable":true,"href":"https:\/\/www.johannagullichsen.com\/sv\/wp-json\/wp\/v2\/product_tag?post=7106"}],"curies":[{"name":"wp","href":"https:\/\/api.w.org\/{rel}","templated":true}]}}